{"id":13029,"date":"2024-11-14T14:05:10","date_gmt":"2024-11-14T13:05:10","guid":{"rendered":"https:\/\/acampa-vacances.com\/international\/accueil\/"},"modified":"2026-01-30T13:58:19","modified_gmt":"2026-01-30T12:58:19","slug":"willkommen","status":"publish","type":"international","link":"https:\/\/acampa-vacances.com\/de\/international\/willkommen\/","title":{"rendered":"Startseite"},"content":{"rendered":"<div class=\"group diaporama-header sec-10 sec-resa align-full\">\n<figure class=\"wp-block-video\"><video autoplay loop muted src=\"https:\/\/acampa-vacances.com\/wp-content\/uploads\/video\/camping-international.mp4\" playsinline><\/video><\/figure>\n<div class=\"group\"><p class=\"h4\" style=\"text-align: center;\">In Hy\u00e8res, auf der Halbinsel Giens<\/p>\n<ul class=\"pictos\"><li><span class=\"fc-icon\"><svg xmlns=\"http:\/\/www.w3.org\/2000\/svg\"  viewBox=\"0 0 576 512\" width=\"16px\" height=\"16px\"><!--! Font Awesome Pro 6.4.2 by @fontawesome - https:\/\/fontawesome.com License - https:\/\/fontawesome.com\/license (Commercial License) Copyright 2023 Fonticons, Inc.--><path d=\"M277.4 4c6-5.3 15.1-5.3 21.2 0L384 79.4V56c0-13.3 10.7-24 24-24h80c13.3 0 24 10.7 24 24V192.3L570.6 244c6.6 5.8 7.3 16 1.4 22.6s-16 7.3-22.6 1.4L512 235V432c0 44.2-35.8 80-80 80H144c-44.2 0-80-35.8-80-80V235L26.6 268C20 273.8 9.8 273.2 4 266.6S-1.2 249.8 5.4 244L277.4 4zM480 164.1V64H416v43.6l64 56.5zM96 206.7V432c0 26.5 21.5 48 48 48h64V320c0-17.7 14.3-32 32-32h96c17.7 0 32 14.3 32 32V480h64c26.5 0 48-21.5 48-48V206.7L288 37.3 96 206.7zM336 320H240V480h96V320z\"\/><\/svg><\/span><\/li><li><span class=\"fc-icon\"><svg xmlns=\"http:\/\/www.w3.org\/2000\/svg\"  viewBox=\"0 0 576 512\" width=\"16px\" height=\"16px\"><!--! Font Awesome Pro 6.4.2 by @fontawesome - https:\/\/fontawesome.com License - https:\/\/fontawesome.com\/license (Commercial License) Copyright 2023 Fonticons, Inc.--><path d=\"M394.3 3.7c6.8 5.7 7.7 15.8 2 22.5L308.9 130.4 532.8 397.2C540 405.8 544 416.7 544 428v36c0 26.5-21.5 48-48 48H288 80c-26.5 0-48-21.5-48-48V428c0-11.3 4-22.2 11.2-30.9L267.1 130.4 179.7 26.3c-5.7-6.8-4.8-16.9 2-22.5s16.9-4.8 22.5 2L288 105.5 371.7 5.7c5.7-6.8 15.8-7.7 22.5-2zM67.7 417.7c-2.4 2.9-3.7 6.5-3.7 10.3v36c0 8.8 7.2 16 16 16h49.9l1.5-1.9 144-184c3-3.9 7.7-6.1 12.6-6.1s9.6 2.3 12.6 6.1l144 184 1.5 1.9H496c8.8 0 16-7.2 16-16V428c0-3.8-1.3-7.4-3.7-10.3L288 155.3 67.7 417.7zM170.6 480H288 405.4L288 330 170.6 480z\"\/><\/svg><\/span><\/li><li><span class=\"fc-icon\"><svg xmlns=\"http:\/\/www.w3.org\/2000\/svg\"  viewBox=\"0 0 512 512\" width=\"16px\" height=\"16px\"><!--! Font Awesome Pro 6.4.2 by @fontawesome - https:\/\/fontawesome.com License - https:\/\/fontawesome.com\/license (Commercial License) Copyright 2023 Fonticons, Inc.--><path d=\"M263.9 2.1C259-.7 253-.7 248.1 2.1L15.8 133.7C6 139.3 0 149.6 0 160.8C0 178 14 192 31.2 192H256 480.8c17.2 0 31.2-14 31.2-31.2c0-11.2-6-21.6-15.8-27.1L263.9 2.1zM306.6 160c3.5-7.3 5.4-15.4 5.4-24c0-30.9-25.1-56-56-56s-56 25.1-56 56c0 8.6 1.9 16.7 5.4 24H34.3L256 34.4 477.7 160H306.6zM256 112a24 24 0 1 1 0 48 24 24 0 1 1 0-48zM64 352c-8.8 0-16 7.2-16 16s7.2 16 16 16H448c8.8 0 16-7.2 16-16s-7.2-16-16-16V224H416V352H336V224H304V352H208V224H176V352H96V224H64V352zM40 416c-8.8 0-16 7.2-16 16s7.2 16 16 16H472c8.8 0 16-7.2 16-16s-7.2-16-16-16H40zM16 480c-8.8 0-16 7.2-16 16s7.2 16 16 16H496c8.8 0 16-7.2 16-16s-7.2-16-16-16H16z\"\/><\/svg><\/span><\/li><li><span class=\"fc-icon\"><svg xmlns=\"http:\/\/www.w3.org\/2000\/svg\"  viewBox=\"0 0 512 512\" width=\"16px\" height=\"16px\"><!--! Font Awesome Pro 6.4.2 by @fontawesome - https:\/\/fontawesome.com License - https:\/\/fontawesome.com\/license (Commercial License) Copyright 2023 Fonticons, Inc.--><path d=\"M240 0c-8.8 0-16 7.2-16 16c0 35.3 17.7 68.3 47.1 87.9l16.1 10.7C307.7 128.4 320 151.4 320 176c0 8.8 7.2 16 16 16s16-7.2 16-16c0-35.3-17.7-68.3-47.1-87.9L288.8 77.3C268.3 63.6 256 40.6 256 16c0-8.8-7.2-16-16-16zM32 336V320 288H272c.5 0 1 0 1.6-.1c1.3 0 2.5 .1 3.8 .1H448c17.7 0 32 14.3 32 32V448c0 17.7-14.3 32-32 32H64c-17.7 0-32-14.3-32-32V336zm170.7-80H32c0-35.3 28.7-64 64-64c13.8 0 27.3 4.5 38.4 12.8L202.7 256zM0 272v48 16V448c0 35.3 28.7 64 64 64H448c35.3 0 64-28.7 64-64V320c0-35.3-28.7-64-64-64H277.3c-13.8 0-27.3-4.5-38.4-12.8l-85.3-64C137 166.7 116.8 160 96 160c-53 0-96 43-96 96v16zM384 16c0-8.8-7.2-16-16-16s-16 7.2-16 16c0 35.3 17.7 68.3 47.1 87.9l16.1 10.7C435.7 128.4 448 151.4 448 176c0 8.8 7.2 16 16 16s16-7.2 16-16c0-35.3-17.7-68.3-47.1-87.9L416.8 77.3C396.3 63.6 384 40.6 384 16zM112 336c-8.8 0-16 7.2-16 16v80c0 8.8 7.2 16 16 16s16-7.2 16-16V352c0-8.8-7.2-16-16-16zm96 0c-8.8 0-16 7.2-16 16v80c0 8.8 7.2 16 16 16s16-7.2 16-16V352c0-8.8-7.2-16-16-16zm96 0c-8.8 0-16 7.2-16 16v80c0 8.8 7.2 16 16 16s16-7.2 16-16V352c0-8.8-7.2-16-16-16zm96 0c-8.8 0-16 7.2-16 16v80c0 8.8 7.2 16 16 16s16-7.2 16-16V352c0-8.8-7.2-16-16-16zM32 64a32 32 0 1 1 64 0A32 32 0 1 1 32 64zm96 0A64 64 0 1 0 0 64a64 64 0 1 0 128 0z\"\/><\/svg><\/span><\/li><li><span class=\"fc-icon\"><svg xmlns=\"http:\/\/www.w3.org\/2000\/svg\"  viewBox=\"0 0 576 512\" width=\"16px\" height=\"16px\"><!--! Font Awesome Pro 6.4.2 by @fontawesome - https:\/\/fontawesome.com License - https:\/\/fontawesome.com\/license (Commercial License) Copyright 2023 Fonticons, Inc.--><path d=\"M560 32c8.8 0 16 7.2 16 16V160H544V48c0-8.8 7.2-16 16-16zM448 480c53 0 96-43 96-96V192h32V384c0 70.7-57.3 128-128 128s-128-57.3-128-128V368c0-8.8 7.2-16 16-16s16 7.2 16 16v16c0 53 43 96 96 96zM64 96c-17.7 0-32 14.3-32 32v96c0 17.7 14.3 32 32 32h79.7c14.3 0 26.8-9.5 30.8-23.2l3.4-11.7c13.3-46.4 79-46.4 92.3 0l3.4 11.7c3.9 13.7 16.5 23.2 30.8 23.2H384c17.7 0 32-14.3 32-32V128c0-17.7-14.3-32-32-32H64zM0 128C0 92.7 28.7 64 64 64H384c35.3 0 64 28.7 64 64v96c0 35.3-28.7 64-64 64H304.3c-28.6 0-53.7-18.9-61.5-46.4l-3.4-11.7c-4.4-15.5-26.3-15.5-30.8 0l-3.4 11.7c-7.9 27.5-33 46.4-61.5 46.4H64c-35.3 0-64-28.7-64-64V128z\"\/><\/svg><\/span><\/li><li><span class=\"fc-icon\"><svg xmlns=\"http:\/\/www.w3.org\/2000\/svg\" viewBox=\"0 0 512 512\"><!--!Font Awesome Pro 6.7.1 by @fontawesome - https:\/\/fontawesome.com License - https:\/\/fontawesome.com\/license (Commercial License) Copyright 2024 Fonticons, Inc.--><path d=\"M221.3 7.1c-4.9-7.4-14.8-9.3-22.2-4.4s-9.3 14.8-4.4 22.2l40.6 61c7.1 10.6 18 17.9 30.5 20.4l37 7.4-83.3 39.2c-16.8 7.9-27.6 24.8-27.6 43.4l0 83.1-88.9 59.2c-4.2 2.8-6.6 7.2-7.1 11.8l-18.9-7.4c-7.5-2.9-14.2-7.8-19.4-14L28.3 293.8c-5.7-6.8-15.7-7.7-22.5-2s-7.7 15.7-2 22.5l29.5 35.4C41.8 360 52.9 368 65.5 372.9L406.9 506.5c9.3 3.6 19.2 5.5 29.2 5.5l43.9 0c8.8 0 16-7.2 16-16s-7.2-16-16-16l-43.9 0c-6 0-11.9-1.1-17.5-3.3l-92.9-36.4c.4-.6 .7-1.3 1-1.9l41-93.8c11.7-26.8 3.8-58.2-19.3-76.2l-38.8-30.2 96.1-54.1 80 68c6.7 5.7 16.8 4.9 22.6-1.8s4.9-16.8-1.8-22.6l-141-119.9c-3.7-3.1-7.6-6-11.6-8.6c-.8-.6-1.6-1.1-2.4-1.5c-11.2-6.9-23.6-11.7-36.6-14.3l-42.6-8.5c-4.2-.8-7.8-3.3-10.2-6.8l-40.6-61zm60.8 209.8l-46.6-36.2 106.8-50.3c.8 .6 1.5 1.2 2.2 1.8l35 29.8-97.5 54.8zM224 212.3l104.7 81.4c11.6 9 15.5 24.7 9.7 38.1l-41 93.8c-.5 1.1-.8 2.2-1 3.3L125.7 362.1l84-56c8.9-5.9 14.2-15.9 14.2-26.6l0-67.2zM424 32a24 24 0 1 1 0 48 24 24 0 1 1 0-48zm0 80A56 56 0 1 0 424 0a56 56 0 1 0 0 112z\"\/><\/svg><\/span><\/li><li><span class=\"fc-icon\"><svg xmlns=\"http:\/\/www.w3.org\/2000\/svg\"  viewBox=\"0 0 576 512\" width=\"16px\" height=\"16px\"><!--! Font Awesome Pro 6.4.2 by @fontawesome - https:\/\/fontawesome.com License - https:\/\/fontawesome.com\/license (Commercial License) Copyright 2023 Fonticons, Inc.--><path d=\"M128 112c0-44.2 35.8-80 80-80s80 35.8 80 80v32c0 8.8-7.2 16-16 16s-16-7.2-16-16V112c0-26.5-21.5-48-48-48s-48 21.5-48 48V224.2H384V112c0-44.2 35.8-80 80-80s80 35.8 80 80v32c0 8.8-7.2 16-16 16s-16-7.2-16-16V112c0-26.5-21.5-48-48-48s-48 21.5-48 48V240.2 378.2c-10.8 4-21.8 6.2-32 6.2h0V256.2H160V378.2c-9.5-3.5-18.8-8.3-27.1-14.1c-1.6-1.1-3.2-2.2-4.9-3.1V240.2 112zm64 336c20.9 0 41.6-9.9 58.2-21.2c9.8-6.7 18-14 25.9-21.9c6.6-6.5 17.2-6.5 23.7 0c7.9 7.9 16.2 15.2 26 21.9C342.3 438 363.1 448 384 448s41.6-9.9 58.2-21.2c9.8-6.7 18-14 25.9-21.9c6.6-6.5 17.2-6.6 23.7 0c7.9 7.9 16.2 15.2 26 21.9c12.8 8.7 28.1 16.6 44.1 19.8c7.7 1.5 14.1 7.8 14.1 15.7c0 9.8-8 17.9-17.7 16.2c-23.1-4-43.6-15-58.5-25.2c-7.9-5.4-14.7-10.8-19.8-15.3c-5.1 4.5-11.8 9.9-19.8 15.3C441.5 465.9 414.3 480 384 480s-57.6-14.1-76.2-26.8c-7.9-5.4-14.7-10.8-19.8-15.3c-5.1 4.5-11.8 9.9-19.8 15.3C249.5 465.9 222.3 480 192 480s-57.6-14.1-76.2-26.8c-7.9-5.4-14.6-10.8-19.8-15.3c-5.1 4.5-11.8 9.9-19.8 15.3c-14.9 10.2-35.4 21.2-58.5 25.2C8 480.1 0 472 0 462.2c0-7.9 6.4-14.1 14.1-15.7c15.9-3.1 31.3-11.1 44-19.8c9.8-6.7 18-14 25.9-21.9c6.6-6.5 17.2-6.6 23.8 0c7.9 7.9 16.2 15.2 25.9 21.9C150.3 438 171.1 448 192 448z\"\/><\/svg><\/span><\/li><li><span class=\"fc-icon\"><svg xmlns=\"http:\/\/www.w3.org\/2000\/svg\" viewBox=\"0 0 576 512\"><!--!Font Awesome Pro 6.7.1 by @fontawesome - https:\/\/fontawesome.com License - https:\/\/fontawesome.com\/license (Commercial License) Copyright 2024 Fonticons, Inc.--><path d=\"M304 80c-88.4 0-160 71.6-160 160c0 61.9-50.1 112-112 112c-8.8 0-16-7.2-16-16s7.2-16 16-16c44.2 0 80-35.8 80-80c0-106 86-192 192-192c64.9 0 122.4 32.3 157.1 81.6c4.2 5.9 3.8 14-.8 19.5s-12.5 7.3-19.1 4.1c-12.4-5.9-26.4-9.2-41.1-9.2c-53 0-96 43-96 96c0 44.2 35.8 80 80 80c0 0 0 0 0 0c20.9 0 41.6-10 58.2-21.2c9.8-6.7 18-14 25.9-21.9c6.6-6.5 17.2-6.5 23.7 0c7.9 7.9 16.2 15.2 26 21.9c12.8 8.7 28.1 16.6 44.1 19.8c7.7 1.5 14.1 7.8 14.1 15.7c0 9.8-8 17.9-17.7 16.2c-23.1-4-43.6-15-58.5-25.2c-7.9-5.4-14.7-10.8-19.8-15.3c-5.1 4.5-11.8 9.9-19.8 15.3C441.5 337.9 414.3 352 384 352c0 0 0 0 0 0c-61.9 0-112-50.1-112-112c0-70.7 57.3-128 128-128c0 0 0 0 0 0c-26.8-20.1-60-32-96-32zM133.8 426.8C150.3 438 171.1 448 192 448s41.6-9.9 58.2-21.2c9.8-6.7 18-14 25.9-21.9c6.6-6.5 17.2-6.5 23.7 0c7.9 7.9 16.2 15.2 26 21.9C342.3 438 363.1 448 384 448s41.6-9.9 58.2-21.2c9.8-6.7 18-14 25.9-21.9c6.6-6.5 17.2-6.6 23.7 0c7.9 7.9 16.2 15.2 26 21.9c12.8 8.7 28.1 16.6 44.1 19.8c7.7 1.5 14.1 7.8 14.1 15.7c0 9.8-8 17.9-17.7 16.2c-23.1-4-43.6-15-58.5-25.2c-7.9-5.4-14.7-10.8-19.8-15.3c-5.1 4.5-11.8 9.9-19.8 15.3C441.5 465.9 414.3 480 384 480s-57.6-14.1-76.2-26.8c-7.9-5.4-14.7-10.8-19.8-15.3c-5.1 4.5-11.8 9.9-19.8 15.3C249.5 465.9 222.3 480 192 480s-57.6-14.1-76.2-26.8c-7.9-5.4-14.6-10.8-19.8-15.3c-5.1 4.5-11.8 9.9-19.8 15.3c-14.9 10.2-35.4 21.2-58.5 25.2C8 480.1 0 472 0 462.2c0-7.9 6.4-14.1 14.1-15.7c15.9-3.1 31.3-11.1 44-19.8c9.8-6.7 18-14 25.9-21.9c6.6-6.5 17.2-6.6 23.8 0c7.9 7.9 16.2 15.2 25.9 21.9z\"\/><\/svg><\/span><\/li><li><span class=\"fc-icon\"><svg xmlns=\"http:\/\/www.w3.org\/2000\/svg\"  viewBox=\"0 0 576 512\" width=\"16px\" height=\"16px\"><!--! Font Awesome Pro 6.4.2 by @fontawesome - https:\/\/fontawesome.com License - https:\/\/fontawesome.com\/license (Commercial License) Copyright 2023 Fonticons, Inc.--><path d=\"M64 9.7L273.7 234.4 251.1 257 42.9 34C38.4 49 32 77.1 32 112c0 41 12.6 72.2 36.6 104.6c21 28.3 50.1 56.9 87.3 93.2l0 0 0 0c6.6 6.4 13.4 13.1 20.5 20.1l0 0 .1 .1 .8 .8-22.6 22.6-.8-.8c-6.8-6.7-13.5-13.3-20-19.6l0 0 0 0c-37-36.2-68.3-66.8-91-97.4C15.6 198.8 0 161.1 0 112C0 69.6 8.6 36.2 13.6 20.4C17.6 7.6 29.4 0 41.7 0C50.2 0 58.2 3.5 64 9.7zM484.3 506.9L316.6 327.3l22.6-22.6L507.7 485.1c6 6.5 5.7 16.6-.8 22.6s-16.6 5.7-22.6-.8zM468.9 6.5c5.2 7.1 3.7 17.1-3.4 22.4L351.1 112.7c-3.1 2.3-6.1 4.8-8.8 7.6l-1.6 1.6C327.5 135.2 320 153.2 320 172s7.5 36.8 20.8 50.1l13.1 13.1C367.2 248.5 385.2 256 404 256s36.8-7.5 50.1-20.8l1.6-1.6c2.7-2.7 5.3-5.7 7.6-8.8l83.8-114.3c5.2-7.1 15.2-8.7 22.4-3.4s8.7 15.2 3.4 22.4L489.1 243.8c-3.3 4.4-6.9 8.6-10.7 12.5l-1.6 1.6C457.5 277.2 431.3 288 404 288c-25 0-49.1-9.1-67.8-25.5L91.3 507.3c-6.2 6.2-16.4 6.2-22.6 0s-6.2-16.4 0-22.6L313.5 239.8C297.1 221.1 288 197 288 172c0-27.3 10.8-53.5 30.1-72.8l1.6-1.6c3.9-3.9 8.1-7.5 12.5-10.7L446.5 3.1c7.1-5.2 17.1-3.7 22.4 3.4zM508 37.5c5.8 6.7 5.1 16.8-1.5 22.6l-128 112c-6.6 5.8-16.8 5.1-22.6-1.5s-5.1-16.8 1.5-22.6l128-112c6.7-5.8 16.8-5.1 22.6 1.5zM538.5 68c6.7 5.8 7.3 15.9 1.5 22.6l-112 128c-5.8 6.7-15.9 7.3-22.6 1.5s-7.3-15.9-1.5-22.6l112-128c5.8-6.7 15.9-7.3 22.6-1.5z\"\/><\/svg><\/span><\/li><li><span class=\"fc-icon\"><svg xmlns=\"http:\/\/www.w3.org\/2000\/svg\" viewBox=\"0 0 646 516\" width=\"16px\" height=\"16px\">\n<g clip-path=\"url(#clip0_183_41)\">\n<path d=\"M31.9008 3.42548C25.0008 -1.97452 14.9008 -0.774542 9.40081 6.12546C3.90081 13.0255 5.20081 23.1254 12.1008 28.6254L620.101 508.626C627.001 514.126 637.101 512.926 642.601 506.026C648.101 499.126 646.901 489.026 640.001 483.526L31.9008 3.42548Z\"\/>\n<path d=\"M403.75 459.562C403.75 472.966 414.55 483.75 427.975 483.75H444.125C457.549 483.75 468.35 472.966 468.35 459.562V449.881L498.8 473.921C492.43 498.121 470.346 516 444.125 516H427.975C396.785 516 371.45 490.704 371.45 459.562V378.333C361.053 381.659 350.253 384.077 339.15 385.488C331.176 386.496 323.101 387.101 314.925 387.101C306.749 387.101 298.674 386.597 290.7 385.488C279.597 384.077 268.796 381.659 258.4 378.333V459.562C258.4 490.704 233.064 516 201.875 516H185.725C154.535 516 129.2 490.704 129.2 459.562V209.625C129.2 208.92 129.2 208.214 129.301 207.609C128.594 207.408 127.888 207.307 127.181 207.105C99.0194 199.849 76.4094 177.778 69.041 148.552L65.1044 132.93C64.9698 132.38 64.8649 131.829 64.7887 131.28L164.026 209.625H161.5V459.562C161.5 472.966 172.3 483.75 185.725 483.75H201.875C215.299 483.75 226.1 472.966 226.1 459.562V378.232C226.1 367.952 231.046 358.277 239.323 352.23C247.599 346.184 258.4 344.37 268.191 347.595C282.827 352.23 298.573 354.851 314.925 354.851C325.038 354.851 334.881 353.887 344.407 352.031L403.75 398.881V459.562Z\"\/>\n<path fill-rule=\"evenodd\" clip-rule=\"evenodd\" d=\"M468.35 263.946H468.249L375.083 209.625H374.074H370.77L329.922 177.375H374.175L399.611 24.9937C401.933 10.582 414.449 0 429.186 0C438.573 0 447.456 4.43438 453.209 11.993L468.35 32.25H512.863C525.682 32.25 537.997 37.3898 547.081 46.4602L565.25 64.5H597.55C624.298 64.5 646 86.168 646 112.875V129C646 182.414 602.597 225.75 549.1 225.75H505.999L500.65 258V312.166L468.35 286.665V263.946ZM506.1 193.601C490.253 193.601 476.828 204.989 474.204 220.509H474.103L472.69 229.177L404.154 189.267C404.961 187.151 405.567 185.034 405.97 182.716L430.498 35.6766L442.51 51.6C448.566 59.7633 458.155 64.5 468.35 64.5H512.863C517.103 64.5 521.241 66.2133 524.269 69.2367L542.539 87.3773C548.595 93.4242 556.771 96.8508 565.351 96.8508H597.651C606.533 96.8508 613.801 104.107 613.801 112.976V129.101C613.801 164.677 584.832 193.601 549.201 193.601H506.1Z\"\/>\n<path d=\"M500.65 96.75C504.933 96.75 509.041 98.4489 512.07 101.473C515.098 104.497 516.8 108.598 516.8 112.875C516.8 117.152 515.098 121.253 512.07 124.277C509.041 127.301 504.933 129 500.65 129C496.367 129 492.259 127.301 489.23 124.277C486.201 121.253 484.5 117.152 484.5 112.875C484.5 108.598 486.201 104.497 489.23 101.473C492.259 98.4489 496.367 96.75 500.65 96.75Z\"\/>\n<\/g>\n<defs>\n<clipPath id=\"clip0_183_41\">\n<rect width=\"646\" height=\"516\" fill=\"white\"\/>\n<\/clipPath>\n<\/defs>\n<\/svg>\n<\/span><\/li><\/ul>\n<\/div>\n<ctv-searchbar><\/ctv-searchbar>\n\n<ctv-reviews data-modal-position=\"bottom\" data-small=\"true\"><\/ctv-reviews>\n<\/div>\n\n<div class=\"group show-mob sec-resa-mob\">\n<ctv-searchbar><\/ctv-searchbar>\n<\/div>\n\n<div class=\"columns sec-50 align-full\"><div class=\"columns__item\"><div class=\"columns\"><div class=\"columns__item\"><ul class=\"pictos big\"><li><span class=\"fc-icon\"><svg xmlns=\"http:\/\/www.w3.org\/2000\/svg\"  viewBox=\"0 0 448 512\" width=\"16px\" height=\"16px\"><!--! Font Awesome Pro 6.4.2 by @fontawesome - https:\/\/fontawesome.com License - https:\/\/fontawesome.com\/license (Commercial License) Copyright 2023 Fonticons, Inc.--><path d=\"M128 16c0-8.8-7.2-16-16-16s-16 7.2-16 16V64H64C28.7 64 0 92.7 0 128v32 32V448c0 35.3 28.7 64 64 64H384c35.3 0 64-28.7 64-64V192 160 128c0-35.3-28.7-64-64-64H352V16c0-8.8-7.2-16-16-16s-16 7.2-16 16V64H128V16zM32 192H416V448c0 17.7-14.3 32-32 32H64c-17.7 0-32-14.3-32-32V192zM64 96H384c17.7 0 32 14.3 32 32v32H32V128c0-17.7 14.3-32 32-32zM331.3 283.3c6.2-6.2 6.2-16.4 0-22.6s-16.4-6.2-22.6 0L208 361.4l-52.7-52.7c-6.2-6.2-16.4-6.2-22.6 0s-6.2 16.4 0 22.6l64 64c6.2 6.2 16.4 6.2 22.6 0l112-112z\"\/><\/svg><\/span>  Ge\u00f6ffnet <br><span class=\"fc-span\">das ganze Jahr \u00fcber<\/span>\n<\/li><li><span class=\"fc-icon\"><svg xmlns=\"http:\/\/www.w3.org\/2000\/svg\"  viewBox=\"0 0 576 512\" width=\"16px\" height=\"16px\"><!--! Font Awesome Pro 6.4.2 by @fontawesome - https:\/\/fontawesome.com License - https:\/\/fontawesome.com\/license (Commercial License) Copyright 2023 Fonticons, Inc.--><path d=\"M133.8 106.8C150.3 118 171.1 128 192 128s41.6-9.9 58.2-21.2c9.8-6.7 18-14 25.9-21.9c6.6-6.5 17.2-6.5 23.7 0c7.9 7.9 16.2 15.2 26 21.9C342.3 118 363.1 128 384 128s41.6-9.9 58.2-21.2c9.8-6.7 18-14 25.9-21.9c6.6-6.5 17.2-6.5 23.7 0c7.9 7.9 16.2 15.2 26 21.9c12.8 8.7 28.1 16.6 44.1 19.8c7.7 1.5 14.1 7.8 14.1 15.7c0 9.8-8 17.9-17.7 16.2c-23.1-4-43.6-15-58.5-25.2c-7.9-5.4-14.7-10.8-19.8-15.3c-5.1 4.5-11.8 9.9-19.8 15.3C441.5 145.9 414.3 160 384 160s-57.6-14.1-76.2-26.8c-7.9-5.4-14.7-10.8-19.8-15.3c-5.1 4.5-11.8 9.9-19.8 15.3C249.5 145.9 222.3 160 192 160s-57.6-14.1-76.2-26.8c-7.9-5.4-14.6-10.8-19.8-15.3c-5.1 4.5-11.8 9.9-19.8 15.3c-14.9 10.2-35.4 21.2-58.5 25.2C8 160.1 0 152 0 142.2c0-7.9 6.4-14.1 14.1-15.7c15.9-3.1 31.3-11.1 44-19.8c9.8-6.7 18-14 25.9-21.9c6.6-6.5 17.2-6.6 23.8 0c7.9 7.9 16.2 15.2 25.9 21.9zm0 288C150.3 406 171.1 416 192 416s41.6-9.9 58.2-21.2c9.8-6.7 18-14 25.9-21.9c6.6-6.5 17.2-6.5 23.7 0c7.9 7.9 16.2 15.2 26 21.9C342.3 406 363.1 416 384 416s41.6-9.9 58.2-21.2c9.8-6.7 18-14 25.9-21.9c6.6-6.5 17.2-6.6 23.7 0c7.9 7.9 16.2 15.2 26 21.9c12.8 8.7 28.1 16.6 44.1 19.8c7.7 1.5 14.1 7.8 14.1 15.7c0 9.8-8 17.9-17.7 16.2c-23.1-4-43.6-15-58.5-25.2c-7.9-5.4-14.7-10.8-19.8-15.3c-5.1 4.5-11.8 9.9-19.8 15.3C441.5 433.9 414.3 448 384 448s-57.6-14.1-76.2-26.8c-7.9-5.4-14.7-10.8-19.8-15.3c-5.1 4.5-11.8 9.9-19.8 15.3C249.5 433.9 222.3 448 192 448s-57.6-14.1-76.2-26.8c-7.9-5.4-14.6-10.8-19.8-15.3c-5.1 4.5-11.8 9.9-19.8 15.3c-14.9 10.2-35.4 21.2-58.5 25.2C8 448.1 0 440 0 430.2c0-7.9 6.4-14.1 14.1-15.7c15.9-3.1 31.3-11.1 44-19.8c9.8-6.7 18-14 25.9-21.9c6.6-6.5 17.2-6.6 23.8 0c7.9 7.9 16.2 15.2 25.9 21.9zM192 272c20.9 0 41.6-9.9 58.2-21.2c9.8-6.7 18-14 25.9-21.9c6.6-6.5 17.2-6.5 23.7 0c7.9 7.9 16.2 15.2 26 21.9C342.3 262 363.1 272 384 272s41.6-9.9 58.2-21.2c9.8-6.7 18-14 25.9-21.9c6.6-6.5 17.2-6.5 23.7 0c7.9 7.9 16.2 15.2 26 21.9c12.8 8.7 28.1 16.6 44.1 19.8c7.7 1.5 14.1 7.8 14.1 15.7c0 9.8-8 17.9-17.7 16.2c-23.1-4-43.6-15-58.5-25.2c-7.9-5.4-14.7-10.8-19.8-15.3c-5.1 4.5-11.8 9.9-19.8 15.3C441.5 289.9 414.3 304 384 304s-57.6-14.1-76.2-26.8c-7.9-5.4-14.7-10.8-19.8-15.3c-5.1 4.5-11.8 9.9-19.8 15.3C249.5 289.9 222.3 304 192 304s-57.6-14.1-76.2-26.8c-7.9-5.4-14.6-10.8-19.8-15.3c-5.1 4.5-11.8 9.9-19.8 15.3c-14.9 10.2-35.4 21.2-58.5 25.2C8 304.1 0 296 0 286.2c0-7.9 6.4-14.1 14.1-15.7c15.9-3.1 31.3-11.1 44-19.8c9.8-6.7 18-14 25.9-21.9c6.6-6.5 17.2-6.6 23.8 0c7.9 7.9 16.2 15.2 25.9 21.9C150.3 262 171.1 272 192 272z\"\/><\/svg><\/span>  Direkter Zugang<br><span class=\"fc-span\">zum Meer<\/span>\n<\/li><li><span class=\"fc-icon\"><svg xmlns=\"http:\/\/www.w3.org\/2000\/svg\"  viewBox=\"0 0 512 512\" width=\"16px\" height=\"16px\"><!--! Font Awesome Pro 6.4.2 by @fontawesome - https:\/\/fontawesome.com License - https:\/\/fontawesome.com\/license (Commercial License) Copyright 2023 Fonticons, Inc.--><path d=\"M415.1 413.7c-85.3 20-177.8 6.8-256.2-42.8c-13.5 21.4-24.2 44.4-31.9 68.2c36.5 25.8 81 40.9 129.1 40.9c62.2 0 118.5-25.4 159.1-66.3zm34-44c10.9-18.4 19.2-38.5 24.4-59.8c-72 12.5-148.4 1.8-217.2-35.5c-31 19.1-57.5 43.1-78.9 70.2c83.6 52.2 184.6 59.1 271.7 25zm30.1-93.4c.6-6.7 .9-13.4 .9-20.3c0-99.3-64.6-183.5-154.1-212.9c52.5 65.3 80.6 150 72.9 239.3c27.1 1.5 54.1-.6 80.3-6.2zM272.8 32.6c-5.5-.4-11.1-.6-16.8-.6c-21.5 0-42.3 3-62 8.7c46.8 56.1 75.7 127.6 77.9 205.8C302.4 263 334.5 273.7 367 279c8-95.3-29.1-184.8-94.2-246.4zM162 52.6C85.2 88.2 32 165.9 32 256c0 7.5 .4 14.9 1.1 22.1c34.4-69.3 92.8-127.1 169.6-159.7l3.7-1.6c-12-23.3-27-44.9-44.4-64.2zM45.3 332.3c11.8 32.5 30.9 61.5 55.3 85C125.7 348.8 173.2 288 239.9 247c-1-35.5-8.2-69.5-20.4-100.9l-4.4 1.9C131.4 183.5 71.8 252.2 45.3 332.3zM0 256a256 256 0 1 1 512 0A256 256 0 1 1 0 256z\"\/><\/svg><\/span> Aktivit\u00e4ten <br><span class=\"fc-span\">vor Ort<\/span>\n<\/li><\/ul><\/div><div class=\"columns__item\"><p>Ihr Urlaub zum Thema Fun &amp; Sport<\/p><p>Das Paradies f\u00fcr Ski- &amp; Naturliebhaber! Der Spot L&#8217;Almanarre liegt nur 50 m vom Campingplatz entfernt!<\/p><p>Wir m\u00f6chten Sie darauf hinweisen, dass unsere Einrichtungen (Restaurants, Schwimmbad, Wassersportbasis und Tauchschule) erst ab Ende M\u00e4rz ge\u00f6ffnet sind. Wir hoffen, dass Sie diese Einrichtungen in vollen Z\u00fcgen genie\u00dfen werden.<\/p><\/div><\/div><p class=\"h3\">Kontaktieren Sie uns<\/p><ul class=\"pictos fc-liens\"><li class=\"fc-tel\"><a itemprop=\"telephone\" href=\"tel:+33494589016\">04 94 58 90 16<span class=\"fc-icon\"><svg xmlns=\"http:\/\/www.w3.org\/2000\/svg\"  viewBox=\"0 0 512 512\" width=\"16px\" height=\"16px\"><!--! Font Awesome Pro 6.4.2 by @fontawesome - https:\/\/fontawesome.com License - https:\/\/fontawesome.com\/license (Commercial License) Copyright 2023 Fonticons, Inc.--><path d=\"M164.9 24.6c-7.7-18.6-28-28.5-47.4-23.2l-88 24C12.1 30.2 0 46 0 64C0 311.4 200.6 512 448 512c18 0 33.8-12.1 38.6-29.5l24-88c5.3-19.4-4.6-39.7-23.2-47.4l-96-40c-16.3-6.8-35.2-2.1-46.3 11.6L304.7 368C234.3 334.7 177.3 277.7 144 207.3L193.3 167c13.7-11.2 18.4-30 11.6-46.3l-40-96z\"\/><\/svg><\/span><\/a>\n<\/li><li class=\"fc-copy\"><span class=\"fc-span\" itemprop=\"email\">camping@international-giens.com<\/span><strong>Kopiert<\/strong><span class=\"fc-icon\"><svg xmlns=\"http:\/\/www.w3.org\/2000\/svg\"  viewBox=\"0 0 448 512\" width=\"16px\" height=\"16px\"><!--!Font Awesome Free 6.5.1 by @fontawesome - https:\/\/fontawesome.com License - https:\/\/fontawesome.com\/license\/free Copyright 2023 Fonticons, Inc.--><path d=\"M208 0H332.1c12.7 0 24.9 5.1 33.9 14.1l67.9 67.9c9 9 14.1 21.2 14.1 33.9V336c0 26.5-21.5 48-48 48H208c-26.5 0-48-21.5-48-48V48c0-26.5 21.5-48 48-48zM48 128h80v64H64V448H256V416h64v48c0 26.5-21.5 48-48 48H48c-26.5 0-48-21.5-48-48V176c0-26.5 21.5-48 48-48z\"\/><\/svg><\/span>\n<\/li><li><a href=\"https:\/\/maps.app.goo.gl\/RsjyVCxrkrcxt2m68\" target=\"_blank\" data-type=\"link\" data-id=\"https:\/\/maps.app.goo.gl\/RsjyVCxrkrcxt2m68\" rel=\"noreferrer noopener\"><span itemprop=\"adresse\"><span>1737, Route de la Madrague, 83400 Giens<\/span><span class=\"fc-icon\"><svg xmlns=\"http:\/\/www.w3.org\/2000\/svg\"  viewBox=\"0 0 512 512\" width=\"16px\" height=\"16px\"><!--! Font Awesome Pro 6.4.2 by @fontawesome - https:\/\/fontawesome.com License - https:\/\/fontawesome.com\/license (Commercial License) Copyright 2023 Fonticons, Inc.--><path d=\"M320 0c-17.7 0-32 14.3-32 32s14.3 32 32 32h82.7L201.4 265.4c-12.5 12.5-12.5 32.8 0 45.3s32.8 12.5 45.3 0L448 109.3V192c0 17.7 14.3 32 32 32s32-14.3 32-32V32c0-17.7-14.3-32-32-32H320zM80 32C35.8 32 0 67.8 0 112V432c0 44.2 35.8 80 80 80H400c44.2 0 80-35.8 80-80V320c0-17.7-14.3-32-32-32s-32 14.3-32 32V432c0 8.8-7.2 16-16 16H80c-8.8 0-16-7.2-16-16V112c0-8.8 7.2-16 16-16H192c17.7 0 32-14.3 32-32s-14.3-32-32-32H80z\"\/><\/svg><\/span><\/span><\/a>\n<\/li><\/ul><\/div><div class=\"columns__item\"><figure><a href=\"https:\/\/maps.app.goo.gl\/RsjyVCxrkrcxt2m68\" target=\"_blank\" rel=\"noopener\"><picture><source srcset=\"https:\/\/acampa-vacances.com\/wp-content\/uploads\/2024\/11\/carte-camping-int-420x420.webp\" media=\"(max-width: 210px)\"><source srcset=\"https:\/\/acampa-vacances.com\/wp-content\/uploads\/2024\/11\/carte-camping-int-850x825.webp\" media=\"(max-width: 420px)\"><source srcset=\"https:\/\/acampa-vacances.com\/wp-content\/uploads\/2024\/11\/carte-camping-int-768x745.webp\" media=\"(max-width: 850px)\"><source srcset=\"https:\/\/acampa-vacances.com\/wp-content\/uploads\/2024\/11\/carte-camping-int-1024x994.webp\" media=\"(max-width: 1024px)\"><source srcset=\"https:\/\/acampa-vacances.com\/wp-content\/uploads\/2024\/11\/carte-camping-int.webp\" media=\"(min-width: 1025px)\"><img decoding=\"async\" src=\"https:\/\/acampa-vacances.com\/wp-content\/uploads\/2024\/11\/carte-camping-int-420x420.webp\" width=\"420\" height=\"210\" loading=\"lazy\" alt=\"\" title=\"\"><\/picture><\/a><\/figure><\/div><\/div>\n\n<div class=\"columns sec-15 reverse-mob\"><div class=\"columns__item\"><div class=\"gallery\"><figure class=\"gallery__item fond\"><picture><source srcset=\"https:\/\/acampa-vacances.com\/wp-content\/uploads\/2024\/11\/AdobeStock_280910815-420x420.webp\" media=\"(max-width: 210px)\"><source srcset=\"https:\/\/acampa-vacances.com\/wp-content\/uploads\/2024\/11\/AdobeStock_280910815-850x567.webp\" media=\"(max-width: 420px)\"><source srcset=\"https:\/\/acampa-vacances.com\/wp-content\/uploads\/2024\/11\/AdobeStock_280910815-768x512.webp\" media=\"(max-width: 850px)\"><source srcset=\"https:\/\/acampa-vacances.com\/wp-content\/uploads\/2024\/11\/AdobeStock_280910815-1024x683.webp\" media=\"(max-width: 1024px)\"><source srcset=\"https:\/\/acampa-vacances.com\/wp-content\/uploads\/2024\/11\/AdobeStock_280910815.webp\" media=\"(min-width: 1025px)\"><img decoding=\"async\" src=\"https:\/\/acampa-vacances.com\/wp-content\/uploads\/2024\/11\/AdobeStock_280910815-420x420.webp\" width=\"420\" height=\"210\" loading=\"lazy\" alt=\"\" title=\"\"><\/picture><\/figure><figure class=\"gallery__item\"><picture><source srcset=\"https:\/\/acampa-vacances.com\/wp-content\/uploads\/2024\/11\/image-22-420x420.webp\" media=\"(max-width: 210px)\"><source srcset=\"https:\/\/acampa-vacances.com\/wp-content\/uploads\/2024\/11\/image-22-850x850.webp\" media=\"(max-width: 420px)\"><source srcset=\"https:\/\/acampa-vacances.com\/wp-content\/uploads\/2024\/11\/image-22-768x768.webp\" media=\"(max-width: 850px)\"><source srcset=\"https:\/\/acampa-vacances.com\/wp-content\/uploads\/2024\/11\/image-22-1024x1024.webp\" media=\"(max-width: 1024px)\"><source srcset=\"https:\/\/acampa-vacances.com\/wp-content\/uploads\/2024\/11\/image-22.webp\" media=\"(min-width: 1025px)\"><img decoding=\"async\" src=\"https:\/\/acampa-vacances.com\/wp-content\/uploads\/2024\/11\/image-22-420x420.webp\" width=\"420\" height=\"210\" loading=\"lazy\" alt=\"\" title=\"\"><\/picture><\/figure><\/div><\/div><div class=\"columns__item\"><h1>Verbringen Sie Ihren Urlaub <span class=\"fc-span\">auf einem Campingplatz in Hy\u00e8res<\/span>.<\/h1><p>Entdecken Sie das sonnige Paradies <strong>S\u00fcdfrankreichs<\/strong> auf dem Campingplatz International****, der in der herrlichen <strong>Region Provence Alpes C\u00f4te d&#8217;Azur<\/strong> liegt. Lassen Sie sich von diesem wundersch\u00f6nen Urlaubsort verf\u00fchren, der f\u00fcr seine feinen Sandstr\u00e4nde, majest\u00e4tischen Palmen und sein vielf\u00e4ltiges Unterhaltungsangebot bekannt ist.<\/p><p>Mobilheim, sanit\u00e4re Einrichtungen und Zugang zum Schwimmbad f\u00fcr Personen mit eingeschr\u00e4nkter Mobilit\u00e4t angepasst.<\/p><div class=\"lireplus fc-desk\"><p>Lesen Sie mehr<\/p><div class=\"group\"><p>Wenn Sie eine ideale Unterkunft f\u00fcr einen Urlaub mit den F\u00fc\u00dfen im Wasser suchen, ist unser <strong>Campingplatz mit 162 Stellpl\u00e4tzen in Hy\u00e8res<\/strong> perfekt f\u00fcr Ihre Bed\u00fcrfnisse geeignet.<\/p><p>Unser 4-Sterne-Campingplatz International**** Giens liegt auf der <strong>Halbinsel<\/strong> Giens und bietet mit seinen komfortablen Unterk\u00fcnften den idealen Rahmen f\u00fcr einen Familienurlaub mit Kindern. Bereiten Sie sich auf unvergessliche Momente in diesem au\u00dfergew\u00f6hnlichen Ferienort vor. <\/p><\/div><\/div><div class=\"buttons\"><span class=\"buttons__btn btn-resa\">Finden Sie einen Aufenthalt<\/span><\/div><\/div><\/div>\n\n<div class=\"group sec-20 fade-up align-full\"><figure class=\"palmiers\"><picture><source srcset=\"https:\/\/acampa-vacances.com\/wp-content\/uploads\/2024\/11\/palmiers-420x420.webp\" media=\"(max-width: 210px)\"><source srcset=\"https:\/\/acampa-vacances.com\/wp-content\/uploads\/2024\/11\/palmiers-850x506.webp\" media=\"(max-width: 420px)\"><source srcset=\"https:\/\/acampa-vacances.com\/wp-content\/uploads\/2024\/11\/palmiers-768x458.webp\" media=\"(max-width: 850px)\"><source srcset=\"https:\/\/acampa-vacances.com\/wp-content\/uploads\/2024\/11\/palmiers-1024x610.webp\" media=\"(max-width: 1024px)\"><source srcset=\"https:\/\/acampa-vacances.com\/wp-content\/uploads\/2024\/11\/palmiers.webp\" media=\"(min-width: 1025px)\"><img decoding=\"async\" src=\"https:\/\/acampa-vacances.com\/wp-content\/uploads\/2024\/11\/palmiers-420x420.webp\" width=\"420\" height=\"210\" loading=\"lazy\" alt=\"\" title=\"\"><\/picture><\/figure><h2>Entspannen Sie sich <span class=\"fc-span\">in einem St\u00fcck Paradies<\/span><\/h2><p>Entdecken Sie ein wahres Juwel auf einem Campingplatz in einer der sch\u00f6nsten Regionen Frankreichs, in Hy\u00e8res auf der Halbinsel Giens. Dieses pr\u00e4chtige Gebiet bietet Ihnen ein einzigartiges Erlebnis.   <\/p><div class=\"lireplus fc-desk\"><p>Lesen Sie mehr<\/p><div class=\"group\"><p>Verpassen Sie nichts, wenn Sie die vielen hochwertigen Dienstleistungen und Einrichtungen des Campingplatzes nutzen: erstklassige Einrichtungen, abwechslungsreiche Unterhaltung, Strand, Schwimmbad, Aktivit\u00e4ten f\u00fcr die ganze Familie, ger\u00e4umige Stellpl\u00e4tze und Unterk\u00fcnfte mit allem Komfort. G\u00f6nnen Sie sich einen unvergesslichen Urlaub in der idyllischen Umgebung des Campingplatzes Presqu&#8217;\u00eele de Giens. <\/p><\/div><\/div><div class=\"gallery col-4 fc-diapo-mob\" data-fancybox=\"gallery-mob\"><figure class=\"gallery__item ombre gauche\"><picture><source srcset=\"https:\/\/acampa-vacances.com\/wp-content\/uploads\/2025\/02\/Barre-a-traction-420x420.jpg.webp\" media=\"(max-width: 210px)\"><source srcset=\"https:\/\/acampa-vacances.com\/wp-content\/uploads\/2025\/02\/Barre-a-traction-850x567.jpg.webp\" media=\"(max-width: 420px)\"><source srcset=\"https:\/\/acampa-vacances.com\/wp-content\/uploads\/2025\/02\/Barre-a-traction-768x512.jpg.webp\" media=\"(max-width: 850px)\"><source srcset=\"https:\/\/acampa-vacances.com\/wp-content\/uploads\/2025\/02\/Barre-a-traction-1024x683.jpg.webp\" media=\"(max-width: 1024px)\"><source srcset=\"https:\/\/acampa-vacances.com\/wp-content\/uploads\/2025\/02\/Barre-a-traction-scaled.jpg.webp\" media=\"(min-width: 1025px)\"><img decoding=\"async\" src=\"https:\/\/acampa-vacances.com\/wp-content\/uploads\/2025\/02\/Barre-a-traction-420x420.jpg.webp\" width=\"420\" height=\"210\" loading=\"lazy\" alt=\"\" title=\"\"><\/picture><figcaption>FITNESSRAUM<\/figcaption><\/figure><figure class=\"gallery__item ombre\"><picture><source srcset=\"https:\/\/acampa-vacances.com\/wp-content\/uploads\/2024\/11\/image-16-420x420.webp\" media=\"(max-width: 210px)\"><source srcset=\"https:\/\/acampa-vacances.com\/wp-content\/uploads\/2024\/11\/image-16-831x850.webp\" media=\"(max-width: 420px)\"><source srcset=\"https:\/\/acampa-vacances.com\/wp-content\/uploads\/2024\/11\/image-16-768x786.webp\" media=\"(max-width: 850px)\"><source srcset=\"https:\/\/acampa-vacances.com\/wp-content\/uploads\/2024\/11\/image-16-1001x1024.webp\" media=\"(max-width: 1024px)\"><source srcset=\"https:\/\/acampa-vacances.com\/wp-content\/uploads\/2024\/11\/image-16.webp\" media=\"(min-width: 1025px)\"><img decoding=\"async\" src=\"https:\/\/acampa-vacances.com\/wp-content\/uploads\/2024\/11\/image-16-420x420.webp\" width=\"420\" height=\"210\" loading=\"lazy\" alt=\"\" title=\"\"><\/picture><figcaption>SPORTS<\/figcaption><\/figure><figure class=\"gallery__item ombre\"><picture><source srcset=\"https:\/\/acampa-vacances.com\/wp-content\/uploads\/2024\/11\/DSC00159-1-420x420.jpg.webp\" media=\"(max-width: 210px)\"><source srcset=\"https:\/\/acampa-vacances.com\/wp-content\/uploads\/2024\/11\/DSC00159-1-568x850.jpg.webp\" media=\"(max-width: 420px)\"><source srcset=\"https:\/\/acampa-vacances.com\/wp-content\/uploads\/2024\/11\/DSC00159-1-768x1150.jpg.webp\" media=\"(max-width: 850px)\"><source srcset=\"https:\/\/acampa-vacances.com\/wp-content\/uploads\/2024\/11\/DSC00159-1-684x1024.jpg.webp\" media=\"(max-width: 1024px)\"><source srcset=\"https:\/\/acampa-vacances.com\/wp-content\/uploads\/2024\/11\/DSC00159-1-scaled.jpg.webp\" media=\"(min-width: 1025px)\"><img decoding=\"async\" src=\"https:\/\/acampa-vacances.com\/wp-content\/uploads\/2024\/11\/DSC00159-1-420x420.jpg.webp\" width=\"420\" height=\"210\" loading=\"lazy\" alt=\"\" title=\"\"><\/picture><figcaption>RESTAURANTS<\/figcaption><\/figure><figure class=\"gallery__item ombre\"><picture><source srcset=\"https:\/\/acampa-vacances.com\/wp-content\/uploads\/2025\/02\/Camping-International-Giens_YvesColasphotographe-146-420x420.jpg\" media=\"(max-width: 210px)\"><source srcset=\"https:\/\/acampa-vacances.com\/wp-content\/uploads\/2025\/02\/Camping-International-Giens_YvesColasphotographe-146-850x556.jpg\" media=\"(max-width: 420px)\"><source srcset=\"https:\/\/acampa-vacances.com\/wp-content\/uploads\/2025\/02\/Camping-International-Giens_YvesColasphotographe-146-768x503.jpg\" media=\"(max-width: 850px)\"><source srcset=\"https:\/\/acampa-vacances.com\/wp-content\/uploads\/2025\/02\/Camping-International-Giens_YvesColasphotographe-146-1024x670.jpg\" media=\"(max-width: 1024px)\"><source srcset=\"https:\/\/acampa-vacances.com\/wp-content\/uploads\/2025\/02\/Camping-International-Giens_YvesColasphotographe-146.jpg\" media=\"(min-width: 1025px)\"><img decoding=\"async\" src=\"https:\/\/acampa-vacances.com\/wp-content\/uploads\/2025\/02\/Camping-International-Giens_YvesColasphotographe-146-420x420.jpg\" width=\"420\" height=\"210\" alt=\"Campsite\" loading=\"lazy\" title=\"\"><\/picture><figcaption>POOL<\/figcaption><\/figure><\/div><div class=\"buttons display-flex \" style=\"justify-content:center;\"><a href=\"https:\/\/acampa-vacances.com\/de\/international\/aktivitaten\/\" rel=\"noreferrer noopener\" class=\"buttons__btn\">Unsere Aktivit\u00e4ten<\/a><a href=\"https:\/\/acampa-vacances.com\/de\/international\/dienstleistungen\/\" rel=\"noreferrer noopener\" class=\"buttons__btn\">Unsere Dienstleistungen<\/a><\/div><\/div>\n\n<div class=\"cover sec-25 flou fade-bottom align-full\"><span style=\"filter: opacity(50%); background-color:var(--gris);\"><\/span><picture class=\"cover__img\"><source srcset=\"https:\/\/acampa-vacances.com\/wp-content\/uploads\/2024\/11\/AdobeStock_185484024-1-420x420.webp\" media=\"(max-width: 210px)\"><source srcset=\"https:\/\/acampa-vacances.com\/wp-content\/uploads\/2024\/11\/AdobeStock_185484024-1-850x478.webp\" media=\"(max-width: 420px)\"><source srcset=\"https:\/\/acampa-vacances.com\/wp-content\/uploads\/2024\/11\/AdobeStock_185484024-1-768x432.webp\" media=\"(max-width: 850px)\"><source srcset=\"https:\/\/acampa-vacances.com\/wp-content\/uploads\/2024\/11\/AdobeStock_185484024-1-1024x576.webp\" media=\"(max-width: 1024px)\"><source srcset=\"https:\/\/acampa-vacances.com\/wp-content\/uploads\/2024\/11\/AdobeStock_185484024-1.webp\" media=\"(min-width: 1025px)\"><img decoding=\"async\" src=\"https:\/\/acampa-vacances.com\/wp-content\/uploads\/2024\/11\/AdobeStock_185484024-1-420x420.webp\" width=\"420\" height=\"210\" loading=\"lazy\" alt=\"\" title=\"\"><\/picture><div class=\"cover__inner\"><h2 style=\"text-align: center;\">Entdecken Sie unsere Unterk\u00fcnfte <span class=\"fc-span\">am Meer auf dem Campingplatz Presqu&#8217;\u00eele de Giens<\/span><\/h2><p style=\"text-align: center;\">G\u00f6nnen Sie sich ein unvergessliches Erlebnis auf dem Campingplatz Presqu&#8217;\u00eele de Giens, der im Departement <strong>Var<\/strong> liegt und einen atemberaubenden Blick auf das Mittelmeer in <strong>Hy\u00e8res<\/strong> bietet. Unser 3 Hektar gro\u00dfer Campingplatz liegt auf der ber\u00fchmten Halbinsel Giens im Herzen der C\u00f4te d&#8217;Azur und bietet Ihnen eine Reihe au\u00dfergew\u00f6hnlicher Unterk\u00fcnfte auf der Halbinsel. <\/p><div class=\"lireplus fc-desk\"><p style=\"text-align: center;\">Lesen Sie mehr<\/p><div class=\"group\"><p style=\"text-align: center;\">Ob Sie nun ein <strong>Appartement<\/strong>, eine <strong>Villa<\/strong>, ein <strong>Mobilheim<\/strong> oder einen <strong>komfortablen Stellplatz<\/strong> bevorzugen, wir haben alles, was Sie f\u00fcr einen perfekten Aufenthalt brauchen. Genie\u00dfen Sie die nat\u00fcrliche Sch\u00f6nheit der Region und profitieren Sie gleichzeitig von allen notwendigen Annehmlichkeiten. Buchen Sie jetzt Ihren sonnigen Urlaub auf dem Internationalen Campingplatz auf der Halbinsel Giens und bereiten Sie sich auf einen au\u00dfergew\u00f6hnlichen Urlaub vor.  <\/p><\/div><\/div><div class=\"columns cards-heb nbr-col-1 align-full fc-diapo-mob\"><div class=\"columns__item card-heb\"><div class=\"gallery\"><figure class=\"gallery__item\"><picture><source srcset=\"https:\/\/acampa-vacances.com\/wp-content\/uploads\/2024\/11\/photo-mobil-home-420x420.webp\" media=\"(max-width: 210px)\"><source srcset=\"https:\/\/acampa-vacances.com\/wp-content\/uploads\/2024\/11\/photo-mobil-home-850x685.webp\" media=\"(max-width: 420px)\"><source srcset=\"https:\/\/acampa-vacances.com\/wp-content\/uploads\/2024\/11\/photo-mobil-home-768x619.webp\" media=\"(max-width: 850px)\"><source srcset=\"https:\/\/acampa-vacances.com\/wp-content\/uploads\/2024\/11\/photo-mobil-home-1024x826.webp\" media=\"(max-width: 1024px)\"><source srcset=\"https:\/\/acampa-vacances.com\/wp-content\/uploads\/2024\/11\/photo-mobil-home.webp\" media=\"(min-width: 1025px)\"><img decoding=\"async\" src=\"https:\/\/acampa-vacances.com\/wp-content\/uploads\/2024\/11\/photo-mobil-home-420x420.webp\" width=\"420\" height=\"210\" loading=\"lazy\" alt=\"\" title=\"\"><\/picture><\/figure><\/div><div class=\"group texte\"><p class=\"h3\">Villa<\/p><p>Die Villa ist ein 130m\u00b2 gro\u00dfes Mietobjekt mit Meerblick und eigenem Garten f\u00fcr den gr\u00f6\u00dften Komfort ihrer Bewohner.<\/p><div class=\"lireplus fc-desk\"><p>Lesen Sie mehr<\/p><div class=\"group\"><p>Unsere Villa verf\u00fcgt \u00fcber 4 Schlafzimmer und kann bis zu maximal 8 Personen beherbergen. Sie haben die M\u00f6glichkeit, den Pool sowie die Aktivit\u00e4ten und Dienstleistungen des Campingplatzes zu nutzen.<\/p><\/div><\/div><div class=\"buttons\"><a href=\"https:\/\/acampa-vacances.com\/de\/international\/unterkunft\/#villas\" rel=\"noreferrer noopener\" class=\"buttons__btn\">Entdecken Sie<\/a><\/div><\/div><\/div><div class=\"columns__item card-heb\"><div class=\"gallery\"><figure class=\"gallery__item\"><picture><source srcset=\"https:\/\/acampa-vacances.com\/wp-content\/uploads\/2025\/02\/Terrasse-vue-mer-piscine-420x420.jpg.webp\" media=\"(max-width: 210px)\"><source srcset=\"https:\/\/acampa-vacances.com\/wp-content\/uploads\/2025\/02\/Terrasse-vue-mer-piscine-850x566.jpg.webp\" media=\"(max-width: 420px)\"><source srcset=\"https:\/\/acampa-vacances.com\/wp-content\/uploads\/2025\/02\/Terrasse-vue-mer-piscine-768x511.jpg.webp\" media=\"(max-width: 850px)\"><source srcset=\"https:\/\/acampa-vacances.com\/wp-content\/uploads\/2025\/02\/Terrasse-vue-mer-piscine-1024x682.jpg.webp\" media=\"(max-width: 1024px)\"><source srcset=\"https:\/\/acampa-vacances.com\/wp-content\/uploads\/2025\/02\/Terrasse-vue-mer-piscine-scaled.jpg.webp\" media=\"(min-width: 1025px)\"><img decoding=\"async\" src=\"https:\/\/acampa-vacances.com\/wp-content\/uploads\/2025\/02\/Terrasse-vue-mer-piscine-420x420.jpg.webp\" width=\"420\" height=\"210\" loading=\"lazy\" alt=\"\" title=\"\"><\/picture><\/figure><\/div><div class=\"group texte\"><p class=\"h3\">Ferienwohnungen<\/p><p>Die <strong>Apartments<\/strong> sind zwischen 33 und 58 m2 gro\u00df und bieten Platz f\u00fcr<strong> 2 bis 5 Personen<\/strong>.<\/p><div class=\"lireplus fc-desk\"><p>Lesen Sie mehr<\/p><div class=\"group\"><p>Diese Arten von Mietunterk\u00fcnften gibt es im Erdgeschoss, als Duplex mit Schlafzimmer und Mezzanin oder mit Obergeschoss. Um Ihren <strong>Aufenthalt in Strandn\u00e4he<\/strong> noch angenehmer zu gestalten, verf\u00fcgen sie \u00fcber eine m\u00f6blierte <strong>Terrasse<\/strong> oder einen Balkon, damit Sie die Meeresluft von Ihrem Feriendomizil aus einatmen k\u00f6nnen. <\/p><\/div><\/div><div class=\"buttons\"><a href=\"https:\/\/acampa-vacances.com\/de\/international\/unterkunft\/#appartement\" rel=\"noreferrer noopener\" class=\"buttons__btn\">Entdecken Sie<\/a><\/div><\/div><\/div><div class=\"columns__item card-heb\"><div class=\"gallery\"><figure class=\"gallery__item\"><picture><source srcset=\"https:\/\/acampa-vacances.com\/wp-content\/uploads\/2024\/11\/photo-villa-420x420.webp\" media=\"(max-width: 210px)\"><source srcset=\"https:\/\/acampa-vacances.com\/wp-content\/uploads\/2024\/11\/photo-villa-850x685.webp\" media=\"(max-width: 420px)\"><source srcset=\"https:\/\/acampa-vacances.com\/wp-content\/uploads\/2024\/11\/photo-villa-768x619.webp\" media=\"(max-width: 850px)\"><source srcset=\"https:\/\/acampa-vacances.com\/wp-content\/uploads\/2024\/11\/photo-villa-1024x826.webp\" media=\"(max-width: 1024px)\"><source srcset=\"https:\/\/acampa-vacances.com\/wp-content\/uploads\/2024\/11\/photo-villa.webp\" media=\"(min-width: 1025px)\"><img decoding=\"async\" src=\"https:\/\/acampa-vacances.com\/wp-content\/uploads\/2024\/11\/photo-villa-420x420.webp\" width=\"420\" height=\"210\" loading=\"lazy\" alt=\"\" title=\"\"><\/picture><\/figure><\/div><div class=\"group texte\"><p class=\"h3\">Mobilheime <span class=\"fc-span\">mit oder ohne Jacuzzi<\/span><\/p><p><strong>Die komfortablen Mobilheime<\/strong> auf dem <strong>4-Sterne-Campingplatz International Giens<\/strong> sind funktionelle Modelle f\u00fcr bis zu 6 Personen.<\/p><div class=\"lireplus fc-desk\"><p>Lesen Sie mehr<\/p><div class=\"group\"><p>Einige verf\u00fcgen \u00fcber einen <strong>privaten Whirlpool<\/strong> oder eine private Terrasse mit Gartenm\u00f6beln. Die Inneneinrichtung ist mit allen Annehmlichkeiten ausgestattet, die Sie f\u00fcr einen gelungenen Urlaub in der Provence Alpes C\u00f4te d&#8217;Azur ben\u00f6tigen. <\/p><\/div><\/div><div class=\"buttons\"><a href=\"https:\/\/acampa-vacances.com\/de\/international\/unterkunft\/#mobilhome\" rel=\"noreferrer noopener\" class=\"buttons__btn\">Entdecken Sie<\/a><\/div><\/div><\/div><div class=\"columns__item card-heb\"><div class=\"gallery\"><figure class=\"gallery__item\"><picture><source srcset=\"https:\/\/acampa-vacances.com\/wp-content\/uploads\/2024\/11\/1DSC00055-1-420x420.jpg.webp\" media=\"(max-width: 210px)\"><source srcset=\"https:\/\/acampa-vacances.com\/wp-content\/uploads\/2024\/11\/1DSC00055-1-850x568.jpg.webp\" media=\"(max-width: 420px)\"><source srcset=\"https:\/\/acampa-vacances.com\/wp-content\/uploads\/2024\/11\/1DSC00055-1-768x513.jpg.webp\" media=\"(max-width: 850px)\"><source srcset=\"https:\/\/acampa-vacances.com\/wp-content\/uploads\/2024\/11\/1DSC00055-1-1024x684.jpg.webp\" media=\"(max-width: 1024px)\"><source srcset=\"https:\/\/acampa-vacances.com\/wp-content\/uploads\/2024\/11\/1DSC00055-1.jpg.webp\" media=\"(min-width: 1025px)\"><img decoding=\"async\" src=\"https:\/\/acampa-vacances.com\/wp-content\/uploads\/2024\/11\/1DSC00055-1-420x420.jpg.webp\" width=\"420\" height=\"210\" loading=\"lazy\" alt=\"\" title=\"\"><\/picture><\/figure><\/div><div class=\"group texte\"><p class=\"h3\"><span class=\"fc-span\">Gro\u00dfz\u00fcgige und schattige<\/span> Stellpl\u00e4tze<\/p><p>Entdecken Sie Stellpl\u00e4tze mit viel Platz und Komfort f\u00fcr einen gelungenen Campingurlaub.<\/p><div class=\"buttons\"><a href=\"https:\/\/acampa-vacances.com\/de\/international\/unterkunft\/#emplacement\" rel=\"noreferrer noopener\" class=\"buttons__btn\">Entdecken Sie<\/a><\/div><\/div><\/div><\/div><\/div><\/div>\n\n<div class=\"group sec-20 fade-up align-full\"><figure class=\"pinceaux\"><picture><source srcset=\"https:\/\/acampa-vacances.com\/wp-content\/uploads\/2024\/11\/pinceaux-international-de-giens-420x420.webp\" media=\"(max-width: 210px)\"><source srcset=\"https:\/\/acampa-vacances.com\/wp-content\/uploads\/2024\/11\/pinceaux-international-de-giens-567x850.webp\" media=\"(max-width: 420px)\"><source srcset=\"https:\/\/acampa-vacances.com\/wp-content\/uploads\/2024\/11\/pinceaux-international-de-giens-768x1152.webp\" media=\"(max-width: 850px)\"><source srcset=\"https:\/\/acampa-vacances.com\/wp-content\/uploads\/2024\/11\/pinceaux-international-de-giens-683x1024.webp\" media=\"(max-width: 1024px)\"><source srcset=\"https:\/\/acampa-vacances.com\/wp-content\/uploads\/2024\/11\/pinceaux-international-de-giens.webp\" media=\"(min-width: 1025px)\"><img decoding=\"async\" src=\"https:\/\/acampa-vacances.com\/wp-content\/uploads\/2024\/11\/pinceaux-international-de-giens-420x420.webp\" width=\"420\" height=\"210\" loading=\"lazy\" alt=\"\" title=\"\"><\/picture><\/figure><h2 class=\"inline\">Entdecken Sie unsere Aktivit\u00e4ten <span class=\"fc-span\">auf der Halbinsel Giens!<\/span><\/h2><p>Entdecken Sie die Fun- und Naturaktivit\u00e4ten auf der Halbinsel Giens! Zwischen Fahrradtouren, Wanderungen durch die mediterrane Landschaft und Wassersportarten wie Kajak oder Paddeln ist jeder Moment ein Abenteuer. Erkunden Sie versteckte Buchten, beobachten Sie die lokale Fauna und lassen Sie sich von diesem einzigartigen Naturjuwel verzaubern.  <\/p><div class=\"gallery col-4 fc-diapo-mob\" data-fancybox=\"gallery-mob\"><figure class=\"gallery__item ombre gauche\"><a href=\"https:\/\/spinout.fr\/reservation\" target=\"_blank\" rel=\"noopener\"><picture><source srcset=\"https:\/\/acampa-vacances.com\/wp-content\/uploads\/2024\/12\/telechargement-e1734002300641-420x420.jpg\" media=\"(max-width: 210px)\"><source srcset=\"https:\/\/acampa-vacances.com\/wp-content\/uploads\/2024\/12\/telechargement-e1734002300641-850x673.jpg\" media=\"(max-width: 420px)\"><source srcset=\"https:\/\/acampa-vacances.com\/wp-content\/uploads\/2024\/12\/telechargement-e1734002300641-768x608.jpg\" media=\"(max-width: 850px)\"><source srcset=\"https:\/\/acampa-vacances.com\/wp-content\/uploads\/2024\/12\/telechargement-1024x683.jpg\" media=\"(max-width: 1024px)\"><source srcset=\"https:\/\/acampa-vacances.com\/wp-content\/uploads\/2024\/12\/telechargement-e1734002300641.jpg\" media=\"(min-width: 1025px)\"><img decoding=\"async\" src=\"https:\/\/acampa-vacances.com\/wp-content\/uploads\/2024\/12\/telechargement-e1734002300641-420x420.jpg\" width=\"420\" height=\"210\" loading=\"lazy\" alt=\"\" title=\"\"><\/picture><figcaption>WASSERSPORTBASIS\/ VTT<\/figcaption><\/a><\/figure><figure class=\"gallery__item ombre gauche\"><a href=\"https:\/\/acampa-vacances.com\/wp-content\/uploads\/2025\/02\/SPA-APHRODITE-Photo-COLASTUDIO-2-scaled.jpg\"><picture><source srcset=\"https:\/\/acampa-vacances.com\/wp-content\/uploads\/2025\/02\/SPA-APHRODITE-Photo-COLASTUDIO-2-420x420.jpg.webp\" media=\"(max-width: 210px)\"><source srcset=\"https:\/\/acampa-vacances.com\/wp-content\/uploads\/2025\/02\/SPA-APHRODITE-Photo-COLASTUDIO-2-850x567.jpg.webp\" media=\"(max-width: 420px)\"><source srcset=\"https:\/\/acampa-vacances.com\/wp-content\/uploads\/2025\/02\/SPA-APHRODITE-Photo-COLASTUDIO-2-768x512.jpg.webp\" media=\"(max-width: 850px)\"><source srcset=\"https:\/\/acampa-vacances.com\/wp-content\/uploads\/2025\/02\/SPA-APHRODITE-Photo-COLASTUDIO-2-1024x683.jpg.webp\" media=\"(max-width: 1024px)\"><source srcset=\"https:\/\/acampa-vacances.com\/wp-content\/uploads\/2025\/02\/SPA-APHRODITE-Photo-COLASTUDIO-2-scaled.jpg.webp\" media=\"(min-width: 1025px)\"><img decoding=\"async\" src=\"https:\/\/acampa-vacances.com\/wp-content\/uploads\/2025\/02\/SPA-APHRODITE-Photo-COLASTUDIO-2-420x420.jpg.webp\" width=\"420\" height=\"210\" loading=\"lazy\" alt=\"\" title=\"\"><\/picture><figcaption>APHRODITE SPA<\/figcaption><\/a><\/figure><figure class=\"gallery__item ombre\"><a href=\"https:\/\/acampa-vacances.com\/wp-content\/uploads\/2024\/11\/0335.jpg\"><picture><source srcset=\"https:\/\/acampa-vacances.com\/wp-content\/uploads\/2024\/11\/0335-400x420.jpg.webp\" media=\"(max-width: 210px)\"><source srcset=\"https:\/\/acampa-vacances.com\/wp-content\/uploads\/2024\/11\/0335.jpg.webp\" media=\"(max-width: 420px)\"><source srcset=\"https:\/\/acampa-vacances.com\/wp-content\/uploads\/2024\/11\/0335.jpg.webp\" media=\"(max-width: 850px)\"><source srcset=\"https:\/\/acampa-vacances.com\/wp-content\/uploads\/2024\/11\/0335.jpg.webp\" media=\"(max-width: 1024px)\"><source srcset=\"https:\/\/acampa-vacances.com\/wp-content\/uploads\/2024\/11\/0335.jpg.webp\" media=\"(min-width: 1025px)\"><img decoding=\"async\" src=\"https:\/\/acampa-vacances.com\/wp-content\/uploads\/2024\/11\/0335-400x420.jpg.webp\" width=\"420\" height=\"210\" loading=\"lazy\" alt=\"\" title=\"\"><\/picture><figcaption>TAUCHSCHULE<\/figcaption><\/a><\/figure><figure class=\"gallery__item ombre\"><picture><source srcset=\"https:\/\/acampa-vacances.com\/wp-content\/uploads\/2024\/11\/timo-voss-vsUxnpCKTeQ-unsplash-420x420.jpg\" media=\"(max-width: 210px)\"><source srcset=\"https:\/\/acampa-vacances.com\/wp-content\/uploads\/2024\/11\/timo-voss-vsUxnpCKTeQ-unsplash-850x567.jpg\" media=\"(max-width: 420px)\"><source srcset=\"https:\/\/acampa-vacances.com\/wp-content\/uploads\/2024\/11\/timo-voss-vsUxnpCKTeQ-unsplash-768x512.jpg\" media=\"(max-width: 850px)\"><source srcset=\"https:\/\/acampa-vacances.com\/wp-content\/uploads\/2024\/11\/timo-voss-vsUxnpCKTeQ-unsplash-1024x683.jpg\" media=\"(max-width: 1024px)\"><source srcset=\"https:\/\/acampa-vacances.com\/wp-content\/uploads\/2024\/11\/timo-voss-vsUxnpCKTeQ-unsplash-scaled.jpg\" media=\"(min-width: 1025px)\"><img decoding=\"async\" src=\"https:\/\/acampa-vacances.com\/wp-content\/uploads\/2024\/11\/timo-voss-vsUxnpCKTeQ-unsplash-420x420.jpg\" width=\"420\" height=\"210\" loading=\"lazy\" alt=\"\" title=\"\"><\/picture><figcaption>PARTNERS<\/figcaption><\/figure><\/div><div class=\"buttons display-flex \" style=\"justify-content:center;\"><a href=\"https:\/\/acampa-vacances.com\/de\/international\/sport-und-wellnessaktivitaten\/\" rel=\"noreferrer noopener\" class=\"buttons__btn\">Die Aktivit\u00e4ten<\/a><\/div><\/div>","protected":false},"author":2,"parent":0,"menu_order":0,"template":"","meta":{"_acf_changed":false,"footnotes":""},"acf":[],"_links":{"self":[{"href":"https:\/\/acampa-vacances.com\/de\/wp-json\/wp\/v2\/international\/13029"}],"collection":[{"href":"https:\/\/acampa-vacances.com\/de\/wp-json\/wp\/v2\/international"}],"about":[{"href":"https:\/\/acampa-vacances.com\/de\/wp-json\/wp\/v2\/types\/international"}],"author":[{"embeddable":true,"href":"https:\/\/acampa-vacances.com\/de\/wp-json\/wp\/v2\/users\/2"}],"version-history":[{"count":15,"href":"https:\/\/acampa-vacances.com\/de\/wp-json\/wp\/v2\/international\/13029\/revisions"}],"predecessor-version":[{"id":16818,"href":"https:\/\/acampa-vacances.com\/de\/wp-json\/wp\/v2\/international\/13029\/revisions\/16818"}],"wp:attachment":[{"href":"https:\/\/acampa-vacances.com\/de\/wp-json\/wp\/v2\/media?parent=13029"}],"curies":[{"name":"wp","href":"https:\/\/api.w.org\/{rel}","templated":true}]}}