{"id":12249,"date":"2024-11-27T11:37:45","date_gmt":"2024-11-27T10:37:45","guid":{"rendered":"https:\/\/acampa-vacances.com\/blog-sejour-hyeres\/"},"modified":"2025-01-28T09:52:50","modified_gmt":"2025-01-28T08:52:50","slug":"blog-sejour-hyeres","status":"publish","type":"page","link":"https:\/\/acampa-vacances.com\/de\/blog-sejour-hyeres\/","title":{"rendered":"Blog"},"content":{"rendered":"<div class=\"group diaporama-header sec-05 align-full\"><div class=\"gallery\"><figure class=\"gallery__item\"><picture><source srcset=\"https:\/\/acampa-vacances.com\/wp-content\/uploads\/2024\/11\/AdobeStock_207538366-420x420.jpeg.webp\" media=\"(max-width: 210px)\"><source srcset=\"https:\/\/acampa-vacances.com\/wp-content\/uploads\/2024\/11\/AdobeStock_207538366-850x475.jpeg.webp\" media=\"(max-width: 420px)\"><source srcset=\"https:\/\/acampa-vacances.com\/wp-content\/uploads\/2024\/11\/AdobeStock_207538366-768x429.jpeg.webp\" media=\"(max-width: 850px)\"><source srcset=\"https:\/\/acampa-vacances.com\/wp-content\/uploads\/2024\/11\/AdobeStock_207538366-1024x572.jpeg.webp\" media=\"(max-width: 1024px)\"><source srcset=\"https:\/\/acampa-vacances.com\/wp-content\/uploads\/2024\/11\/AdobeStock_207538366.jpeg.webp\" media=\"(min-width: 1025px)\"><img decoding=\"async\" src=\"https:\/\/acampa-vacances.com\/wp-content\/uploads\/2024\/11\/AdobeStock_207538366-420x420.jpeg.webp\" width=\"420\" height=\"210\" alt=\"Blog and information website concept. Workplace  background with text. View from above\" loading=\"lazy\" title=\"\"><\/picture><\/figure><\/div><\/div><div class=\"group sec-30\"><figure class=\"pinceaux\"><picture><source srcset=\"https:\/\/acampa-vacances.com\/wp-content\/uploads\/2024\/11\/pinceaux-acampa-420x420.webp\" media=\"(max-width: 210px)\"><source srcset=\"https:\/\/acampa-vacances.com\/wp-content\/uploads\/2024\/11\/pinceaux-acampa-567x850.webp\" media=\"(max-width: 420px)\"><source srcset=\"https:\/\/acampa-vacances.com\/wp-content\/uploads\/2024\/11\/pinceaux-acampa-768x1152.webp\" media=\"(max-width: 850px)\"><source srcset=\"https:\/\/acampa-vacances.com\/wp-content\/uploads\/2024\/11\/pinceaux-acampa-683x1024.webp\" media=\"(max-width: 1024px)\"><source srcset=\"https:\/\/acampa-vacances.com\/wp-content\/uploads\/2024\/11\/pinceaux-acampa.webp\" media=\"(min-width: 1025px)\"><img decoding=\"async\" src=\"https:\/\/acampa-vacances.com\/wp-content\/uploads\/2024\/11\/pinceaux-acampa-420x420.webp\" width=\"420\" height=\"210\" loading=\"lazy\" alt=\"\" title=\"\"><\/picture><\/figure><h1 class=\"inline\">Die unumg\u00e4nglichen Sehensw\u00fcrdigkeiten <span class=\"fc-span\">von Hy\u00e8res<\/span><\/h1><p>Hy\u00e8res liegt zwischen Meer und H\u00fcgeln und bietet viel mehr als nur paradiesische Str\u00e4nde. Die Umgebung ist reich an Natursch\u00e4tzen, angefangen bei den Goldenen Inseln: Porquerolles, Port-Cros und Le Levant. Diese mediterranen Juwelen, die mit dem Boot erreichbar sind, sind ein Paradies f\u00fcr Wanderer, Taucher und Liebhaber unber\u00fchrter Str\u00e4nde.  <\/p><div class=\"columns\" style=\"align-items:center;\"><div class=\"columns__item media fade-left\" style=\"align-self:center;\"><div class=\"gallery\"><figure class=\"gallery__item ombre gauche\"><picture><source srcset=\"https:\/\/acampa-vacances.com\/wp-content\/uploads\/2024\/12\/AdobeStock_600778699-420x420.jpeg.webp\" media=\"(max-width: 210px)\"><source srcset=\"https:\/\/acampa-vacances.com\/wp-content\/uploads\/2024\/12\/AdobeStock_600778699-677x850.jpeg.webp\" media=\"(max-width: 420px)\"><source srcset=\"https:\/\/acampa-vacances.com\/wp-content\/uploads\/2024\/12\/AdobeStock_600778699-768x964.jpeg.webp\" media=\"(max-width: 850px)\"><source srcset=\"https:\/\/acampa-vacances.com\/wp-content\/uploads\/2024\/12\/AdobeStock_600778699-816x1024.jpeg.webp\" media=\"(max-width: 1024px)\"><source srcset=\"https:\/\/acampa-vacances.com\/wp-content\/uploads\/2024\/12\/AdobeStock_600778699.jpeg.webp\" media=\"(min-width: 1025px)\"><img decoding=\"async\" src=\"https:\/\/acampa-vacances.com\/wp-content\/uploads\/2024\/12\/AdobeStock_600778699-420x420.jpeg.webp\" width=\"420\" height=\"210\" loading=\"lazy\" alt=\"\" title=\"\"><\/picture><\/figure><\/div><\/div><div class=\"columns__item texte fade-right\" style=\"align-self:center;\"><h2>Entdecken Sie Hy\u00e8res: <span class=\"fc-span\">Hier beginnt das Abenteuer<\/span><\/h2><p>Auf dem Festland entfaltet das Massif des Maures seine h\u00fcgeligen Landschaften mit Korkeichen und Pinien, die ideal f\u00fcr Spazierg\u00e4nge in der Natur sind.<\/p><div class=\"lireplus fc-desk\"><p>Lesen Sie mehr<\/p><div class=\"group\"><p>Die hochgelegenen D\u00f6rfer wie Bormes-les-Mimosas oder Collobri\u00e8res bezaubern mit ihrer Authentizit\u00e4t, ihren blumengeschm\u00fcckten Gassen und ihrer provenzalischen Atmosph\u00e4re.<\/p><p>Die Weinberge der Region, die f\u00fcr ihre AOC C\u00f4tes de Provence-Weine bekannt sind, laden zu geselligen Weinproben ein. Die Umgebung von Hy\u00e8res verspricht ein reiches und abwechslungsreiches Erlebnis, ganz gleich, ob Sie sich f\u00fcr Farniente, Kultur oder Abenteuer interessieren. <\/p><\/div><\/div><\/div><\/div><\/div><p class=\"h3 inline\">Entdecken Sie <span class=\"fc-span\">die Region<\/span><\/p>    <div class=\"columns align-full nbr-col-1 f-carousel fc-diapo slided__post\">\r\n\r\n        \r\n            <div class=\"columns__item post__item f-carousel__slide\" >\r\n                <div class=\"gallery\">\r\n                    <figure class=\"gallery__item\">\r\n                        <picture>\r\n                            <source srcset=\"https:\/\/acampa-vacances.com\/wp-content\/uploads\/2024\/11\/france-3234608_1280-380x395-1.jpg.webp\" media=\"(max-width: 210px)\">\r\n                            <source srcset=\"https:\/\/acampa-vacances.com\/wp-content\/uploads\/2024\/11\/france-3234608_1280-380x395-1.jpg.webp\" media=\"(max-width: 420px)\">\r\n                            <source srcset=\"https:\/\/acampa-vacances.com\/wp-content\/uploads\/2024\/11\/france-3234608_1280-380x395-1.jpg.webp\" media=\"(max-width: 850px)\">\r\n                            <source srcset=\"https:\/\/acampa-vacances.com\/wp-content\/uploads\/2024\/11\/france-3234608_1280-380x395-1.jpg.webp\" media=\"(max-width: 1024px)\">\r\n                            <source srcset=\"https:\/\/acampa-vacances.com\/wp-content\/uploads\/2024\/11\/france-3234608_1280-380x395-1.jpg.webp\" media=\"(min-width: 1025px)\">\r\n\r\n                            <img loading=\"lazy\" decoding=\"async\" src=\"https:\/\/acampa-vacances.com\/wp-content\/uploads\/2024\/11\/france-3234608_1280-380x395-1.jpg.webp\" width=\"420\" height=\"210\" alt=\"\" title=\"\">\r\n                        <\/picture>\r\n                    <\/figure>\r\n                <\/div>\r\n                <div class=\"group texte\">\r\n                    \r\n                    <p class=\"h3\">\u00cele du Levant und ihre Geschichte<\/p>\r\n                    <p class=\"post__item__description\">\r\n                                                \u00cele du Levant: Paradies f\u00fcr Naturisten und Erdbeerb\u00e4ume in Hy\u00e8res Die Ile du Levant ist weltbekannt f\u00fcr ihren FKK-Strand und das [&#8230;]                    <\/p>\r\n\r\n                    <div class=\"buttons\">\r\n                        <a href=\"https:\/\/acampa-vacances.com\/de\/blog\/ile-du-levant-paradies-der-fkk-und-erdbeerbaume-in-hyeres\/\" class=\"buttons__btn\">Entdecken Sie<\/a>\r\n                    <\/div>\r\n                <\/div>\r\n            <\/div>\r\n\r\n        \r\n            <div class=\"columns__item post__item f-carousel__slide\" >\r\n                <div class=\"gallery\">\r\n                    <figure class=\"gallery__item\">\r\n                        <picture>\r\n                            <source srcset=\"https:\/\/acampa-vacances.com\/wp-content\/uploads\/2024\/12\/camping-international-piscine-acc-pich-420x300.jpg.webp\" media=\"(max-width: 210px)\">\r\n                            <source srcset=\"https:\/\/acampa-vacances.com\/wp-content\/uploads\/2024\/12\/camping-international-piscine-acc-pich.jpg.webp\" media=\"(max-width: 420px)\">\r\n                            <source srcset=\"https:\/\/acampa-vacances.com\/wp-content\/uploads\/2024\/12\/camping-international-piscine-acc-pich.jpg.webp\" media=\"(max-width: 850px)\">\r\n                            <source srcset=\"https:\/\/acampa-vacances.com\/wp-content\/uploads\/2024\/12\/camping-international-piscine-acc-pich.jpg.webp\" media=\"(max-width: 1024px)\">\r\n                            <source srcset=\"https:\/\/acampa-vacances.com\/wp-content\/uploads\/2024\/12\/camping-international-piscine-acc-pich.jpg.webp\" media=\"(min-width: 1025px)\">\r\n\r\n                            <img loading=\"lazy\" decoding=\"async\" src=\"https:\/\/acampa-vacances.com\/wp-content\/uploads\/2024\/12\/camping-international-piscine-acc-pich-420x300.jpg.webp\" width=\"420\" height=\"210\" alt=\"\" title=\"\">\r\n                        <\/picture>\r\n                    <\/figure>\r\n                <\/div>\r\n                <div class=\"group texte\">\r\n                    \r\n                    <p class=\"h3\">Var am Meer<\/p>\r\n                    <p class=\"post__item__description\">\r\n                                                Campingplatz Clair de Lune Campingplatz Porquerolles am Meer Planen Sie einen Urlaub mit Freunden in der N\u00e4he von Porquerolles am Mittelmeer, an [&#8230;]                    <\/p>\r\n\r\n                    <div class=\"buttons\">\r\n                        <a href=\"https:\/\/acampa-vacances.com\/de\/blog\/camping-var-bord-de-mer\/\" class=\"buttons__btn\">Entdecken Sie<\/a>\r\n                    <\/div>\r\n                <\/div>\r\n            <\/div>\r\n\r\n        \r\n            <div class=\"columns__item post__item f-carousel__slide\" >\r\n                <div class=\"gallery\">\r\n                    <figure class=\"gallery__item\">\r\n                        <picture>\r\n                            <source srcset=\"https:\/\/acampa-vacances.com\/wp-content\/uploads\/2024\/11\/parcours-des-arts-768x512-1.jpg.webp\" media=\"(max-width: 210px)\">\r\n                            <source srcset=\"https:\/\/acampa-vacances.com\/wp-content\/uploads\/2024\/11\/parcours-des-arts-768x512-1.jpg.webp\" media=\"(max-width: 420px)\">\r\n                            <source srcset=\"https:\/\/acampa-vacances.com\/wp-content\/uploads\/2024\/11\/parcours-des-arts-768x512-1.jpg.webp\" media=\"(max-width: 850px)\">\r\n                            <source srcset=\"https:\/\/acampa-vacances.com\/wp-content\/uploads\/2024\/11\/parcours-des-arts-768x512-1.jpg.webp\" media=\"(max-width: 1024px)\">\r\n                            <source srcset=\"https:\/\/acampa-vacances.com\/wp-content\/uploads\/2024\/11\/parcours-des-arts-768x512-1.jpg.webp\" media=\"(min-width: 1025px)\">\r\n\r\n                            <img loading=\"lazy\" decoding=\"async\" src=\"https:\/\/acampa-vacances.com\/wp-content\/uploads\/2024\/11\/parcours-des-arts-768x512-1.jpg.webp\" width=\"420\" height=\"210\" alt=\"\" title=\"\">\r\n                        <\/picture>\r\n                    <\/figure>\r\n                <\/div>\r\n                <div class=\"group texte\">\r\n                    \r\n                    <p class=\"h3\">Entdecken Sie den Kunstpfad<\/p>\r\n                    <p class=\"post__item__description\">\r\n                                                Entdecken Sie den Parcours des Arts in Hy\u00e8res Suchen Sie nach Ideen f\u00fcr einen Familienausflug in die Stadt Hy\u00e8res? Wir schlagen Ihnen heute eine [&#8230;]                    <\/p>\r\n\r\n                    <div class=\"buttons\">\r\n                        <a href=\"https:\/\/acampa-vacances.com\/de\/blog\/den-parcours-des-arts-in-hyeres-entdecken\/\" class=\"buttons__btn\">Entdecken Sie<\/a>\r\n                    <\/div>\r\n                <\/div>\r\n            <\/div>\r\n\r\n        \r\n            <div class=\"columns__item post__item f-carousel__slide\" >\r\n                <div class=\"gallery\">\r\n                    <figure class=\"gallery__item\">\r\n                        <picture>\r\n                            <source srcset=\"https:\/\/acampa-vacances.com\/wp-content\/uploads\/2024\/11\/camping-international-piscine-acc-pich-1.jpg.webp\" media=\"(max-width: 210px)\">\r\n                            <source srcset=\"https:\/\/acampa-vacances.com\/wp-content\/uploads\/2024\/11\/camping-international-piscine-acc-pich-1.jpg.webp\" media=\"(max-width: 420px)\">\r\n                            <source srcset=\"https:\/\/acampa-vacances.com\/wp-content\/uploads\/2024\/11\/camping-international-piscine-acc-pich-1.jpg.webp\" media=\"(max-width: 850px)\">\r\n                            <source srcset=\"https:\/\/acampa-vacances.com\/wp-content\/uploads\/2024\/11\/camping-international-piscine-acc-pich-1.jpg.webp\" media=\"(max-width: 1024px)\">\r\n                            <source srcset=\"https:\/\/acampa-vacances.com\/wp-content\/uploads\/2024\/11\/camping-international-piscine-acc-pich-1.jpg.webp\" media=\"(min-width: 1025px)\">\r\n\r\n                            <img loading=\"lazy\" decoding=\"async\" src=\"https:\/\/acampa-vacances.com\/wp-content\/uploads\/2024\/11\/camping-international-piscine-acc-pich-1.jpg.webp\" width=\"420\" height=\"210\" alt=\"\" title=\"\">\r\n                        <\/picture>\r\n                    <\/figure>\r\n                <\/div>\r\n                <div class=\"group texte\">\r\n                    \r\n                    <p class=\"h3\">Wanderungen Var<\/p>\r\n                    <p class=\"post__item__description\">\r\n                                                Wanderungen Var Campingplatz Porquerolles am Meer Planen Sie einen Urlaub mit Freunden in der N\u00e4he von Porquerolles am Mittelmeer, an einem der [&#8230;]                    <\/p>\r\n\r\n                    <div class=\"buttons\">\r\n                        <a href=\"https:\/\/acampa-vacances.com\/de\/blog\/walks-var-2\/\" class=\"buttons__btn\">Entdecken Sie<\/a>\r\n                    <\/div>\r\n                <\/div>\r\n            <\/div>\r\n\r\n        \r\n            <div class=\"columns__item post__item f-carousel__slide\" >\r\n                <div class=\"gallery\">\r\n                    <figure class=\"gallery__item\">\r\n                        <picture>\r\n                            <source srcset=\"https:\/\/acampa-vacances.com\/wp-content\/uploads\/2024\/11\/image3-300x199-1-2.jpg.webp\" media=\"(max-width: 210px)\">\r\n                            <source srcset=\"https:\/\/acampa-vacances.com\/wp-content\/uploads\/2024\/11\/image3-300x199-1-2.jpg.webp\" media=\"(max-width: 420px)\">\r\n                            <source srcset=\"https:\/\/acampa-vacances.com\/wp-content\/uploads\/2024\/11\/image3-300x199-1-2.jpg.webp\" media=\"(max-width: 850px)\">\r\n                            <source srcset=\"https:\/\/acampa-vacances.com\/wp-content\/uploads\/2024\/11\/image3-300x199-1-2.jpg.webp\" media=\"(max-width: 1024px)\">\r\n                            <source srcset=\"https:\/\/acampa-vacances.com\/wp-content\/uploads\/2024\/11\/image3-300x199-1-2.jpg.webp\" media=\"(min-width: 1025px)\">\r\n\r\n                            <img loading=\"lazy\" decoding=\"async\" src=\"https:\/\/acampa-vacances.com\/wp-content\/uploads\/2024\/11\/image3-300x199-1-2.jpg.webp\" width=\"420\" height=\"210\" alt=\"\" title=\"\">\r\n                        <\/picture>\r\n                    <\/figure>\r\n                <\/div>\r\n                <div class=\"group texte\">\r\n                    \r\n                    <p class=\"h3\">Besuchen Sie die au\u00dfergew\u00f6hnlichen Geb\u00e4ude von Hy\u00e8res<\/p>\r\n                    <p class=\"post__item__description\">\r\n                                                Besuchen Sie au\u00dfergew\u00f6hnliche Geb\u00e4ude &#8211; Hy\u00e8res (Var 83) Presqu&#8217;\u00eele de Giens Entdecken Sie die sch\u00f6nen Geb\u00e4ude in Hy\u00e8res (VAR 83) Zwischen [&#8230;]                    <\/p>\r\n\r\n                    <div class=\"buttons\">\r\n                        <a href=\"https:\/\/acampa-vacances.com\/de\/blog\/besuchen-sie-ausergewohnliche-gebaude-hyeres-var-83-presquile-de-giens\/\" class=\"buttons__btn\">Entdecken Sie<\/a>\r\n                    <\/div>\r\n                <\/div>\r\n            <\/div>\r\n\r\n        \r\n            <div class=\"columns__item post__item f-carousel__slide\" >\r\n                <div class=\"gallery\">\r\n                    <figure class=\"gallery__item\">\r\n                        <picture>\r\n                            <source srcset=\"https:\/\/acampa-vacances.com\/wp-content\/uploads\/2024\/11\/port-cros-navettes-1-768x355-1-2.jpeg.webp\" media=\"(max-width: 210px)\">\r\n                            <source srcset=\"https:\/\/acampa-vacances.com\/wp-content\/uploads\/2024\/11\/port-cros-navettes-1-768x355-1-2.jpeg.webp\" media=\"(max-width: 420px)\">\r\n                            <source srcset=\"https:\/\/acampa-vacances.com\/wp-content\/uploads\/2024\/11\/port-cros-navettes-1-768x355-1-2.jpeg.webp\" media=\"(max-width: 850px)\">\r\n                            <source srcset=\"https:\/\/acampa-vacances.com\/wp-content\/uploads\/2024\/11\/port-cros-navettes-1-768x355-1-2.jpeg.webp\" media=\"(max-width: 1024px)\">\r\n                            <source srcset=\"https:\/\/acampa-vacances.com\/wp-content\/uploads\/2024\/11\/port-cros-navettes-1-768x355-1-2.jpeg.webp\" media=\"(min-width: 1025px)\">\r\n\r\n                            <img loading=\"lazy\" decoding=\"async\" src=\"https:\/\/acampa-vacances.com\/wp-content\/uploads\/2024\/11\/port-cros-navettes-1-768x355-1-2.jpeg.webp\" width=\"420\" height=\"210\" alt=\"\" title=\"\">\r\n                        <\/picture>\r\n                    <\/figure>\r\n                <\/div>\r\n                <div class=\"group texte\">\r\n                    \r\n                    <p class=\"h3\">Port Cros und sein nat\u00fcrlicher Reichtum<\/p>\r\n                    <p class=\"post__item__description\">\r\n                                                Die Insel Port-Cros und ihr nat\u00fcrlicher Reichtum Die Stadt Hy\u00e8res bietet eine Vielfalt an Orten und Landschaften, die immer pr\u00e4chtiger werden. Die [&#8230;]                    <\/p>\r\n\r\n                    <div class=\"buttons\">\r\n                        <a href=\"https:\/\/acampa-vacances.com\/de\/blog\/insel-port-cros-und-sein-naturlicher-reichtum\/\" class=\"buttons__btn\">Entdecken Sie<\/a>\r\n                    <\/div>\r\n                <\/div>\r\n            <\/div>\r\n\r\n        \r\n            <div class=\"columns__item post__item f-carousel__slide\" >\r\n                <div class=\"gallery\">\r\n                    <figure class=\"gallery__item\">\r\n                        <picture>\r\n                            <source srcset=\"https:\/\/acampa-vacances.com\/wp-content\/uploads\/2024\/12\/toulon-rue-arts-420x420.jpg.webp\" media=\"(max-width: 210px)\">\r\n                            <source srcset=\"https:\/\/acampa-vacances.com\/wp-content\/uploads\/2024\/12\/toulon-rue-arts.jpg.webp\" media=\"(max-width: 420px)\">\r\n                            <source srcset=\"https:\/\/acampa-vacances.com\/wp-content\/uploads\/2024\/12\/toulon-rue-arts.jpg.webp\" media=\"(max-width: 850px)\">\r\n                            <source srcset=\"https:\/\/acampa-vacances.com\/wp-content\/uploads\/2024\/12\/toulon-rue-arts.jpg.webp\" media=\"(max-width: 1024px)\">\r\n                            <source srcset=\"https:\/\/acampa-vacances.com\/wp-content\/uploads\/2024\/12\/toulon-rue-arts.jpg.webp\" media=\"(min-width: 1025px)\">\r\n\r\n                            <img loading=\"lazy\" decoding=\"async\" src=\"https:\/\/acampa-vacances.com\/wp-content\/uploads\/2024\/12\/toulon-rue-arts-420x420.jpg.webp\" width=\"420\" height=\"210\" alt=\"\" title=\"\">\r\n                        <\/picture>\r\n                    <\/figure>\r\n                <\/div>\r\n                <div class=\"group texte\">\r\n                    \r\n                    <p class=\"h3\">Kulturelle St\u00e4tten und Denkm\u00e4ler in Var<\/p>\r\n                    <p class=\"post__item__description\">\r\n                                                Kulturst\u00e4tten und Denkm\u00e4ler, die es im Departement Var zu entdecken gilt! (Episode 1) Die Gemeinden des Departements Varese sind nicht nur f\u00fcr ihre [&#8230;]                    <\/p>\r\n\r\n                    <div class=\"buttons\">\r\n                        <a href=\"https:\/\/acampa-vacances.com\/de\/blog\/kulturstatten-und-denkmaler-die-es-im-var-zu-entdecken-gilt\/\" class=\"buttons__btn\">Entdecken Sie<\/a>\r\n                    <\/div>\r\n                <\/div>\r\n            <\/div>\r\n\r\n        \r\n            <div class=\"columns__item post__item f-carousel__slide\" >\r\n                <div class=\"gallery\">\r\n                    <figure class=\"gallery__item\">\r\n                        <picture>\r\n                            <source srcset=\"https:\/\/acampa-vacances.com\/wp-content\/uploads\/2024\/11\/paysage-768x432-1-2.jpg.webp\" media=\"(max-width: 210px)\">\r\n                            <source srcset=\"https:\/\/acampa-vacances.com\/wp-content\/uploads\/2024\/11\/paysage-768x432-1-2.jpg.webp\" media=\"(max-width: 420px)\">\r\n                            <source srcset=\"https:\/\/acampa-vacances.com\/wp-content\/uploads\/2024\/11\/paysage-768x432-1-2.jpg.webp\" media=\"(max-width: 850px)\">\r\n                            <source srcset=\"https:\/\/acampa-vacances.com\/wp-content\/uploads\/2024\/11\/paysage-768x432-1-2.jpg.webp\" media=\"(max-width: 1024px)\">\r\n                            <source srcset=\"https:\/\/acampa-vacances.com\/wp-content\/uploads\/2024\/11\/paysage-768x432-1-2.jpg.webp\" media=\"(min-width: 1025px)\">\r\n\r\n                            <img loading=\"lazy\" decoding=\"async\" src=\"https:\/\/acampa-vacances.com\/wp-content\/uploads\/2024\/11\/paysage-768x432-1-2.jpg.webp\" width=\"420\" height=\"210\" alt=\"\" title=\"\">\r\n                        <\/picture>\r\n                    <\/figure>\r\n                <\/div>\r\n                <div class=\"group texte\">\r\n                    \r\n                    <p class=\"h3\">Ungew\u00f6hnliche D\u00f6rfer in Var<\/p>\r\n                    <p class=\"post__item__description\">\r\n                                                Die ungew\u00f6hnlichen D\u00f6rfer des Departements Var: Gehen Sie auf Entdeckungsreise! Suchen Sie nach Ideen f\u00fcr Spazierg\u00e4nge im Departement Var, etwas [&#8230;]                    <\/p>\r\n\r\n                    <div class=\"buttons\">\r\n                        <a href=\"https:\/\/acampa-vacances.com\/de\/blog\/die-ungewohnlichen-dorfer-von-var-machen-sich-auf-den-weg-sie-zu-entdecken\/\" class=\"buttons__btn\">Entdecken Sie<\/a>\r\n                    <\/div>\r\n                <\/div>\r\n            <\/div>\r\n\r\n        \r\n            <div class=\"columns__item post__item f-carousel__slide\" >\r\n                <div class=\"gallery\">\r\n                    <figure class=\"gallery__item\">\r\n                        <picture>\r\n                            <source srcset=\"https:\/\/acampa-vacances.com\/wp-content\/uploads\/2024\/12\/tour_royale_toulon_m-420x294.jpg.webp\" media=\"(max-width: 210px)\">\r\n                            <source srcset=\"https:\/\/acampa-vacances.com\/wp-content\/uploads\/2024\/12\/tour_royale_toulon_m.jpg.webp\" media=\"(max-width: 420px)\">\r\n                            <source srcset=\"https:\/\/acampa-vacances.com\/wp-content\/uploads\/2024\/12\/tour_royale_toulon_m.jpg.webp\" media=\"(max-width: 850px)\">\r\n                            <source srcset=\"https:\/\/acampa-vacances.com\/wp-content\/uploads\/2024\/12\/tour_royale_toulon_m.jpg.webp\" media=\"(max-width: 1024px)\">\r\n                            <source srcset=\"https:\/\/acampa-vacances.com\/wp-content\/uploads\/2024\/12\/tour_royale_toulon_m.jpg.webp\" media=\"(min-width: 1025px)\">\r\n\r\n                            <img loading=\"lazy\" decoding=\"async\" src=\"https:\/\/acampa-vacances.com\/wp-content\/uploads\/2024\/12\/tour_royale_toulon_m-420x294.jpg.webp\" width=\"420\" height=\"210\" alt=\"\" title=\"\">\r\n                        <\/picture>\r\n                    <\/figure>\r\n                <\/div>\r\n                <div class=\"group texte\">\r\n                    \r\n                    <p class=\"h3\">K\u00f6niglicher Turm von Toulon<\/p>\r\n                    <p class=\"post__item__description\">\r\n                                                Der K\u00f6nigliche Turm von Toulon Historisches Denkmal Der 1514 erbaute und 1524 unter der Herrschaft von Franziskus I. fertig gestellte Tour Royale, [&#8230;]                    <\/p>\r\n\r\n                    <div class=\"buttons\">\r\n                        <a href=\"https:\/\/acampa-vacances.com\/de\/blog\/der-konigliche-turm-von-toulon\/\" class=\"buttons__btn\">Entdecken Sie<\/a>\r\n                    <\/div>\r\n                <\/div>\r\n            <\/div>\r\n\r\n        \r\n            <div class=\"columns__item post__item f-carousel__slide\" >\r\n                <div class=\"gallery\">\r\n                    <figure class=\"gallery__item\">\r\n                        <picture>\r\n                            <source srcset=\"https:\/\/acampa-vacances.com\/wp-content\/uploads\/2024\/12\/photo-1-1-420x332.jpg.webp\" media=\"(max-width: 210px)\">\r\n                            <source srcset=\"https:\/\/acampa-vacances.com\/wp-content\/uploads\/2024\/12\/photo-1-1.jpg.webp\" media=\"(max-width: 420px)\">\r\n                            <source srcset=\"https:\/\/acampa-vacances.com\/wp-content\/uploads\/2024\/12\/photo-1-1.jpg.webp\" media=\"(max-width: 850px)\">\r\n                            <source srcset=\"https:\/\/acampa-vacances.com\/wp-content\/uploads\/2024\/12\/photo-1-1.jpg.webp\" media=\"(max-width: 1024px)\">\r\n                            <source srcset=\"https:\/\/acampa-vacances.com\/wp-content\/uploads\/2024\/12\/photo-1-1.jpg.webp\" media=\"(min-width: 1025px)\">\r\n\r\n                            <img loading=\"lazy\" decoding=\"async\" src=\"https:\/\/acampa-vacances.com\/wp-content\/uploads\/2024\/12\/photo-1-1-420x332.jpg.webp\" width=\"420\" height=\"210\" alt=\"\" title=\"\">\r\n                        <\/picture>\r\n                    <\/figure>\r\n                <\/div>\r\n                <div class=\"group texte\">\r\n                    \r\n                    <p class=\"h3\">Die Juwelen des Var<\/p>\r\n                    <p class=\"post__item__description\">\r\n                                                Die Juwelen des Var: Porquerolles, Port Cros und Le Levant (Var 83) Der Archipel der Iles d&#8217;Hy\u00e8res bildet den s\u00fcdlichsten Punkt der Provence. Er [&#8230;]                    <\/p>\r\n\r\n                    <div class=\"buttons\">\r\n                        <a href=\"https:\/\/acampa-vacances.com\/de\/blog\/die-juwelen-von-var-porquerolles-port-cros-et-levant\/\" class=\"buttons__btn\">Entdecken Sie<\/a>\r\n                    <\/div>\r\n                <\/div>\r\n            <\/div>\r\n\r\n        \r\n    <\/div>\r\n\r\n    <div class=\"columns\"><div class=\"columns__item petite parallax-up\"><h2>Natur und Entdeckung: <span class=\"fc-span\">Erkunden Sie symboltr\u00e4chtige Orte<\/span><\/h2><p>In Hy\u00e8res entfaltet sich die Natur in ihrer ganzen Pracht und bietet ein Mosaik aus einzigartigen Landschaften. Zwischen dem t\u00fcrkisfarbenen Wasser des Mittelmeers und den gr\u00fcnen Erhebungen des Massif des Maures l\u00e4dt die Region zu einer Auszeit ein. <\/p><div class=\"lireplus fc-desk\"><p>Lesen Sie mehr<\/p><div class=\"group\"><p>Die Goldenen Inseln sind wahre Perlen vor der K\u00fcste mit wilden Str\u00e4nden und unber\u00fchrten Pfaden, auf denen Flora und Fauna in aller Ruhe gedeihen k\u00f6nnen.<\/p><p>Port-Cros ist ein gesch\u00fctzter Nationalpark, der mit seiner einzigartigen Unterwasserwelt Taucher und Schnorchler begeistert.<\/p><\/div><\/div><div class=\"gallery\"><figure class=\"gallery__item ombre gauche\"><picture><source srcset=\"https:\/\/acampa-vacances.com\/wp-content\/uploads\/2024\/12\/AdobeStock_751316510-420x420.jpeg.webp\" media=\"(max-width: 210px)\"><source srcset=\"https:\/\/acampa-vacances.com\/wp-content\/uploads\/2024\/12\/AdobeStock_751316510-850x566.jpeg.webp\" media=\"(max-width: 420px)\"><source srcset=\"https:\/\/acampa-vacances.com\/wp-content\/uploads\/2024\/12\/AdobeStock_751316510-768x512.jpeg.webp\" media=\"(max-width: 850px)\"><source srcset=\"https:\/\/acampa-vacances.com\/wp-content\/uploads\/2024\/12\/AdobeStock_751316510-1024x682.jpeg.webp\" media=\"(max-width: 1024px)\"><source srcset=\"https:\/\/acampa-vacances.com\/wp-content\/uploads\/2024\/12\/AdobeStock_751316510.jpeg.webp\" media=\"(min-width: 1025px)\"><img decoding=\"async\" src=\"https:\/\/acampa-vacances.com\/wp-content\/uploads\/2024\/12\/AdobeStock_751316510-420x420.jpeg.webp\" width=\"420\" height=\"210\" alt=\"World famous beautiful Notre Dame beach (Plage Notre-Dame) on Porquerolles island (l&#039;\u00eele de Porquerolles), France\" loading=\"lazy\" title=\"\"><\/picture><\/figure><\/div><\/div><div class=\"columns__item parallax-down\"><div class=\"gallery hide-mob\"><figure class=\"gallery__item ombre\"><picture><source srcset=\"https:\/\/acampa-vacances.com\/wp-content\/uploads\/2024\/12\/AdobeStock_184788009-1-420x420.jpeg\" media=\"(max-width: 210px)\"><source srcset=\"https:\/\/acampa-vacances.com\/wp-content\/uploads\/2024\/12\/AdobeStock_184788009-1-850x566.jpeg\" media=\"(max-width: 420px)\"><source srcset=\"https:\/\/acampa-vacances.com\/wp-content\/uploads\/2024\/12\/AdobeStock_184788009-1-768x512.jpeg\" media=\"(max-width: 850px)\"><source srcset=\"https:\/\/acampa-vacances.com\/wp-content\/uploads\/2024\/12\/AdobeStock_184788009-1-1024x682.jpeg\" media=\"(max-width: 1024px)\"><source srcset=\"https:\/\/acampa-vacances.com\/wp-content\/uploads\/2024\/12\/AdobeStock_184788009-1.jpeg\" media=\"(min-width: 1025px)\"><img decoding=\"async\" src=\"https:\/\/acampa-vacances.com\/wp-content\/uploads\/2024\/12\/AdobeStock_184788009-1-420x420.jpeg\" width=\"420\" height=\"210\" loading=\"lazy\" alt=\"\" title=\"\"><\/picture><\/figure><\/div><p>Auf dem Festland finden Wanderfreunde ihr Gl\u00fcck auf den vielen Wanderwegen, die sich durch die bewaldeten H\u00fcgel des Massif des Maures schl\u00e4ngeln und atemberaubende Ausblicke auf die K\u00fcste bieten.<\/p><div class=\"lireplus fc-desk\"><p>Lesen Sie mehr<\/p><div class=\"group\"><p>Hy\u00e8res zeichnet sich auch durch seine \u00fcppigen G\u00e4rten aus, wie der Parc Olbius Riquier, eine wahre Oase der Ruhe im Herzen der Stadt.<\/p><p>Ob zu Fu\u00df, mit dem Fahrrad oder sogar mit dem Kajak, jeder Winkel der Natur in Hy\u00e8res verspricht Erstaunen und unvergessliche Entdeckungen.<\/p><\/div><\/div><\/div><\/div><p class=\"h3 inline\">Beobachten Sie die <span class=\"fc-span\">Natur- und Entdeckungsecke<\/span><\/p>    <div class=\"columns align-full nbr-col-1 f-carousel fc-diapo slided__post\">\r\n\r\n        \r\n            <div class=\"columns__item post__item f-carousel__slide\" >\r\n                <div class=\"gallery\">\r\n                    <figure class=\"gallery__item\">\r\n                        <picture>\r\n                            <source srcset=\"https:\/\/acampa-vacances.com\/wp-content\/uploads\/2024\/11\/8688098-diaporama-scaled-703x420-1-1.jpg.webp\" media=\"(max-width: 210px)\">\r\n                            <source srcset=\"https:\/\/acampa-vacances.com\/wp-content\/uploads\/2024\/11\/8688098-diaporama-scaled-703x420-1-1.jpg.webp\" media=\"(max-width: 420px)\">\r\n                            <source srcset=\"https:\/\/acampa-vacances.com\/wp-content\/uploads\/2024\/11\/8688098-diaporama-scaled-703x420-1-1.jpg.webp\" media=\"(max-width: 850px)\">\r\n                            <source srcset=\"https:\/\/acampa-vacances.com\/wp-content\/uploads\/2024\/11\/8688098-diaporama-scaled-703x420-1-1.jpg.webp\" media=\"(max-width: 1024px)\">\r\n                            <source srcset=\"https:\/\/acampa-vacances.com\/wp-content\/uploads\/2024\/11\/8688098-diaporama-scaled-703x420-1-1.jpg.webp\" media=\"(min-width: 1025px)\">\r\n\r\n                            <img loading=\"lazy\" decoding=\"async\" src=\"https:\/\/acampa-vacances.com\/wp-content\/uploads\/2024\/11\/8688098-diaporama-scaled-703x420-1-1.jpg.webp\" width=\"420\" height=\"210\" alt=\"\" title=\"\">\r\n                        <\/picture>\r\n                    <\/figure>\r\n                <\/div>\r\n                <div class=\"group texte\">\r\n                    \r\n                    <p class=\"h3\">Entdeckung der Natur von Hyeros<\/p>\r\n                    <p class=\"post__item__description\">\r\n                                                Entdecken Sie die Natur von Hyeros von Ihrem Campingplatz aus (Var, 83) Naturausflug in Hy\u00e8res zu drei au\u00dfergew\u00f6hnlichen Orten Entdecken Sie die [&#8230;]                    <\/p>\r\n\r\n                    <div class=\"buttons\">\r\n                        <a href=\"https:\/\/acampa-vacances.com\/de\/blog\/entdecken-der-hyeroise-natur-von-ihrem-campingplatz-var-83-aus\/\" class=\"buttons__btn\">Entdecken Sie<\/a>\r\n                    <\/div>\r\n                <\/div>\r\n            <\/div>\r\n\r\n        \r\n            <div class=\"columns__item post__item f-carousel__slide\" >\r\n                <div class=\"gallery\">\r\n                    <figure class=\"gallery__item\">\r\n                        <picture>\r\n                            <source srcset=\"https:\/\/acampa-vacances.com\/wp-content\/uploads\/2024\/11\/ci-article-biodiversite-300x193-2.jpg.webp\" media=\"(max-width: 210px)\">\r\n                            <source srcset=\"https:\/\/acampa-vacances.com\/wp-content\/uploads\/2024\/11\/ci-article-biodiversite-300x193-2.jpg.webp\" media=\"(max-width: 420px)\">\r\n                            <source srcset=\"https:\/\/acampa-vacances.com\/wp-content\/uploads\/2024\/11\/ci-article-biodiversite-300x193-2.jpg.webp\" media=\"(max-width: 850px)\">\r\n                            <source srcset=\"https:\/\/acampa-vacances.com\/wp-content\/uploads\/2024\/11\/ci-article-biodiversite-300x193-2.jpg.webp\" media=\"(max-width: 1024px)\">\r\n                            <source srcset=\"https:\/\/acampa-vacances.com\/wp-content\/uploads\/2024\/11\/ci-article-biodiversite-300x193-2.jpg.webp\" media=\"(min-width: 1025px)\">\r\n\r\n                            <img loading=\"lazy\" decoding=\"async\" src=\"https:\/\/acampa-vacances.com\/wp-content\/uploads\/2024\/11\/ci-article-biodiversite-300x193-2.jpg.webp\" width=\"420\" height=\"210\" alt=\"\" title=\"\">\r\n                        <\/picture>\r\n                    <\/figure>\r\n                <\/div>\r\n                <div class=\"group texte\">\r\n                    \r\n                    <p class=\"h3\">Unterwasser-Biodiversit\u00e4t im Nationalpark Port Cros<\/p>\r\n                    <p class=\"post__item__description\">\r\n                                                Entdecken Sie die au\u00dfergew\u00f6hnliche Unterwasser-Biodiversit\u00e4t des Nationalparks von Port-Cros! Der gr\u00f6\u00dfte Meerespark Europas ist der Nationalpark [&#8230;]                    <\/p>\r\n\r\n                    <div class=\"buttons\">\r\n                        <a href=\"https:\/\/acampa-vacances.com\/de\/blog\/entdecken-sie-die-ausergewohnliche-unterwasser-biodiversitat-des-port-cros-nationalparks\/\" class=\"buttons__btn\">Entdecken Sie<\/a>\r\n                    <\/div>\r\n                <\/div>\r\n            <\/div>\r\n\r\n        \r\n            <div class=\"columns__item post__item f-carousel__slide\" >\r\n                <div class=\"gallery\">\r\n                    <figure class=\"gallery__item\">\r\n                        <picture>\r\n                            <source srcset=\"https:\/\/acampa-vacances.com\/wp-content\/uploads\/2024\/11\/correns_b_m-1-1.jpg.webp\" media=\"(max-width: 210px)\">\r\n                            <source srcset=\"https:\/\/acampa-vacances.com\/wp-content\/uploads\/2024\/11\/correns_b_m-1-1.jpg.webp\" media=\"(max-width: 420px)\">\r\n                            <source srcset=\"https:\/\/acampa-vacances.com\/wp-content\/uploads\/2024\/11\/correns_b_m-1-1.jpg.webp\" media=\"(max-width: 850px)\">\r\n                            <source srcset=\"https:\/\/acampa-vacances.com\/wp-content\/uploads\/2024\/11\/correns_b_m-1-1.jpg.webp\" media=\"(max-width: 1024px)\">\r\n                            <source srcset=\"https:\/\/acampa-vacances.com\/wp-content\/uploads\/2024\/11\/correns_b_m-1-1.jpg.webp\" media=\"(min-width: 1025px)\">\r\n\r\n                            <img loading=\"lazy\" decoding=\"async\" src=\"https:\/\/acampa-vacances.com\/wp-content\/uploads\/2024\/11\/correns_b_m-1-1.jpg.webp\" width=\"420\" height=\"210\" alt=\"\" title=\"\">\r\n                        <\/picture>\r\n                    <\/figure>\r\n                <\/div>\r\n                <div class=\"group texte\">\r\n                    \r\n                    <p class=\"h3\">Correns und das Sourn-Tal<\/p>\r\n                    <p class=\"post__item__description\">\r\n                                                Correns und das Sourn-Tal Correns, das erste Bio-Dorf in Frankreich Das Dorf Correns in der Region Var ist nur eine Autostunde vom Campingplatz Clair [&#8230;]                    <\/p>\r\n\r\n                    <div class=\"buttons\">\r\n                        <a href=\"https:\/\/acampa-vacances.com\/de\/blog\/correns-et-le-vallon-sourn\/\" class=\"buttons__btn\">Entdecken Sie<\/a>\r\n                    <\/div>\r\n                <\/div>\r\n            <\/div>\r\n\r\n        \r\n            <div class=\"columns__item post__item f-carousel__slide\" >\r\n                <div class=\"gallery\">\r\n                    <figure class=\"gallery__item\">\r\n                        <picture>\r\n                            <source srcset=\"https:\/\/acampa-vacances.com\/wp-content\/uploads\/2024\/11\/AdobeStock_210674604-1.jpeg.webp\" media=\"(max-width: 210px)\">\r\n                            <source srcset=\"https:\/\/acampa-vacances.com\/wp-content\/uploads\/2024\/11\/AdobeStock_210674604-1.jpeg.webp\" media=\"(max-width: 420px)\">\r\n                            <source srcset=\"https:\/\/acampa-vacances.com\/wp-content\/uploads\/2024\/11\/AdobeStock_210674604-1.jpeg.webp\" media=\"(max-width: 850px)\">\r\n                            <source srcset=\"https:\/\/acampa-vacances.com\/wp-content\/uploads\/2024\/11\/AdobeStock_210674604-1.jpeg.webp\" media=\"(max-width: 1024px)\">\r\n                            <source srcset=\"https:\/\/acampa-vacances.com\/wp-content\/uploads\/2024\/11\/AdobeStock_210674604-1.jpeg.webp\" media=\"(min-width: 1025px)\">\r\n\r\n                            <img loading=\"lazy\" decoding=\"async\" src=\"https:\/\/acampa-vacances.com\/wp-content\/uploads\/2024\/11\/AdobeStock_210674604-1.jpeg.webp\" width=\"420\" height=\"210\" alt=\"\" title=\"\">\r\n                        <\/picture>\r\n                    <\/figure>\r\n                <\/div>\r\n                <div class=\"group texte\">\r\n                    \r\n                    <p class=\"h3\">Spazierg\u00e4nge im Var<\/p>\r\n                    <p class=\"post__item__description\">\r\n                                                Entdecken Sie die sch\u00f6nsten Wanderungen im Var! Das ganze Jahr \u00fcber verbringen viele Menschen ihren Urlaub in der Region Var. Im Sommer wie im [&#8230;]                    <\/p>\r\n\r\n                    <div class=\"buttons\">\r\n                        <a href=\"https:\/\/acampa-vacances.com\/de\/blog\/var-geht\/\" class=\"buttons__btn\">Entdecken Sie<\/a>\r\n                    <\/div>\r\n                <\/div>\r\n            <\/div>\r\n\r\n        \r\n            <div class=\"columns__item post__item f-carousel__slide\" >\r\n                <div class=\"gallery\">\r\n                    <figure class=\"gallery__item\">\r\n                        <picture>\r\n                            <source srcset=\"https:\/\/acampa-vacances.com\/wp-content\/uploads\/2024\/11\/image1-5.jpg.webp\" media=\"(max-width: 210px)\">\r\n                            <source srcset=\"https:\/\/acampa-vacances.com\/wp-content\/uploads\/2024\/11\/image1-5.jpg.webp\" media=\"(max-width: 420px)\">\r\n                            <source srcset=\"https:\/\/acampa-vacances.com\/wp-content\/uploads\/2024\/11\/image1-5.jpg.webp\" media=\"(max-width: 850px)\">\r\n                            <source srcset=\"https:\/\/acampa-vacances.com\/wp-content\/uploads\/2024\/11\/image1-5.jpg.webp\" media=\"(max-width: 1024px)\">\r\n                            <source srcset=\"https:\/\/acampa-vacances.com\/wp-content\/uploads\/2024\/11\/image1-5.jpg.webp\" media=\"(min-width: 1025px)\">\r\n\r\n                            <img loading=\"lazy\" decoding=\"async\" src=\"https:\/\/acampa-vacances.com\/wp-content\/uploads\/2024\/11\/image1-5.jpg.webp\" width=\"420\" height=\"210\" alt=\"\" title=\"\">\r\n                        <\/picture>\r\n                    <\/figure>\r\n                <\/div>\r\n                <div class=\"group texte\">\r\n                    \r\n                    <p class=\"h3\">Die Natur von Hyeres<\/p>\r\n                    <p class=\"post__item__description\">\r\n                                                Die Natur von Hyeros von Ihrem Campingplatz aus! Entdecken Sie die Natur von Hyeres w\u00e4hrend Ihres Aufenthalts auf dem Camping International de [&#8230;]                    <\/p>\r\n\r\n                    <div class=\"buttons\">\r\n                        <a href=\"https:\/\/acampa-vacances.com\/de\/blog\/natur-hyeroise-von-ihrem-campingplatz\/\" class=\"buttons__btn\">Entdecken Sie<\/a>\r\n                    <\/div>\r\n                <\/div>\r\n            <\/div>\r\n\r\n        \r\n            <div class=\"columns__item post__item f-carousel__slide\" >\r\n                <div class=\"gallery\">\r\n                    <figure class=\"gallery__item\">\r\n                        <picture>\r\n                            <source srcset=\"https:\/\/acampa-vacances.com\/wp-content\/uploads\/2024\/11\/image1-4.jpg.webp\" media=\"(max-width: 210px)\">\r\n                            <source srcset=\"https:\/\/acampa-vacances.com\/wp-content\/uploads\/2024\/11\/image1-4.jpg.webp\" media=\"(max-width: 420px)\">\r\n                            <source srcset=\"https:\/\/acampa-vacances.com\/wp-content\/uploads\/2024\/11\/image1-4.jpg.webp\" media=\"(max-width: 850px)\">\r\n                            <source srcset=\"https:\/\/acampa-vacances.com\/wp-content\/uploads\/2024\/11\/image1-4.jpg.webp\" media=\"(max-width: 1024px)\">\r\n                            <source srcset=\"https:\/\/acampa-vacances.com\/wp-content\/uploads\/2024\/11\/image1-4.jpg.webp\" media=\"(min-width: 1025px)\">\r\n\r\n                            <img loading=\"lazy\" decoding=\"async\" src=\"https:\/\/acampa-vacances.com\/wp-content\/uploads\/2024\/11\/image1-4.jpg.webp\" width=\"420\" height=\"210\" alt=\"\" title=\"\">\r\n                        <\/picture>\r\n                    <\/figure>\r\n                <\/div>\r\n                <div class=\"group texte\">\r\n                    \r\n                    <p class=\"h3\">Entdecken Sie die Mimosenstra\u00dfe<\/p>\r\n                    <p class=\"post__item__description\">\r\n                                                Entdecken Sie die Mimosenstra\u00dfe Von Januar bis M\u00e4rz erscheinen gelbe Pompons. Sie beleuchten unsere Stra\u00dfen, H\u00fcgel und Blumenbeete. Wie Sie sicher [&#8230;]                    <\/p>\r\n\r\n                    <div class=\"buttons\">\r\n                        <a href=\"https:\/\/acampa-vacances.com\/de\/blog\/entdecken-sie-die-mimosenroute\/\" class=\"buttons__btn\">Entdecken Sie<\/a>\r\n                    <\/div>\r\n                <\/div>\r\n            <\/div>\r\n\r\n        \r\n            <div class=\"columns__item post__item f-carousel__slide\" >\r\n                <div class=\"gallery\">\r\n                    <figure class=\"gallery__item\">\r\n                        <picture>\r\n                            <source srcset=\"https:\/\/acampa-vacances.com\/wp-content\/uploads\/2024\/12\/champ_de_lavande-1.jpg.webp\" media=\"(max-width: 210px)\">\r\n                            <source srcset=\"https:\/\/acampa-vacances.com\/wp-content\/uploads\/2024\/12\/champ_de_lavande-1.jpg.webp\" media=\"(max-width: 420px)\">\r\n                            <source srcset=\"https:\/\/acampa-vacances.com\/wp-content\/uploads\/2024\/12\/champ_de_lavande-1.jpg.webp\" media=\"(max-width: 850px)\">\r\n                            <source srcset=\"https:\/\/acampa-vacances.com\/wp-content\/uploads\/2024\/12\/champ_de_lavande-1.jpg.webp\" media=\"(max-width: 1024px)\">\r\n                            <source srcset=\"https:\/\/acampa-vacances.com\/wp-content\/uploads\/2024\/12\/champ_de_lavande-1.jpg.webp\" media=\"(min-width: 1025px)\">\r\n\r\n                            <img loading=\"lazy\" decoding=\"async\" src=\"https:\/\/acampa-vacances.com\/wp-content\/uploads\/2024\/12\/champ_de_lavande-1.jpg.webp\" width=\"420\" height=\"210\" alt=\"\" title=\"\">\r\n                        <\/picture>\r\n                    <\/figure>\r\n                <\/div>\r\n                <div class=\"group texte\">\r\n                    \r\n                    <p class=\"h3\">Lavendel aus der Provence<\/p>\r\n                    <p class=\"post__item__description\">\r\n                                                Lavendel aus der Provence Bildnachweis: Hy\u00e8res-tourisme Wenn Sie auf Ihrem Weg ein weites Feld mit lilafarbenen Feldern sehen, befinden Sie sich im [&#8230;]                    <\/p>\r\n\r\n                    <div class=\"buttons\">\r\n                        <a href=\"https:\/\/acampa-vacances.com\/de\/blog\/lavendel-der-provence\/\" class=\"buttons__btn\">Entdecken Sie<\/a>\r\n                    <\/div>\r\n                <\/div>\r\n            <\/div>\r\n\r\n        \r\n            <div class=\"columns__item post__item f-carousel__slide\" >\r\n                <div class=\"gallery\">\r\n                    <figure class=\"gallery__item\">\r\n                        <picture>\r\n                            <source srcset=\"https:\/\/acampa-vacances.com\/wp-content\/uploads\/2024\/11\/massifs-forestiers_m-420x238.jpg.webp\" media=\"(max-width: 210px)\">\r\n                            <source srcset=\"https:\/\/acampa-vacances.com\/wp-content\/uploads\/2024\/11\/massifs-forestiers_m.jpg.webp\" media=\"(max-width: 420px)\">\r\n                            <source srcset=\"https:\/\/acampa-vacances.com\/wp-content\/uploads\/2024\/11\/massifs-forestiers_m.jpg.webp\" media=\"(max-width: 850px)\">\r\n                            <source srcset=\"https:\/\/acampa-vacances.com\/wp-content\/uploads\/2024\/11\/massifs-forestiers_m.jpg.webp\" media=\"(max-width: 1024px)\">\r\n                            <source srcset=\"https:\/\/acampa-vacances.com\/wp-content\/uploads\/2024\/11\/massifs-forestiers_m.jpg.webp\" media=\"(min-width: 1025px)\">\r\n\r\n                            <img loading=\"lazy\" decoding=\"async\" src=\"https:\/\/acampa-vacances.com\/wp-content\/uploads\/2024\/11\/massifs-forestiers_m-420x238.jpg.webp\" width=\"420\" height=\"210\" alt=\"\" title=\"\">\r\n                        <\/picture>\r\n                    <\/figure>\r\n                <\/div>\r\n                <div class=\"group texte\">\r\n                    \r\n                    <p class=\"h3\">Waldgebiete von Hyeros<\/p>\r\n                    <p class=\"post__item__description\">\r\n                                                Die W\u00e4lder von Hyeres Gr\u00fcne Umgebung Rund um die Stadt Hy\u00e8res mit den Borrels, den Maurettes, dem Fenouillet, dem Mont des Oiseaux und den H\u00fcgeln [&#8230;]                    <\/p>\r\n\r\n                    <div class=\"buttons\">\r\n                        <a href=\"https:\/\/acampa-vacances.com\/de\/blog\/die-waldmassive-hyerois\/\" class=\"buttons__btn\">Entdecken Sie<\/a>\r\n                    <\/div>\r\n                <\/div>\r\n            <\/div>\r\n\r\n        \r\n            <div class=\"columns__item post__item f-carousel__slide\" >\r\n                <div class=\"gallery\">\r\n                    <figure class=\"gallery__item\">\r\n                        <picture>\r\n                            <source srcset=\"https:\/\/acampa-vacances.com\/wp-content\/uploads\/2024\/11\/image3-1-3.jpg.webp\" media=\"(max-width: 210px)\">\r\n                            <source srcset=\"https:\/\/acampa-vacances.com\/wp-content\/uploads\/2024\/11\/image3-1-3.jpg.webp\" media=\"(max-width: 420px)\">\r\n                            <source srcset=\"https:\/\/acampa-vacances.com\/wp-content\/uploads\/2024\/11\/image3-1-3.jpg.webp\" media=\"(max-width: 850px)\">\r\n                            <source srcset=\"https:\/\/acampa-vacances.com\/wp-content\/uploads\/2024\/11\/image3-1-3.jpg.webp\" media=\"(max-width: 1024px)\">\r\n                            <source srcset=\"https:\/\/acampa-vacances.com\/wp-content\/uploads\/2024\/11\/image3-1-3.jpg.webp\" media=\"(min-width: 1025px)\">\r\n\r\n                            <img loading=\"lazy\" decoding=\"async\" src=\"https:\/\/acampa-vacances.com\/wp-content\/uploads\/2024\/11\/image3-1-3.jpg.webp\" width=\"420\" height=\"210\" alt=\"\" title=\"\">\r\n                        <\/picture>\r\n                    <\/figure>\r\n                <\/div>\r\n                <div class=\"group texte\">\r\n                    \r\n                    <p class=\"h3\">Naturausflug zu den Salinen von Hy\u00e8res<\/p>\r\n                    <p class=\"post__item__description\">\r\n                                                Naturausflug zu den Salinen von Hy\u00e8res &#8211; Var 83 &#8211; Presqu&#8217;\u00eele de Giens Kennen Sie die Salins d&#8217;Hy\u00e8res? Es ist wirklich nicht weit von Ihrem [&#8230;]                    <\/p>\r\n\r\n                    <div class=\"buttons\">\r\n                        <a href=\"https:\/\/acampa-vacances.com\/de\/blog\/naturausflug-aux-salins-dhyeres-var-83-presquile-de-giens\/\" class=\"buttons__btn\">Entdecken Sie<\/a>\r\n                    <\/div>\r\n                <\/div>\r\n            <\/div>\r\n\r\n        \r\n            <div class=\"columns__item post__item f-carousel__slide\" >\r\n                <div class=\"gallery\">\r\n                    <figure class=\"gallery__item\">\r\n                        <picture>\r\n                            <source srcset=\"https:\/\/acampa-vacances.com\/wp-content\/uploads\/2024\/11\/cdl-article-biodiversite-1-2.jpg.webp\" media=\"(max-width: 210px)\">\r\n                            <source srcset=\"https:\/\/acampa-vacances.com\/wp-content\/uploads\/2024\/11\/cdl-article-biodiversite-1-2.jpg.webp\" media=\"(max-width: 420px)\">\r\n                            <source srcset=\"https:\/\/acampa-vacances.com\/wp-content\/uploads\/2024\/11\/cdl-article-biodiversite-1-2.jpg.webp\" media=\"(max-width: 850px)\">\r\n                            <source srcset=\"https:\/\/acampa-vacances.com\/wp-content\/uploads\/2024\/11\/cdl-article-biodiversite-1-2.jpg.webp\" media=\"(max-width: 1024px)\">\r\n                            <source srcset=\"https:\/\/acampa-vacances.com\/wp-content\/uploads\/2024\/11\/cdl-article-biodiversite-1-2.jpg.webp\" media=\"(min-width: 1025px)\">\r\n\r\n                            <img loading=\"lazy\" decoding=\"async\" src=\"https:\/\/acampa-vacances.com\/wp-content\/uploads\/2024\/11\/cdl-article-biodiversite-1-2.jpg.webp\" width=\"420\" height=\"210\" alt=\"\" title=\"\">\r\n                        <\/picture>\r\n                    <\/figure>\r\n                <\/div>\r\n                <div class=\"group texte\">\r\n                    \r\n                    <p class=\"h3\">Hypertourismus in Porquerolles<\/p>\r\n                    <p class=\"post__item__description\">\r\n                                                Entdecken Sie die au\u00dfergew\u00f6hnliche Unterwasser-Biodiversit\u00e4t des Nationalparks von Port-Cros! Port-Cros ist der gr\u00f6\u00dfte europ\u00e4ische Meerespark. [&#8230;]                    <\/p>\r\n\r\n                    <div class=\"buttons\">\r\n                        <a href=\"https:\/\/acampa-vacances.com\/de\/blog\/hypertourismus-in-porquerolles\/\" class=\"buttons__btn\">Entdecken Sie<\/a>\r\n                    <\/div>\r\n                <\/div>\r\n            <\/div>\r\n\r\n        \r\n            <div class=\"columns__item post__item f-carousel__slide\" >\r\n                <div class=\"gallery\">\r\n                    <figure class=\"gallery__item\">\r\n                        <picture>\r\n                            <source srcset=\"https:\/\/acampa-vacances.com\/wp-content\/uploads\/2024\/11\/cartepromenades_s-2.jpg.webp\" media=\"(max-width: 210px)\">\r\n                            <source srcset=\"https:\/\/acampa-vacances.com\/wp-content\/uploads\/2024\/11\/cartepromenades_s-2.jpg.webp\" media=\"(max-width: 420px)\">\r\n                            <source srcset=\"https:\/\/acampa-vacances.com\/wp-content\/uploads\/2024\/11\/cartepromenades_s-2.jpg.webp\" media=\"(max-width: 850px)\">\r\n                            <source srcset=\"https:\/\/acampa-vacances.com\/wp-content\/uploads\/2024\/11\/cartepromenades_s-2.jpg.webp\" media=\"(max-width: 1024px)\">\r\n                            <source srcset=\"https:\/\/acampa-vacances.com\/wp-content\/uploads\/2024\/11\/cartepromenades_s-2.jpg.webp\" media=\"(min-width: 1025px)\">\r\n\r\n                            <img loading=\"lazy\" decoding=\"async\" src=\"https:\/\/acampa-vacances.com\/wp-content\/uploads\/2024\/11\/cartepromenades_s-2.jpg.webp\" width=\"420\" height=\"210\" alt=\"\" title=\"\">\r\n                        <\/picture>\r\n                    <\/figure>\r\n                <\/div>\r\n                <div class=\"group texte\">\r\n                    \r\n                    <p class=\"h3\">Spaziergang Giens<\/p>\r\n                    <p class=\"post__item__description\">\r\n                                                Spazierg\u00e4nge auf der Halbinsel Giens (Var) Um die Atmosph\u00e4re der Inseln von Hy\u00e8res zu erleben, k\u00f6nnen Sie auf einer Wanderung alle Winkel der [&#8230;]                    <\/p>\r\n\r\n                    <div class=\"buttons\">\r\n                        <a href=\"https:\/\/acampa-vacances.com\/de\/blog\/spaziert-auf-der-presquile-von-giens-var\/\" class=\"buttons__btn\">Entdecken Sie<\/a>\r\n                    <\/div>\r\n                <\/div>\r\n            <\/div>\r\n\r\n        \r\n            <div class=\"columns__item post__item f-carousel__slide\" >\r\n                <div class=\"gallery\">\r\n                    <figure class=\"gallery__item\">\r\n                        <picture>\r\n                            <source srcset=\"https:\/\/acampa-vacances.com\/wp-content\/uploads\/2024\/12\/thumbnail_3w5a5653-2-768x512-2-420x420.jpg.webp\" media=\"(max-width: 210px)\">\r\n                            <source srcset=\"https:\/\/acampa-vacances.com\/wp-content\/uploads\/2024\/12\/thumbnail_3w5a5653-2-768x512-2.jpg.webp\" media=\"(max-width: 420px)\">\r\n                            <source srcset=\"https:\/\/acampa-vacances.com\/wp-content\/uploads\/2024\/12\/thumbnail_3w5a5653-2-768x512-2.jpg.webp\" media=\"(max-width: 850px)\">\r\n                            <source srcset=\"https:\/\/acampa-vacances.com\/wp-content\/uploads\/2024\/12\/thumbnail_3w5a5653-2-768x512-2.jpg.webp\" media=\"(max-width: 1024px)\">\r\n                            <source srcset=\"https:\/\/acampa-vacances.com\/wp-content\/uploads\/2024\/12\/thumbnail_3w5a5653-2-768x512-2.jpg.webp\" media=\"(min-width: 1025px)\">\r\n\r\n                            <img loading=\"lazy\" decoding=\"async\" src=\"https:\/\/acampa-vacances.com\/wp-content\/uploads\/2024\/12\/thumbnail_3w5a5653-2-768x512-2-420x420.jpg.webp\" width=\"420\" height=\"210\" alt=\"\" title=\"\">\r\n                        <\/picture>\r\n                    <\/figure>\r\n                <\/div>\r\n                <div class=\"group texte\">\r\n                    \r\n                    <p class=\"h3\">Die Salzstra\u00dfe<\/p>\r\n                    <p class=\"post__item__description\">\r\n                                                Die Salzstra\u00dfe, eine mythische Stra\u00dfe! Nach dem Ende der Sommersaison ist die Route du Sel wieder f\u00fcr Fahrzeuge gesperrt. Entdecken Sie diese [&#8230;]                    <\/p>\r\n\r\n                    <div class=\"buttons\">\r\n                        <a href=\"https:\/\/acampa-vacances.com\/de\/blog\/die-salzstrase-eine-mythische-strase\/\" class=\"buttons__btn\">Entdecken Sie<\/a>\r\n                    <\/div>\r\n                <\/div>\r\n            <\/div>\r\n\r\n        \r\n            <div class=\"columns__item post__item f-carousel__slide\" >\r\n                <div class=\"gallery\">\r\n                    <figure class=\"gallery__item\">\r\n                        <picture>\r\n                            <source srcset=\"https:\/\/acampa-vacances.com\/wp-content\/uploads\/2024\/12\/image-300x169-2.jpg.webp\" media=\"(max-width: 210px)\">\r\n                            <source srcset=\"https:\/\/acampa-vacances.com\/wp-content\/uploads\/2024\/12\/image-300x169-2.jpg.webp\" media=\"(max-width: 420px)\">\r\n                            <source srcset=\"https:\/\/acampa-vacances.com\/wp-content\/uploads\/2024\/12\/image-300x169-2.jpg.webp\" media=\"(max-width: 850px)\">\r\n                            <source srcset=\"https:\/\/acampa-vacances.com\/wp-content\/uploads\/2024\/12\/image-300x169-2.jpg.webp\" media=\"(max-width: 1024px)\">\r\n                            <source srcset=\"https:\/\/acampa-vacances.com\/wp-content\/uploads\/2024\/12\/image-300x169-2.jpg.webp\" media=\"(min-width: 1025px)\">\r\n\r\n                            <img loading=\"lazy\" decoding=\"async\" src=\"https:\/\/acampa-vacances.com\/wp-content\/uploads\/2024\/12\/image-300x169-2.jpg.webp\" width=\"420\" height=\"210\" alt=\"\" title=\"\">\r\n                        <\/picture>\r\n                    <\/figure>\r\n                <\/div>\r\n                <div class=\"group texte\">\r\n                    \r\n                    <p class=\"h3\">Die L\u00e4nder der Gr\u00fcnen Provence<\/p>\r\n                    <p class=\"post__item__description\">\r\n                                                Die L\u00e4nder der Gr\u00fcnen Provence! Willkommen in der Gr\u00fcnen Provence, der unerwarteten Provence&#8230; Die Pays de la Provence Verte umfasst 39 Gemeinden [&#8230;]                    <\/p>\r\n\r\n                    <div class=\"buttons\">\r\n                        <a href=\"https:\/\/acampa-vacances.com\/de\/blog\/die-lander-der-grunen-provence\/\" class=\"buttons__btn\">Entdecken Sie<\/a>\r\n                    <\/div>\r\n                <\/div>\r\n            <\/div>\r\n\r\n        \r\n    <\/div>\r\n\r\n    <div class=\"cover sec-35 fade-up align-full\"><picture class=\"cover__img\"><source srcset=\"https:\/\/acampa-vacances.com\/wp-content\/uploads\/2024\/11\/AdobeStock_137959206-1-420x420.webp\" media=\"(max-width: 210px)\"><source srcset=\"https:\/\/acampa-vacances.com\/wp-content\/uploads\/2024\/11\/AdobeStock_137959206-1-850x567.webp\" media=\"(max-width: 420px)\"><source srcset=\"https:\/\/acampa-vacances.com\/wp-content\/uploads\/2024\/11\/AdobeStock_137959206-1-768x512.webp\" media=\"(max-width: 850px)\"><source srcset=\"https:\/\/acampa-vacances.com\/wp-content\/uploads\/2024\/11\/AdobeStock_137959206-1-1024x683.webp\" media=\"(max-width: 1024px)\"><source srcset=\"https:\/\/acampa-vacances.com\/wp-content\/uploads\/2024\/11\/AdobeStock_137959206-1.webp\" media=\"(min-width: 1025px)\"><img decoding=\"async\" src=\"https:\/\/acampa-vacances.com\/wp-content\/uploads\/2024\/11\/AdobeStock_137959206-1-420x420.webp\" width=\"420\" height=\"210\" loading=\"lazy\" alt=\"\" title=\"\"><\/picture><div class=\"cover__inner\"><div class=\"columns\"><div class=\"columns__item parallax-up\"><div class=\"gallery height-adapt\"><figure class=\"gallery__item height-adapt\"><picture><source srcset=\"https:\/\/acampa-vacances.com\/wp-content\/uploads\/2024\/11\/AdobeStock_377429931-420x420.jpeg.webp\" media=\"(max-width: 210px)\"><source srcset=\"https:\/\/acampa-vacances.com\/wp-content\/uploads\/2024\/11\/AdobeStock_377429931-567x850.jpeg.webp\" media=\"(max-width: 420px)\"><source srcset=\"https:\/\/acampa-vacances.com\/wp-content\/uploads\/2024\/11\/AdobeStock_377429931-768x1152.jpeg.webp\" media=\"(max-width: 850px)\"><source srcset=\"https:\/\/acampa-vacances.com\/wp-content\/uploads\/2024\/11\/AdobeStock_377429931-683x1024.jpeg.webp\" media=\"(max-width: 1024px)\"><source srcset=\"https:\/\/acampa-vacances.com\/wp-content\/uploads\/2024\/11\/AdobeStock_377429931.jpeg.webp\" media=\"(min-width: 1025px)\"><img decoding=\"async\" src=\"https:\/\/acampa-vacances.com\/wp-content\/uploads\/2024\/11\/AdobeStock_377429931-420x420.jpeg.webp\" width=\"420\" height=\"210\" loading=\"lazy\" alt=\"\" title=\"\"><\/picture><\/figure><\/div><\/div><div class=\"columns__item texte\"><div class=\"group\" style=\"background-color:var(--blanc);\"><h2>Unumg\u00e4ngliche Orte: <span class=\"fc-span\">Entdeckung der Sch\u00e4tze<\/span><\/h2><p>Hy\u00e8res ist reich an symboltr\u00e4chtigen Orten, die seine Geschichte erz\u00e4hlen und seine Sch\u00f6nheit unterstreichen.<\/p><div class=\"lireplus fc-desk\"><p>Lesen Sie mehr<\/p><div class=\"group\"><p>Schlendern Sie durch die Altstadt mit ihren mittelalterlichen Gassen, den bunten H\u00e4usern und der atemberaubenden Aussicht von der Burgruine.<\/p><p>Entdecken Sie die Halbinsel Giens, ein au\u00dfergew\u00f6hnliches Naturgebiet, wo die Flamingos und die Salinen ein einzigartiges Schauspiel bieten. Verpassen Sie auch nicht die Villa Noailles, eine Hochburg der modernen Kunst und Architektur, oder die idyllischen Str\u00e4nde wie L&#8217;Almanarre, die bei Kitesurfern und Erholungssuchenden beliebt sind. <\/p><p>Jeder Ort in Hy\u00e8res verspricht Wunder und unvergessliche Erinnerungen.<\/p><\/div><\/div><\/div><div class=\"gallery\"><figure class=\"gallery__item\"><picture><source srcset=\"https:\/\/acampa-vacances.com\/wp-content\/uploads\/2024\/11\/AdobeStock_599388247-420x420.jpeg.webp\" media=\"(max-width: 210px)\"><source srcset=\"https:\/\/acampa-vacances.com\/wp-content\/uploads\/2024\/11\/AdobeStock_599388247-850x567.jpeg.webp\" media=\"(max-width: 420px)\"><source srcset=\"https:\/\/acampa-vacances.com\/wp-content\/uploads\/2024\/11\/AdobeStock_599388247-768x512.jpeg.webp\" media=\"(max-width: 850px)\"><source srcset=\"https:\/\/acampa-vacances.com\/wp-content\/uploads\/2024\/11\/AdobeStock_599388247-1024x683.jpeg.webp\" media=\"(max-width: 1024px)\"><source srcset=\"https:\/\/acampa-vacances.com\/wp-content\/uploads\/2024\/11\/AdobeStock_599388247.jpeg.webp\" media=\"(min-width: 1025px)\"><img decoding=\"async\" src=\"https:\/\/acampa-vacances.com\/wp-content\/uploads\/2024\/11\/AdobeStock_599388247-420x420.jpeg.webp\" width=\"420\" height=\"210\" loading=\"lazy\" alt=\"\" title=\"\"><\/picture><\/figure><\/div><\/div><\/div><\/div><\/div><p class=\"h3 inline\">Entdecken Sie <span class=\"fc-span\">die Orte, die Sie besuchen sollten<\/span><\/p>    <div class=\"columns align-full nbr-col-1 f-carousel fc-diapo slided__post\">\r\n\r\n        \r\n            <div class=\"columns__item post__item f-carousel__slide\" >\r\n                <div class=\"gallery\">\r\n                    <figure class=\"gallery__item\">\r\n                        <picture>\r\n                            <source srcset=\"https:\/\/acampa-vacances.com\/wp-content\/uploads\/2024\/11\/AdobeStock_194392311.jpeg.webp\" media=\"(max-width: 210px)\">\r\n                            <source srcset=\"https:\/\/acampa-vacances.com\/wp-content\/uploads\/2024\/11\/AdobeStock_194392311.jpeg.webp\" media=\"(max-width: 420px)\">\r\n                            <source srcset=\"https:\/\/acampa-vacances.com\/wp-content\/uploads\/2024\/11\/AdobeStock_194392311.jpeg.webp\" media=\"(max-width: 850px)\">\r\n                            <source srcset=\"https:\/\/acampa-vacances.com\/wp-content\/uploads\/2024\/11\/AdobeStock_194392311.jpeg.webp\" media=\"(max-width: 1024px)\">\r\n                            <source srcset=\"https:\/\/acampa-vacances.com\/wp-content\/uploads\/2024\/11\/AdobeStock_194392311.jpeg.webp\" media=\"(min-width: 1025px)\">\r\n\r\n                            <img loading=\"lazy\" decoding=\"async\" src=\"https:\/\/acampa-vacances.com\/wp-content\/uploads\/2024\/11\/AdobeStock_194392311.jpeg.webp\" width=\"420\" height=\"210\" alt=\"\" title=\"\">\r\n                        <\/picture>\r\n                    <\/figure>\r\n                <\/div>\r\n                <div class=\"group texte\">\r\n                    \r\n                    <p class=\"h3\">Entdecken Sie die Mimosenstra\u00dfe<\/p>\r\n                    <p class=\"post__item__description\">\r\n                                                Entdecken Sie die Route du Mimosa von Ihrem Campingplatz in Hy\u00e8res aus. Von Januar bis M\u00e4rz erscheinen gelbe Pompons. Sie beleuchten unsere [&#8230;]                    <\/p>\r\n\r\n                    <div class=\"buttons\">\r\n                        <a href=\"https:\/\/acampa-vacances.com\/de\/blog\/entdecken-sie-die-mimosa-route-von-ihrem-campingplatz-in-hyeres-aus\/\" class=\"buttons__btn\">Entdecken Sie<\/a>\r\n                    <\/div>\r\n                <\/div>\r\n            <\/div>\r\n\r\n        \r\n            <div class=\"columns__item post__item f-carousel__slide\" >\r\n                <div class=\"gallery\">\r\n                    <figure class=\"gallery__item\">\r\n                        <picture>\r\n                            <source srcset=\"https:\/\/acampa-vacances.com\/wp-content\/uploads\/2024\/11\/cap-benat-bormes-les-mimosas-spots-de-peche-campings-de-giens-1.jpg.webp\" media=\"(max-width: 210px)\">\r\n                            <source srcset=\"https:\/\/acampa-vacances.com\/wp-content\/uploads\/2024\/11\/cap-benat-bormes-les-mimosas-spots-de-peche-campings-de-giens-1.jpg.webp\" media=\"(max-width: 420px)\">\r\n                            <source srcset=\"https:\/\/acampa-vacances.com\/wp-content\/uploads\/2024\/11\/cap-benat-bormes-les-mimosas-spots-de-peche-campings-de-giens-1.jpg.webp\" media=\"(max-width: 850px)\">\r\n                            <source srcset=\"https:\/\/acampa-vacances.com\/wp-content\/uploads\/2024\/11\/cap-benat-bormes-les-mimosas-spots-de-peche-campings-de-giens-1.jpg.webp\" media=\"(max-width: 1024px)\">\r\n                            <source srcset=\"https:\/\/acampa-vacances.com\/wp-content\/uploads\/2024\/11\/cap-benat-bormes-les-mimosas-spots-de-peche-campings-de-giens-1.jpg.webp\" media=\"(min-width: 1025px)\">\r\n\r\n                            <img loading=\"lazy\" decoding=\"async\" src=\"https:\/\/acampa-vacances.com\/wp-content\/uploads\/2024\/11\/cap-benat-bormes-les-mimosas-spots-de-peche-campings-de-giens-1.jpg.webp\" width=\"420\" height=\"210\" alt=\"\" title=\"\">\r\n                        <\/picture>\r\n                    <\/figure>\r\n                <\/div>\r\n                <div class=\"group texte\">\r\n                    \r\n                    <p class=\"h3\">4 Angelpl\u00e4tze in Giens<\/p>\r\n                    <p class=\"post__item__description\">\r\n                                                4 Angelpl\u00e4tze rund um die Presqu&#8217;\u00cele de Giens Wo finden Sie gute Angelpl\u00e4tze rund um die Halbinsel Giens? Dies ist eine Frage, die sich viele [&#8230;]                    <\/p>\r\n\r\n                    <div class=\"buttons\">\r\n                        <a href=\"https:\/\/acampa-vacances.com\/de\/blog\/4-angelplatze-in-giens\/\" class=\"buttons__btn\">Entdecken Sie<\/a>\r\n                    <\/div>\r\n                <\/div>\r\n            <\/div>\r\n\r\n        \r\n            <div class=\"columns__item post__item f-carousel__slide\" >\r\n                <div class=\"gallery\">\r\n                    <figure class=\"gallery__item\">\r\n                        <picture>\r\n                            <source srcset=\"https:\/\/acampa-vacances.com\/wp-content\/uploads\/2024\/11\/Image3-1-2.jpg.webp\" media=\"(max-width: 210px)\">\r\n                            <source srcset=\"https:\/\/acampa-vacances.com\/wp-content\/uploads\/2024\/11\/Image3-1-2.jpg.webp\" media=\"(max-width: 420px)\">\r\n                            <source srcset=\"https:\/\/acampa-vacances.com\/wp-content\/uploads\/2024\/11\/Image3-1-2.jpg.webp\" media=\"(max-width: 850px)\">\r\n                            <source srcset=\"https:\/\/acampa-vacances.com\/wp-content\/uploads\/2024\/11\/Image3-1-2.jpg.webp\" media=\"(max-width: 1024px)\">\r\n                            <source srcset=\"https:\/\/acampa-vacances.com\/wp-content\/uploads\/2024\/11\/Image3-1-2.jpg.webp\" media=\"(min-width: 1025px)\">\r\n\r\n                            <img loading=\"lazy\" decoding=\"async\" src=\"https:\/\/acampa-vacances.com\/wp-content\/uploads\/2024\/11\/Image3-1-2.jpg.webp\" width=\"420\" height=\"210\" alt=\"\" title=\"\">\r\n                        <\/picture>\r\n                    <\/figure>\r\n                <\/div>\r\n                <div class=\"group texte\">\r\n                    \r\n                    <p class=\"h3\">Entdeckung au\u00dfergew\u00f6hnlicher Geb\u00e4ude Hy\u00e8res<\/p>\r\n                    <p class=\"post__item__description\">\r\n                                                Entdeckung au\u00dfergew\u00f6hnlicher Geb\u00e4ude Hy\u00e8res var 83 presqu&#8217;\u00eele de Giens Zwischen Tradition und Moderne ist Ihr Campingplatz der ideale [&#8230;]                    <\/p>\r\n\r\n                    <div class=\"buttons\">\r\n                        <a href=\"https:\/\/acampa-vacances.com\/de\/blog\/entdeckung-von-ausergewohnlichen-gebauden-hyeres-var-83-presquile-de-giens\/\" class=\"buttons__btn\">Entdecken Sie<\/a>\r\n                    <\/div>\r\n                <\/div>\r\n            <\/div>\r\n\r\n        \r\n            <div class=\"columns__item post__item f-carousel__slide\" >\r\n                <div class=\"gallery\">\r\n                    <figure class=\"gallery__item\">\r\n                        <picture>\r\n                            <source srcset=\"https:\/\/acampa-vacances.com\/wp-content\/uploads\/2024\/11\/plage-de-l-ayguade-hyereslespalmiers-spots-de-peche-campings-de-giens-300x226-2.jpg.webp\" media=\"(max-width: 210px)\">\r\n                            <source srcset=\"https:\/\/acampa-vacances.com\/wp-content\/uploads\/2024\/11\/plage-de-l-ayguade-hyereslespalmiers-spots-de-peche-campings-de-giens-300x226-2.jpg.webp\" media=\"(max-width: 420px)\">\r\n                            <source srcset=\"https:\/\/acampa-vacances.com\/wp-content\/uploads\/2024\/11\/plage-de-l-ayguade-hyereslespalmiers-spots-de-peche-campings-de-giens-300x226-2.jpg.webp\" media=\"(max-width: 850px)\">\r\n                            <source srcset=\"https:\/\/acampa-vacances.com\/wp-content\/uploads\/2024\/11\/plage-de-l-ayguade-hyereslespalmiers-spots-de-peche-campings-de-giens-300x226-2.jpg.webp\" media=\"(max-width: 1024px)\">\r\n                            <source srcset=\"https:\/\/acampa-vacances.com\/wp-content\/uploads\/2024\/11\/plage-de-l-ayguade-hyereslespalmiers-spots-de-peche-campings-de-giens-300x226-2.jpg.webp\" media=\"(min-width: 1025px)\">\r\n\r\n                            <img loading=\"lazy\" decoding=\"async\" src=\"https:\/\/acampa-vacances.com\/wp-content\/uploads\/2024\/11\/plage-de-l-ayguade-hyereslespalmiers-spots-de-peche-campings-de-giens-300x226-2.jpg.webp\" width=\"420\" height=\"210\" alt=\"\" title=\"\">\r\n                        <\/picture>\r\n                    <\/figure>\r\n                <\/div>\r\n                <div class=\"group texte\">\r\n                    \r\n                    <p class=\"h3\">4 Angelpl\u00e4tze rund um die Halbinsel<\/p>\r\n                    <p class=\"post__item__description\">\r\n                                                4 Angelpl\u00e4tze rund um die Presqu&#8217;\u00cele de Giens Welche guten Angelpl\u00e4tze gibt es rund um die Halbinsel Giens? Diese Frage stellen sich viele von [&#8230;]                    <\/p>\r\n\r\n                    <div class=\"buttons\">\r\n                        <a href=\"https:\/\/acampa-vacances.com\/de\/blog\/4-angelplatze-rund-um-das-giens-presquile\/\" class=\"buttons__btn\">Entdecken Sie<\/a>\r\n                    <\/div>\r\n                <\/div>\r\n            <\/div>\r\n\r\n        \r\n            <div class=\"columns__item post__item f-carousel__slide\" >\r\n                <div class=\"gallery\">\r\n                    <figure class=\"gallery__item\">\r\n                        <picture>\r\n                            <source srcset=\"https:\/\/acampa-vacances.com\/wp-content\/uploads\/2024\/11\/coucher-soleil-plage-almanarre-camping-hyeres-giens-3.jpg.webp\" media=\"(max-width: 210px)\">\r\n                            <source srcset=\"https:\/\/acampa-vacances.com\/wp-content\/uploads\/2024\/11\/coucher-soleil-plage-almanarre-camping-hyeres-giens-3.jpg.webp\" media=\"(max-width: 420px)\">\r\n                            <source srcset=\"https:\/\/acampa-vacances.com\/wp-content\/uploads\/2024\/11\/coucher-soleil-plage-almanarre-camping-hyeres-giens-3.jpg.webp\" media=\"(max-width: 850px)\">\r\n                            <source srcset=\"https:\/\/acampa-vacances.com\/wp-content\/uploads\/2024\/11\/coucher-soleil-plage-almanarre-camping-hyeres-giens-3.jpg.webp\" media=\"(max-width: 1024px)\">\r\n                            <source srcset=\"https:\/\/acampa-vacances.com\/wp-content\/uploads\/2024\/11\/coucher-soleil-plage-almanarre-camping-hyeres-giens-3.jpg.webp\" media=\"(min-width: 1025px)\">\r\n\r\n                            <img loading=\"lazy\" decoding=\"async\" src=\"https:\/\/acampa-vacances.com\/wp-content\/uploads\/2024\/11\/coucher-soleil-plage-almanarre-camping-hyeres-giens-3.jpg.webp\" width=\"420\" height=\"210\" alt=\"\" title=\"\">\r\n                        <\/picture>\r\n                    <\/figure>\r\n                <\/div>\r\n                <div class=\"group texte\">\r\n                    \r\n                    <p class=\"h3\">3 Weing\u00fcter in der N\u00e4he von Hy\u00e8res<\/p>\r\n                    <p class=\"post__item__description\">\r\n                                                3 Weing\u00fcter in der N\u00e4he von Hy\u00e8res Die Weinstra\u00dfe Die Weinstra\u00dfe der Provence f\u00fchrt bereits \u00fcber 200 Kilometer von Ost nach West durch die [&#8230;]                    <\/p>\r\n\r\n                    <div class=\"buttons\">\r\n                        <a href=\"https:\/\/acampa-vacances.com\/de\/blog\/3-wein-domanen-in-der-nahe-von-hyeres\/\" class=\"buttons__btn\">Entdecken Sie<\/a>\r\n                    <\/div>\r\n                <\/div>\r\n            <\/div>\r\n\r\n        \r\n            <div class=\"columns__item post__item f-carousel__slide\" >\r\n                <div class=\"gallery\">\r\n                    <figure class=\"gallery__item\">\r\n                        <picture>\r\n                            <source srcset=\"https:\/\/acampa-vacances.com\/wp-content\/uploads\/2024\/11\/capture2-2.png.webp\" media=\"(max-width: 210px)\">\r\n                            <source srcset=\"https:\/\/acampa-vacances.com\/wp-content\/uploads\/2024\/11\/capture2-2.png.webp\" media=\"(max-width: 420px)\">\r\n                            <source srcset=\"https:\/\/acampa-vacances.com\/wp-content\/uploads\/2024\/11\/capture2-2.png.webp\" media=\"(max-width: 850px)\">\r\n                            <source srcset=\"https:\/\/acampa-vacances.com\/wp-content\/uploads\/2024\/11\/capture2-2.png.webp\" media=\"(max-width: 1024px)\">\r\n                            <source srcset=\"https:\/\/acampa-vacances.com\/wp-content\/uploads\/2024\/11\/capture2-2.png.webp\" media=\"(min-width: 1025px)\">\r\n\r\n                            <img loading=\"lazy\" decoding=\"async\" src=\"https:\/\/acampa-vacances.com\/wp-content\/uploads\/2024\/11\/capture2-2.png.webp\" width=\"420\" height=\"210\" alt=\"\" title=\"\">\r\n                        <\/picture>\r\n                    <\/figure>\r\n                <\/div>\r\n                <div class=\"group texte\">\r\n                    \r\n                    <p class=\"h3\">3 Schl\u00f6sser, die Sie unbedingt besuchen sollten<\/p>\r\n                    <p class=\"post__item__description\">\r\n                                                3 Schl\u00f6sser, die Sie unbedingt besuchen sollten Verbringen Sie Ihren Urlaub im Departement Var? Wir haben f\u00fcr Sie 3 der sch\u00f6nsten Schl\u00f6sser in der [&#8230;]                    <\/p>\r\n\r\n                    <div class=\"buttons\">\r\n                        <a href=\"https:\/\/acampa-vacances.com\/de\/blog\/3-schlosser-die-man-unbedingt-besuchen-muss\/\" class=\"buttons__btn\">Entdecken Sie<\/a>\r\n                    <\/div>\r\n                <\/div>\r\n            <\/div>\r\n\r\n        \r\n            <div class=\"columns__item post__item f-carousel__slide\" >\r\n                <div class=\"gallery\">\r\n                    <figure class=\"gallery__item\">\r\n                        <picture>\r\n                            <source srcset=\"https:\/\/acampa-vacances.com\/wp-content\/uploads\/2024\/11\/biere-768x339-1-420x339.jpg.webp\" media=\"(max-width: 210px)\">\r\n                            <source srcset=\"https:\/\/acampa-vacances.com\/wp-content\/uploads\/2024\/11\/biere-768x339-1.jpg.webp\" media=\"(max-width: 420px)\">\r\n                            <source srcset=\"https:\/\/acampa-vacances.com\/wp-content\/uploads\/2024\/11\/biere-768x339-1.jpg.webp\" media=\"(max-width: 850px)\">\r\n                            <source srcset=\"https:\/\/acampa-vacances.com\/wp-content\/uploads\/2024\/11\/biere-768x339-1.jpg.webp\" media=\"(max-width: 1024px)\">\r\n                            <source srcset=\"https:\/\/acampa-vacances.com\/wp-content\/uploads\/2024\/11\/biere-768x339-1.jpg.webp\" media=\"(min-width: 1025px)\">\r\n\r\n                            <img loading=\"lazy\" decoding=\"async\" src=\"https:\/\/acampa-vacances.com\/wp-content\/uploads\/2024\/11\/biere-768x339-1-420x339.jpg.webp\" width=\"420\" height=\"210\" alt=\"\" title=\"\">\r\n                        <\/picture>\r\n                    <\/figure>\r\n                <\/div>\r\n                <div class=\"group texte\">\r\n                    \r\n                    <p class=\"h3\">Besuchen Sie drei Brauereien in der N\u00e4he von Hy\u00e8res<\/p>\r\n                    <p class=\"post__item__description\">\r\n                                                Auf der Stra\u00dfe des Bieres Die Bierstra\u00dfe: Entdecken Sie 3 Biere aus dem Departement Var! Jeder hat schon einmal vom Oktoberfest geh\u00f6rt, das in [&#8230;]                    <\/p>\r\n\r\n                    <div class=\"buttons\">\r\n                        <a href=\"https:\/\/acampa-vacances.com\/de\/blog\/entdecken-sie-drei-handwerklich-gebraute-biere-im-var\/\" class=\"buttons__btn\">Entdecken Sie<\/a>\r\n                    <\/div>\r\n                <\/div>\r\n            <\/div>\r\n\r\n        \r\n            <div class=\"columns__item post__item f-carousel__slide\" >\r\n                <div class=\"gallery\">\r\n                    <figure class=\"gallery__item\">\r\n                        <picture>\r\n                            <source srcset=\"https:\/\/acampa-vacances.com\/wp-content\/uploads\/2024\/12\/9350100-diaporama-703x420-300x179-2.jpeg\" media=\"(max-width: 210px)\">\r\n                            <source srcset=\"https:\/\/acampa-vacances.com\/wp-content\/uploads\/2024\/12\/9350100-diaporama-703x420-300x179-2.jpeg\" media=\"(max-width: 420px)\">\r\n                            <source srcset=\"https:\/\/acampa-vacances.com\/wp-content\/uploads\/2024\/12\/9350100-diaporama-703x420-300x179-2.jpeg\" media=\"(max-width: 850px)\">\r\n                            <source srcset=\"https:\/\/acampa-vacances.com\/wp-content\/uploads\/2024\/12\/9350100-diaporama-703x420-300x179-2.jpeg\" media=\"(max-width: 1024px)\">\r\n                            <source srcset=\"https:\/\/acampa-vacances.com\/wp-content\/uploads\/2024\/12\/9350100-diaporama-703x420-300x179-2.jpeg\" media=\"(min-width: 1025px)\">\r\n\r\n                            <img loading=\"lazy\" decoding=\"async\" src=\"https:\/\/acampa-vacances.com\/wp-content\/uploads\/2024\/12\/9350100-diaporama-703x420-300x179-2.jpeg\" width=\"420\" height=\"210\" alt=\"\" title=\"\">\r\n                        <\/picture>\r\n                    <\/figure>\r\n                <\/div>\r\n                <div class=\"group texte\">\r\n                    \r\n                    <p class=\"h3\">Die 5 sch\u00f6nsten Str\u00e4nde in Hy\u00e8res<\/p>\r\n                    <p class=\"post__item__description\">\r\n                                                Die 5 sch\u00f6nsten Str\u00e4nde in Hy\u00e8res Haben Sie Lust auf Sonne und ein Bad in einer idealen Umgebung? Was gibt es Besseres als einen Ausflug an den [&#8230;]                    <\/p>\r\n\r\n                    <div class=\"buttons\">\r\n                        <a href=\"https:\/\/acampa-vacances.com\/de\/blog\/die-5-schonsten-strande-von-hyeres\/\" class=\"buttons__btn\">Entdecken Sie<\/a>\r\n                    <\/div>\r\n                <\/div>\r\n            <\/div>\r\n\r\n        \r\n            <div class=\"columns__item post__item f-carousel__slide\" >\r\n                <div class=\"gallery\">\r\n                    <figure class=\"gallery__item\">\r\n                        <picture>\r\n                            <source srcset=\"https:\/\/acampa-vacances.com\/wp-content\/uploads\/2024\/12\/ci-article-interieur-aout-300x200-2.jpg.webp\" media=\"(max-width: 210px)\">\r\n                            <source srcset=\"https:\/\/acampa-vacances.com\/wp-content\/uploads\/2024\/12\/ci-article-interieur-aout-300x200-2.jpg.webp\" media=\"(max-width: 420px)\">\r\n                            <source srcset=\"https:\/\/acampa-vacances.com\/wp-content\/uploads\/2024\/12\/ci-article-interieur-aout-300x200-2.jpg.webp\" media=\"(max-width: 850px)\">\r\n                            <source srcset=\"https:\/\/acampa-vacances.com\/wp-content\/uploads\/2024\/12\/ci-article-interieur-aout-300x200-2.jpg.webp\" media=\"(max-width: 1024px)\">\r\n                            <source srcset=\"https:\/\/acampa-vacances.com\/wp-content\/uploads\/2024\/12\/ci-article-interieur-aout-300x200-2.jpg.webp\" media=\"(min-width: 1025px)\">\r\n\r\n                            <img loading=\"lazy\" decoding=\"async\" src=\"https:\/\/acampa-vacances.com\/wp-content\/uploads\/2024\/12\/ci-article-interieur-aout-300x200-2.jpg.webp\" width=\"420\" height=\"210\" alt=\"\" title=\"\">\r\n                        <\/picture>\r\n                    <\/figure>\r\n                <\/div>\r\n                <div class=\"group texte\">\r\n                    \r\n                    <p class=\"h3\">Tauchen mit unserem Partner Divin&#8217;Giens<\/p>\r\n                    <p class=\"post__item__description\">\r\n                                                Tauchen mit unserem Partner Divin&#8217;Giens Nutzen Sie Ihren Sommer zum Tauchen. Ob allein oder mit der Familie, Sie k\u00f6nnen Ihren Campingurlaub in [&#8230;]                    <\/p>\r\n\r\n                    <div class=\"buttons\">\r\n                        <a href=\"https:\/\/acampa-vacances.com\/de\/blog\/tauchen-auf-dem-giens-presquile-mit-unserem-divingiens-partner\/\" class=\"buttons__btn\">Entdecken Sie<\/a>\r\n                    <\/div>\r\n                <\/div>\r\n            <\/div>\r\n\r\n        \r\n            <div class=\"columns__item post__item f-carousel__slide\" >\r\n                <div class=\"gallery\">\r\n                    <figure class=\"gallery__item\">\r\n                        <picture>\r\n                            <source srcset=\"https:\/\/acampa-vacances.com\/wp-content\/uploads\/2024\/12\/market-3-300x200-2.png.webp\" media=\"(max-width: 210px)\">\r\n                            <source srcset=\"https:\/\/acampa-vacances.com\/wp-content\/uploads\/2024\/12\/market-3-300x200-2.png.webp\" media=\"(max-width: 420px)\">\r\n                            <source srcset=\"https:\/\/acampa-vacances.com\/wp-content\/uploads\/2024\/12\/market-3-300x200-2.png.webp\" media=\"(max-width: 850px)\">\r\n                            <source srcset=\"https:\/\/acampa-vacances.com\/wp-content\/uploads\/2024\/12\/market-3-300x200-2.png.webp\" media=\"(max-width: 1024px)\">\r\n                            <source srcset=\"https:\/\/acampa-vacances.com\/wp-content\/uploads\/2024\/12\/market-3-300x200-2.png.webp\" media=\"(min-width: 1025px)\">\r\n\r\n                            <img loading=\"lazy\" decoding=\"async\" src=\"https:\/\/acampa-vacances.com\/wp-content\/uploads\/2024\/12\/market-3-300x200-2.png.webp\" width=\"420\" height=\"210\" alt=\"\" title=\"\">\r\n                        <\/picture>\r\n                    <\/figure>\r\n                <\/div>\r\n                <div class=\"group texte\">\r\n                    \r\n                    <p class=\"h3\">Die 5 sch\u00f6nsten M\u00e4rkte der Provence<\/p>\r\n                    <p class=\"post__item__description\">\r\n                                                Gro\u00dfer Primeurmarkt in Aubagne. Der Bauernmarkt findet jeden Samstag- und Sonntagmorgen statt. Die Farben und Ger\u00fcche der Provence vermischen sich [&#8230;]                    <\/p>\r\n\r\n                    <div class=\"buttons\">\r\n                        <a href=\"https:\/\/acampa-vacances.com\/de\/blog\/die-5-schonsten-marsche-de-provence\/\" class=\"buttons__btn\">Entdecken Sie<\/a>\r\n                    <\/div>\r\n                <\/div>\r\n            <\/div>\r\n\r\n        \r\n            <div class=\"columns__item post__item f-carousel__slide\" >\r\n                <div class=\"gallery\">\r\n                    <figure class=\"gallery__item\">\r\n                        <picture>\r\n                            <source srcset=\"https:\/\/acampa-vacances.com\/wp-content\/uploads\/2024\/11\/dC4KtIBViebFuVbEDer-IewmR2fccpoEtlAZUS_oWk9mFFjtbeoJYtJlhuByz4fs5V0jB6uZ1bJeOOoqYps3nSrg8K7cV5UBUZXYQkwkK0MNTgCUAw1HQr3WkQFR7heSctcQ_YC0EpoEM4dP24qoLnySKg33cnW4CWz3RcSV-ARmqMfZPM250sQ_jTfV8A-1.jpg.webp\" media=\"(max-width: 210px)\">\r\n                            <source srcset=\"https:\/\/acampa-vacances.com\/wp-content\/uploads\/2024\/11\/dC4KtIBViebFuVbEDer-IewmR2fccpoEtlAZUS_oWk9mFFjtbeoJYtJlhuByz4fs5V0jB6uZ1bJeOOoqYps3nSrg8K7cV5UBUZXYQkwkK0MNTgCUAw1HQr3WkQFR7heSctcQ_YC0EpoEM4dP24qoLnySKg33cnW4CWz3RcSV-ARmqMfZPM250sQ_jTfV8A-1.jpg.webp\" media=\"(max-width: 420px)\">\r\n                            <source srcset=\"https:\/\/acampa-vacances.com\/wp-content\/uploads\/2024\/11\/dC4KtIBViebFuVbEDer-IewmR2fccpoEtlAZUS_oWk9mFFjtbeoJYtJlhuByz4fs5V0jB6uZ1bJeOOoqYps3nSrg8K7cV5UBUZXYQkwkK0MNTgCUAw1HQr3WkQFR7heSctcQ_YC0EpoEM4dP24qoLnySKg33cnW4CWz3RcSV-ARmqMfZPM250sQ_jTfV8A-1.jpg.webp\" media=\"(max-width: 850px)\">\r\n                            <source srcset=\"https:\/\/acampa-vacances.com\/wp-content\/uploads\/2024\/11\/dC4KtIBViebFuVbEDer-IewmR2fccpoEtlAZUS_oWk9mFFjtbeoJYtJlhuByz4fs5V0jB6uZ1bJeOOoqYps3nSrg8K7cV5UBUZXYQkwkK0MNTgCUAw1HQr3WkQFR7heSctcQ_YC0EpoEM4dP24qoLnySKg33cnW4CWz3RcSV-ARmqMfZPM250sQ_jTfV8A-1.jpg.webp\" media=\"(max-width: 1024px)\">\r\n                            <source srcset=\"https:\/\/acampa-vacances.com\/wp-content\/uploads\/2024\/11\/dC4KtIBViebFuVbEDer-IewmR2fccpoEtlAZUS_oWk9mFFjtbeoJYtJlhuByz4fs5V0jB6uZ1bJeOOoqYps3nSrg8K7cV5UBUZXYQkwkK0MNTgCUAw1HQr3WkQFR7heSctcQ_YC0EpoEM4dP24qoLnySKg33cnW4CWz3RcSV-ARmqMfZPM250sQ_jTfV8A-1.jpg.webp\" media=\"(min-width: 1025px)\">\r\n\r\n                            <img loading=\"lazy\" decoding=\"async\" src=\"https:\/\/acampa-vacances.com\/wp-content\/uploads\/2024\/11\/dC4KtIBViebFuVbEDer-IewmR2fccpoEtlAZUS_oWk9mFFjtbeoJYtJlhuByz4fs5V0jB6uZ1bJeOOoqYps3nSrg8K7cV5UBUZXYQkwkK0MNTgCUAw1HQr3WkQFR7heSctcQ_YC0EpoEM4dP24qoLnySKg33cnW4CWz3RcSV-ARmqMfZPM250sQ_jTfV8A-1.jpg.webp\" width=\"420\" height=\"210\" alt=\"\" title=\"\">\r\n                        <\/picture>\r\n                    <\/figure>\r\n                <\/div>\r\n                <div class=\"group texte\">\r\n                    \r\n                    <p class=\"h3\">Entdecken Sie die Salzstra\u00dfe<\/p>\r\n                    <p class=\"post__item__description\">\r\n                                                Entdecken Sie die Salzstra\u00dfe&#8230; Hy\u00e8res (Var 83) Nach dem Ende der Sommersaison ist die Route du Sel wieder f\u00fcr Fahrzeuge gesperrt. Entdecken Sie [&#8230;]                    <\/p>\r\n\r\n                    <div class=\"buttons\">\r\n                        <a href=\"https:\/\/acampa-vacances.com\/de\/blog\/entdecken-der-salzroute-hyeres-var-83\/\" class=\"buttons__btn\">Entdecken Sie<\/a>\r\n                    <\/div>\r\n                <\/div>\r\n            <\/div>\r\n\r\n        \r\n            <div class=\"columns__item post__item f-carousel__slide\" >\r\n                <div class=\"gallery\">\r\n                    <figure class=\"gallery__item\">\r\n                        <picture>\r\n                            <source srcset=\"https:\/\/acampa-vacances.com\/wp-content\/uploads\/2024\/12\/leval_cascadegrandbaou_p1_grd-420x317.jpeg.webp\" media=\"(max-width: 210px)\">\r\n                            <source srcset=\"https:\/\/acampa-vacances.com\/wp-content\/uploads\/2024\/12\/leval_cascadegrandbaou_p1_grd.jpeg.webp\" media=\"(max-width: 420px)\">\r\n                            <source srcset=\"https:\/\/acampa-vacances.com\/wp-content\/uploads\/2024\/12\/leval_cascadegrandbaou_p1_grd.jpeg.webp\" media=\"(max-width: 850px)\">\r\n                            <source srcset=\"https:\/\/acampa-vacances.com\/wp-content\/uploads\/2024\/12\/leval_cascadegrandbaou_p1_grd.jpeg.webp\" media=\"(max-width: 1024px)\">\r\n                            <source srcset=\"https:\/\/acampa-vacances.com\/wp-content\/uploads\/2024\/12\/leval_cascadegrandbaou_p1_grd.jpeg.webp\" media=\"(min-width: 1025px)\">\r\n\r\n                            <img loading=\"lazy\" decoding=\"async\" src=\"https:\/\/acampa-vacances.com\/wp-content\/uploads\/2024\/12\/leval_cascadegrandbaou_p1_grd-420x317.jpeg.webp\" width=\"420\" height=\"210\" alt=\"\" title=\"\">\r\n                        <\/picture>\r\n                    <\/figure>\r\n                <\/div>\r\n                <div class=\"group texte\">\r\n                    \r\n                    <p class=\"h3\">Drei Spazierg\u00e4nge im Var<\/p>\r\n                    <p class=\"post__item__description\">\r\n                                                Drei etwas andere Spazierg\u00e4nge im Var! Zoom auf 3 ungew\u00f6hnliche Spazierg\u00e4nge im Var! Jedes Jahr sind viele Urlauber auf der Suche nach Abenteuern [&#8230;]                    <\/p>\r\n\r\n                    <div class=\"buttons\">\r\n                        <a href=\"https:\/\/acampa-vacances.com\/de\/blog\/drei-spaziergange-im-var-die-sich-vom-gewohnlichen-unterscheiden\/\" class=\"buttons__btn\">Entdecken Sie<\/a>\r\n                    <\/div>\r\n                <\/div>\r\n            <\/div>\r\n\r\n        \r\n            <div class=\"columns__item post__item f-carousel__slide\" >\r\n                <div class=\"gallery\">\r\n                    <figure class=\"gallery__item\">\r\n                        <picture>\r\n                            <source srcset=\"https:\/\/acampa-vacances.com\/wp-content\/uploads\/2024\/11\/castellne-article-420x340.png.webp\" media=\"(max-width: 210px)\">\r\n                            <source srcset=\"https:\/\/acampa-vacances.com\/wp-content\/uploads\/2024\/11\/castellne-article.png.webp\" media=\"(max-width: 420px)\">\r\n                            <source srcset=\"https:\/\/acampa-vacances.com\/wp-content\/uploads\/2024\/11\/castellne-article.png.webp\" media=\"(max-width: 850px)\">\r\n                            <source srcset=\"https:\/\/acampa-vacances.com\/wp-content\/uploads\/2024\/11\/castellne-article.png.webp\" media=\"(max-width: 1024px)\">\r\n                            <source srcset=\"https:\/\/acampa-vacances.com\/wp-content\/uploads\/2024\/11\/castellne-article.png.webp\" media=\"(min-width: 1025px)\">\r\n\r\n                            <img loading=\"lazy\" decoding=\"async\" src=\"https:\/\/acampa-vacances.com\/wp-content\/uploads\/2024\/11\/castellne-article-420x340.png.webp\" width=\"420\" height=\"210\" alt=\"\" title=\"\">\r\n                        <\/picture>\r\n                    <\/figure>\r\n                <\/div>\r\n                <div class=\"group texte\">\r\n                    \r\n                    <p class=\"h3\">Die sch\u00f6nsten D\u00f6rfer der Provence<\/p>\r\n                    <p class=\"post__item__description\">\r\n                                                Die sch\u00f6nsten D\u00f6rfer der Provence Die D\u00f6rfer in der Provence sind sehr atypisch und mit einer mittelalterlichen Geschichte angereichert. Es gibt [&#8230;]                    <\/p>\r\n\r\n                    <div class=\"buttons\">\r\n                        <a href=\"https:\/\/acampa-vacances.com\/de\/blog\/die-schonsten-dorfer-der-provence\/\" class=\"buttons__btn\">Entdecken Sie<\/a>\r\n                    <\/div>\r\n                <\/div>\r\n            <\/div>\r\n\r\n        \r\n            <div class=\"columns__item post__item f-carousel__slide\" >\r\n                <div class=\"gallery\">\r\n                    <figure class=\"gallery__item\">\r\n                        <picture>\r\n                            <source srcset=\"https:\/\/acampa-vacances.com\/wp-content\/uploads\/2024\/12\/AdobeStock_398693348-420x333.jpeg.webp\" media=\"(max-width: 210px)\">\r\n                            <source srcset=\"https:\/\/acampa-vacances.com\/wp-content\/uploads\/2024\/12\/AdobeStock_398693348.jpeg.webp\" media=\"(max-width: 420px)\">\r\n                            <source srcset=\"https:\/\/acampa-vacances.com\/wp-content\/uploads\/2024\/12\/AdobeStock_398693348.jpeg.webp\" media=\"(max-width: 850px)\">\r\n                            <source srcset=\"https:\/\/acampa-vacances.com\/wp-content\/uploads\/2024\/12\/AdobeStock_398693348.jpeg.webp\" media=\"(max-width: 1024px)\">\r\n                            <source srcset=\"https:\/\/acampa-vacances.com\/wp-content\/uploads\/2024\/12\/AdobeStock_398693348.jpeg.webp\" media=\"(min-width: 1025px)\">\r\n\r\n                            <img loading=\"lazy\" decoding=\"async\" src=\"https:\/\/acampa-vacances.com\/wp-content\/uploads\/2024\/12\/AdobeStock_398693348-420x333.jpeg.webp\" width=\"420\" height=\"210\" alt=\"\" title=\"\">\r\n                        <\/picture>\r\n                    <\/figure>\r\n                <\/div>\r\n                <div class=\"group texte\">\r\n                    \r\n                    <p class=\"h3\">Die 5 sch\u00f6nsten D\u00f6rfer der Provence<\/p>\r\n                    <p class=\"post__item__description\">\r\n                                                Die 5 sch\u00f6nsten D\u00f6rfer der Provence Die D\u00f6rfer der Provence mit ihrer reichen mittelalterlichen Geschichte haben einen atypischen Charakter. Es [&#8230;]                    <\/p>\r\n\r\n                    <div class=\"buttons\">\r\n                        <a href=\"https:\/\/acampa-vacances.com\/de\/blog\/die-5-schonsten-dorfer-der-provence\/\" class=\"buttons__btn\">Entdecken Sie<\/a>\r\n                    <\/div>\r\n                <\/div>\r\n            <\/div>\r\n\r\n        \r\n            <div class=\"columns__item post__item f-carousel__slide\" >\r\n                <div class=\"gallery\">\r\n                    <figure class=\"gallery__item\">\r\n                        <picture>\r\n                            <source srcset=\"https:\/\/acampa-vacances.com\/wp-content\/uploads\/2024\/11\/c-2.png.webp\" media=\"(max-width: 210px)\">\r\n                            <source srcset=\"https:\/\/acampa-vacances.com\/wp-content\/uploads\/2024\/11\/c-2.png.webp\" media=\"(max-width: 420px)\">\r\n                            <source srcset=\"https:\/\/acampa-vacances.com\/wp-content\/uploads\/2024\/11\/c-2.png.webp\" media=\"(max-width: 850px)\">\r\n                            <source srcset=\"https:\/\/acampa-vacances.com\/wp-content\/uploads\/2024\/11\/c-2.png.webp\" media=\"(max-width: 1024px)\">\r\n                            <source srcset=\"https:\/\/acampa-vacances.com\/wp-content\/uploads\/2024\/11\/c-2.png.webp\" media=\"(min-width: 1025px)\">\r\n\r\n                            <img loading=\"lazy\" decoding=\"async\" src=\"https:\/\/acampa-vacances.com\/wp-content\/uploads\/2024\/11\/c-2.png.webp\" width=\"420\" height=\"210\" alt=\"\" title=\"\">\r\n                        <\/picture>\r\n                    <\/figure>\r\n                <\/div>\r\n                <div class=\"group texte\">\r\n                    \r\n                    <p class=\"h3\">Drei Schl\u00f6sser, die Sie in der N\u00e4he von Hy\u00e8res besuchen k\u00f6nnen<\/p>\r\n                    <p class=\"post__item__description\">\r\n                                                Entdecken Sie 3 Schl\u00f6sser, die Sie in der N\u00e4he von Hy\u00e8res besuchen k\u00f6nnen. Wenn Sie Ihren Urlaub in der Region Var verbringen, haben wir drei der [&#8230;]                    <\/p>\r\n\r\n                    <div class=\"buttons\">\r\n                        <a href=\"https:\/\/acampa-vacances.com\/de\/blog\/zoomen-sie-auf-drei-burgen-die-sie-in-der-nahe-von-hyeres-besichtigen-mochten\/\" class=\"buttons__btn\">Entdecken Sie<\/a>\r\n                    <\/div>\r\n                <\/div>\r\n            <\/div>\r\n\r\n        \r\n            <div class=\"columns__item post__item f-carousel__slide\" >\r\n                <div class=\"gallery\">\r\n                    <figure class=\"gallery__item\">\r\n                        <picture>\r\n                            <source srcset=\"https:\/\/acampa-vacances.com\/wp-content\/uploads\/2024\/11\/marches-provence-420x420.jpg.webp\" media=\"(max-width: 210px)\">\r\n                            <source srcset=\"https:\/\/acampa-vacances.com\/wp-content\/uploads\/2024\/11\/marches-provence-850x568.jpg.webp\" media=\"(max-width: 420px)\">\r\n                            <source srcset=\"https:\/\/acampa-vacances.com\/wp-content\/uploads\/2024\/11\/marches-provence-768x513.jpg.webp\" media=\"(max-width: 850px)\">\r\n                            <source srcset=\"https:\/\/acampa-vacances.com\/wp-content\/uploads\/2024\/11\/marches-provence.jpg.webp\" media=\"(max-width: 1024px)\">\r\n                            <source srcset=\"https:\/\/acampa-vacances.com\/wp-content\/uploads\/2024\/11\/marches-provence.jpg.webp\" media=\"(min-width: 1025px)\">\r\n\r\n                            <img loading=\"lazy\" decoding=\"async\" src=\"https:\/\/acampa-vacances.com\/wp-content\/uploads\/2024\/11\/marches-provence-420x420.jpg.webp\" width=\"420\" height=\"210\" alt=\"\" title=\"\">\r\n                        <\/picture>\r\n                    <\/figure>\r\n                <\/div>\r\n                <div class=\"group texte\">\r\n                    \r\n                    <p class=\"h3\">Die sch\u00f6nsten M\u00e4rkte der Provence<\/p>\r\n                    <p class=\"post__item__description\">\r\n                                                Die sch\u00f6nsten M\u00e4rkte der Provence In der Provence finden Sie M\u00e4rkte, von denen einer sch\u00f6ner ist als der andere. Wir haben einige davon f\u00fcr Sie [&#8230;]                    <\/p>\r\n\r\n                    <div class=\"buttons\">\r\n                        <a href=\"https:\/\/acampa-vacances.com\/de\/blog\/die-schonsten-provenzalischen-marsche\/\" class=\"buttons__btn\">Entdecken Sie<\/a>\r\n                    <\/div>\r\n                <\/div>\r\n            <\/div>\r\n\r\n        \r\n            <div class=\"columns__item post__item f-carousel__slide\" >\r\n                <div class=\"gallery\">\r\n                    <figure class=\"gallery__item\">\r\n                        <picture>\r\n                            <source srcset=\"https:\/\/acampa-vacances.com\/wp-content\/uploads\/2024\/12\/fondation-carmignac-porquerolles-1.jpg.webp\" media=\"(max-width: 210px)\">\r\n                            <source srcset=\"https:\/\/acampa-vacances.com\/wp-content\/uploads\/2024\/12\/fondation-carmignac-porquerolles-1.jpg.webp\" media=\"(max-width: 420px)\">\r\n                            <source srcset=\"https:\/\/acampa-vacances.com\/wp-content\/uploads\/2024\/12\/fondation-carmignac-porquerolles-1.jpg.webp\" media=\"(max-width: 850px)\">\r\n                            <source srcset=\"https:\/\/acampa-vacances.com\/wp-content\/uploads\/2024\/12\/fondation-carmignac-porquerolles-1.jpg.webp\" media=\"(max-width: 1024px)\">\r\n                            <source srcset=\"https:\/\/acampa-vacances.com\/wp-content\/uploads\/2024\/12\/fondation-carmignac-porquerolles-1.jpg.webp\" media=\"(min-width: 1025px)\">\r\n\r\n                            <img loading=\"lazy\" decoding=\"async\" src=\"https:\/\/acampa-vacances.com\/wp-content\/uploads\/2024\/12\/fondation-carmignac-porquerolles-1.jpg.webp\" width=\"420\" height=\"210\" alt=\"\" title=\"\">\r\n                        <\/picture>\r\n                    <\/figure>\r\n                <\/div>\r\n                <div class=\"group texte\">\r\n                    \r\n                    <p class=\"h3\">Denkm\u00e4ler und kulturelle Sehensw\u00fcrdigkeiten<\/p>\r\n                    <p class=\"post__item__description\">\r\n                                                Sehensw\u00fcrdigkeiten und Kulturst\u00e4tten, die es in Var zu entdecken gilt! (Episode 2) Dank ihrer vielen paradiesischen Ecken ist die C\u00f4te d&#8217;Azur jedes [&#8230;]                    <\/p>\r\n\r\n                    <div class=\"buttons\">\r\n                        <a href=\"https:\/\/acampa-vacances.com\/de\/blog\/die-monumente-und-kulturstatten-zu-entdecken-in-der-var-episode-2\/\" class=\"buttons__btn\">Entdecken Sie<\/a>\r\n                    <\/div>\r\n                <\/div>\r\n            <\/div>\r\n\r\n        \r\n            <div class=\"columns__item post__item f-carousel__slide\" >\r\n                <div class=\"gallery\">\r\n                    <figure class=\"gallery__item\">\r\n                        <picture>\r\n                            <source srcset=\"https:\/\/acampa-vacances.com\/wp-content\/uploads\/2024\/12\/AdobeStock_464888112-420x270.jpeg\" media=\"(max-width: 210px)\">\r\n                            <source srcset=\"https:\/\/acampa-vacances.com\/wp-content\/uploads\/2024\/12\/AdobeStock_464888112.jpeg\" media=\"(max-width: 420px)\">\r\n                            <source srcset=\"https:\/\/acampa-vacances.com\/wp-content\/uploads\/2024\/12\/AdobeStock_464888112.jpeg\" media=\"(max-width: 850px)\">\r\n                            <source srcset=\"https:\/\/acampa-vacances.com\/wp-content\/uploads\/2024\/12\/AdobeStock_464888112.jpeg\" media=\"(max-width: 1024px)\">\r\n                            <source srcset=\"https:\/\/acampa-vacances.com\/wp-content\/uploads\/2024\/12\/AdobeStock_464888112.jpeg\" media=\"(min-width: 1025px)\">\r\n\r\n                            <img loading=\"lazy\" decoding=\"async\" src=\"https:\/\/acampa-vacances.com\/wp-content\/uploads\/2024\/12\/AdobeStock_464888112-420x270.jpeg\" width=\"420\" height=\"210\" alt=\"\" title=\"\">\r\n                        <\/picture>\r\n                    <\/figure>\r\n                <\/div>\r\n                <div class=\"group texte\">\r\n                    \r\n                    <p class=\"h3\">Die 5 sch\u00f6nsten Wanderungen in Hy\u00e8res<\/p>\r\n                    <p class=\"post__item__description\">\r\n                                                Die 5 sch\u00f6nsten Wanderungen in Hy\u00e8res Im Var gibt es viele Aktivit\u00e4ten, die Sie unternehmen k\u00f6nnen, wie z.B. Wandern. Die Natur des Var ist [&#8230;]                    <\/p>\r\n\r\n                    <div class=\"buttons\">\r\n                        <a href=\"https:\/\/acampa-vacances.com\/de\/blog\/die-5-schonsten-wanderungen-in-hyeres\/\" class=\"buttons__btn\">Entdecken Sie<\/a>\r\n                    <\/div>\r\n                <\/div>\r\n            <\/div>\r\n\r\n        \r\n            <div class=\"columns__item post__item f-carousel__slide\" >\r\n                <div class=\"gallery\">\r\n                    <figure class=\"gallery__item\">\r\n                        <picture>\r\n                            <source srcset=\"https:\/\/acampa-vacances.com\/wp-content\/uploads\/2024\/11\/OTPM_008188_BD-420x420.jpg.webp\" media=\"(max-width: 210px)\">\r\n                            <source srcset=\"https:\/\/acampa-vacances.com\/wp-content\/uploads\/2024\/11\/OTPM_008188_BD-850x564.jpg.webp\" media=\"(max-width: 420px)\">\r\n                            <source srcset=\"https:\/\/acampa-vacances.com\/wp-content\/uploads\/2024\/11\/OTPM_008188_BD-768x510.jpg.webp\" media=\"(max-width: 850px)\">\r\n                            <source srcset=\"https:\/\/acampa-vacances.com\/wp-content\/uploads\/2024\/11\/OTPM_008188_BD-1024x680.jpg.webp\" media=\"(max-width: 1024px)\">\r\n                            <source srcset=\"https:\/\/acampa-vacances.com\/wp-content\/uploads\/2024\/11\/OTPM_008188_BD.jpg.webp\" media=\"(min-width: 1025px)\">\r\n\r\n                            <img loading=\"lazy\" decoding=\"async\" src=\"https:\/\/acampa-vacances.com\/wp-content\/uploads\/2024\/11\/OTPM_008188_BD-420x420.jpg.webp\" width=\"420\" height=\"210\" alt=\"\" title=\"\">\r\n                        <\/picture>\r\n                    <\/figure>\r\n                <\/div>\r\n                <div class=\"group texte\">\r\n                    \r\n                    <p class=\"h3\">Die sch\u00f6nsten Str\u00e4nde in Hy\u00e8res und Giens<\/p>\r\n                    <p class=\"post__item__description\">\r\n                                                Kleine Tour zu den sch\u00f6nsten Str\u00e4nden von Hy\u00e8res &#8211; Var 83 &#8211; Presqu&#8217;\u00eele de Giens Familienstr\u00e4nde, schattige Str\u00e4nde, Sand- oder Kieselstr\u00e4nde, [&#8230;]                    <\/p>\r\n\r\n                    <div class=\"buttons\">\r\n                        <a href=\"https:\/\/acampa-vacances.com\/de\/blog\/die-schonsten-strande-in-hyeres-und-sur-presquile-de-giens-var-83\/\" class=\"buttons__btn\">Entdecken Sie<\/a>\r\n                    <\/div>\r\n                <\/div>\r\n            <\/div>\r\n\r\n        \r\n            <div class=\"columns__item post__item f-carousel__slide\" >\r\n                <div class=\"gallery\">\r\n                    <figure class=\"gallery__item\">\r\n                        <picture>\r\n                            <source srcset=\"https:\/\/acampa-vacances.com\/wp-content\/uploads\/2024\/11\/lesterel-1.jpg.webp\" media=\"(max-width: 210px)\">\r\n                            <source srcset=\"https:\/\/acampa-vacances.com\/wp-content\/uploads\/2024\/11\/lesterel-1.jpg.webp\" media=\"(max-width: 420px)\">\r\n                            <source srcset=\"https:\/\/acampa-vacances.com\/wp-content\/uploads\/2024\/11\/lesterel-1.jpg.webp\" media=\"(max-width: 850px)\">\r\n                            <source srcset=\"https:\/\/acampa-vacances.com\/wp-content\/uploads\/2024\/11\/lesterel-1.jpg.webp\" media=\"(max-width: 1024px)\">\r\n                            <source srcset=\"https:\/\/acampa-vacances.com\/wp-content\/uploads\/2024\/11\/lesterel-1.jpg.webp\" media=\"(min-width: 1025px)\">\r\n\r\n                            <img loading=\"lazy\" decoding=\"async\" src=\"https:\/\/acampa-vacances.com\/wp-content\/uploads\/2024\/11\/lesterel-1.jpg.webp\" width=\"420\" height=\"210\" alt=\"\" title=\"\">\r\n                        <\/picture>\r\n                    <\/figure>\r\n                <\/div>\r\n                <div class=\"group texte\">\r\n                    \r\n                    <p class=\"h3\">Die geheimen und mysteri\u00f6sen D\u00f6rfer des Var<\/p>\r\n                    <p class=\"post__item__description\">\r\n                                                Die geheimen und mysteri\u00f6sen D\u00f6rfer des Var Jedes Jahr fahren Tausende von Urlaubern durch die Stra\u00dfen des Var auf der Suche nach wundersch\u00f6nen [&#8230;]                    <\/p>\r\n\r\n                    <div class=\"buttons\">\r\n                        <a href=\"https:\/\/acampa-vacances.com\/de\/blog\/die-geheimen-und-geheimnisvollen-dorfer-von-var\/\" class=\"buttons__btn\">Entdecken Sie<\/a>\r\n                    <\/div>\r\n                <\/div>\r\n            <\/div>\r\n\r\n        \r\n            <div class=\"columns__item post__item f-carousel__slide\" >\r\n                <div class=\"gallery\">\r\n                    <figure class=\"gallery__item\">\r\n                        <picture>\r\n                            <source srcset=\"https:\/\/acampa-vacances.com\/wp-content\/uploads\/2024\/11\/mine-1-2.jpg.webp\" media=\"(max-width: 210px)\">\r\n                            <source srcset=\"https:\/\/acampa-vacances.com\/wp-content\/uploads\/2024\/11\/mine-1-2.jpg.webp\" media=\"(max-width: 420px)\">\r\n                            <source srcset=\"https:\/\/acampa-vacances.com\/wp-content\/uploads\/2024\/11\/mine-1-2.jpg.webp\" media=\"(max-width: 850px)\">\r\n                            <source srcset=\"https:\/\/acampa-vacances.com\/wp-content\/uploads\/2024\/11\/mine-1-2.jpg.webp\" media=\"(max-width: 1024px)\">\r\n                            <source srcset=\"https:\/\/acampa-vacances.com\/wp-content\/uploads\/2024\/11\/mine-1-2.jpg.webp\" media=\"(min-width: 1025px)\">\r\n\r\n                            <img loading=\"lazy\" decoding=\"async\" src=\"https:\/\/acampa-vacances.com\/wp-content\/uploads\/2024\/11\/mine-1-2.jpg.webp\" width=\"420\" height=\"210\" alt=\"\" title=\"\">\r\n                        <\/picture>\r\n                    <\/figure>\r\n                <\/div>\r\n                <div class=\"group texte\">\r\n                    \r\n                    <p class=\"h3\">Besuchen Sie drei Museen<\/p>\r\n                    <p class=\"post__item__description\">\r\n                                                Besuchen Sie 3 Museen w\u00e4hrend Ihres n\u00e4chsten Urlaubs im Departement Var! Durch die S\u00e4le schlendern, st\u00f6bern, entdecken, seine Neugierde stillen&#8230; [&#8230;]                    <\/p>\r\n\r\n                    <div class=\"buttons\">\r\n                        <a href=\"https:\/\/acampa-vacances.com\/de\/blog\/besuchen-sie-3-museen-wahrend-ihres-nachsten-urlaubs-in-der-var\/\" class=\"buttons__btn\">Entdecken Sie<\/a>\r\n                    <\/div>\r\n                <\/div>\r\n            <\/div>\r\n\r\n        \r\n            <div class=\"columns__item post__item f-carousel__slide\" >\r\n                <div class=\"gallery\">\r\n                    <figure class=\"gallery__item\">\r\n                        <picture>\r\n                            <source srcset=\"https:\/\/acampa-vacances.com\/wp-content\/uploads\/2026\/03\/ile-porquerolles-420x420.jpg.webp\" media=\"(max-width: 210px)\">\r\n                            <source srcset=\"https:\/\/acampa-vacances.com\/wp-content\/uploads\/2026\/03\/ile-porquerolles-850x478.jpg.webp\" media=\"(max-width: 420px)\">\r\n                            <source srcset=\"https:\/\/acampa-vacances.com\/wp-content\/uploads\/2026\/03\/ile-porquerolles-768x432.jpg.webp\" media=\"(max-width: 850px)\">\r\n                            <source srcset=\"https:\/\/acampa-vacances.com\/wp-content\/uploads\/2026\/03\/ile-porquerolles.jpg.webp\" media=\"(max-width: 1024px)\">\r\n                            <source srcset=\"https:\/\/acampa-vacances.com\/wp-content\/uploads\/2026\/03\/ile-porquerolles.jpg.webp\" media=\"(min-width: 1025px)\">\r\n\r\n                            <img loading=\"lazy\" decoding=\"async\" src=\"https:\/\/acampa-vacances.com\/wp-content\/uploads\/2026\/03\/ile-porquerolles-420x420.jpg.webp\" width=\"420\" height=\"210\" alt=\"\" title=\"\">\r\n                        <\/picture>\r\n                    <\/figure>\r\n                <\/div>\r\n                <div class=\"group texte\">\r\n                    \r\n                    <p class=\"h3\">Zu den Goldenen Inseln<\/p>\r\n                    <p class=\"post__item__description\">\r\n                                                Zu den Goldenen Inseln In diesem Artikel nehmen wir Sie mit auf die Iles d&#8217;Hy\u00e8res, die auch die Goldenen Inseln genannt werden. Der Archipel der Iles [&#8230;]                    <\/p>\r\n\r\n                    <div class=\"buttons\">\r\n                        <a href=\"https:\/\/acampa-vacances.com\/de\/blog\/richtung-zu-den-goldinseln\/\" class=\"buttons__btn\">Entdecken Sie<\/a>\r\n                    <\/div>\r\n                <\/div>\r\n            <\/div>\r\n\r\n        \r\n            <div class=\"columns__item post__item f-carousel__slide\" >\r\n                <div class=\"gallery\">\r\n                    <figure class=\"gallery__item\">\r\n                        <picture>\r\n                            <source srcset=\"https:\/\/acampa-vacances.com\/wp-content\/uploads\/2024\/11\/domaine-vignes-vignobles-vins-var-provence-porquerolle-camping-300x179-2.jpg.webp\" media=\"(max-width: 210px)\">\r\n                            <source srcset=\"https:\/\/acampa-vacances.com\/wp-content\/uploads\/2024\/11\/domaine-vignes-vignobles-vins-var-provence-porquerolle-camping-300x179-2.jpg.webp\" media=\"(max-width: 420px)\">\r\n                            <source srcset=\"https:\/\/acampa-vacances.com\/wp-content\/uploads\/2024\/11\/domaine-vignes-vignobles-vins-var-provence-porquerolle-camping-300x179-2.jpg.webp\" media=\"(max-width: 850px)\">\r\n                            <source srcset=\"https:\/\/acampa-vacances.com\/wp-content\/uploads\/2024\/11\/domaine-vignes-vignobles-vins-var-provence-porquerolle-camping-300x179-2.jpg.webp\" media=\"(max-width: 1024px)\">\r\n                            <source srcset=\"https:\/\/acampa-vacances.com\/wp-content\/uploads\/2024\/11\/domaine-vignes-vignobles-vins-var-provence-porquerolle-camping-300x179-2.jpg.webp\" media=\"(min-width: 1025px)\">\r\n\r\n                            <img loading=\"lazy\" decoding=\"async\" src=\"https:\/\/acampa-vacances.com\/wp-content\/uploads\/2024\/11\/domaine-vignes-vignobles-vins-var-provence-porquerolle-camping-300x179-2.jpg.webp\" width=\"420\" height=\"210\" alt=\"\" title=\"\">\r\n                        <\/picture>\r\n                    <\/figure>\r\n                <\/div>\r\n                <div class=\"group texte\">\r\n                    \r\n                    <p class=\"h3\">3 Weing\u00fcter und Weinberge in der N\u00e4he von Hy\u00e8res<\/p>\r\n                    <p class=\"post__item__description\">\r\n                                                Drei Weing\u00fcter und Weinberge in der N\u00e4he von Hy\u00e8res Weinstra\u00dfe in der N\u00e4he von Hy\u00e8res Die Weinstra\u00dfe der Provence f\u00fchrt Sie \u00fcber 200 [&#8230;]                    <\/p>\r\n\r\n                    <div class=\"buttons\">\r\n                        <a href=\"https:\/\/acampa-vacances.com\/de\/blog\/trois-domaines-und-weinberge-in-der-nahe-von-hyeres\/\" class=\"buttons__btn\">Entdecken Sie<\/a>\r\n                    <\/div>\r\n                <\/div>\r\n            <\/div>\r\n\r\n        \r\n    <\/div>\r\n\r\n    <div class=\"group sec-30\"><figure class=\"pinceaux\"><picture><source srcset=\"https:\/\/acampa-vacances.com\/wp-content\/uploads\/2024\/11\/pinceaux-acampa-420x420.webp\" media=\"(max-width: 210px)\"><source srcset=\"https:\/\/acampa-vacances.com\/wp-content\/uploads\/2024\/11\/pinceaux-acampa-567x850.webp\" media=\"(max-width: 420px)\"><source srcset=\"https:\/\/acampa-vacances.com\/wp-content\/uploads\/2024\/11\/pinceaux-acampa-768x1152.webp\" media=\"(max-width: 850px)\"><source srcset=\"https:\/\/acampa-vacances.com\/wp-content\/uploads\/2024\/11\/pinceaux-acampa-683x1024.webp\" media=\"(max-width: 1024px)\"><source srcset=\"https:\/\/acampa-vacances.com\/wp-content\/uploads\/2024\/11\/pinceaux-acampa.webp\" media=\"(min-width: 1025px)\"><img decoding=\"async\" src=\"https:\/\/acampa-vacances.com\/wp-content\/uploads\/2024\/11\/pinceaux-acampa-420x420.webp\" width=\"420\" height=\"210\" loading=\"lazy\" alt=\"\" title=\"\"><\/picture><\/figure><h2 class=\"inline\">Saveurs de Hy\u00e8res: <span class=\"fc-span\">eine kulinarische Reise in die Provence<\/span><\/h2><p>Die Gastronomie von Hy\u00e8res spiegelt den Reichtum der Region und die Authentizit\u00e4t der Provence wider. Zwischen den farbenfrohen M\u00e4rkten, auf denen sonnenverw\u00f6hnte Fr\u00fcchte, duftendes Oliven\u00f6l und aromatische Kr\u00e4uter angeboten werden, und den Restaurants, die traditionelle Rezepte anbieten, ist jede Mahlzeit ein Erlebnis f\u00fcr die Sinne. <\/p><div class=\"columns\" style=\"align-items:center;\"><div class=\"columns__item media fade-left\" style=\"align-self:center;\"><div class=\"gallery\"><figure class=\"gallery__item ombre gauche\"><picture><source srcset=\"https:\/\/acampa-vacances.com\/wp-content\/uploads\/2024\/12\/AdobeStock_505097689-1-420x420.jpeg.webp\" media=\"(max-width: 210px)\"><source srcset=\"https:\/\/acampa-vacances.com\/wp-content\/uploads\/2024\/12\/AdobeStock_505097689-1-680x850.jpeg.webp\" media=\"(max-width: 420px)\"><source srcset=\"https:\/\/acampa-vacances.com\/wp-content\/uploads\/2024\/12\/AdobeStock_505097689-1-768x960.jpeg.webp\" media=\"(max-width: 850px)\"><source srcset=\"https:\/\/acampa-vacances.com\/wp-content\/uploads\/2024\/12\/AdobeStock_505097689-1-819x1024.jpeg.webp\" media=\"(max-width: 1024px)\"><source srcset=\"https:\/\/acampa-vacances.com\/wp-content\/uploads\/2024\/12\/AdobeStock_505097689-1.jpeg.webp\" media=\"(min-width: 1025px)\"><img decoding=\"async\" src=\"https:\/\/acampa-vacances.com\/wp-content\/uploads\/2024\/12\/AdobeStock_505097689-1-420x420.jpeg.webp\" width=\"420\" height=\"210\" alt=\"Chef&#039;s hands pouring gourmet healthy dish with green sauce\" loading=\"lazy\" title=\"\"><\/picture><\/figure><\/div><\/div><div class=\"columns__item texte fade-right\" style=\"align-self:center;\"><h3>D\u00e9lices de Hy\u00e8res: <span class=\"fc-span\">Provenzalische Aromen<\/span><\/h3><p>Genie\u00dfen Sie eine schmackhafte Bouillabaisse, einen Gem\u00fcseeintopf oder fangfrische Fischspezialit\u00e4ten.<\/p><div class=\"lireplus fc-desk\"><p>Lesen Sie mehr<\/p><div class=\"group\"><p>Verpassen Sie nicht die lokalen S\u00fc\u00dfigkeiten wie Calissons oder Lavendelhonig, die perfekt f\u00fcr eine s\u00fc\u00dfe Note sind.<\/p><p>In Hy\u00e8res erz\u00e4hlt jeder Bissen eine Geschichte von Geschmack und Traditionen.<\/p><\/div><\/div><\/div><\/div><\/div><p class=\"h3 inline\">Entdecken Sie<span class=\"fc-span\"> die gesamte Gastronomie<\/span><\/p>    <div class=\"columns align-full nbr-col-1 f-carousel fc-diapo slided__post\">\r\n\r\n        \r\n            <div class=\"columns__item post__item f-carousel__slide\" >\r\n                <div class=\"gallery\">\r\n                    <figure class=\"gallery__item\">\r\n                        <picture>\r\n                            <source srcset=\"https:\/\/acampa-vacances.com\/wp-content\/uploads\/2024\/11\/PICH-INTERIEUR-ARTICLE-768x512px.jpg.webp\" media=\"(max-width: 210px)\">\r\n                            <source srcset=\"https:\/\/acampa-vacances.com\/wp-content\/uploads\/2024\/11\/PICH-INTERIEUR-ARTICLE-768x512px.jpg.webp\" media=\"(max-width: 420px)\">\r\n                            <source srcset=\"https:\/\/acampa-vacances.com\/wp-content\/uploads\/2024\/11\/PICH-INTERIEUR-ARTICLE-768x512px.jpg.webp\" media=\"(max-width: 850px)\">\r\n                            <source srcset=\"https:\/\/acampa-vacances.com\/wp-content\/uploads\/2024\/11\/PICH-INTERIEUR-ARTICLE-768x512px.jpg.webp\" media=\"(max-width: 1024px)\">\r\n                            <source srcset=\"https:\/\/acampa-vacances.com\/wp-content\/uploads\/2024\/11\/PICH-INTERIEUR-ARTICLE-768x512px.jpg.webp\" media=\"(min-width: 1025px)\">\r\n\r\n                            <img loading=\"lazy\" decoding=\"async\" src=\"https:\/\/acampa-vacances.com\/wp-content\/uploads\/2024\/11\/PICH-INTERIEUR-ARTICLE-768x512px.jpg.webp\" width=\"420\" height=\"210\" alt=\"\" title=\"\">\r\n                        <\/picture>\r\n                    <\/figure>\r\n                <\/div>\r\n                <div class=\"group texte\">\r\n                    \r\n                    <p class=\"h3\">Die Gastronomie in Giens<\/p>\r\n                    <p class=\"post__item__description\">\r\n                                                Lokale Gastronomie Der Sommer kommt und die Marktst\u00e4nde bieten uns wunderbare Farben. Die Produkte der Provence sind nicht nur Urlaubssouvenirs, sie [&#8230;]                    <\/p>\r\n\r\n                    <div class=\"buttons\">\r\n                        <a href=\"https:\/\/acampa-vacances.com\/de\/blog\/gastronomie-a-giens\/\" class=\"buttons__btn\">Entdecken Sie<\/a>\r\n                    <\/div>\r\n                <\/div>\r\n            <\/div>\r\n\r\n        \r\n            <div class=\"columns__item post__item f-carousel__slide\" >\r\n                <div class=\"gallery\">\r\n                    <figure class=\"gallery__item\">\r\n                        <picture>\r\n                            <source srcset=\"https:\/\/acampa-vacances.com\/wp-content\/uploads\/2024\/11\/campingshyeres-art-gastronomie-chapon-farci.jpg.webp\" media=\"(max-width: 210px)\">\r\n                            <source srcset=\"https:\/\/acampa-vacances.com\/wp-content\/uploads\/2024\/11\/campingshyeres-art-gastronomie-chapon-farci.jpg.webp\" media=\"(max-width: 420px)\">\r\n                            <source srcset=\"https:\/\/acampa-vacances.com\/wp-content\/uploads\/2024\/11\/campingshyeres-art-gastronomie-chapon-farci.jpg.webp\" media=\"(max-width: 850px)\">\r\n                            <source srcset=\"https:\/\/acampa-vacances.com\/wp-content\/uploads\/2024\/11\/campingshyeres-art-gastronomie-chapon-farci.jpg.webp\" media=\"(max-width: 1024px)\">\r\n                            <source srcset=\"https:\/\/acampa-vacances.com\/wp-content\/uploads\/2024\/11\/campingshyeres-art-gastronomie-chapon-farci.jpg.webp\" media=\"(min-width: 1025px)\">\r\n\r\n                            <img loading=\"lazy\" decoding=\"async\" src=\"https:\/\/acampa-vacances.com\/wp-content\/uploads\/2024\/11\/campingshyeres-art-gastronomie-chapon-farci.jpg.webp\" width=\"420\" height=\"210\" alt=\"\" title=\"\">\r\n                        <\/picture>\r\n                    <\/figure>\r\n                <\/div>\r\n                <div class=\"group texte\">\r\n                    \r\n                    <p class=\"h3\">Hyeresische Gastronomie<\/p>\r\n                    <p class=\"post__item__description\">\r\n                                                Hyeresische Gastronomie Kitesurfen oder Tauchen, Fahrradtouren entlang der K\u00fcste der Halbinsel Giens, Segelausfl\u00fcge nach Port-Cros und Porquerolles, [&#8230;]                    <\/p>\r\n\r\n                    <div class=\"buttons\">\r\n                        <a href=\"https:\/\/acampa-vacances.com\/de\/blog\/gastronomie-in-hyeroise\/\" class=\"buttons__btn\">Entdecken Sie<\/a>\r\n                    <\/div>\r\n                <\/div>\r\n            <\/div>\r\n\r\n        \r\n            <div class=\"columns__item post__item f-carousel__slide\" >\r\n                <div class=\"gallery\">\r\n                    <figure class=\"gallery__item\">\r\n                        <picture>\r\n                            <source srcset=\"https:\/\/acampa-vacances.com\/wp-content\/uploads\/2024\/11\/8659261-diaporama-350x233-1.jpg.webp\" media=\"(max-width: 210px)\">\r\n                            <source srcset=\"https:\/\/acampa-vacances.com\/wp-content\/uploads\/2024\/11\/8659261-diaporama-350x233-1.jpg.webp\" media=\"(max-width: 420px)\">\r\n                            <source srcset=\"https:\/\/acampa-vacances.com\/wp-content\/uploads\/2024\/11\/8659261-diaporama-350x233-1.jpg.webp\" media=\"(max-width: 850px)\">\r\n                            <source srcset=\"https:\/\/acampa-vacances.com\/wp-content\/uploads\/2024\/11\/8659261-diaporama-350x233-1.jpg.webp\" media=\"(max-width: 1024px)\">\r\n                            <source srcset=\"https:\/\/acampa-vacances.com\/wp-content\/uploads\/2024\/11\/8659261-diaporama-350x233-1.jpg.webp\" media=\"(min-width: 1025px)\">\r\n\r\n                            <img loading=\"lazy\" decoding=\"async\" src=\"https:\/\/acampa-vacances.com\/wp-content\/uploads\/2024\/11\/8659261-diaporama-350x233-1.jpg.webp\" width=\"420\" height=\"210\" alt=\"\" title=\"\">\r\n                        <\/picture>\r\n                    <\/figure>\r\n                <\/div>\r\n                <div class=\"group texte\">\r\n                    \r\n                    <p class=\"h3\">Lokale Gastronomie<\/p>\r\n                    <p class=\"post__item__description\">\r\n                                                Lokale Gastronomie Einige Meeresspezialit\u00e4ten. Der S\u00fcden ist ein Synonym f\u00fcr Frische, Meer und Urlaub. Wenn man an den S\u00fcden denkt, denkt man [&#8230;]                    <\/p>\r\n\r\n                    <div class=\"buttons\">\r\n                        <a href=\"https:\/\/acampa-vacances.com\/de\/blog\/lokale-gastronomie\/\" class=\"buttons__btn\">Entdecken Sie<\/a>\r\n                    <\/div>\r\n                <\/div>\r\n            <\/div>\r\n\r\n        \r\n            <div class=\"columns__item post__item f-carousel__slide\" >\r\n                <div class=\"gallery\">\r\n                    <figure class=\"gallery__item\">\r\n                        <picture>\r\n                            <source srcset=\"https:\/\/acampa-vacances.com\/wp-content\/uploads\/2024\/11\/Image1-2.jpg.webp\" media=\"(max-width: 210px)\">\r\n                            <source srcset=\"https:\/\/acampa-vacances.com\/wp-content\/uploads\/2024\/11\/Image1-2.jpg.webp\" media=\"(max-width: 420px)\">\r\n                            <source srcset=\"https:\/\/acampa-vacances.com\/wp-content\/uploads\/2024\/11\/Image1-2.jpg.webp\" media=\"(max-width: 850px)\">\r\n                            <source srcset=\"https:\/\/acampa-vacances.com\/wp-content\/uploads\/2024\/11\/Image1-2.jpg.webp\" media=\"(max-width: 1024px)\">\r\n                            <source srcset=\"https:\/\/acampa-vacances.com\/wp-content\/uploads\/2024\/11\/Image1-2.jpg.webp\" media=\"(min-width: 1025px)\">\r\n\r\n                            <img loading=\"lazy\" decoding=\"async\" src=\"https:\/\/acampa-vacances.com\/wp-content\/uploads\/2024\/11\/Image1-2.jpg.webp\" width=\"420\" height=\"210\" alt=\"\" title=\"\">\r\n                        <\/picture>\r\n                    <\/figure>\r\n                <\/div>\r\n                <div class=\"group texte\">\r\n                    \r\n                    <p class=\"h3\">Entdeckung der Brauereien des Departements Var<\/p>\r\n                    <p class=\"post__item__description\">\r\n                                                Entdecken Sie die Brauereien &#8211; Var 83 &#8211; Presqu&#8217;\u00eele de Giens Das Var wird oft mit Wein in Verbindung gebracht, aber man sollte nicht vergessen, dass [&#8230;]                    <\/p>\r\n\r\n                    <div class=\"buttons\">\r\n                        <a href=\"https:\/\/acampa-vacances.com\/de\/blog\/entdeckung-von-varois-brewers-hyeres-var-83-presquile-de-giens\/\" class=\"buttons__btn\">Entdecken Sie<\/a>\r\n                    <\/div>\r\n                <\/div>\r\n            <\/div>\r\n\r\n        \r\n            <div class=\"columns__item post__item f-carousel__slide\" >\r\n                <div class=\"gallery\">\r\n                    <figure class=\"gallery__item\">\r\n                        <picture>\r\n                            <source srcset=\"https:\/\/acampa-vacances.com\/wp-content\/uploads\/2024\/11\/Image2-2.jpg.webp\" media=\"(max-width: 210px)\">\r\n                            <source srcset=\"https:\/\/acampa-vacances.com\/wp-content\/uploads\/2024\/11\/Image2-2.jpg.webp\" media=\"(max-width: 420px)\">\r\n                            <source srcset=\"https:\/\/acampa-vacances.com\/wp-content\/uploads\/2024\/11\/Image2-2.jpg.webp\" media=\"(max-width: 850px)\">\r\n                            <source srcset=\"https:\/\/acampa-vacances.com\/wp-content\/uploads\/2024\/11\/Image2-2.jpg.webp\" media=\"(max-width: 1024px)\">\r\n                            <source srcset=\"https:\/\/acampa-vacances.com\/wp-content\/uploads\/2024\/11\/Image2-2.jpg.webp\" media=\"(min-width: 1025px)\">\r\n\r\n                            <img loading=\"lazy\" decoding=\"async\" src=\"https:\/\/acampa-vacances.com\/wp-content\/uploads\/2024\/11\/Image2-2.jpg.webp\" width=\"420\" height=\"210\" alt=\"\" title=\"\">\r\n                        <\/picture>\r\n                    <\/figure>\r\n                <\/div>\r\n                <div class=\"group texte\">\r\n                    \r\n                    <p class=\"h3\">Entdeckung der provenzalischen Weinberge<\/p>\r\n                    <p class=\"post__item__description\">\r\n                                                Entdeckung der provenzalischen Weinberge &#8211; Hy\u00e8res Var 83 Weing\u00fcter &amp; Entdeckungen &#8211; Var 83 &#8211; Presqu&#8217;\u00eele de Giens In diesem Monat m\u00f6chten wir [&#8230;]                    <\/p>\r\n\r\n                    <div class=\"buttons\">\r\n                        <a href=\"https:\/\/acampa-vacances.com\/de\/blog\/entdeckung-der-provencaux-weinberge-hyeres-var-83\/\" class=\"buttons__btn\">Entdecken Sie<\/a>\r\n                    <\/div>\r\n                <\/div>\r\n            <\/div>\r\n\r\n        \r\n            <div class=\"columns__item post__item f-carousel__slide\" >\r\n                <div class=\"gallery\">\r\n                    <figure class=\"gallery__item\">\r\n                        <picture>\r\n                            <source srcset=\"https:\/\/acampa-vacances.com\/wp-content\/uploads\/2024\/12\/Image1-1.jpg.webp\" media=\"(max-width: 210px)\">\r\n                            <source srcset=\"https:\/\/acampa-vacances.com\/wp-content\/uploads\/2024\/12\/Image1-1.jpg.webp\" media=\"(max-width: 420px)\">\r\n                            <source srcset=\"https:\/\/acampa-vacances.com\/wp-content\/uploads\/2024\/12\/Image1-1.jpg.webp\" media=\"(max-width: 850px)\">\r\n                            <source srcset=\"https:\/\/acampa-vacances.com\/wp-content\/uploads\/2024\/12\/Image1-1.jpg.webp\" media=\"(max-width: 1024px)\">\r\n                            <source srcset=\"https:\/\/acampa-vacances.com\/wp-content\/uploads\/2024\/12\/Image1-1.jpg.webp\" media=\"(min-width: 1025px)\">\r\n\r\n                            <img loading=\"lazy\" decoding=\"async\" src=\"https:\/\/acampa-vacances.com\/wp-content\/uploads\/2024\/12\/Image1-1.jpg.webp\" width=\"420\" height=\"210\" alt=\"\" title=\"\">\r\n                        <\/picture>\r\n                    <\/figure>\r\n                <\/div>\r\n                <div class=\"group texte\">\r\n                    \r\n                    <p class=\"h3\">Entdeckung der Gastronomie und der Weinberge der Provence<\/p>\r\n                    <p class=\"post__item__description\">\r\n                                                Entdeckung der Gastronomie und der Weinberge der Provence &#8211; Hy\u00e8res Var 83 &#8211; Halbinsel Giens : Entdecken Sie Weinberge &amp; gastronomische [&#8230;]                    <\/p>\r\n\r\n                    <div class=\"buttons\">\r\n                        <a href=\"https:\/\/acampa-vacances.com\/de\/blog\/entdeckung-der-gastronomie-und-der-provenzalischen-weinberge-hyeres\/\" class=\"buttons__btn\">Entdecken Sie<\/a>\r\n                    <\/div>\r\n                <\/div>\r\n            <\/div>\r\n\r\n        \r\n            <div class=\"columns__item post__item f-carousel__slide\" >\r\n                <div class=\"gallery\">\r\n                    <figure class=\"gallery__item\">\r\n                        <picture>\r\n                            <source srcset=\"https:\/\/acampa-vacances.com\/wp-content\/uploads\/2024\/11\/image1-1-3.jpg.webp\" media=\"(max-width: 210px)\">\r\n                            <source srcset=\"https:\/\/acampa-vacances.com\/wp-content\/uploads\/2024\/11\/image1-1-3.jpg.webp\" media=\"(max-width: 420px)\">\r\n                            <source srcset=\"https:\/\/acampa-vacances.com\/wp-content\/uploads\/2024\/11\/image1-1-3.jpg.webp\" media=\"(max-width: 850px)\">\r\n                            <source srcset=\"https:\/\/acampa-vacances.com\/wp-content\/uploads\/2024\/11\/image1-1-3.jpg.webp\" media=\"(max-width: 1024px)\">\r\n                            <source srcset=\"https:\/\/acampa-vacances.com\/wp-content\/uploads\/2024\/11\/image1-1-3.jpg.webp\" media=\"(min-width: 1025px)\">\r\n\r\n                            <img loading=\"lazy\" decoding=\"async\" src=\"https:\/\/acampa-vacances.com\/wp-content\/uploads\/2024\/11\/image1-1-3.jpg.webp\" width=\"420\" height=\"210\" alt=\"\" title=\"\">\r\n                        <\/picture>\r\n                    <\/figure>\r\n                <\/div>\r\n                <div class=\"group texte\">\r\n                    \r\n                    <p class=\"h3\">Weinbaugebiet Varois<\/p>\r\n                    <p class=\"post__item__description\">\r\n                                                Die Weinberge des Var &#8211; Hy\u00e8res Var 83 In diesem Monat m\u00f6chten wir Ihnen die perfekte Kombination aus Entspannung auf dem Campingplatz und [&#8230;]                    <\/p>\r\n\r\n                    <div class=\"buttons\">\r\n                        <a href=\"https:\/\/acampa-vacances.com\/de\/blog\/die-varois-vignobles-hyeres-var-83-presquile-de-giens\/\" class=\"buttons__btn\">Entdecken Sie<\/a>\r\n                    <\/div>\r\n                <\/div>\r\n            <\/div>\r\n\r\n        \r\n            <div class=\"columns__item post__item f-carousel__slide\" >\r\n                <div class=\"gallery\">\r\n                    <figure class=\"gallery__item\">\r\n                        <picture>\r\n                            <source srcset=\"https:\/\/acampa-vacances.com\/wp-content\/uploads\/2024\/11\/soupe-poisson-2.png.webp\" media=\"(max-width: 210px)\">\r\n                            <source srcset=\"https:\/\/acampa-vacances.com\/wp-content\/uploads\/2024\/11\/soupe-poisson-2.png.webp\" media=\"(max-width: 420px)\">\r\n                            <source srcset=\"https:\/\/acampa-vacances.com\/wp-content\/uploads\/2024\/11\/soupe-poisson-2.png.webp\" media=\"(max-width: 850px)\">\r\n                            <source srcset=\"https:\/\/acampa-vacances.com\/wp-content\/uploads\/2024\/11\/soupe-poisson-2.png.webp\" media=\"(max-width: 1024px)\">\r\n                            <source srcset=\"https:\/\/acampa-vacances.com\/wp-content\/uploads\/2024\/11\/soupe-poisson-2.png.webp\" media=\"(min-width: 1025px)\">\r\n\r\n                            <img loading=\"lazy\" decoding=\"async\" src=\"https:\/\/acampa-vacances.com\/wp-content\/uploads\/2024\/11\/soupe-poisson-2.png.webp\" width=\"420\" height=\"210\" alt=\"\" title=\"\">\r\n                        <\/picture>\r\n                    <\/figure>\r\n                <\/div>\r\n                <div class=\"group texte\">\r\n                    \r\n                    <p class=\"h3\">Fischspezialit\u00e4ten aus dem S\u00fcden<\/p>\r\n                    <p class=\"post__item__description\">\r\n                                                Fischspezialit\u00e4ten aus dem S\u00fcden Die Provence ist ein Synonym f\u00fcr Meeresfr\u00fcchte. Sie k\u00f6nnen in allen m\u00f6glichen Variationen zubereitet werden. Im [&#8230;]                    <\/p>\r\n\r\n                    <div class=\"buttons\">\r\n                        <a href=\"https:\/\/acampa-vacances.com\/de\/blog\/die-fischspezialitaten-des-sudens\/\" class=\"buttons__btn\">Entdecken Sie<\/a>\r\n                    <\/div>\r\n                <\/div>\r\n            <\/div>\r\n\r\n        \r\n            <div class=\"columns__item post__item f-carousel__slide\" >\r\n                <div class=\"gallery\">\r\n                    <figure class=\"gallery__item\">\r\n                        <picture>\r\n                            <source srcset=\"https:\/\/acampa-vacances.com\/wp-content\/uploads\/2024\/11\/peche-2.png.webp\" media=\"(max-width: 210px)\">\r\n                            <source srcset=\"https:\/\/acampa-vacances.com\/wp-content\/uploads\/2024\/11\/peche-2.png.webp\" media=\"(max-width: 420px)\">\r\n                            <source srcset=\"https:\/\/acampa-vacances.com\/wp-content\/uploads\/2024\/11\/peche-2.png.webp\" media=\"(max-width: 850px)\">\r\n                            <source srcset=\"https:\/\/acampa-vacances.com\/wp-content\/uploads\/2024\/11\/peche-2.png.webp\" media=\"(max-width: 1024px)\">\r\n                            <source srcset=\"https:\/\/acampa-vacances.com\/wp-content\/uploads\/2024\/11\/peche-2.png.webp\" media=\"(min-width: 1025px)\">\r\n\r\n                            <img loading=\"lazy\" decoding=\"async\" src=\"https:\/\/acampa-vacances.com\/wp-content\/uploads\/2024\/11\/peche-2.png.webp\" width=\"420\" height=\"210\" alt=\"\" title=\"\">\r\n                        <\/picture>\r\n                    <\/figure>\r\n                <\/div>\r\n                <div class=\"group texte\">\r\n                    \r\n                    <p class=\"h3\">Fischspezialit\u00e4ten aus der Provence<\/p>\r\n                    <p class=\"post__item__description\">\r\n                                                Fischspezialit\u00e4ten aus der Provence In der Provence gibt es viele k\u00f6stliche Fischgerichte. Im Mittelmeer kann man sehr gute Fische angeln, die man [&#8230;]                    <\/p>\r\n\r\n                    <div class=\"buttons\">\r\n                        <a href=\"https:\/\/acampa-vacances.com\/de\/blog\/provenzalische-fischspezialitaten\/\" class=\"buttons__btn\">Entdecken Sie<\/a>\r\n                    <\/div>\r\n                <\/div>\r\n            <\/div>\r\n\r\n        \r\n    <\/div>\r\n\r\n    <div class=\"columns\"><div class=\"columns__item petite parallax-up\"><h2 class=\"inline\">Hy\u00e8res im \u00dcberblick: <span class=\"fc-span\">alles Wissenswerte<\/span><\/h2><p>Hy\u00e8res liegt an der C\u00f4te d&#8217;Azur und ist ein ideales Reiseziel f\u00fcr Natur-, Kultur- und Erholungssuchende.  <\/p><div class=\"lireplus fc-desk\"><p>Lesen Sie mehr<\/p><div class=\"group\"><p>Die Stadt wurde vor mehr als zwei Jahrtausenden gegr\u00fcndet und ist reich an historischem Erbe, mit einer mittelalterlichen Altstadt, Burgruinen und Belle \u00c9poque Architektur.<\/p><p>Das ganzj\u00e4hrig milde Klima macht es zu einem beliebten Reiseziel, sei es um die Str\u00e4nde zu genie\u00dfen, die provenzalischen M\u00e4rkte zu besuchen oder die vielen kulturellen Veranstaltungen zu besuchen.<\/p><\/div><\/div><div class=\"gallery\"><figure class=\"gallery__item ombre gauche\"><picture><source srcset=\"https:\/\/acampa-vacances.com\/wp-content\/uploads\/2024\/12\/AdobeStock_501983494-420x420.jpeg.webp\" media=\"(max-width: 210px)\"><source srcset=\"https:\/\/acampa-vacances.com\/wp-content\/uploads\/2024\/12\/AdobeStock_501983494-850x456.jpeg.webp\" media=\"(max-width: 420px)\"><source srcset=\"https:\/\/acampa-vacances.com\/wp-content\/uploads\/2024\/12\/AdobeStock_501983494-768x412.jpeg.webp\" media=\"(max-width: 850px)\"><source srcset=\"https:\/\/acampa-vacances.com\/wp-content\/uploads\/2024\/12\/AdobeStock_501983494-1024x550.jpeg.webp\" media=\"(max-width: 1024px)\"><source srcset=\"https:\/\/acampa-vacances.com\/wp-content\/uploads\/2024\/12\/AdobeStock_501983494.jpeg.webp\" media=\"(min-width: 1025px)\"><img decoding=\"async\" src=\"https:\/\/acampa-vacances.com\/wp-content\/uploads\/2024\/12\/AdobeStock_501983494-420x420.jpeg.webp\" width=\"420\" height=\"210\" loading=\"lazy\" alt=\"\" title=\"\"><\/picture><\/figure><\/div><\/div><div class=\"columns__item parallax-down\"><div class=\"gallery hide-mob\"><figure class=\"gallery__item ombre\"><picture><source srcset=\"https:\/\/acampa-vacances.com\/wp-content\/uploads\/2024\/12\/AdobeStock_409494520-1-420x420.jpeg.webp\" media=\"(max-width: 210px)\"><source srcset=\"https:\/\/acampa-vacances.com\/wp-content\/uploads\/2024\/12\/AdobeStock_409494520-1-850x566.jpeg.webp\" media=\"(max-width: 420px)\"><source srcset=\"https:\/\/acampa-vacances.com\/wp-content\/uploads\/2024\/12\/AdobeStock_409494520-1-768x512.jpeg.webp\" media=\"(max-width: 850px)\"><source srcset=\"https:\/\/acampa-vacances.com\/wp-content\/uploads\/2024\/12\/AdobeStock_409494520-1-1024x682.jpeg.webp\" media=\"(max-width: 1024px)\"><source srcset=\"https:\/\/acampa-vacances.com\/wp-content\/uploads\/2024\/12\/AdobeStock_409494520-1.jpeg.webp\" media=\"(min-width: 1025px)\"><img decoding=\"async\" src=\"https:\/\/acampa-vacances.com\/wp-content\/uploads\/2024\/12\/AdobeStock_409494520-1-420x420.jpeg.webp\" width=\"420\" height=\"210\" loading=\"lazy\" alt=\"\" title=\"\"><\/picture><\/figure><\/div><p>Hy\u00e8res, bekannt als &#8222;die Stadt der Palmen&#8220;, bietet eine einzigartige Umgebung, in der Meer und Berge aufeinandertreffen.<\/p><div class=\"lireplus fc-desk\"><p>Lesen Sie mehr<\/p><div class=\"group\"><p>  Sie ist der Zugang zu den ber\u00fchmten Goldenen Inseln &#8211; Porquerolles, Port-Cros und Le Levant &#8211; sowie zu unber\u00fchrten Naturgebieten wie den Salinen und dem Massif des Maures.<\/p><p>Die Stadt bietet auch ein lebendiges lokales Leben mit typischen Restaurants, Aktivit\u00e4ten im Freien und einem reichen Kunsthandwerk. Ob Sie sich f\u00fcr Geschichte, Landschaft oder Gastronomie interessieren, Hy\u00e8res bietet Ihnen einen authentischen Einblick in die mediterrane Provence. <\/p><\/div><\/div><\/div><\/div><p class=\"h3 inline\">Entdecken Sie<span class=\"fc-span\"> die praktischen Informationen<\/span><\/p>    <div class=\"columns align-full nbr-col-1 f-carousel fc-diapo slided__post\">\r\n\r\n        \r\n            <div class=\"columns__item post__item f-carousel__slide\" >\r\n                <div class=\"gallery\">\r\n                    <figure class=\"gallery__item\">\r\n                        <picture>\r\n                            <source srcset=\"https:\/\/acampa-vacances.com\/wp-content\/uploads\/2024\/11\/mh-1.jpg.webp\" media=\"(max-width: 210px)\">\r\n                            <source srcset=\"https:\/\/acampa-vacances.com\/wp-content\/uploads\/2024\/11\/mh-1.jpg.webp\" media=\"(max-width: 420px)\">\r\n                            <source srcset=\"https:\/\/acampa-vacances.com\/wp-content\/uploads\/2024\/11\/mh-1.jpg.webp\" media=\"(max-width: 850px)\">\r\n                            <source srcset=\"https:\/\/acampa-vacances.com\/wp-content\/uploads\/2024\/11\/mh-1.jpg.webp\" media=\"(max-width: 1024px)\">\r\n                            <source srcset=\"https:\/\/acampa-vacances.com\/wp-content\/uploads\/2024\/11\/mh-1.jpg.webp\" media=\"(min-width: 1025px)\">\r\n\r\n                            <img loading=\"lazy\" decoding=\"async\" src=\"https:\/\/acampa-vacances.com\/wp-content\/uploads\/2024\/11\/mh-1.jpg.webp\" width=\"420\" height=\"210\" alt=\"\" title=\"\">\r\n                        <\/picture>\r\n                    <\/figure>\r\n                <\/div>\r\n                <div class=\"group texte\">\r\n                    \r\n                    <p class=\"h3\">Campingplatz Presqu&#8217;\u00eele de Giens<\/p>\r\n                    <p class=\"post__item__description\">\r\n                                                Campingplatz Presqu&#8217;\u00eele de Giens Ihr Urlaub auf einem 3-Sterne-Campingplatz auf der Halbinsel Giens M\u00f6chten Sie sich an einem Ort erholen, der Luxus [&#8230;]                    <\/p>\r\n\r\n                    <div class=\"buttons\">\r\n                        <a href=\"https:\/\/acampa-vacances.com\/de\/blog\/camping-presqu-ile-giens\/\" class=\"buttons__btn\">Entdecken Sie<\/a>\r\n                    <\/div>\r\n                <\/div>\r\n            <\/div>\r\n\r\n        \r\n            <div class=\"columns__item post__item f-carousel__slide\" >\r\n                <div class=\"gallery\">\r\n                    <figure class=\"gallery__item\">\r\n                        <picture>\r\n                            <source srcset=\"https:\/\/acampa-vacances.com\/wp-content\/uploads\/2024\/11\/darboussieres_1575x1050_hyeres_tourisme-300x200-2.jpg.webp\" media=\"(max-width: 210px)\">\r\n                            <source srcset=\"https:\/\/acampa-vacances.com\/wp-content\/uploads\/2024\/11\/darboussieres_1575x1050_hyeres_tourisme-300x200-2.jpg.webp\" media=\"(max-width: 420px)\">\r\n                            <source srcset=\"https:\/\/acampa-vacances.com\/wp-content\/uploads\/2024\/11\/darboussieres_1575x1050_hyeres_tourisme-300x200-2.jpg.webp\" media=\"(max-width: 850px)\">\r\n                            <source srcset=\"https:\/\/acampa-vacances.com\/wp-content\/uploads\/2024\/11\/darboussieres_1575x1050_hyeres_tourisme-300x200-2.jpg.webp\" media=\"(max-width: 1024px)\">\r\n                            <source srcset=\"https:\/\/acampa-vacances.com\/wp-content\/uploads\/2024\/11\/darboussieres_1575x1050_hyeres_tourisme-300x200-2.jpg.webp\" media=\"(min-width: 1025px)\">\r\n\r\n                            <img loading=\"lazy\" decoding=\"async\" src=\"https:\/\/acampa-vacances.com\/wp-content\/uploads\/2024\/11\/darboussieres_1575x1050_hyeres_tourisme-300x200-2.jpg.webp\" width=\"420\" height=\"210\" alt=\"\" title=\"\">\r\n                        <\/picture>\r\n                    <\/figure>\r\n                <\/div>\r\n                <div class=\"group texte\">\r\n                    \r\n                    <p class=\"h3\">Wie kommt man auf die Halbinsel Giens?<\/p>\r\n                    <p class=\"post__item__description\">\r\n                                                Wie Sie auf die Halbinsel Giens gelangen Je nachdem, wo Sie herkommen, k\u00f6nnen Sie die Presqu&#8217;\u00eele de Giens auf verschiedene Weise erreichen. Auf [&#8230;]                    <\/p>\r\n\r\n                    <div class=\"buttons\">\r\n                        <a href=\"https:\/\/acampa-vacances.com\/de\/blog\/wie-man-zur-giens-presquile-kommt\/\" class=\"buttons__btn\">Entdecken Sie<\/a>\r\n                    <\/div>\r\n                <\/div>\r\n            <\/div>\r\n\r\n        \r\n            <div class=\"columns__item post__item f-carousel__slide\" >\r\n                <div class=\"gallery\">\r\n                    <figure class=\"gallery__item\">\r\n                        <picture>\r\n                            <source srcset=\"https:\/\/acampa-vacances.com\/wp-content\/uploads\/2024\/11\/3w5a1950bis-1024x702-2-420x420.jpg.webp\" media=\"(max-width: 210px)\">\r\n                            <source srcset=\"https:\/\/acampa-vacances.com\/wp-content\/uploads\/2024\/11\/3w5a1950bis-1024x702-2-850x583.jpg.webp\" media=\"(max-width: 420px)\">\r\n                            <source srcset=\"https:\/\/acampa-vacances.com\/wp-content\/uploads\/2024\/11\/3w5a1950bis-1024x702-2-768x527.jpg.webp\" media=\"(max-width: 850px)\">\r\n                            <source srcset=\"https:\/\/acampa-vacances.com\/wp-content\/uploads\/2024\/11\/3w5a1950bis-1024x702-2.jpg.webp\" media=\"(max-width: 1024px)\">\r\n                            <source srcset=\"https:\/\/acampa-vacances.com\/wp-content\/uploads\/2024\/11\/3w5a1950bis-1024x702-2.jpg.webp\" media=\"(min-width: 1025px)\">\r\n\r\n                            <img loading=\"lazy\" decoding=\"async\" src=\"https:\/\/acampa-vacances.com\/wp-content\/uploads\/2024\/11\/3w5a1950bis-1024x702-2-420x420.jpg.webp\" width=\"420\" height=\"210\" alt=\"\" title=\"\">\r\n                        <\/picture>\r\n                    <\/figure>\r\n                <\/div>\r\n                <div class=\"group texte\">\r\n                    \r\n                    <p class=\"h3\">Ferienunterk\u00fcnfte auf der Halbinsel<\/p>\r\n                    <p class=\"post__item__description\">\r\n                                                Ferienwohnung Giens Frankreich mit Acampa Giens hat dieses gewisse Etwas, das sofort begeistert. Das Meer ist nie weit entfernt, die Str\u00e4nde sind gut [&#8230;]                    <\/p>\r\n\r\n                    <div class=\"buttons\">\r\n                        <a href=\"https:\/\/acampa-vacances.com\/de\/blog\/ferienwohnungen-auf-dem-giens-presquile-in-le-var\/\" class=\"buttons__btn\">Entdecken Sie<\/a>\r\n                    <\/div>\r\n                <\/div>\r\n            <\/div>\r\n\r\n        \r\n            <div class=\"columns__item post__item f-carousel__slide\" >\r\n                <div class=\"gallery\">\r\n                    <figure class=\"gallery__item\">\r\n                        <picture>\r\n                            <source srcset=\"https:\/\/acampa-vacances.com\/wp-content\/uploads\/2026\/04\/marche-carqueiranne-420x420.webp\" media=\"(max-width: 210px)\">\r\n                            <source srcset=\"https:\/\/acampa-vacances.com\/wp-content\/uploads\/2026\/04\/marche-carqueiranne-850x567.webp\" media=\"(max-width: 420px)\">\r\n                            <source srcset=\"https:\/\/acampa-vacances.com\/wp-content\/uploads\/2026\/04\/marche-carqueiranne-768x512.webp\" media=\"(max-width: 850px)\">\r\n                            <source srcset=\"https:\/\/acampa-vacances.com\/wp-content\/uploads\/2026\/04\/marche-carqueiranne.webp\" media=\"(max-width: 1024px)\">\r\n                            <source srcset=\"https:\/\/acampa-vacances.com\/wp-content\/uploads\/2026\/04\/marche-carqueiranne.webp\" media=\"(min-width: 1025px)\">\r\n\r\n                            <img loading=\"lazy\" decoding=\"async\" src=\"https:\/\/acampa-vacances.com\/wp-content\/uploads\/2026\/04\/marche-carqueiranne-420x420.webp\" width=\"420\" height=\"210\" alt=\"\" title=\"\">\r\n                        <\/picture>\r\n                    <\/figure>\r\n                <\/div>\r\n                <div class=\"group texte\">\r\n                    \r\n                    <p class=\"h3\">Die sch\u00f6nsten M\u00e4rkte in Var<\/p>\r\n                    <p class=\"post__item__description\">\r\n                                                Die sch\u00f6nsten M\u00e4rkte in Var Die provenzalischen M\u00e4rkte sind eine Einladung f\u00fcr die Augen, die Ger\u00fcche und die Geschm\u00e4cker: Entdecken Sie unsere [&#8230;]                    <\/p>\r\n\r\n                    <div class=\"buttons\">\r\n                        <a href=\"https:\/\/acampa-vacances.com\/de\/blog\/die-schonsten-marsche-du-var\/\" class=\"buttons__btn\">Entdecken Sie<\/a>\r\n                    <\/div>\r\n                <\/div>\r\n            <\/div>\r\n\r\n        \r\n            <div class=\"columns__item post__item f-carousel__slide\" >\r\n                <div class=\"gallery\">\r\n                    <figure class=\"gallery__item\">\r\n                        <picture>\r\n                            <source srcset=\"https:\/\/acampa-vacances.com\/wp-content\/uploads\/2024\/12\/plage.jpg.webp\" media=\"(max-width: 210px)\">\r\n                            <source srcset=\"https:\/\/acampa-vacances.com\/wp-content\/uploads\/2024\/12\/plage.jpg.webp\" media=\"(max-width: 420px)\">\r\n                            <source srcset=\"https:\/\/acampa-vacances.com\/wp-content\/uploads\/2024\/12\/plage.jpg.webp\" media=\"(max-width: 850px)\">\r\n                            <source srcset=\"https:\/\/acampa-vacances.com\/wp-content\/uploads\/2024\/12\/plage.jpg.webp\" media=\"(max-width: 1024px)\">\r\n                            <source srcset=\"https:\/\/acampa-vacances.com\/wp-content\/uploads\/2024\/12\/plage.jpg.webp\" media=\"(min-width: 1025px)\">\r\n\r\n                            <img loading=\"lazy\" decoding=\"async\" src=\"https:\/\/acampa-vacances.com\/wp-content\/uploads\/2024\/12\/plage.jpg.webp\" width=\"420\" height=\"210\" alt=\"\" title=\"\">\r\n                        <\/picture>\r\n                    <\/figure>\r\n                <\/div>\r\n                <div class=\"group texte\">\r\n                    \r\n                    <p class=\"h3\">Das Klima auf der Halbinsel Giens<\/p>\r\n                    <p class=\"post__item__description\">\r\n                                                Das Klima auf der Halbinsel Giens Bildnachweis: Hy\u00e8res-Tourisme Die Halbinsel Giens Es gibt zwei Arten von mediterranem Klima. Im Westen ist das [&#8230;]                    <\/p>\r\n\r\n                    <div class=\"buttons\">\r\n                        <a href=\"https:\/\/acampa-vacances.com\/de\/blog\/das-klima-der-giens-presquile\/\" class=\"buttons__btn\">Entdecken Sie<\/a>\r\n                    <\/div>\r\n                <\/div>\r\n            <\/div>\r\n\r\n        \r\n    <\/div>\r\n\r\n    <div class=\"cover sec-35 fade-up align-full\"><picture class=\"cover__img\"><source srcset=\"https:\/\/acampa-vacances.com\/wp-content\/uploads\/2024\/11\/AdobeStock_137959206-1-420x420.webp\" media=\"(max-width: 210px)\"><source srcset=\"https:\/\/acampa-vacances.com\/wp-content\/uploads\/2024\/11\/AdobeStock_137959206-1-850x567.webp\" media=\"(max-width: 420px)\"><source srcset=\"https:\/\/acampa-vacances.com\/wp-content\/uploads\/2024\/11\/AdobeStock_137959206-1-768x512.webp\" media=\"(max-width: 850px)\"><source srcset=\"https:\/\/acampa-vacances.com\/wp-content\/uploads\/2024\/11\/AdobeStock_137959206-1-1024x683.webp\" media=\"(max-width: 1024px)\"><source srcset=\"https:\/\/acampa-vacances.com\/wp-content\/uploads\/2024\/11\/AdobeStock_137959206-1.webp\" media=\"(min-width: 1025px)\"><img decoding=\"async\" src=\"https:\/\/acampa-vacances.com\/wp-content\/uploads\/2024\/11\/AdobeStock_137959206-1-420x420.webp\" width=\"420\" height=\"210\" loading=\"lazy\" alt=\"\" title=\"\"><\/picture><div class=\"cover__inner\"><div class=\"columns\"><div class=\"columns__item parallax-up\"><div class=\"gallery height-adapt\"><figure class=\"gallery__item height-adapt\"><picture><source srcset=\"https:\/\/acampa-vacances.com\/wp-content\/uploads\/2024\/12\/AdobeStock_168484012-420x420.jpeg.webp\" media=\"(max-width: 210px)\"><source srcset=\"https:\/\/acampa-vacances.com\/wp-content\/uploads\/2024\/12\/AdobeStock_168484012-850x572.jpeg.webp\" media=\"(max-width: 420px)\"><source srcset=\"https:\/\/acampa-vacances.com\/wp-content\/uploads\/2024\/12\/AdobeStock_168484012-768x517.jpeg.webp\" media=\"(max-width: 850px)\"><source srcset=\"https:\/\/acampa-vacances.com\/wp-content\/uploads\/2024\/12\/AdobeStock_168484012-1024x690.jpeg.webp\" media=\"(max-width: 1024px)\"><source srcset=\"https:\/\/acampa-vacances.com\/wp-content\/uploads\/2024\/12\/AdobeStock_168484012.jpeg.webp\" media=\"(min-width: 1025px)\"><img decoding=\"async\" src=\"https:\/\/acampa-vacances.com\/wp-content\/uploads\/2024\/12\/AdobeStock_168484012-420x420.jpeg.webp\" width=\"420\" height=\"210\" loading=\"lazy\" alt=\"\" title=\"\"><\/picture><\/figure><\/div><\/div><div class=\"columns__item texte\"><div class=\"group\" style=\"background-color:var(--blanc);\"><h2>Einige <span class=\"fc-span\">praktische<\/span> Informationen<\/h2><p>Ob Sie auf der Durchreise sind oder einen l\u00e4ngeren Aufenthalt haben, Hy\u00e8res bietet Ihnen eine Vielzahl von Dienstleistungen, um Ihren Besuch angenehm zu gestalten.<\/p><div class=\"lireplus fc-desk\"><p>Lesen Sie mehr<\/p><div class=\"group\"><p>Hier finden Sie Informationen \u00fcber die \u00f6rtlichen Verkehrsmittel, verschiedene Unterk\u00fcnfte und Tipps, wie Sie sich leicht zwischen den Sehensw\u00fcrdigkeiten der Region bewegen k\u00f6nnen.<\/p><p>Dar\u00fcber hinaus bietet die Stadt saisonale Veranstaltungen, Festivals und Aktivit\u00e4ten f\u00fcr jeden Geschmack, ob mit der Familie, mit Freunden oder allein. F\u00fcr ein optimales Erlebnis sollten Sie sich unbedingt die Fahrpl\u00e4ne und Karten der \u00f6rtlichen Sehensw\u00fcrdigkeiten ansehen. <\/p><\/div><\/div><\/div><div class=\"gallery\"><figure class=\"gallery__item\"><picture><source srcset=\"https:\/\/acampa-vacances.com\/wp-content\/uploads\/2024\/11\/AdobeStock_393609800-420x420.jpeg.webp\" media=\"(max-width: 210px)\"><source srcset=\"https:\/\/acampa-vacances.com\/wp-content\/uploads\/2024\/11\/AdobeStock_393609800-850x567.jpeg.webp\" media=\"(max-width: 420px)\"><source srcset=\"https:\/\/acampa-vacances.com\/wp-content\/uploads\/2024\/11\/AdobeStock_393609800-768x512.jpeg.webp\" media=\"(max-width: 850px)\"><source srcset=\"https:\/\/acampa-vacances.com\/wp-content\/uploads\/2024\/11\/AdobeStock_393609800-1024x683.jpeg.webp\" media=\"(max-width: 1024px)\"><source srcset=\"https:\/\/acampa-vacances.com\/wp-content\/uploads\/2024\/11\/AdobeStock_393609800.jpeg.webp\" media=\"(min-width: 1025px)\"><img decoding=\"async\" src=\"https:\/\/acampa-vacances.com\/wp-content\/uploads\/2024\/11\/AdobeStock_393609800-420x420.jpeg.webp\" width=\"420\" height=\"210\" alt=\"Panorama on the old town Hy\u00e8res in France\" loading=\"lazy\" title=\"\"><\/picture><\/figure><\/div><\/div><\/div><\/div><\/div><p class=\"h3 inline\"><span class=\"fc-span\">Praktische<\/span> Informationen<\/p>    <div class=\"columns align-full nbr-col-1 f-carousel fc-diapo slided__post\">\r\n\r\n        \r\n            <div class=\"columns__item post__item f-carousel__slide\" >\r\n                <div class=\"gallery\">\r\n                    <figure class=\"gallery__item\">\r\n                        <picture>\r\n                            <source srcset=\"https:\/\/acampa-vacances.com\/wp-content\/uploads\/2024\/12\/Image1-1-2-420x289.jpg.webp\" media=\"(max-width: 210px)\">\r\n                            <source srcset=\"https:\/\/acampa-vacances.com\/wp-content\/uploads\/2024\/12\/Image1-1-2.jpg.webp\" media=\"(max-width: 420px)\">\r\n                            <source srcset=\"https:\/\/acampa-vacances.com\/wp-content\/uploads\/2024\/12\/Image1-1-2.jpg.webp\" media=\"(max-width: 850px)\">\r\n                            <source srcset=\"https:\/\/acampa-vacances.com\/wp-content\/uploads\/2024\/12\/Image1-1-2.jpg.webp\" media=\"(max-width: 1024px)\">\r\n                            <source srcset=\"https:\/\/acampa-vacances.com\/wp-content\/uploads\/2024\/12\/Image1-1-2.jpg.webp\" media=\"(min-width: 1025px)\">\r\n\r\n                            <img loading=\"lazy\" decoding=\"async\" src=\"https:\/\/acampa-vacances.com\/wp-content\/uploads\/2024\/12\/Image1-1-2-420x289.jpg.webp\" width=\"420\" height=\"210\" alt=\"\" title=\"\">\r\n                        <\/picture>\r\n                    <\/figure>\r\n                <\/div>\r\n                <div class=\"group texte\">\r\n                    \r\n                    <p class=\"h3\">Sommer 2023 auf der Halbinsel Giens<\/p>\r\n                    <p class=\"post__item__description\">\r\n                                                Sommer 2023 auf der Halbinsel Giens Var 83 &#8211; Hy\u00e8res Was Sie in Hy\u00e8res nicht verpassen d\u00fcrfen! Var 83 Presqu&#8217;\u00eele de Giens Besuchen Sie uns in [&#8230;]                    <\/p>\r\n\r\n                    <div class=\"buttons\">\r\n                        <a href=\"https:\/\/acampa-vacances.com\/de\/blog\/sommer-2023-auf-dem-presquile-von-giens-var-83-hyeres\/\" class=\"buttons__btn\">Entdecken Sie<\/a>\r\n                    <\/div>\r\n                <\/div>\r\n            <\/div>\r\n\r\n        \r\n            <div class=\"columns__item post__item f-carousel__slide\" >\r\n                <div class=\"gallery\">\r\n                    <figure class=\"gallery__item\">\r\n                        <picture>\r\n                            <source srcset=\"https:\/\/acampa-vacances.com\/wp-content\/uploads\/2025\/09\/appartement-bleuet-international-420x420.jpg.webp\" media=\"(max-width: 210px)\">\r\n                            <source srcset=\"https:\/\/acampa-vacances.com\/wp-content\/uploads\/2025\/09\/appartement-bleuet-international.jpg.webp\" media=\"(max-width: 420px)\">\r\n                            <source srcset=\"https:\/\/acampa-vacances.com\/wp-content\/uploads\/2025\/09\/appartement-bleuet-international-768x576.jpg.webp\" media=\"(max-width: 850px)\">\r\n                            <source srcset=\"https:\/\/acampa-vacances.com\/wp-content\/uploads\/2025\/09\/appartement-bleuet-international.jpg.webp\" media=\"(max-width: 1024px)\">\r\n                            <source srcset=\"https:\/\/acampa-vacances.com\/wp-content\/uploads\/2025\/09\/appartement-bleuet-international.jpg.webp\" media=\"(min-width: 1025px)\">\r\n\r\n                            <img loading=\"lazy\" decoding=\"async\" src=\"https:\/\/acampa-vacances.com\/wp-content\/uploads\/2025\/09\/appartement-bleuet-international-420x420.jpg.webp\" width=\"420\" height=\"210\" alt=\"\" title=\"\">\r\n                        <\/picture>\r\n                    <\/figure>\r\n                <\/div>\r\n                <div class=\"group texte\">\r\n                    \r\n                    <p class=\"h3\">Apartment in Var<\/p>\r\n                    <p class=\"post__item__description\">\r\n                                                Buchen Sie Ihre Ferienwohnung in Hy\u00e8res mit ACAMPA Sehnsucht nach Sonne, kristallklarem Wasser und unber\u00fchrter Natur? Lassen Sie sich von unserer [&#8230;]                    <\/p>\r\n\r\n                    <div class=\"buttons\">\r\n                        <a href=\"https:\/\/acampa-vacances.com\/de\/blog\/mietwohnung-var\/\" class=\"buttons__btn\">Entdecken Sie<\/a>\r\n                    <\/div>\r\n                <\/div>\r\n            <\/div>\r\n\r\n        \r\n            <div class=\"columns__item post__item f-carousel__slide\" >\r\n                <div class=\"gallery\">\r\n                    <figure class=\"gallery__item\">\r\n                        <picture>\r\n                            <source srcset=\"https:\/\/acampa-vacances.com\/wp-content\/uploads\/2024\/11\/ado-marche-fleur-hyeres-420x420.jpg.webp\" media=\"(max-width: 210px)\">\r\n                            <source srcset=\"https:\/\/acampa-vacances.com\/wp-content\/uploads\/2024\/11\/ado-marche-fleur-hyeres-850x568.jpg.webp\" media=\"(max-width: 420px)\">\r\n                            <source srcset=\"https:\/\/acampa-vacances.com\/wp-content\/uploads\/2024\/11\/ado-marche-fleur-hyeres-768x513.jpg.webp\" media=\"(max-width: 850px)\">\r\n                            <source srcset=\"https:\/\/acampa-vacances.com\/wp-content\/uploads\/2024\/11\/ado-marche-fleur-hyeres.jpg.webp\" media=\"(max-width: 1024px)\">\r\n                            <source srcset=\"https:\/\/acampa-vacances.com\/wp-content\/uploads\/2024\/11\/ado-marche-fleur-hyeres.jpg.webp\" media=\"(min-width: 1025px)\">\r\n\r\n                            <img loading=\"lazy\" decoding=\"async\" src=\"https:\/\/acampa-vacances.com\/wp-content\/uploads\/2024\/11\/ado-marche-fleur-hyeres-420x420.jpg.webp\" width=\"420\" height=\"210\" alt=\"\" title=\"\">\r\n                        <\/picture>\r\n                    <\/figure>\r\n                <\/div>\r\n                <div class=\"group texte\">\r\n                    \r\n                    <p class=\"h3\">Hy\u00e8res &#8211; Hauptstadt der Schnittblumen<\/p>\r\n                    <p class=\"post__item__description\">\r\n                                                Hy\u00e8res, Hauptstadt der Schnittblumen Hy\u00e8res hat mehr als ein Wunder zu teilen! Bei einem Ausflug in die Natur oder zum Entspannen in diesem gr\u00fcnen [&#8230;]                    <\/p>\r\n\r\n                    <div class=\"buttons\">\r\n                        <a href=\"https:\/\/acampa-vacances.com\/de\/blog\/hyeres-hauptstadt-der-schnittblume\/\" class=\"buttons__btn\">Entdecken Sie<\/a>\r\n                    <\/div>\r\n                <\/div>\r\n            <\/div>\r\n\r\n        \r\n            <div class=\"columns__item post__item f-carousel__slide\" >\r\n                <div class=\"gallery\">\r\n                    <figure class=\"gallery__item\">\r\n                        <picture>\r\n                            <source srcset=\"https:\/\/acampa-vacances.com\/wp-content\/uploads\/2024\/12\/image6-1-420x345.jpg.webp\" media=\"(max-width: 210px)\">\r\n                            <source srcset=\"https:\/\/acampa-vacances.com\/wp-content\/uploads\/2024\/12\/image6-1.jpg.webp\" media=\"(max-width: 420px)\">\r\n                            <source srcset=\"https:\/\/acampa-vacances.com\/wp-content\/uploads\/2024\/12\/image6-1.jpg.webp\" media=\"(max-width: 850px)\">\r\n                            <source srcset=\"https:\/\/acampa-vacances.com\/wp-content\/uploads\/2024\/12\/image6-1.jpg.webp\" media=\"(max-width: 1024px)\">\r\n                            <source srcset=\"https:\/\/acampa-vacances.com\/wp-content\/uploads\/2024\/12\/image6-1.jpg.webp\" media=\"(min-width: 1025px)\">\r\n\r\n                            <img loading=\"lazy\" decoding=\"async\" src=\"https:\/\/acampa-vacances.com\/wp-content\/uploads\/2024\/12\/image6-1-420x345.jpg.webp\" width=\"420\" height=\"210\" alt=\"\" title=\"\">\r\n                        <\/picture>\r\n                    <\/figure>\r\n                <\/div>\r\n                <div class=\"group texte\">\r\n                    \r\n                    <p class=\"h3\">Olympische Spiele in Hy\u00e8res im Jahr 2024<\/p>\r\n                    <p class=\"post__item__description\">\r\n                                                Die Olympischen Spiele 2024 landen in Hy\u00e8res Die Stadt bereitet sich darauf vor, am 10. Mai 2024 das olympische Feuer zu empfangen und Ihr [&#8230;]                    <\/p>\r\n\r\n                    <div class=\"buttons\">\r\n                        <a href=\"https:\/\/acampa-vacances.com\/de\/blog\/die-jo-landen-in-hyeres-im-jahr-2024\/\" class=\"buttons__btn\">Entdecken Sie<\/a>\r\n                    <\/div>\r\n                <\/div>\r\n            <\/div>\r\n\r\n        \r\n            <div class=\"columns__item post__item f-carousel__slide\" >\r\n                <div class=\"gallery\">\r\n                    <figure class=\"gallery__item\">\r\n                        <picture>\r\n                            <source srcset=\"https:\/\/acampa-vacances.com\/wp-content\/uploads\/2024\/11\/Image5.jpg.webp\" media=\"(max-width: 210px)\">\r\n                            <source srcset=\"https:\/\/acampa-vacances.com\/wp-content\/uploads\/2024\/11\/Image5.jpg.webp\" media=\"(max-width: 420px)\">\r\n                            <source srcset=\"https:\/\/acampa-vacances.com\/wp-content\/uploads\/2024\/11\/Image5.jpg.webp\" media=\"(max-width: 850px)\">\r\n                            <source srcset=\"https:\/\/acampa-vacances.com\/wp-content\/uploads\/2024\/11\/Image5.jpg.webp\" media=\"(max-width: 1024px)\">\r\n                            <source srcset=\"https:\/\/acampa-vacances.com\/wp-content\/uploads\/2024\/11\/Image5.jpg.webp\" media=\"(min-width: 1025px)\">\r\n\r\n                            <img loading=\"lazy\" decoding=\"async\" src=\"https:\/\/acampa-vacances.com\/wp-content\/uploads\/2024\/11\/Image5.jpg.webp\" width=\"420\" height=\"210\" alt=\"\" title=\"\">\r\n                        <\/picture>\r\n                    <\/figure>\r\n                <\/div>\r\n                <div class=\"group texte\">\r\n                    \r\n                    <p class=\"h3\">Die Olympischen Spiele 2024 in Hy\u00e8res<\/p>\r\n                    <p class=\"post__item__description\">\r\n                                                Die Olympischen Spiele 2024 kommen nach Hy\u00e8res (Var 83) Sommer 2024: Die Welt wird sich an den Leistungen der Athleten bei den Olympischen Spielen in [&#8230;]                    <\/p>\r\n\r\n                    <div class=\"buttons\">\r\n                        <a href=\"https:\/\/acampa-vacances.com\/de\/blog\/hyeres-jo-2024-ermutigen-die-franzosischen-teams-mit-ihrem-campingplatz-hyeres-var-83\/\" class=\"buttons__btn\">Entdecken Sie<\/a>\r\n                    <\/div>\r\n                <\/div>\r\n            <\/div>\r\n\r\n        \r\n            <div class=\"columns__item post__item f-carousel__slide\" >\r\n                <div class=\"gallery\">\r\n                    <figure class=\"gallery__item\">\r\n                        <picture>\r\n                            <source srcset=\"https:\/\/acampa-vacances.com\/wp-content\/uploads\/2024\/11\/Sans-titre-2022-11-20T203545.596-2.png.webp\" media=\"(max-width: 210px)\">\r\n                            <source srcset=\"https:\/\/acampa-vacances.com\/wp-content\/uploads\/2024\/11\/Sans-titre-2022-11-20T203545.596-2.png.webp\" media=\"(max-width: 420px)\">\r\n                            <source srcset=\"https:\/\/acampa-vacances.com\/wp-content\/uploads\/2024\/11\/Sans-titre-2022-11-20T203545.596-2.png.webp\" media=\"(max-width: 850px)\">\r\n                            <source srcset=\"https:\/\/acampa-vacances.com\/wp-content\/uploads\/2024\/11\/Sans-titre-2022-11-20T203545.596-2.png.webp\" media=\"(max-width: 1024px)\">\r\n                            <source srcset=\"https:\/\/acampa-vacances.com\/wp-content\/uploads\/2024\/11\/Sans-titre-2022-11-20T203545.596-2.png.webp\" media=\"(min-width: 1025px)\">\r\n\r\n                            <img loading=\"lazy\" decoding=\"async\" src=\"https:\/\/acampa-vacances.com\/wp-content\/uploads\/2024\/11\/Sans-titre-2022-11-20T203545.596-2.png.webp\" width=\"420\" height=\"210\" alt=\"\" title=\"\">\r\n                        <\/picture>\r\n                    <\/figure>\r\n                <\/div>\r\n                <div class=\"group texte\">\r\n                    \r\n                    <p class=\"h3\">Provenzalische Tradition: Santons und Santonniers aus dem Departement Var<\/p>\r\n                    <p class=\"post__item__description\">\r\n                                                Provenzalische Tradition: Santons und Santonniers aus dem Departement Var Die Santons de Provence sind das Wahrzeichen unserer wundersch\u00f6nen Region! [&#8230;]                    <\/p>\r\n\r\n                    <div class=\"buttons\">\r\n                        <a href=\"https:\/\/acampa-vacances.com\/de\/blog\/provenzalische-tradition-les-santons-et-les-santonniers-du-var\/\" class=\"buttons__btn\">Entdecken Sie<\/a>\r\n                    <\/div>\r\n                <\/div>\r\n            <\/div>\r\n\r\n        \r\n            <div class=\"columns__item post__item f-carousel__slide\" >\r\n                <div class=\"gallery\">\r\n                    <figure class=\"gallery__item\">\r\n                        <picture>\r\n                            <source srcset=\"https:\/\/acampa-vacances.com\/wp-content\/uploads\/2024\/11\/ile-de-porquerolles-1.jpg.webp\" media=\"(max-width: 210px)\">\r\n                            <source srcset=\"https:\/\/acampa-vacances.com\/wp-content\/uploads\/2024\/11\/ile-de-porquerolles-1.jpg.webp\" media=\"(max-width: 420px)\">\r\n                            <source srcset=\"https:\/\/acampa-vacances.com\/wp-content\/uploads\/2024\/11\/ile-de-porquerolles-1.jpg.webp\" media=\"(max-width: 850px)\">\r\n                            <source srcset=\"https:\/\/acampa-vacances.com\/wp-content\/uploads\/2024\/11\/ile-de-porquerolles-1.jpg.webp\" media=\"(max-width: 1024px)\">\r\n                            <source srcset=\"https:\/\/acampa-vacances.com\/wp-content\/uploads\/2024\/11\/ile-de-porquerolles-1.jpg.webp\" media=\"(min-width: 1025px)\">\r\n\r\n                            <img loading=\"lazy\" decoding=\"async\" src=\"https:\/\/acampa-vacances.com\/wp-content\/uploads\/2024\/11\/ile-de-porquerolles-1.jpg.webp\" width=\"420\" height=\"210\" alt=\"\" title=\"\">\r\n                        <\/picture>\r\n                    <\/figure>\r\n                <\/div>\r\n                <div class=\"group texte\">\r\n                    \r\n                    <p class=\"h3\">Campingpl\u00e4tze Porquerolles<\/p>\r\n                    <p class=\"post__item__description\">\r\n                                                Die Insel Porquerolles in der N\u00e4he der Campingpl\u00e4tze von Hy\u00e8res Sind Sie im Urlaub oder auf der Durchreise auf der Presqu&#8217;\u00eele de Giens? Ein Besuch [&#8230;]                    <\/p>\r\n\r\n                    <div class=\"buttons\">\r\n                        <a href=\"https:\/\/acampa-vacances.com\/de\/blog\/campingplatze-porquerolles\/\" class=\"buttons__btn\">Entdecken Sie<\/a>\r\n                    <\/div>\r\n                <\/div>\r\n            <\/div>\r\n\r\n        \r\n            <div class=\"columns__item post__item f-carousel__slide\" >\r\n                <div class=\"gallery\">\r\n                    <figure class=\"gallery__item\">\r\n                        <picture>\r\n                            <source srcset=\"https:\/\/acampa-vacances.com\/wp-content\/uploads\/2024\/11\/emplacement-camping-hyeres.jpg.webp\" media=\"(max-width: 210px)\">\r\n                            <source srcset=\"https:\/\/acampa-vacances.com\/wp-content\/uploads\/2024\/11\/emplacement-camping-hyeres.jpg.webp\" media=\"(max-width: 420px)\">\r\n                            <source srcset=\"https:\/\/acampa-vacances.com\/wp-content\/uploads\/2024\/11\/emplacement-camping-hyeres.jpg.webp\" media=\"(max-width: 850px)\">\r\n                            <source srcset=\"https:\/\/acampa-vacances.com\/wp-content\/uploads\/2024\/11\/emplacement-camping-hyeres.jpg.webp\" media=\"(max-width: 1024px)\">\r\n                            <source srcset=\"https:\/\/acampa-vacances.com\/wp-content\/uploads\/2024\/11\/emplacement-camping-hyeres.jpg.webp\" media=\"(min-width: 1025px)\">\r\n\r\n                            <img loading=\"lazy\" decoding=\"async\" src=\"https:\/\/acampa-vacances.com\/wp-content\/uploads\/2024\/11\/emplacement-camping-hyeres.jpg.webp\" width=\"420\" height=\"210\" alt=\"\" title=\"\">\r\n                        <\/picture>\r\n                    <\/figure>\r\n                <\/div>\r\n                <div class=\"group texte\">\r\n                    \r\n                    <p class=\"h3\">Camping-Stellpl\u00e4tze im Departement Var<\/p>\r\n                    <p class=\"post__item__description\">\r\n                                                Stellpl\u00e4tze f\u00fcr Wohnmobile in S\u00fcdfrankreich Die Halbinsel Giens (C\u00f4te d\u2019Azur), ein beliebtes Ziel f\u00fcr Ihren Wohnmobilurlaub, wird Ihnen von [&#8230;]                    <\/p>\r\n\r\n                    <div class=\"buttons\">\r\n                        <a href=\"https:\/\/acampa-vacances.com\/de\/blog\/camping-standort-var\/\" class=\"buttons__btn\">Entdecken Sie<\/a>\r\n                    <\/div>\r\n                <\/div>\r\n            <\/div>\r\n\r\n        \r\n            <div class=\"columns__item post__item f-carousel__slide\" >\r\n                <div class=\"gallery\">\r\n                    <figure class=\"gallery__item\">\r\n                        <picture>\r\n                            <source srcset=\"https:\/\/acampa-vacances.com\/wp-content\/uploads\/2024\/11\/2020-interieur-article-io-300x200-1.jpg.webp\" media=\"(max-width: 210px)\">\r\n                            <source srcset=\"https:\/\/acampa-vacances.com\/wp-content\/uploads\/2024\/11\/2020-interieur-article-io-300x200-1.jpg.webp\" media=\"(max-width: 420px)\">\r\n                            <source srcset=\"https:\/\/acampa-vacances.com\/wp-content\/uploads\/2024\/11\/2020-interieur-article-io-300x200-1.jpg.webp\" media=\"(max-width: 850px)\">\r\n                            <source srcset=\"https:\/\/acampa-vacances.com\/wp-content\/uploads\/2024\/11\/2020-interieur-article-io-300x200-1.jpg.webp\" media=\"(max-width: 1024px)\">\r\n                            <source srcset=\"https:\/\/acampa-vacances.com\/wp-content\/uploads\/2024\/11\/2020-interieur-article-io-300x200-1.jpg.webp\" media=\"(min-width: 1025px)\">\r\n\r\n                            <img loading=\"lazy\" decoding=\"async\" src=\"https:\/\/acampa-vacances.com\/wp-content\/uploads\/2024\/11\/2020-interieur-article-io-300x200-1.jpg.webp\" width=\"420\" height=\"210\" alt=\"\" title=\"\">\r\n                        <\/picture>\r\n                    <\/figure>\r\n                <\/div>\r\n                <div class=\"group texte\">\r\n                    \r\n                    <p class=\"h3\">Fotografie auf den Halbinseln von Giens<\/p>\r\n                    <p class=\"post__item__description\">\r\n                                                Fotografie auf den Halbinseln von Giens In der Region Var gibt es viele sch\u00f6ne Orte, die nur darauf warten, von Ihnen fotografiert zu werden. Machen [&#8230;]                    <\/p>\r\n\r\n                    <div class=\"buttons\">\r\n                        <a href=\"https:\/\/acampa-vacances.com\/de\/blog\/fotografie-auf-dem-giens-presquile\/\" class=\"buttons__btn\">Entdecken Sie<\/a>\r\n                    <\/div>\r\n                <\/div>\r\n            <\/div>\r\n\r\n        \r\n            <div class=\"columns__item post__item f-carousel__slide\" >\r\n                <div class=\"gallery\">\r\n                    <figure class=\"gallery__item\">\r\n                        <picture>\r\n                            <source srcset=\"https:\/\/acampa-vacances.com\/wp-content\/uploads\/2024\/11\/concert-cigale.jpg.webp\" media=\"(max-width: 210px)\">\r\n                            <source srcset=\"https:\/\/acampa-vacances.com\/wp-content\/uploads\/2024\/11\/concert-cigale.jpg.webp\" media=\"(max-width: 420px)\">\r\n                            <source srcset=\"https:\/\/acampa-vacances.com\/wp-content\/uploads\/2024\/11\/concert-cigale.jpg.webp\" media=\"(max-width: 850px)\">\r\n                            <source srcset=\"https:\/\/acampa-vacances.com\/wp-content\/uploads\/2024\/11\/concert-cigale.jpg.webp\" media=\"(max-width: 1024px)\">\r\n                            <source srcset=\"https:\/\/acampa-vacances.com\/wp-content\/uploads\/2024\/11\/concert-cigale.jpg.webp\" media=\"(min-width: 1025px)\">\r\n\r\n                            <img loading=\"lazy\" decoding=\"async\" src=\"https:\/\/acampa-vacances.com\/wp-content\/uploads\/2024\/11\/concert-cigale.jpg.webp\" width=\"420\" height=\"210\" alt=\"\" title=\"\">\r\n                        <\/picture>\r\n                    <\/figure>\r\n                <\/div>\r\n                <div class=\"group texte\">\r\n                    \r\n                    <p class=\"h3\">Die Zikade<\/p>\r\n                    <p class=\"post__item__description\">\r\n                                                La Cigale Ist Ihnen schon einmal aufgefallen, dass, wenn Sie sich im Freien aufhalten, Insekten zu summen oder zu quietschen scheinen, je nachdem, wie [&#8230;]                    <\/p>\r\n\r\n                    <div class=\"buttons\">\r\n                        <a href=\"https:\/\/acampa-vacances.com\/de\/blog\/die-zikade\/\" class=\"buttons__btn\">Entdecken Sie<\/a>\r\n                    <\/div>\r\n                <\/div>\r\n            <\/div>\r\n\r\n        \r\n            <div class=\"columns__item post__item f-carousel__slide\" >\r\n                <div class=\"gallery\">\r\n                    <figure class=\"gallery__item\">\r\n                        <picture>\r\n                            <source srcset=\"https:\/\/acampa-vacances.com\/wp-content\/uploads\/2024\/11\/image2-1-420x269.jpg.webp\" media=\"(max-width: 210px)\">\r\n                            <source srcset=\"https:\/\/acampa-vacances.com\/wp-content\/uploads\/2024\/11\/image2-1.jpg.webp\" media=\"(max-width: 420px)\">\r\n                            <source srcset=\"https:\/\/acampa-vacances.com\/wp-content\/uploads\/2024\/11\/image2-1.jpg.webp\" media=\"(max-width: 850px)\">\r\n                            <source srcset=\"https:\/\/acampa-vacances.com\/wp-content\/uploads\/2024\/11\/image2-1.jpg.webp\" media=\"(max-width: 1024px)\">\r\n                            <source srcset=\"https:\/\/acampa-vacances.com\/wp-content\/uploads\/2024\/11\/image2-1.jpg.webp\" media=\"(min-width: 1025px)\">\r\n\r\n                            <img loading=\"lazy\" decoding=\"async\" src=\"https:\/\/acampa-vacances.com\/wp-content\/uploads\/2024\/11\/image2-1-420x269.jpg.webp\" width=\"420\" height=\"210\" alt=\"\" title=\"\">\r\n                        <\/picture>\r\n                    <\/figure>\r\n                <\/div>\r\n                <div class=\"group texte\">\r\n                    \r\n                    <p class=\"h3\">Partnerschaft mit der Wassersportbasis Audemar<\/p>\r\n                    <p class=\"post__item__description\">\r\n                                                Audemar \/ Camping International Hy\u00e8res &#8211; Partner f\u00fcr unvergessliche Erinnerungen Wir freuen uns, Ihnen heute AUDEMAR HY\u00c8RES, unseren neuen Partner, [&#8230;]                    <\/p>\r\n\r\n                    <div class=\"buttons\">\r\n                        <a href=\"https:\/\/acampa-vacances.com\/de\/blog\/partnerschaft-nautische-basis-audemar-camping-international-giens-hyeres-var-83\/\" class=\"buttons__btn\">Entdecken Sie<\/a>\r\n                    <\/div>\r\n                <\/div>\r\n            <\/div>\r\n\r\n        \r\n            <div class=\"columns__item post__item f-carousel__slide\" >\r\n                <div class=\"gallery\">\r\n                    <figure class=\"gallery__item\">\r\n                        <picture>\r\n                            <source srcset=\"https:\/\/acampa-vacances.com\/wp-content\/uploads\/2024\/11\/saint-john-perse-2.jpg.webp\" media=\"(max-width: 210px)\">\r\n                            <source srcset=\"https:\/\/acampa-vacances.com\/wp-content\/uploads\/2024\/11\/saint-john-perse-2.jpg.webp\" media=\"(max-width: 420px)\">\r\n                            <source srcset=\"https:\/\/acampa-vacances.com\/wp-content\/uploads\/2024\/11\/saint-john-perse-2.jpg.webp\" media=\"(max-width: 850px)\">\r\n                            <source srcset=\"https:\/\/acampa-vacances.com\/wp-content\/uploads\/2024\/11\/saint-john-perse-2.jpg.webp\" media=\"(max-width: 1024px)\">\r\n                            <source srcset=\"https:\/\/acampa-vacances.com\/wp-content\/uploads\/2024\/11\/saint-john-perse-2.jpg.webp\" media=\"(min-width: 1025px)\">\r\n\r\n                            <img loading=\"lazy\" decoding=\"async\" src=\"https:\/\/acampa-vacances.com\/wp-content\/uploads\/2024\/11\/saint-john-perse-2.jpg.webp\" width=\"420\" height=\"210\" alt=\"\" title=\"\">\r\n                        <\/picture>\r\n                    <\/figure>\r\n                <\/div>\r\n                <div class=\"group texte\">\r\n                    \r\n                    <p class=\"h3\">Saint John Perse<\/p>\r\n                    <p class=\"post__item__description\">\r\n                                                Saint John Perse Die Geschichte eines franz\u00f6sischen Diplomaten, der zum Schriftsteller wurde Saint John Perse war sowohl ein Dichter als auch ein [&#8230;]                    <\/p>\r\n\r\n                    <div class=\"buttons\">\r\n                        <a href=\"https:\/\/acampa-vacances.com\/de\/blog\/saint-john-perse\/\" class=\"buttons__btn\">Entdecken Sie<\/a>\r\n                    <\/div>\r\n                <\/div>\r\n            <\/div>\r\n\r\n        \r\n            <div class=\"columns__item post__item f-carousel__slide\" >\r\n                <div class=\"gallery\">\r\n                    <figure class=\"gallery__item\">\r\n                        <picture>\r\n                            <source srcset=\"https:\/\/acampa-vacances.com\/wp-content\/uploads\/2024\/11\/location-mobil-home-2-personnes-420x360.jpg.webp\" media=\"(max-width: 210px)\">\r\n                            <source srcset=\"https:\/\/acampa-vacances.com\/wp-content\/uploads\/2024\/11\/location-mobil-home-2-personnes.jpg.webp\" media=\"(max-width: 420px)\">\r\n                            <source srcset=\"https:\/\/acampa-vacances.com\/wp-content\/uploads\/2024\/11\/location-mobil-home-2-personnes.jpg.webp\" media=\"(max-width: 850px)\">\r\n                            <source srcset=\"https:\/\/acampa-vacances.com\/wp-content\/uploads\/2024\/11\/location-mobil-home-2-personnes.jpg.webp\" media=\"(max-width: 1024px)\">\r\n                            <source srcset=\"https:\/\/acampa-vacances.com\/wp-content\/uploads\/2024\/11\/location-mobil-home-2-personnes.jpg.webp\" media=\"(min-width: 1025px)\">\r\n\r\n                            <img loading=\"lazy\" decoding=\"async\" src=\"https:\/\/acampa-vacances.com\/wp-content\/uploads\/2024\/11\/location-mobil-home-2-personnes-420x360.jpg.webp\" width=\"420\" height=\"210\" alt=\"\" title=\"\">\r\n                        <\/picture>\r\n                    <\/figure>\r\n                <\/div>\r\n                <div class=\"group texte\">\r\n                    \r\n                    <p class=\"h3\">Mobilheimvermietung in der Region Var<\/p>\r\n                    <p class=\"post__item__description\">\r\n                                                Ihr komfortables mobilheim in s\u00fcdfrankreich Sie suchen ein Mobilheim in S\u00fcdfrankreich, das Komfort und Funktionalit\u00e4t perfekt vereint? Entdecken [&#8230;]                    <\/p>\r\n\r\n                    <div class=\"buttons\">\r\n                        <a href=\"https:\/\/acampa-vacances.com\/de\/blog\/mietmobilheim-var\/\" class=\"buttons__btn\">Entdecken Sie<\/a>\r\n                    <\/div>\r\n                <\/div>\r\n            <\/div>\r\n\r\n        \r\n    <\/div>\r\n\r\n    ","protected":false},"excerpt":{"rendered":"<p>Die unumg\u00e4nglichen Sehensw\u00fcrdigkeiten von Hy\u00e8res Hy\u00e8res liegt zwischen Meer und H\u00fcgeln und bietet viel mehr als nur paradiesische Str\u00e4nde. Die Umgebung ist reich an Natursch\u00e4tzen, angefangen bei den Goldenen Inseln: Porquerolles, Port-Cros und Le Levant. Diese mediterranen Juwelen, die mit dem Boot erreichbar sind, sind ein Paradies f\u00fcr Wanderer, Taucher und Liebhaber unber\u00fchrter Str\u00e4nde. Entdecken [&hellip;]<\/p>\n","protected":false},"author":1,"featured_media":0,"parent":0,"menu_order":0,"comment_status":"closed","ping_status":"closed","template":"","meta":{"_acf_changed":false,"footnotes":""},"acf":[],"_links":{"self":[{"href":"https:\/\/acampa-vacances.com\/de\/wp-json\/wp\/v2\/pages\/12249"}],"collection":[{"href":"https:\/\/acampa-vacances.com\/de\/wp-json\/wp\/v2\/pages"}],"about":[{"href":"https:\/\/acampa-vacances.com\/de\/wp-json\/wp\/v2\/types\/page"}],"author":[{"embeddable":true,"href":"https:\/\/acampa-vacances.com\/de\/wp-json\/wp\/v2\/users\/1"}],"replies":[{"embeddable":true,"href":"https:\/\/acampa-vacances.com\/de\/wp-json\/wp\/v2\/comments?post=12249"}],"version-history":[{"count":1,"href":"https:\/\/acampa-vacances.com\/de\/wp-json\/wp\/v2\/pages\/12249\/revisions"}],"predecessor-version":[{"id":12250,"href":"https:\/\/acampa-vacances.com\/de\/wp-json\/wp\/v2\/pages\/12249\/revisions\/12250"}],"wp:attachment":[{"href":"https:\/\/acampa-vacances.com\/de\/wp-json\/wp\/v2\/media?parent=12249"}],"curies":[{"name":"wp","href":"https:\/\/api.w.org\/{rel}","templated":true}]}}