{"id":12299,"date":"2024-11-27T11:42:35","date_gmt":"2024-11-27T10:42:35","guid":{"rendered":"https:\/\/acampa-vacances.com\/blog-sejour-hyeres\/divers\/"},"modified":"2025-01-28T09:52:51","modified_gmt":"2025-01-28T08:52:51","slug":"verschiedenes","status":"publish","type":"page","link":"https:\/\/acampa-vacances.com\/de\/blog-sejour-hyeres\/verschiedenes\/","title":{"rendered":"Verschiedene"},"content":{"rendered":"<nav class=\"fildariane\"><a class=\"fildariane__item\" href=\"https:\/\/acampa-vacances.com\/de\/\">Acampa<\/a><span class=\"fc-icon\"><svg xmlns=\"http:\/\/www.w3.org\/2000\/svg\"  viewBox=\"0 0 320 512\" width=\"16px\" height=\"16px\"><!--! Font Awesome Pro 6.4.2 by @fontawesome - https:\/\/fontawesome.com License - https:\/\/fontawesome.com\/license (Commercial License) Copyright 2023 Fonticons, Inc.--><path d=\"M267.3 244.7c6.2 6.2 6.2 16.4 0 22.6l-160 160c-6.2 6.2-16.4 6.2-22.6 0s-6.2-16.4 0-22.6L233.4 256 84.7 107.3c-6.2-6.2-6.2-16.4 0-22.6s16.4-6.2 22.6 0l160 160z\"\/><\/svg><\/span><a class=\"fildariane__item\" href=\"https:\/\/acampa-vacances.com\/de\/blog-sejour-hyeres\/\">Blog<\/a><span class=\"fc-icon\"><svg xmlns=\"http:\/\/www.w3.org\/2000\/svg\"  viewBox=\"0 0 320 512\" width=\"16px\" height=\"16px\"><!--! Font Awesome Pro 6.4.2 by @fontawesome - https:\/\/fontawesome.com License - https:\/\/fontawesome.com\/license (Commercial License) Copyright 2023 Fonticons, Inc.--><path d=\"M267.3 244.7c6.2 6.2 6.2 16.4 0 22.6l-160 160c-6.2 6.2-16.4 6.2-22.6 0s-6.2-16.4 0-22.6L233.4 256 84.7 107.3c-6.2-6.2-6.2-16.4 0-22.6s16.4-6.2 22.6 0l160 160z\"\/><\/svg><\/span><span class=\"fildariane__item\">Verschiedene<\/span><\/nav><a class=\"fildariane__item retour\" href=\"https:\/\/acampa-vacances.com\/de\/\"\"><span class=\"fc-icon\"><svg xmlns=\"http:\/\/www.w3.org\/2000\/svg\"  viewBox=\"0 0 448 512\" width=\"16px\" height=\"16px\"><!--! Font Awesome Pro 6.4.2 by @fontawesome - https:\/\/fontawesome.com License - https:\/\/fontawesome.com\/license (Commercial License) Copyright 2023 Fonticons, Inc.--><path d=\"M7.4 273.4C2.7 268.8 0 262.6 0 256s2.7-12.8 7.4-17.4l176-168c9.6-9.2 24.8-8.8 33.9 .8s8.8 24.8-.8 33.9L83.9 232 424 232c13.3 0 24 10.7 24 24s-10.7 24-24 24L83.9 280 216.6 406.6c9.6 9.2 9.9 24.3 .8 33.9s-24.3 9.9-33.9 .8l-176-168z\"\/><\/svg><\/span>Zur\u00fcck zur Startseite<\/a>\n\n\n    <div class=\"columns nbr-col-3 listed__post\">\r\n\r\n        \r\n            <div class=\"columns__item post__item listed__post__item currentPage\" >\r\n                <div class=\"gallery\">\r\n                    <figure class=\"gallery__item\">\r\n                        <picture>\r\n                            <source srcset=\"https:\/\/acampa-vacances.com\/wp-content\/uploads\/2024\/11\/image2-1-420x269.jpg.webp\" media=\"(max-width: 210px)\">\r\n                            <source srcset=\"https:\/\/acampa-vacances.com\/wp-content\/uploads\/2024\/11\/image2-1.jpg.webp\" media=\"(max-width: 420px)\">\r\n                            <source srcset=\"https:\/\/acampa-vacances.com\/wp-content\/uploads\/2024\/11\/image2-1.jpg.webp\" media=\"(max-width: 850px)\">\r\n                            <source srcset=\"https:\/\/acampa-vacances.com\/wp-content\/uploads\/2024\/11\/image2-1.jpg.webp\" media=\"(max-width: 1024px)\">\r\n                            <source srcset=\"https:\/\/acampa-vacances.com\/wp-content\/uploads\/2024\/11\/image2-1.jpg.webp\" media=\"(min-width: 1025px)\">\r\n\r\n                            <img loading=\"lazy\" decoding=\"async\" src=\"https:\/\/acampa-vacances.com\/wp-content\/uploads\/2024\/11\/image2-1-420x269.jpg.webp\" width=\"420\" height=\"210\" alt=\"\" title=\"\">\r\n                        <\/picture>\r\n                    <\/figure>\r\n                <\/div>\r\n                <div class=\"group texte\">\r\n                    \r\n                    <p class=\"h3\">Partnerschaft mit der Wassersportbasis Audemar<\/p>\r\n                    <p class=\"post__item__description\">\r\n                                                Audemar \/ Camping International Hy\u00e8res &#8211; Partner f\u00fcr unvergessliche Erinnerungen Wir freuen uns, Ihnen heute AUDEMAR HY\u00c8RES, unseren neuen Partner, [&#8230;]                    <\/p>\r\n\r\n                    <div class=\"buttons\">\r\n                        <a href=\"https:\/\/acampa-vacances.com\/de\/blog\/partnerschaft-nautische-basis-audemar-camping-international-giens-hyeres-var-83\/\" class=\"buttons__btn\">Entdecken Sie<\/a>\r\n                    <\/div>\r\n                <\/div>\r\n            <\/div>\r\n\r\n        \r\n            <div class=\"columns__item post__item listed__post__item currentPage\" >\r\n                <div class=\"gallery\">\r\n                    <figure class=\"gallery__item\">\r\n                        <picture>\r\n                            <source srcset=\"https:\/\/acampa-vacances.com\/wp-content\/uploads\/2024\/11\/saint-john-perse-2.jpg.webp\" media=\"(max-width: 210px)\">\r\n                            <source srcset=\"https:\/\/acampa-vacances.com\/wp-content\/uploads\/2024\/11\/saint-john-perse-2.jpg.webp\" media=\"(max-width: 420px)\">\r\n                            <source srcset=\"https:\/\/acampa-vacances.com\/wp-content\/uploads\/2024\/11\/saint-john-perse-2.jpg.webp\" media=\"(max-width: 850px)\">\r\n                            <source srcset=\"https:\/\/acampa-vacances.com\/wp-content\/uploads\/2024\/11\/saint-john-perse-2.jpg.webp\" media=\"(max-width: 1024px)\">\r\n                            <source srcset=\"https:\/\/acampa-vacances.com\/wp-content\/uploads\/2024\/11\/saint-john-perse-2.jpg.webp\" media=\"(min-width: 1025px)\">\r\n\r\n                            <img loading=\"lazy\" decoding=\"async\" src=\"https:\/\/acampa-vacances.com\/wp-content\/uploads\/2024\/11\/saint-john-perse-2.jpg.webp\" width=\"420\" height=\"210\" alt=\"\" title=\"\">\r\n                        <\/picture>\r\n                    <\/figure>\r\n                <\/div>\r\n                <div class=\"group texte\">\r\n                    \r\n                    <p class=\"h3\">Saint John Perse<\/p>\r\n                    <p class=\"post__item__description\">\r\n                                                Saint John Perse Die Geschichte eines franz\u00f6sischen Diplomaten, der zum Schriftsteller wurde Saint John Perse war sowohl ein Dichter als auch ein [&#8230;]                    <\/p>\r\n\r\n                    <div class=\"buttons\">\r\n                        <a href=\"https:\/\/acampa-vacances.com\/de\/blog\/saint-john-perse\/\" class=\"buttons__btn\">Entdecken Sie<\/a>\r\n                    <\/div>\r\n                <\/div>\r\n            <\/div>\r\n\r\n        \r\n            <div class=\"columns__item post__item listed__post__item currentPage\" >\r\n                <div class=\"gallery\">\r\n                    <figure class=\"gallery__item\">\r\n                        <picture>\r\n                            <source srcset=\"https:\/\/acampa-vacances.com\/wp-content\/uploads\/2024\/11\/location-mobil-home-2-personnes-420x360.jpg.webp\" media=\"(max-width: 210px)\">\r\n                            <source srcset=\"https:\/\/acampa-vacances.com\/wp-content\/uploads\/2024\/11\/location-mobil-home-2-personnes.jpg.webp\" media=\"(max-width: 420px)\">\r\n                            <source srcset=\"https:\/\/acampa-vacances.com\/wp-content\/uploads\/2024\/11\/location-mobil-home-2-personnes.jpg.webp\" media=\"(max-width: 850px)\">\r\n                            <source srcset=\"https:\/\/acampa-vacances.com\/wp-content\/uploads\/2024\/11\/location-mobil-home-2-personnes.jpg.webp\" media=\"(max-width: 1024px)\">\r\n                            <source srcset=\"https:\/\/acampa-vacances.com\/wp-content\/uploads\/2024\/11\/location-mobil-home-2-personnes.jpg.webp\" media=\"(min-width: 1025px)\">\r\n\r\n                            <img loading=\"lazy\" decoding=\"async\" src=\"https:\/\/acampa-vacances.com\/wp-content\/uploads\/2024\/11\/location-mobil-home-2-personnes-420x360.jpg.webp\" width=\"420\" height=\"210\" alt=\"\" title=\"\">\r\n                        <\/picture>\r\n                    <\/figure>\r\n                <\/div>\r\n                <div class=\"group texte\">\r\n                    \r\n                    <p class=\"h3\">Mobilheimvermietung in der Region Var<\/p>\r\n                    <p class=\"post__item__description\">\r\n                                                Ihr komfortables mobilheim in s\u00fcdfrankreich Sie suchen ein Mobilheim in S\u00fcdfrankreich, das Komfort und Funktionalit\u00e4t perfekt vereint? Entdecken [&#8230;]                    <\/p>\r\n\r\n                    <div class=\"buttons\">\r\n                        <a href=\"https:\/\/acampa-vacances.com\/de\/blog\/mietmobilheim-var\/\" class=\"buttons__btn\">Entdecken Sie<\/a>\r\n                    <\/div>\r\n                <\/div>\r\n            <\/div>\r\n\r\n        \r\n            <div class=\"columns__item post__item listed__post__item currentPage\" >\r\n                <div class=\"gallery\">\r\n                    <figure class=\"gallery__item\">\r\n                        <picture>\r\n                            <source srcset=\"https:\/\/acampa-vacances.com\/wp-content\/uploads\/2024\/12\/Image1-1-2-420x289.jpg.webp\" media=\"(max-width: 210px)\">\r\n                            <source srcset=\"https:\/\/acampa-vacances.com\/wp-content\/uploads\/2024\/12\/Image1-1-2.jpg.webp\" media=\"(max-width: 420px)\">\r\n                            <source srcset=\"https:\/\/acampa-vacances.com\/wp-content\/uploads\/2024\/12\/Image1-1-2.jpg.webp\" media=\"(max-width: 850px)\">\r\n                            <source srcset=\"https:\/\/acampa-vacances.com\/wp-content\/uploads\/2024\/12\/Image1-1-2.jpg.webp\" media=\"(max-width: 1024px)\">\r\n                            <source srcset=\"https:\/\/acampa-vacances.com\/wp-content\/uploads\/2024\/12\/Image1-1-2.jpg.webp\" media=\"(min-width: 1025px)\">\r\n\r\n                            <img loading=\"lazy\" decoding=\"async\" src=\"https:\/\/acampa-vacances.com\/wp-content\/uploads\/2024\/12\/Image1-1-2-420x289.jpg.webp\" width=\"420\" height=\"210\" alt=\"\" title=\"\">\r\n                        <\/picture>\r\n                    <\/figure>\r\n                <\/div>\r\n                <div class=\"group texte\">\r\n                    \r\n                    <p class=\"h3\">Sommer 2023 auf der Halbinsel Giens<\/p>\r\n                    <p class=\"post__item__description\">\r\n                                                Sommer 2023 auf der Halbinsel Giens Var 83 &#8211; Hy\u00e8res Was Sie in Hy\u00e8res nicht verpassen d\u00fcrfen! Var 83 Presqu&#8217;\u00eele de Giens Besuchen Sie uns in [&#8230;]                    <\/p>\r\n\r\n                    <div class=\"buttons\">\r\n                        <a href=\"https:\/\/acampa-vacances.com\/de\/blog\/sommer-2023-auf-dem-presquile-von-giens-var-83-hyeres\/\" class=\"buttons__btn\">Entdecken Sie<\/a>\r\n                    <\/div>\r\n                <\/div>\r\n            <\/div>\r\n\r\n        \r\n            <div class=\"columns__item post__item listed__post__item currentPage\" >\r\n                <div class=\"gallery\">\r\n                    <figure class=\"gallery__item\">\r\n                        <picture>\r\n                            <source srcset=\"https:\/\/acampa-vacances.com\/wp-content\/uploads\/2025\/09\/appartement-bleuet-international-420x420.jpg.webp\" media=\"(max-width: 210px)\">\r\n                            <source srcset=\"https:\/\/acampa-vacances.com\/wp-content\/uploads\/2025\/09\/appartement-bleuet-international.jpg.webp\" media=\"(max-width: 420px)\">\r\n                            <source srcset=\"https:\/\/acampa-vacances.com\/wp-content\/uploads\/2025\/09\/appartement-bleuet-international-768x576.jpg.webp\" media=\"(max-width: 850px)\">\r\n                            <source srcset=\"https:\/\/acampa-vacances.com\/wp-content\/uploads\/2025\/09\/appartement-bleuet-international.jpg.webp\" media=\"(max-width: 1024px)\">\r\n                            <source srcset=\"https:\/\/acampa-vacances.com\/wp-content\/uploads\/2025\/09\/appartement-bleuet-international.jpg.webp\" media=\"(min-width: 1025px)\">\r\n\r\n                            <img loading=\"lazy\" decoding=\"async\" src=\"https:\/\/acampa-vacances.com\/wp-content\/uploads\/2025\/09\/appartement-bleuet-international-420x420.jpg.webp\" width=\"420\" height=\"210\" alt=\"\" title=\"\">\r\n                        <\/picture>\r\n                    <\/figure>\r\n                <\/div>\r\n                <div class=\"group texte\">\r\n                    \r\n                    <p class=\"h3\">Apartment in Var<\/p>\r\n                    <p class=\"post__item__description\">\r\n                                                Buchen Sie Ihre Ferienwohnung in Hy\u00e8res mit ACAMPA Sehnsucht nach Sonne, kristallklarem Wasser und unber\u00fchrter Natur? Lassen Sie sich von unserer [&#8230;]                    <\/p>\r\n\r\n                    <div class=\"buttons\">\r\n                        <a href=\"https:\/\/acampa-vacances.com\/de\/blog\/mietwohnung-var\/\" class=\"buttons__btn\">Entdecken Sie<\/a>\r\n                    <\/div>\r\n                <\/div>\r\n            <\/div>\r\n\r\n        \r\n            <div class=\"columns__item post__item listed__post__item currentPage\" >\r\n                <div class=\"gallery\">\r\n                    <figure class=\"gallery__item\">\r\n                        <picture>\r\n                            <source srcset=\"https:\/\/acampa-vacances.com\/wp-content\/uploads\/2024\/11\/ado-marche-fleur-hyeres-420x420.jpg.webp\" media=\"(max-width: 210px)\">\r\n                            <source srcset=\"https:\/\/acampa-vacances.com\/wp-content\/uploads\/2024\/11\/ado-marche-fleur-hyeres-850x568.jpg.webp\" media=\"(max-width: 420px)\">\r\n                            <source srcset=\"https:\/\/acampa-vacances.com\/wp-content\/uploads\/2024\/11\/ado-marche-fleur-hyeres-768x513.jpg.webp\" media=\"(max-width: 850px)\">\r\n                            <source srcset=\"https:\/\/acampa-vacances.com\/wp-content\/uploads\/2024\/11\/ado-marche-fleur-hyeres.jpg.webp\" media=\"(max-width: 1024px)\">\r\n                            <source srcset=\"https:\/\/acampa-vacances.com\/wp-content\/uploads\/2024\/11\/ado-marche-fleur-hyeres.jpg.webp\" media=\"(min-width: 1025px)\">\r\n\r\n                            <img loading=\"lazy\" decoding=\"async\" src=\"https:\/\/acampa-vacances.com\/wp-content\/uploads\/2024\/11\/ado-marche-fleur-hyeres-420x420.jpg.webp\" width=\"420\" height=\"210\" alt=\"\" title=\"\">\r\n                        <\/picture>\r\n                    <\/figure>\r\n                <\/div>\r\n                <div class=\"group texte\">\r\n                    \r\n                    <p class=\"h3\">Hy\u00e8res &#8211; Hauptstadt der Schnittblumen<\/p>\r\n                    <p class=\"post__item__description\">\r\n                                                Hy\u00e8res, Hauptstadt der Schnittblumen Hy\u00e8res hat mehr als ein Wunder zu teilen! Bei einem Ausflug in die Natur oder zum Entspannen in diesem gr\u00fcnen [&#8230;]                    <\/p>\r\n\r\n                    <div class=\"buttons\">\r\n                        <a href=\"https:\/\/acampa-vacances.com\/de\/blog\/hyeres-hauptstadt-der-schnittblume\/\" class=\"buttons__btn\">Entdecken Sie<\/a>\r\n                    <\/div>\r\n                <\/div>\r\n            <\/div>\r\n\r\n        \r\n            <div class=\"columns__item post__item listed__post__item currentPage\" >\r\n                <div class=\"gallery\">\r\n                    <figure class=\"gallery__item\">\r\n                        <picture>\r\n                            <source srcset=\"https:\/\/acampa-vacances.com\/wp-content\/uploads\/2024\/12\/image6-1-420x345.jpg.webp\" media=\"(max-width: 210px)\">\r\n                            <source srcset=\"https:\/\/acampa-vacances.com\/wp-content\/uploads\/2024\/12\/image6-1.jpg.webp\" media=\"(max-width: 420px)\">\r\n                            <source srcset=\"https:\/\/acampa-vacances.com\/wp-content\/uploads\/2024\/12\/image6-1.jpg.webp\" media=\"(max-width: 850px)\">\r\n                            <source srcset=\"https:\/\/acampa-vacances.com\/wp-content\/uploads\/2024\/12\/image6-1.jpg.webp\" media=\"(max-width: 1024px)\">\r\n                            <source srcset=\"https:\/\/acampa-vacances.com\/wp-content\/uploads\/2024\/12\/image6-1.jpg.webp\" media=\"(min-width: 1025px)\">\r\n\r\n                            <img loading=\"lazy\" decoding=\"async\" src=\"https:\/\/acampa-vacances.com\/wp-content\/uploads\/2024\/12\/image6-1-420x345.jpg.webp\" width=\"420\" height=\"210\" alt=\"\" title=\"\">\r\n                        <\/picture>\r\n                    <\/figure>\r\n                <\/div>\r\n                <div class=\"group texte\">\r\n                    \r\n                    <p class=\"h3\">Olympische Spiele in Hy\u00e8res im Jahr 2024<\/p>\r\n                    <p class=\"post__item__description\">\r\n                                                Die Olympischen Spiele 2024 landen in Hy\u00e8res Die Stadt bereitet sich darauf vor, am 10. Mai 2024 das olympische Feuer zu empfangen und Ihr [&#8230;]                    <\/p>\r\n\r\n                    <div class=\"buttons\">\r\n                        <a href=\"https:\/\/acampa-vacances.com\/de\/blog\/die-jo-landen-in-hyeres-im-jahr-2024\/\" class=\"buttons__btn\">Entdecken Sie<\/a>\r\n                    <\/div>\r\n                <\/div>\r\n            <\/div>\r\n\r\n        \r\n            <div class=\"columns__item post__item listed__post__item currentPage\" >\r\n                <div class=\"gallery\">\r\n                    <figure class=\"gallery__item\">\r\n                        <picture>\r\n                            <source srcset=\"https:\/\/acampa-vacances.com\/wp-content\/uploads\/2024\/11\/Image5.jpg.webp\" media=\"(max-width: 210px)\">\r\n                            <source srcset=\"https:\/\/acampa-vacances.com\/wp-content\/uploads\/2024\/11\/Image5.jpg.webp\" media=\"(max-width: 420px)\">\r\n                            <source srcset=\"https:\/\/acampa-vacances.com\/wp-content\/uploads\/2024\/11\/Image5.jpg.webp\" media=\"(max-width: 850px)\">\r\n                            <source srcset=\"https:\/\/acampa-vacances.com\/wp-content\/uploads\/2024\/11\/Image5.jpg.webp\" media=\"(max-width: 1024px)\">\r\n                            <source srcset=\"https:\/\/acampa-vacances.com\/wp-content\/uploads\/2024\/11\/Image5.jpg.webp\" media=\"(min-width: 1025px)\">\r\n\r\n                            <img loading=\"lazy\" decoding=\"async\" src=\"https:\/\/acampa-vacances.com\/wp-content\/uploads\/2024\/11\/Image5.jpg.webp\" width=\"420\" height=\"210\" alt=\"\" title=\"\">\r\n                        <\/picture>\r\n                    <\/figure>\r\n                <\/div>\r\n                <div class=\"group texte\">\r\n                    \r\n                    <p class=\"h3\">Die Olympischen Spiele 2024 in Hy\u00e8res<\/p>\r\n                    <p class=\"post__item__description\">\r\n                                                Die Olympischen Spiele 2024 kommen nach Hy\u00e8res (Var 83) Sommer 2024: Die Welt wird sich an den Leistungen der Athleten bei den Olympischen Spielen in [&#8230;]                    <\/p>\r\n\r\n                    <div class=\"buttons\">\r\n                        <a href=\"https:\/\/acampa-vacances.com\/de\/blog\/hyeres-jo-2024-ermutigen-die-franzosischen-teams-mit-ihrem-campingplatz-hyeres-var-83\/\" class=\"buttons__btn\">Entdecken Sie<\/a>\r\n                    <\/div>\r\n                <\/div>\r\n            <\/div>\r\n\r\n        \r\n            <div class=\"columns__item post__item listed__post__item currentPage\" >\r\n                <div class=\"gallery\">\r\n                    <figure class=\"gallery__item\">\r\n                        <picture>\r\n                            <source srcset=\"https:\/\/acampa-vacances.com\/wp-content\/uploads\/2024\/11\/Sans-titre-2022-11-20T203545.596-2.png.webp\" media=\"(max-width: 210px)\">\r\n                            <source srcset=\"https:\/\/acampa-vacances.com\/wp-content\/uploads\/2024\/11\/Sans-titre-2022-11-20T203545.596-2.png.webp\" media=\"(max-width: 420px)\">\r\n                            <source srcset=\"https:\/\/acampa-vacances.com\/wp-content\/uploads\/2024\/11\/Sans-titre-2022-11-20T203545.596-2.png.webp\" media=\"(max-width: 850px)\">\r\n                            <source srcset=\"https:\/\/acampa-vacances.com\/wp-content\/uploads\/2024\/11\/Sans-titre-2022-11-20T203545.596-2.png.webp\" media=\"(max-width: 1024px)\">\r\n                            <source srcset=\"https:\/\/acampa-vacances.com\/wp-content\/uploads\/2024\/11\/Sans-titre-2022-11-20T203545.596-2.png.webp\" media=\"(min-width: 1025px)\">\r\n\r\n                            <img loading=\"lazy\" decoding=\"async\" src=\"https:\/\/acampa-vacances.com\/wp-content\/uploads\/2024\/11\/Sans-titre-2022-11-20T203545.596-2.png.webp\" width=\"420\" height=\"210\" alt=\"\" title=\"\">\r\n                        <\/picture>\r\n                    <\/figure>\r\n                <\/div>\r\n                <div class=\"group texte\">\r\n                    \r\n                    <p class=\"h3\">Provenzalische Tradition: Santons und Santonniers aus dem Departement Var<\/p>\r\n                    <p class=\"post__item__description\">\r\n                                                Provenzalische Tradition: Santons und Santonniers aus dem Departement Var Die Santons de Provence sind das Wahrzeichen unserer wundersch\u00f6nen Region! [&#8230;]                    <\/p>\r\n\r\n                    <div class=\"buttons\">\r\n                        <a href=\"https:\/\/acampa-vacances.com\/de\/blog\/provenzalische-tradition-les-santons-et-les-santonniers-du-var\/\" class=\"buttons__btn\">Entdecken Sie<\/a>\r\n                    <\/div>\r\n                <\/div>\r\n            <\/div>\r\n\r\n        \r\n            <div class=\"columns__item post__item listed__post__item\" >\r\n                <div class=\"gallery\">\r\n                    <figure class=\"gallery__item\">\r\n                        <picture>\r\n                            <source srcset=\"https:\/\/acampa-vacances.com\/wp-content\/uploads\/2024\/11\/ile-de-porquerolles-1.jpg.webp\" media=\"(max-width: 210px)\">\r\n                            <source srcset=\"https:\/\/acampa-vacances.com\/wp-content\/uploads\/2024\/11\/ile-de-porquerolles-1.jpg.webp\" media=\"(max-width: 420px)\">\r\n                            <source srcset=\"https:\/\/acampa-vacances.com\/wp-content\/uploads\/2024\/11\/ile-de-porquerolles-1.jpg.webp\" media=\"(max-width: 850px)\">\r\n                            <source srcset=\"https:\/\/acampa-vacances.com\/wp-content\/uploads\/2024\/11\/ile-de-porquerolles-1.jpg.webp\" media=\"(max-width: 1024px)\">\r\n                            <source srcset=\"https:\/\/acampa-vacances.com\/wp-content\/uploads\/2024\/11\/ile-de-porquerolles-1.jpg.webp\" media=\"(min-width: 1025px)\">\r\n\r\n                            <img loading=\"lazy\" decoding=\"async\" src=\"https:\/\/acampa-vacances.com\/wp-content\/uploads\/2024\/11\/ile-de-porquerolles-1.jpg.webp\" width=\"420\" height=\"210\" alt=\"\" title=\"\">\r\n                        <\/picture>\r\n                    <\/figure>\r\n                <\/div>\r\n                <div class=\"group texte\">\r\n                    \r\n                    <p class=\"h3\">Campingpl\u00e4tze Porquerolles<\/p>\r\n                    <p class=\"post__item__description\">\r\n                                                Die Insel Porquerolles in der N\u00e4he der Campingpl\u00e4tze von Hy\u00e8res Sind Sie im Urlaub oder auf der Durchreise auf der Presqu&#8217;\u00eele de Giens? Ein Besuch [&#8230;]                    <\/p>\r\n\r\n                    <div class=\"buttons\">\r\n                        <a href=\"https:\/\/acampa-vacances.com\/de\/blog\/campingplatze-porquerolles\/\" class=\"buttons__btn\">Entdecken Sie<\/a>\r\n                    <\/div>\r\n                <\/div>\r\n            <\/div>\r\n\r\n        \r\n            <div class=\"columns__item post__item listed__post__item\" >\r\n                <div class=\"gallery\">\r\n                    <figure class=\"gallery__item\">\r\n                        <picture>\r\n                            <source srcset=\"https:\/\/acampa-vacances.com\/wp-content\/uploads\/2024\/11\/emplacement-camping-hyeres.jpg.webp\" media=\"(max-width: 210px)\">\r\n                            <source srcset=\"https:\/\/acampa-vacances.com\/wp-content\/uploads\/2024\/11\/emplacement-camping-hyeres.jpg.webp\" media=\"(max-width: 420px)\">\r\n                            <source srcset=\"https:\/\/acampa-vacances.com\/wp-content\/uploads\/2024\/11\/emplacement-camping-hyeres.jpg.webp\" media=\"(max-width: 850px)\">\r\n                            <source srcset=\"https:\/\/acampa-vacances.com\/wp-content\/uploads\/2024\/11\/emplacement-camping-hyeres.jpg.webp\" media=\"(max-width: 1024px)\">\r\n                            <source srcset=\"https:\/\/acampa-vacances.com\/wp-content\/uploads\/2024\/11\/emplacement-camping-hyeres.jpg.webp\" media=\"(min-width: 1025px)\">\r\n\r\n                            <img loading=\"lazy\" decoding=\"async\" src=\"https:\/\/acampa-vacances.com\/wp-content\/uploads\/2024\/11\/emplacement-camping-hyeres.jpg.webp\" width=\"420\" height=\"210\" alt=\"\" title=\"\">\r\n                        <\/picture>\r\n                    <\/figure>\r\n                <\/div>\r\n                <div class=\"group texte\">\r\n                    \r\n                    <p class=\"h3\">Camping-Stellpl\u00e4tze im Departement Var<\/p>\r\n                    <p class=\"post__item__description\">\r\n                                                Stellpl\u00e4tze f\u00fcr Wohnmobile in S\u00fcdfrankreich Die Halbinsel Giens (C\u00f4te d\u2019Azur), ein beliebtes Ziel f\u00fcr Ihren Wohnmobilurlaub, wird Ihnen von [&#8230;]                    <\/p>\r\n\r\n                    <div class=\"buttons\">\r\n                        <a href=\"https:\/\/acampa-vacances.com\/de\/blog\/camping-standort-var\/\" class=\"buttons__btn\">Entdecken Sie<\/a>\r\n                    <\/div>\r\n                <\/div>\r\n            <\/div>\r\n\r\n        \r\n            <div class=\"columns__item post__item listed__post__item\" >\r\n                <div class=\"gallery\">\r\n                    <figure class=\"gallery__item\">\r\n                        <picture>\r\n                            <source srcset=\"https:\/\/acampa-vacances.com\/wp-content\/uploads\/2024\/11\/2020-interieur-article-io-300x200-1.jpg.webp\" media=\"(max-width: 210px)\">\r\n                            <source srcset=\"https:\/\/acampa-vacances.com\/wp-content\/uploads\/2024\/11\/2020-interieur-article-io-300x200-1.jpg.webp\" media=\"(max-width: 420px)\">\r\n                            <source srcset=\"https:\/\/acampa-vacances.com\/wp-content\/uploads\/2024\/11\/2020-interieur-article-io-300x200-1.jpg.webp\" media=\"(max-width: 850px)\">\r\n                            <source srcset=\"https:\/\/acampa-vacances.com\/wp-content\/uploads\/2024\/11\/2020-interieur-article-io-300x200-1.jpg.webp\" media=\"(max-width: 1024px)\">\r\n                            <source srcset=\"https:\/\/acampa-vacances.com\/wp-content\/uploads\/2024\/11\/2020-interieur-article-io-300x200-1.jpg.webp\" media=\"(min-width: 1025px)\">\r\n\r\n                            <img loading=\"lazy\" decoding=\"async\" src=\"https:\/\/acampa-vacances.com\/wp-content\/uploads\/2024\/11\/2020-interieur-article-io-300x200-1.jpg.webp\" width=\"420\" height=\"210\" alt=\"\" title=\"\">\r\n                        <\/picture>\r\n                    <\/figure>\r\n                <\/div>\r\n                <div class=\"group texte\">\r\n                    \r\n                    <p class=\"h3\">Fotografie auf den Halbinseln von Giens<\/p>\r\n                    <p class=\"post__item__description\">\r\n                                                Fotografie auf den Halbinseln von Giens In der Region Var gibt es viele sch\u00f6ne Orte, die nur darauf warten, von Ihnen fotografiert zu werden. Machen [&#8230;]                    <\/p>\r\n\r\n                    <div class=\"buttons\">\r\n                        <a href=\"https:\/\/acampa-vacances.com\/de\/blog\/fotografie-auf-dem-giens-presquile\/\" class=\"buttons__btn\">Entdecken Sie<\/a>\r\n                    <\/div>\r\n                <\/div>\r\n            <\/div>\r\n\r\n        \r\n            <div class=\"columns__item post__item listed__post__item\" >\r\n                <div class=\"gallery\">\r\n                    <figure class=\"gallery__item\">\r\n                        <picture>\r\n                            <source srcset=\"https:\/\/acampa-vacances.com\/wp-content\/uploads\/2024\/11\/concert-cigale.jpg.webp\" media=\"(max-width: 210px)\">\r\n                            <source srcset=\"https:\/\/acampa-vacances.com\/wp-content\/uploads\/2024\/11\/concert-cigale.jpg.webp\" media=\"(max-width: 420px)\">\r\n                            <source srcset=\"https:\/\/acampa-vacances.com\/wp-content\/uploads\/2024\/11\/concert-cigale.jpg.webp\" media=\"(max-width: 850px)\">\r\n                            <source srcset=\"https:\/\/acampa-vacances.com\/wp-content\/uploads\/2024\/11\/concert-cigale.jpg.webp\" media=\"(max-width: 1024px)\">\r\n                            <source srcset=\"https:\/\/acampa-vacances.com\/wp-content\/uploads\/2024\/11\/concert-cigale.jpg.webp\" media=\"(min-width: 1025px)\">\r\n\r\n                            <img loading=\"lazy\" decoding=\"async\" src=\"https:\/\/acampa-vacances.com\/wp-content\/uploads\/2024\/11\/concert-cigale.jpg.webp\" width=\"420\" height=\"210\" alt=\"\" title=\"\">\r\n                        <\/picture>\r\n                    <\/figure>\r\n                <\/div>\r\n                <div class=\"group texte\">\r\n                    \r\n                    <p class=\"h3\">Die Zikade<\/p>\r\n                    <p class=\"post__item__description\">\r\n                                                La Cigale Ist Ihnen schon einmal aufgefallen, dass, wenn Sie sich im Freien aufhalten, Insekten zu summen oder zu quietschen scheinen, je nachdem, wie [&#8230;]                    <\/p>\r\n\r\n                    <div class=\"buttons\">\r\n                        <a href=\"https:\/\/acampa-vacances.com\/de\/blog\/die-zikade\/\" class=\"buttons__btn\">Entdecken Sie<\/a>\r\n                    <\/div>\r\n                <\/div>\r\n            <\/div>\r\n\r\n        \r\n    <\/div>\r\n\r\n    <div class=\"buttons display-flex \" style=\"justify-content:center;\"><span class=\"buttons__btn listed__post__plus\">Weitere Artikel<span class=\"fc-icon\"><svg xmlns=\"http:\/\/www.w3.org\/2000\/svg\"  viewBox=\"0 0 448 512\" width=\"16px\" height=\"16px\"><!--! Font Awesome Pro 6.4.2 by @fontawesome - https:\/\/fontawesome.com License - https:\/\/fontawesome.com\/license (Commercial License) Copyright 2023 Fonticons, Inc.--><path d=\"M256 80c0-17.7-14.3-32-32-32s-32 14.3-32 32V224H48c-17.7 0-32 14.3-32 32s14.3 32 32 32H192V432c0 17.7 14.3 32 32 32s32-14.3 32-32V288H400c17.7 0 32-14.3 32-32s-14.3-32-32-32H256V80z\"\/><\/svg><\/span><\/span><\/div>","protected":false},"excerpt":{"rendered":"","protected":false},"author":1,"featured_media":0,"parent":12249,"menu_order":0,"comment_status":"closed","ping_status":"closed","template":"","meta":{"_acf_changed":false,"footnotes":""},"acf":[],"_links":{"self":[{"href":"https:\/\/acampa-vacances.com\/de\/wp-json\/wp\/v2\/pages\/12299"}],"collection":[{"href":"https:\/\/acampa-vacances.com\/de\/wp-json\/wp\/v2\/pages"}],"about":[{"href":"https:\/\/acampa-vacances.com\/de\/wp-json\/wp\/v2\/types\/page"}],"author":[{"embeddable":true,"href":"https:\/\/acampa-vacances.com\/de\/wp-json\/wp\/v2\/users\/1"}],"replies":[{"embeddable":true,"href":"https:\/\/acampa-vacances.com\/de\/wp-json\/wp\/v2\/comments?post=12299"}],"version-history":[{"count":1,"href":"https:\/\/acampa-vacances.com\/de\/wp-json\/wp\/v2\/pages\/12299\/revisions"}],"predecessor-version":[{"id":12300,"href":"https:\/\/acampa-vacances.com\/de\/wp-json\/wp\/v2\/pages\/12299\/revisions\/12300"}],"up":[{"embeddable":true,"href":"https:\/\/acampa-vacances.com\/de\/wp-json\/wp\/v2\/pages\/12249"}],"wp:attachment":[{"href":"https:\/\/acampa-vacances.com\/de\/wp-json\/wp\/v2\/media?parent=12299"}],"curies":[{"name":"wp","href":"https:\/\/api.w.org\/{rel}","templated":true}]}}