{"id":12388,"date":"2024-11-25T10:11:59","date_gmt":"2024-11-25T09:11:59","guid":{"rendered":"https:\/\/acampa-vacances.com\/tourisme\/la-ville-medievale\/"},"modified":"2025-01-29T09:22:01","modified_gmt":"2025-01-29T08:22:01","slug":"die-mittelalterliche-stadt","status":"publish","type":"tourisme","link":"https:\/\/acampa-vacances.com\/de\/tourismus\/die-mittelalterliche-stadt\/","title":{"rendered":"Mittelalterliche Stadt"},"content":{"rendered":"<nav class=\"fildariane\"><a class=\"fildariane__item\" href=\"https:\/\/acampa-vacances.com\/de\/\">Acampa<\/a><span class=\"fc-icon\"><svg xmlns=\"http:\/\/www.w3.org\/2000\/svg\"  viewBox=\"0 0 320 512\" width=\"16px\" height=\"16px\"><!--! Font Awesome Pro 6.4.2 by @fontawesome - https:\/\/fontawesome.com License - https:\/\/fontawesome.com\/license (Commercial License) Copyright 2023 Fonticons, Inc.--><path d=\"M267.3 244.7c6.2 6.2 6.2 16.4 0 22.6l-160 160c-6.2 6.2-16.4 6.2-22.6 0s-6.2-16.4 0-22.6L233.4 256 84.7 107.3c-6.2-6.2-6.2-16.4 0-22.6s16.4-6.2 22.6 0l160 160z\"\/><\/svg><\/span><span class=\"fildariane__item\">Mittelalterliche Stadt<\/span><\/nav><a class=\"fildariane__item retour\" href=\"https:\/\/acampa-vacances.com\/de\/\"\"><span class=\"fc-icon\"><svg xmlns=\"http:\/\/www.w3.org\/2000\/svg\"  viewBox=\"0 0 448 512\" width=\"16px\" height=\"16px\"><!--! Font Awesome Pro 6.4.2 by @fontawesome - https:\/\/fontawesome.com License - https:\/\/fontawesome.com\/license (Commercial License) Copyright 2023 Fonticons, Inc.--><path d=\"M7.4 273.4C2.7 268.8 0 262.6 0 256s2.7-12.8 7.4-17.4l176-168c9.6-9.2 24.8-8.8 33.9 .8s8.8 24.8-.8 33.9L83.9 232 424 232c13.3 0 24 10.7 24 24s-10.7 24-24 24L83.9 280 216.6 406.6c9.6 9.2 9.9 24.3 .8 33.9s-24.3 9.9-33.9 .8l-176-168z\"\/><\/svg><\/span>Zur\u00fcck zur Startseite<\/a>\n<h1>Die mittelalterliche Stadt<\/h1><p id=\"https:\/\/acampa-vacances.com\/clairdelune\/accueil\/\">Nur 10 km vom <a href=\"https:\/\/acampa-vacances.com\/de\/clairdelune\/willkommen\/\" data-type=\"link\" data-id=\"https:\/\/acampa-vacances.com\/clairdelune\/accueil\/\">Campingplatz Clair de Lune in Hy\u00e8res<\/a> entfernt liegt die Altstadt, die mittelalterlichste der Stadt. Historikern zufolge bewohnten die St\u00e4mme <a href=\"https:\/\/www.campingclairdelune.fr\/le-site-archeologique-dolbia\/\" rel=\"noopener\">von Olbia<\/a> den H\u00fcgel mit seinen nat\u00fcrlichen Befestigungen. <\/p><div class=\"columns\"><div class=\"columns__item\" style=\"align-self:center;\"><figure><picture><source srcset=\"https:\/\/acampa-vacances.com\/wp-content\/uploads\/2024\/12\/hyeres-porte-st-paul_s.jpg.webp\" media=\"(max-width: 210px)\"><source srcset=\"https:\/\/acampa-vacances.com\/wp-content\/uploads\/2024\/12\/hyeres-porte-st-paul_s.jpg.webp\" media=\"(max-width: 420px)\"><source srcset=\"https:\/\/acampa-vacances.com\/wp-content\/uploads\/2024\/12\/hyeres-porte-st-paul_s.jpg.webp\" media=\"(max-width: 850px)\"><source srcset=\"https:\/\/acampa-vacances.com\/wp-content\/uploads\/2024\/12\/hyeres-porte-st-paul_s.jpg.webp\" media=\"(max-width: 1024px)\"><source srcset=\"https:\/\/acampa-vacances.com\/wp-content\/uploads\/2024\/12\/hyeres-porte-st-paul_s.jpg.webp\" media=\"(min-width: 1025px)\"><img decoding=\"async\" src=\"https:\/\/acampa-vacances.com\/wp-content\/uploads\/2024\/12\/hyeres-porte-st-paul_s.jpg.webp\" width=\"420\" height=\"210\" style=\"width:25rem;height:25rem;object-fit:contain;\" loading=\"lazy\" alt=\"\" title=\"\"><\/picture><\/figure><\/div><div class=\"columns__item\" style=\"align-self:center;\"><h2>Das St. Pauls Tor<\/h2><p>Das Paulustor befindet sich im Herzen der Altstadt, in der N\u00e4he der Stiftskirche Saint Paul. Es ist eines der Tore, die den Zugang zum oberen Teil der Stadt durch die zweite Stadtmauer erm\u00f6glichen. <\/p><p><a href=\"https:\/\/www.provencemed.com\/hyeres-porquerolles\/hyeres\/\" target=\"_blank\" rel=\"noreferrer noopener\">Die Stadt Hy\u00e8res<\/a> war fr\u00fcher aufgrund ihres Schlosses eine befestigte Stadt und ihre Verteidigung umfasste drei Stadtmauern: die erste umschloss das Schloss, die zweite diente zum Schutz der Oberstadt und die dritte erstreckte sich bis zum heutigen Reedeplatz. Die Stadtmauer, die zur Verteidigung der Stadt diente, bestand aus drei Ringmauern. <\/p><p id=\"1032\">Die erste war sehr klein und umschloss das alte Schloss. Sie hatte zwei Tore, eines davon innen, und zwei runde T\u00fcrme zur Verteidigung. Es war der Haupteingang des Schlosses, der der Stadt zugewandt ist. Das andere, \u00e4u\u00dfere Tor war nach Westen gerichtet, auf die Landschaft in Richtung <a href=\"https:\/\/acampa-vacances.com\/de\/tourismus\/toulon\/\" data-type=\"tourisme\" data-id=\"1032\">Toulon<\/a>. Dieses Tor war mit einem runden Turm befestigt, der sich am Ende eines Bauwerks befand, das einen gro\u00dfen Vorsprung \u00fcber die Verzierung der Hauptmauer bildete. Dieser Turm diente zweifellos als Beobachtungsposten und Wachposten. Es wird angenommen, dass der Turm eine Zisternenbasis hatte.      <\/p><\/div><\/div><p>Die zweite Stadtmauer befindet sich \u00f6stlich von der ersten und f\u00fchrte zu einem Tor, das als Souguette oder Pierrefeu bezeichnet wurde. Sie befand sich oberhalb des Bernhardinerklosters, wurde aber sp\u00e4ter von der Gemeinde abgerissen. Von hier aus f\u00fchrt er in s\u00fcdlicher Richtung am Kloster vorbei, dann etwas weiter s\u00fcdwestlich zur Porte de Balue oder Barue, dann \u00fcber die Esplanade de la Barbacane bis zur Porte St-Paul, wo er fast mit der Mauer des Geb\u00e4udes verschmilzt. Von hier aus gab es nur eine Mauer, die jedoch nicht mehr existiert, und die im Westen zwischen der Kirche und der ehemaligen k\u00f6niglichen Kurie hinunterging, die Rue Cafabre erreichte und dann zum gleichnamigen Tor f\u00fchrte. Von hier aus verl\u00e4uft die Stadtmauer in n\u00f6rdlicher Richtung bis zur Porte St-Jean. Nicht weit davon entfernt verschmilzt die zweite Stadtmauer mit der ersten. Die dritte Stadtmauer war mit viereckigen T\u00fcrmen befestigt, die an der Spitze gezackt waren.      <\/p><p>Die dritte Stadtmauer hat ihre Mauer und ihre T\u00fcrme noch an mehreren Stellen erhalten. Sie begann an der Porte cafabre, f\u00fchrte hinunter zur Rue de Limans, folgte deren Verlauf bis zur Porte du Fenouillet, neben der der B\u00e9al des mouins in die Stadt f\u00fchrte, und erreichte dann die Porte du Portalet, wo sich das Steuerb\u00fcro des Piquet befand. Die Stadtmauer verlief dann entlang der Rue des Porches bis zum Porte de la Rade oder Grand-Portail; von hier aus ging sie hinauf zum Kloster der Cordeliers, dem sie bis zur Kirche Saint-Louis folgte, mit der sie verschmolz; Von hier aus f\u00fchrt sie zu einem letzten Tor, Porte-Neuve oder Porte-Neuf genannt, das sich an einem Punkt befand, an dem die Rue du cimeti\u00e8re (die heutige Rue de la R\u00e9publique), die Rue Neuve-de-Bourgneuf und der Place du Jeu de Ballon zusammentrafen, neben einem Turm, der am unteren Ende der Rue du rempard errichtet wurde.  <\/p><div class=\"columns\"><div class=\"columns__item\" style=\"align-self:center;\"><h2>Das Castel Sainte-Claire<\/h2><p>Das Castel Sainte-Claire ist das ehemalige Kloster mit demselben Namen, das im 17. Jahrhundert erbaut wurde und 1793 zum nationalen Eigentum wurde. Es wurde nach 1869 von Olivier Voutier (1796-1877), einem Seemann und Arch\u00e4ologen, Anh\u00e4nger der griechischen Unabh\u00e4ngigkeit und Entdecker der Venus von Milo, im neoromanischen Stil erbaut. <\/p><p><br\/>Es wurde von 1927 bis 1937 von der amerikanischen Schriftstellerin Edith Warhton bewohnt.<\/p><p id=\"1031\"><br\/>Die Stadt Hy\u00e8res erhielt es 1955 zur\u00fcck und lie\u00df es von dem Architekten David aus Hyeres renovieren, der die Hauptfassade ver\u00e4nderte. <a href=\"https:\/\/acampa-vacances.com\/de\/tourismus\/port-cros\/\" data-type=\"tourisme\" data-id=\"1031\">Der Nationalpark von Port-Cros<\/a> mietete das Geb\u00e4ude im Jahr 1900 und verwandelte den Park in einen botanischen Garten.<\/p><\/div><div class=\"columns__item\" style=\"align-self:center;\"><figure><picture><source srcset=\"https:\/\/acampa-vacances.com\/wp-content\/uploads\/2024\/12\/hyeres-castel_s.jpg.webp\" media=\"(max-width: 210px)\"><source srcset=\"https:\/\/acampa-vacances.com\/wp-content\/uploads\/2024\/12\/hyeres-castel_s.jpg.webp\" media=\"(max-width: 420px)\"><source srcset=\"https:\/\/acampa-vacances.com\/wp-content\/uploads\/2024\/12\/hyeres-castel_s.jpg.webp\" media=\"(max-width: 850px)\"><source srcset=\"https:\/\/acampa-vacances.com\/wp-content\/uploads\/2024\/12\/hyeres-castel_s.jpg.webp\" media=\"(max-width: 1024px)\"><source srcset=\"https:\/\/acampa-vacances.com\/wp-content\/uploads\/2024\/12\/hyeres-castel_s.jpg.webp\" media=\"(min-width: 1025px)\"><img decoding=\"async\" src=\"https:\/\/acampa-vacances.com\/wp-content\/uploads\/2024\/12\/hyeres-castel_s.jpg.webp\" width=\"420\" height=\"210\" loading=\"lazy\" alt=\"\" title=\"\"><\/picture><\/figure><\/div><\/div><h2>Das Tor zur Reede<\/h2><p>Die Porte de la Rade liegt an der Rue Massillon, einer Einkaufsstra\u00dfe mit Fischh\u00e4ndlern, K\u00e4sern, Metzgern, frischen Lebensmitteln&#8230; Diese Stra\u00dfe f\u00fchrt bis zum Turm der Templer.<\/p><h2>Der Turm der Templer<\/h2><p>Der Templerturm oder Turm Saint-Blaise ist das einzige Erbe der ehemaligen Templer vom Ende des 12. bis zum Anfang des 16.<\/p><h2>Geschichte<\/h2><p>Im Jahr 1198 wird zum ersten Mal von einem Tempelhaus in Hy\u00e8res und von Jordan, seinem Kommandanten, berichtet. Der Turm war Teil eines Komplexes, der im 13. Jahrhundert aus einem Cazal (Landgut mit Ackerland) und zahlreichen Nebengeb\u00e4uden bestand: Stall, Ofen, Schmiede, Speicher&#8230; Diese befanden sich um einen gro\u00dfen Felsen namens Piol, an den sich der Turm anschloss und der bis zum 19. <\/p><p>Das Tempelhaus von Hy\u00e8res besa\u00df L\u00e4ndereien, W\u00e4lder und Wiesen, Weinberge und Olivenhaine&#8230;, die sich in der N\u00e4he der Stadt befanden, im Viertel Bormettes oder im Tal von Sauvebonne, wo ein gro\u00dfer Teil des Landes bewirtschaftet wurde. Es war in der Tat ein gro\u00dfer landwirtschaftlicher Betrieb. <\/p><p>Wie alle H\u00e4user dieser Art sorgte es f\u00fcr die Versorgung mit Material, Weizen, Futter, Geld und auch mit Pferden und Menschen. Aber auch Soldaten aus Spanien und dem Heiligen Land. Es ist jedoch sehr wahrscheinlich, dass es \u00fcber die Templereinrichtungen in Toulon mit einer Hafenaktivit\u00e4t in Verbindung gebracht wurde.  <\/p><p>Die Templer waren im Besitz von Landverwaltern. Jahrhunderts konnte das Templerhaus von Hy\u00e8res Graf Alfons II. mit einer gro\u00dfen Menge Weizen versorgen. <\/p><div class=\"columns\"><div class=\"columns__item\" style=\"align-self:center;\"><figure><picture><source srcset=\"https:\/\/acampa-vacances.com\/wp-content\/uploads\/2024\/12\/hyeres-plan_vielle_ville_s.jpg.webp\" media=\"(max-width: 210px)\"><source srcset=\"https:\/\/acampa-vacances.com\/wp-content\/uploads\/2024\/12\/hyeres-plan_vielle_ville_s.jpg.webp\" media=\"(max-width: 420px)\"><source srcset=\"https:\/\/acampa-vacances.com\/wp-content\/uploads\/2024\/12\/hyeres-plan_vielle_ville_s.jpg.webp\" media=\"(max-width: 850px)\"><source srcset=\"https:\/\/acampa-vacances.com\/wp-content\/uploads\/2024\/12\/hyeres-plan_vielle_ville_s.jpg.webp\" media=\"(max-width: 1024px)\"><source srcset=\"https:\/\/acampa-vacances.com\/wp-content\/uploads\/2024\/12\/hyeres-plan_vielle_ville_s.jpg.webp\" media=\"(min-width: 1025px)\"><img decoding=\"async\" src=\"https:\/\/acampa-vacances.com\/wp-content\/uploads\/2024\/12\/hyeres-plan_vielle_ville_s.jpg.webp\" width=\"420\" height=\"210\" loading=\"lazy\" alt=\"\" title=\"\"><\/picture><\/figure><\/div><div class=\"columns__item\" style=\"align-self:center;\"><p>Danach und bis zur Abschaffung des Templerordens gibt es keine Aufzeichnungen aus dieser Zeit, die uns \u00fcber die Besitzt\u00fcmer und Aktivit\u00e4ten des Hauses von Hy\u00e8res informieren. Es gibt kaum Informationen \u00fcber seine Komturen, Bertrand de Gardanne (1213), Isnard Ricard (1236), Lambert (1256), Guillaume Dalmas (1271).   <\/p><p>Jahrhundert belegen jedoch, dass das Templerland gut verwaltet wurde. Die Existenz der Geb\u00e4ude des Templerhauses au\u00dferhalb der Stadtmauern von Hy\u00e8res spielte eine wichtige Rolle bei der Strukturierung des Bourg-neuf, und die Lage des Turms diente sogar der Verteidigung der Stadt und ihrer Zug\u00e4nge. <br\/><\/p><p>Jahrhunderts, nach dem Fall von Saint-Jean d&#8217;Acre (1291), ging es mit dem Templerorden bergab. Die H\u00e4user von Hy\u00e8res und P\u00e9irassol wurden unter dem Befehl eines einzigen Komturs, Raymond des Angles, zusammengefasst. Im Januar 1308, w\u00e4hrend der allgemeinen Inhaftierung der Templer in der Provence, enthielt die Liste f\u00fcr das Haus von Hy\u00e8res nur noch drei Namen au\u00dfer dem des Komturs.  <\/p><\/div><\/div><p>Nach der Abschaffung des Tempelordens erhielt St. Johannes von Jerusalem seine G\u00fcter zur\u00fcck. In Hy\u00e8res wurden sie von der Hospitalkomturei von Beaulieu (in der N\u00e4he von Solli\u00e8s) verwaltet, die das Geb\u00e4ude zun\u00e4chst an Privatpersonen vermietete. Aber 1673 \u00fcbergab sie es der Stadt in Erbpacht gegen eine j\u00e4hrliche Rente von 210 Pfund. Die Kapelle wurde den Blauen B\u00fc\u00dfern bis 1765 zur Verf\u00fcgung gestellt, als die Gemeinde die Kapelle in eine Rastst\u00e4tte umwandelte. In den Jahren 1769-1770 wurde eine Zwischenebene eingerichtet, wobei die Gew\u00f6lbe zerst\u00f6rt und eine Innentreppe hinzugef\u00fcgt wurde.    <\/p><p>Nach diesen Arbeiten wurden in der Kapelle weiterhin Gesch\u00e4fte untergebracht, der obere Raum wurde in einen Speicher umgewandelt und die neu errichtete Zwischenebene diente als Versammlungsraum f\u00fcr den Stadtrat, der dort bis 1913 tagte.<\/p><h2>Die Rue des Porches<\/h2><p><br\/>Sie wird als der freie Raum betrachtet, der die Innenseite der Stadtmauer umgibt und wird in Aix und Avignon noch immer &#8222;Rue des Lices&#8220; genannt.<br\/>Die Fundamente, die durch die Stra\u00dfe verlaufen und ihr ihren Ruhm einbrachten, stammen erst aus dem 18.<\/p><h2>Rue du Repos<\/h2><p>Die Ufer sind von Fassadenteilen umgeben, die als St\u00fctzmauern f\u00fcr H\u00f6fe und G\u00e4rten dienen.<br\/>Die bedeutendste Ruine befindet sich auf der rechten Seite, wenn man nach St. Paul hinaufgeht. Jahrhundert ist die erste Ebene der Ecke eines Wohnhauses, das an einer Stra\u00dfenlinie liegt und dessen bogenf\u00f6rmige Eingangst\u00fcr dem Hang zugewandt ist.<br\/>Auf seiner S\u00fcdseite weisen vier Steink\u00f6rbe auf die Existenz eines Vordachs oder eines Stockwerks hin. <\/p><h2>Die Rue Bourgneuf<\/h2><p>Dies ist eine der kleinen Stra\u00dfen in der Altstadt, zwischen der Rue neuve und der Rue du Trou de Laser, die zum Schloss f\u00fchrt.<\/p><div class=\"columns\"><div class=\"columns__item\" style=\"align-self:center;\"><h2>Der Platz der Republik<\/h2><p>Hinter der Statue von Massillon befindet sich der Place de la R\u00e9publique. Er wird von sch\u00f6nen Fassaden aus der ersten H\u00e4lfte des 19. Jahrhunderts ges\u00e4umt, die mit T\u00fcren mit geschnitzten Fensterrahmen und Balkonen mit Eisengel\u00e4ndern versehen sind. <\/p><\/div><div class=\"columns__item\" style=\"align-self:center;\"><figure><picture><source srcset=\"https:\/\/acampa-vacances.com\/wp-content\/uploads\/2024\/12\/hyeres-republique_s.jpg.webp\" media=\"(max-width: 210px)\"><source srcset=\"https:\/\/acampa-vacances.com\/wp-content\/uploads\/2024\/12\/hyeres-republique_s.jpg.webp\" media=\"(max-width: 420px)\"><source srcset=\"https:\/\/acampa-vacances.com\/wp-content\/uploads\/2024\/12\/hyeres-republique_s.jpg.webp\" media=\"(max-width: 850px)\"><source srcset=\"https:\/\/acampa-vacances.com\/wp-content\/uploads\/2024\/12\/hyeres-republique_s.jpg.webp\" media=\"(max-width: 1024px)\"><source srcset=\"https:\/\/acampa-vacances.com\/wp-content\/uploads\/2024\/12\/hyeres-republique_s.jpg.webp\" media=\"(min-width: 1025px)\"><img decoding=\"async\" src=\"https:\/\/acampa-vacances.com\/wp-content\/uploads\/2024\/12\/hyeres-republique_s.jpg.webp\" width=\"420\" height=\"210\" loading=\"lazy\" alt=\"\" title=\"\"><\/picture><\/figure><\/div><\/div>","protected":false},"excerpt":{"rendered":"<p>Die mittelalterliche Stadt Nur 10 km vom Campingplatz Clair de Lune in Hy\u00e8res entfernt liegt die Altstadt, die mittelalterlichste der Stadt. Historikern zufolge bewohnten die St\u00e4mme von Olbia den H\u00fcgel mit seinen nat\u00fcrlichen Befestigungen. Das St. Pauls Tor Das Paulustor befindet sich im Herzen der Altstadt, in der N\u00e4he der Stiftskirche Saint Paul. Es ist [&hellip;]<\/p>\n","protected":false},"author":1,"featured_media":10778,"parent":0,"menu_order":0,"template":"","format":"standard","meta":{"_acf_changed":false,"footnotes":""},"tourisme":[62],"acf":[],"_links":{"self":[{"href":"https:\/\/acampa-vacances.com\/de\/wp-json\/wp\/v2\/tourisme\/12388"}],"collection":[{"href":"https:\/\/acampa-vacances.com\/de\/wp-json\/wp\/v2\/tourisme"}],"about":[{"href":"https:\/\/acampa-vacances.com\/de\/wp-json\/wp\/v2\/types\/tourisme"}],"author":[{"embeddable":true,"href":"https:\/\/acampa-vacances.com\/de\/wp-json\/wp\/v2\/users\/1"}],"version-history":[{"count":1,"href":"https:\/\/acampa-vacances.com\/de\/wp-json\/wp\/v2\/tourisme\/12388\/revisions"}],"predecessor-version":[{"id":12390,"href":"https:\/\/acampa-vacances.com\/de\/wp-json\/wp\/v2\/tourisme\/12388\/revisions\/12390"}],"wp:featuredmedia":[{"embeddable":true,"href":"https:\/\/acampa-vacances.com\/de\/wp-json\/wp\/v2\/media\/10778"}],"wp:attachment":[{"href":"https:\/\/acampa-vacances.com\/de\/wp-json\/wp\/v2\/media?parent=12388"}],"wp:term":[{"taxonomy":"tourisme","embeddable":true,"href":"https:\/\/acampa-vacances.com\/de\/wp-json\/wp\/v2\/tourisme?post=12388"}],"curies":[{"name":"wp","href":"https:\/\/api.w.org\/{rel}","templated":true}]}}