{"id":12584,"date":"2024-11-25T10:11:55","date_gmt":"2024-11-25T09:11:55","guid":{"rendered":"https:\/\/acampa-vacances.com\/tourisme\/4-parcs-animaliers-a-visiter-dans-le-var\/"},"modified":"2025-01-29T09:22:22","modified_gmt":"2025-01-29T08:22:22","slug":"4-tierparks-die-man-im-var-besuchen-kann","status":"publish","type":"tourisme","link":"https:\/\/acampa-vacances.com\/de\/tourismus\/4-tierparks-die-man-im-var-besuchen-kann\/","title":{"rendered":"4 Tierparks, die Sie im Departement Var besuchen k\u00f6nnen"},"content":{"rendered":"<nav class=\"fildariane\"><a class=\"fildariane__item\" href=\"https:\/\/acampa-vacances.com\/de\/\">Acampa<\/a><span class=\"fc-icon\"><svg xmlns=\"http:\/\/www.w3.org\/2000\/svg\"  viewBox=\"0 0 320 512\" width=\"16px\" height=\"16px\"><!--! Font Awesome Pro 6.4.2 by @fontawesome - https:\/\/fontawesome.com License - https:\/\/fontawesome.com\/license (Commercial License) Copyright 2023 Fonticons, Inc.--><path d=\"M267.3 244.7c6.2 6.2 6.2 16.4 0 22.6l-160 160c-6.2 6.2-16.4 6.2-22.6 0s-6.2-16.4 0-22.6L233.4 256 84.7 107.3c-6.2-6.2-6.2-16.4 0-22.6s16.4-6.2 22.6 0l160 160z\"\/><\/svg><\/span><span class=\"fildariane__item\">4 Tierparks, die Sie im Departement Var besuchen k\u00f6nnen<\/span><\/nav><a class=\"fildariane__item retour\" href=\"https:\/\/acampa-vacances.com\/de\/\"\"><span class=\"fc-icon\"><svg xmlns=\"http:\/\/www.w3.org\/2000\/svg\"  viewBox=\"0 0 448 512\" width=\"16px\" height=\"16px\"><!--! Font Awesome Pro 6.4.2 by @fontawesome - https:\/\/fontawesome.com License - https:\/\/fontawesome.com\/license (Commercial License) Copyright 2023 Fonticons, Inc.--><path d=\"M7.4 273.4C2.7 268.8 0 262.6 0 256s2.7-12.8 7.4-17.4l176-168c9.6-9.2 24.8-8.8 33.9 .8s8.8 24.8-.8 33.9L83.9 232 424 232c13.3 0 24 10.7 24 24s-10.7 24-24 24L83.9 280 216.6 406.6c9.6 9.2 9.9 24.3 .8 33.9s-24.3 9.9-33.9 .8l-176-168z\"\/><\/svg><\/span>Zur\u00fcck zur Startseite<\/a>\n<h1>4 Tierparks, die Sie im Departement Var besuchen k\u00f6nnen<\/h1><p><strong>Die Tierparks an der C\u00f4te d&#8217;Azur<\/strong> \u00f6ffnen ihre Pforten und laden Sie ein, die <strong>Vielfalt der heimischen und internationalen Flora und Fauna<\/strong> zu entdecken. Was f\u00fcr ein Zauber, Tiere aus der ganzen Welt zu sehen! <\/p><p>Es ist ein Erlebnis f\u00fcr Gro\u00df und Klein!<\/p><p>Wir haben f\u00fcr Sie <strong>4 Tierparks in Var<\/strong> ausgew\u00e4hlt, die Sie w\u00e4hrend Ihres <strong>Aufenthalts auf der Halbinsel Giens<\/strong> auf keinen Fall verpassen sollten!<\/p><div class=\"group\"><h2>Tropischer Zoologischer Garten in La Londe-les-Maures<\/h2><div class=\"columns\"><div class=\"columns__item\"><figure style=\"position:relative;\"><picture><source srcset=\"https:\/\/acampa-vacances.com\/wp-content\/uploads\/2024\/11\/capture-decran-2021-11-22-a-11-59-01-600x400-1-420x400.png.webp\" media=\"(max-width: 210px)\"><source srcset=\"https:\/\/acampa-vacances.com\/wp-content\/uploads\/2024\/11\/capture-decran-2021-11-22-a-11-59-01-600x400-1.png.webp\" media=\"(max-width: 420px)\"><source srcset=\"https:\/\/acampa-vacances.com\/wp-content\/uploads\/2024\/11\/capture-decran-2021-11-22-a-11-59-01-600x400-1.png.webp\" media=\"(max-width: 850px)\"><source srcset=\"https:\/\/acampa-vacances.com\/wp-content\/uploads\/2024\/11\/capture-decran-2021-11-22-a-11-59-01-600x400-1.png.webp\" media=\"(max-width: 1024px)\"><source srcset=\"https:\/\/acampa-vacances.com\/wp-content\/uploads\/2024\/11\/capture-decran-2021-11-22-a-11-59-01-600x400-1.png.webp\" media=\"(min-width: 1025px)\"><img decoding=\"async\" src=\"https:\/\/acampa-vacances.com\/wp-content\/uploads\/2024\/11\/capture-decran-2021-11-22-a-11-59-01-600x400-1-420x400.png.webp\" width=\"420\" height=\"210\" loading=\"lazy\" alt=\"\" title=\"\"><\/picture><figcaption>Zoologischer Garten von La Londe-les-Maures<\/figcaption><\/figure><\/div><div class=\"columns__item\" style=\"align-self:center;\"><p><strong>Der Jardin Zoologique Tropical de la Londe-les-Maures<\/strong> liegt etwa 30 Minuten von der Halbinsel Giens entfernt.  <\/p><p>Dieser exotische Garten, der <strong>als &#8222;Jardin Remarquable&#8220; klassifiziert<\/strong> ist, beherbergt zahlreiche <strong>Blumenarten<\/strong> aus <strong>verschiedenen Kontinenten<\/strong>: Bambus, mexikanische G\u00e4rten, W\u00fcstenpflanzen, Palmenhaine und tropische G\u00e4rten. Sie werden eine gro\u00dfe <strong>Sammlung von<\/strong> <strong>Sukkulenten<\/strong>, Yuccas und Agaven sehen. <\/p><p>W\u00e4hrend Ihres Besuchs werden Sie auch die Gelegenheit haben, eine <strong>gro\u00dfe Vielfalt an Tieren<\/strong> zu bewundern. Sie werden Papageien, Nashornv\u00f6gel, Lemuren, Wallabys, Erdm\u00e4nnchen, Schildkr\u00f6ten und viele andere Arten entdecken&#8230; Sie werden von Ihrer Reise nicht entt\u00e4uscht sein!<\/p><p>Der tropische Zoologische Garten <strong>h\u00e4lt viele \u00dcberraschungen f\u00fcr Sie bereit! <\/strong> <\/p><\/div><\/div><\/div><div class=\"group\"><h2>Forever \u00d6kologischer Garten und Tiergarten in Le Pradet<\/h2><div class=\"columns\"><div class=\"columns__item\" style=\"align-self:center;\"><p><strong>Der \u00d6kologische und Tiergarten<\/strong> in <strong>Le Pradet<\/strong>, ca. 17 km <strong>von den Campingpl\u00e4tzen in Giens<\/strong> entfernt, wurde 2010 auf Initiative der Vereinigung Forever gegr\u00fcndet.  <\/p><p>W\u00e4hrend Ihres Besuchs werden Sie einen 5000 m2 gro\u00dfen <strong>p\u00e4dagogischen Garten<\/strong> mit einem Bauernhof entdecken. Es handelt sich um ein <strong>begleitendes Bildungsprojekt<\/strong>, das von der Forever Association entwickelt wurde, mit dem Ziel, die Lebensbedingungen auf der Erde zu erhalten und zu verbessern. <\/p><p><strong>Der \u00d6kologische Garten und der Tiergarten<\/strong> sind das ganze Jahr \u00fcber zug\u00e4nglich. Er kann auf vier verschiedene Arten besucht werden: <strong>&#8222;spielerisch<\/strong> &#8220; &#8211; auf eigene Faust, <strong>&#8222;botanisch<\/strong> &#8220; &#8211; \u00fcber Pflanzeninterpretationspfade, <strong>&#8222;thematisch<\/strong> &#8220; &#8211; in verschiedenen Workshops oder <strong>&#8222;\u00f6kologisch<\/strong> &#8220; &#8211; mit Hilfe von \u00d6kogesten.   <\/p><\/div><div class=\"columns__item\"><figure style=\"position:relative;\"><picture><source srcset=\"https:\/\/acampa-vacances.com\/wp-content\/uploads\/2024\/11\/capture-decran-2021-11-22-a-12-00-24-420x420.png.webp\" media=\"(max-width: 210px)\"><source srcset=\"https:\/\/acampa-vacances.com\/wp-content\/uploads\/2024\/11\/capture-decran-2021-11-22-a-12-00-24-850x474.png.webp\" media=\"(max-width: 420px)\"><source srcset=\"https:\/\/acampa-vacances.com\/wp-content\/uploads\/2024\/11\/capture-decran-2021-11-22-a-12-00-24-768x429.png.webp\" media=\"(max-width: 850px)\"><source srcset=\"https:\/\/acampa-vacances.com\/wp-content\/uploads\/2024\/11\/capture-decran-2021-11-22-a-12-00-24.png.webp\" media=\"(max-width: 1024px)\"><source srcset=\"https:\/\/acampa-vacances.com\/wp-content\/uploads\/2024\/11\/capture-decran-2021-11-22-a-12-00-24.png.webp\" media=\"(min-width: 1025px)\"><img decoding=\"async\" src=\"https:\/\/acampa-vacances.com\/wp-content\/uploads\/2024\/11\/capture-decran-2021-11-22-a-12-00-24-420x420.png.webp\" width=\"420\" height=\"210\" loading=\"lazy\" alt=\"\" title=\"\"><\/picture><figcaption>Zoologischer Garten von La Londe-les-Maures<\/figcaption><\/figure><\/div><\/div><\/div><div class=\"group\"><h2>Tropischer Zoologischer Garten in La Londe-les-Maures<\/h2><div class=\"columns\"><div class=\"columns__item\"><figure style=\"position:relative;\"><picture><source srcset=\"https:\/\/acampa-vacances.com\/wp-content\/uploads\/2024\/11\/photo1jpg-420x413.jpeg.webp\" media=\"(max-width: 210px)\"><source srcset=\"https:\/\/acampa-vacances.com\/wp-content\/uploads\/2024\/11\/photo1jpg.jpeg.webp\" media=\"(max-width: 420px)\"><source srcset=\"https:\/\/acampa-vacances.com\/wp-content\/uploads\/2024\/11\/photo1jpg.jpeg.webp\" media=\"(max-width: 850px)\"><source srcset=\"https:\/\/acampa-vacances.com\/wp-content\/uploads\/2024\/11\/photo1jpg.jpeg.webp\" media=\"(max-width: 1024px)\"><source srcset=\"https:\/\/acampa-vacances.com\/wp-content\/uploads\/2024\/11\/photo1jpg.jpeg.webp\" media=\"(min-width: 1025px)\"><img decoding=\"async\" src=\"https:\/\/acampa-vacances.com\/wp-content\/uploads\/2024\/11\/photo1jpg-420x413.jpeg.webp\" width=\"420\" height=\"210\" loading=\"lazy\" alt=\"\" title=\"\"><\/picture><figcaption>Exotischer Garten in Sanary-sur-Mer<\/figcaption><\/figure><\/div><div class=\"columns__item\" style=\"align-self:center;\"><p><strong>Der Jardin Exotique de Sanary-sur-Mer<\/strong> liegt nur 40 km von der Halbinsel Giens entfernt und beherbergt ebenfalls eine gro\u00dfe <strong>Vielfalt an Flora und Fauna<\/strong>. <\/p><p>W\u00e4hrend des Spaziergangs k\u00f6nnen Sie mehr als <strong>60 Tierarten<\/strong> und eine <strong>gro\u00dfe Sammlung tropischer Pflanzen<\/strong> sehen!  <\/p><p>Auf dem Programm stehen G\u00fcrteltiere, Otter, Aras, Kasuare, Leguane, Kaimane, Schildkr\u00f6ten und fleischfressende Pflanzen!<\/p><p><strong>Ein au\u00dfergew\u00f6hnlicher Garten<\/strong>, der Sie f\u00fcr einen Nachmittag in eine andere Welt eintauchen l\u00e4sst&#8230; Es ist eine echte Entdeckung und ein angenehmer Moment f\u00fcr Gro\u00df und Klein, den man teilen kann.<\/p><\/div><\/div><\/div><div class=\"group\"><h2>Tier- und botanischer Park in Le Cannet des Maures<\/h2><div class=\"columns\"><div class=\"columns__item\" style=\"align-self:center;\"><p><strong>Der Tier- und Botanikpark von Le Cannet des Maures<\/strong> liegt etwa 65 Kilometer von der Halbinsel Giens entfernt. Der Park liegt am Fu\u00dfe der Plaine des Maures und genie\u00dft eine <strong>exotische Umgebung und ein typisch mediterranes Klima<\/strong>.   <\/p><p>Auf einer Fl\u00e4che von fast vier Hektar leben viele <strong>seltene Tier- und Pflanzenarten<\/strong>! Der Tierpark organisiert auch zahlreiche Veranstaltungen, so dass Sie die Tiere in vollen Z\u00fcgen genie\u00dfen k\u00f6nnen!  <\/p><p>Verbringen Sie eine sch\u00f6ne Zeit bei Ihrem Besuch im Park, in Gesellschaft einer einzigartigen Tierwelt und in einer idyllischen Umgebung.<\/p><p id=\"https:\/\/acampa-vacances.com\/clairdelune\/accueil\/\">Hier finden Sie den <a href=\"https:\/\/acampa-vacances.com\/de\/clairdelune\/willkommen\/\" data-type=\"link\" data-id=\"https:\/\/acampa-vacances.com\/clairdelune\/accueil\/\">Campingplatz Clair de Lune<\/a><strong> <\/strong>und seine <a href=\"https:\/\/acampa-vacances.com\/it\/clairdelune\/alloggio\/\" data-type=\"link\" data-id=\"https:\/\/acampa-vacances.com\/clairdelune\/hebergements\/\">Unterk\u00fcnfte<\/a>, die sich <strong>in der N\u00e4he der \u00celes d&#8217;Or<\/strong> befinden.<\/p><\/div><div class=\"columns__item\"><figure style=\"position:relative;\"><picture><source srcset=\"https:\/\/acampa-vacances.com\/wp-content\/uploads\/2024\/11\/capture-decran-2021-11-22-a-12-06-59-600x400-1-420x400.png.webp\" media=\"(max-width: 210px)\"><source srcset=\"https:\/\/acampa-vacances.com\/wp-content\/uploads\/2024\/11\/capture-decran-2021-11-22-a-12-06-59-600x400-1.png.webp\" media=\"(max-width: 420px)\"><source srcset=\"https:\/\/acampa-vacances.com\/wp-content\/uploads\/2024\/11\/capture-decran-2021-11-22-a-12-06-59-600x400-1.png.webp\" media=\"(max-width: 850px)\"><source srcset=\"https:\/\/acampa-vacances.com\/wp-content\/uploads\/2024\/11\/capture-decran-2021-11-22-a-12-06-59-600x400-1.png.webp\" media=\"(max-width: 1024px)\"><source srcset=\"https:\/\/acampa-vacances.com\/wp-content\/uploads\/2024\/11\/capture-decran-2021-11-22-a-12-06-59-600x400-1.png.webp\" media=\"(min-width: 1025px)\"><img decoding=\"async\" src=\"https:\/\/acampa-vacances.com\/wp-content\/uploads\/2024\/11\/capture-decran-2021-11-22-a-12-06-59-600x400-1-420x400.png.webp\" width=\"420\" height=\"210\" loading=\"lazy\" alt=\"\" title=\"\"><\/picture><figcaption>Tier- und botanischer Park in Le Cannet des Maures<\/figcaption><\/figure><\/div><\/div><\/div><div class=\"columns\"><div class=\"columns__item\"><div class=\"buttons display-flex \" style=\"justify-content:center;\"><a href=\"https:\/\/acampa-vacances.com\/it\/blog\/tre-passeggiate-nel-var-che-cambiano-dall-ordinario\/\" rel=\"noreferrer noopener\" rel=\"noreferrer noopener\" class=\"buttons__btn\">3 Wanderungen in Var<\/a><\/div><\/div><\/div>","protected":false},"excerpt":{"rendered":"<p>4 Tierparks, die Sie im Departement Var besuchen k\u00f6nnen Die Tierparks an der C\u00f4te d&#8217;Azur \u00f6ffnen ihre Pforten und laden Sie ein, die Vielfalt der heimischen und internationalen Flora und Fauna zu entdecken. Was f\u00fcr ein Zauber, Tiere aus der ganzen Welt zu sehen! Es ist ein Erlebnis f\u00fcr Gro\u00df und Klein! Wir haben f\u00fcr [&hellip;]<\/p>\n","protected":false},"author":1,"featured_media":1141,"parent":0,"menu_order":0,"template":"","format":"standard","meta":{"_acf_changed":false,"footnotes":""},"tourisme":[73],"acf":[],"_links":{"self":[{"href":"https:\/\/acampa-vacances.com\/de\/wp-json\/wp\/v2\/tourisme\/12584"}],"collection":[{"href":"https:\/\/acampa-vacances.com\/de\/wp-json\/wp\/v2\/tourisme"}],"about":[{"href":"https:\/\/acampa-vacances.com\/de\/wp-json\/wp\/v2\/types\/tourisme"}],"author":[{"embeddable":true,"href":"https:\/\/acampa-vacances.com\/de\/wp-json\/wp\/v2\/users\/1"}],"version-history":[{"count":1,"href":"https:\/\/acampa-vacances.com\/de\/wp-json\/wp\/v2\/tourisme\/12584\/revisions"}],"predecessor-version":[{"id":12587,"href":"https:\/\/acampa-vacances.com\/de\/wp-json\/wp\/v2\/tourisme\/12584\/revisions\/12587"}],"wp:featuredmedia":[{"embeddable":true,"href":"https:\/\/acampa-vacances.com\/de\/wp-json\/wp\/v2\/media\/1141"}],"wp:attachment":[{"href":"https:\/\/acampa-vacances.com\/de\/wp-json\/wp\/v2\/media?parent=12584"}],"wp:term":[{"taxonomy":"tourisme","embeddable":true,"href":"https:\/\/acampa-vacances.com\/de\/wp-json\/wp\/v2\/tourisme?post=12584"}],"curies":[{"name":"wp","href":"https:\/\/api.w.org\/{rel}","templated":true}]}}