{"id":12646,"date":"2024-11-25T10:11:56","date_gmt":"2024-11-25T09:11:56","guid":{"rendered":"https:\/\/acampa-vacances.com\/tourisme\/les-pays-de-la-provence-verte\/"},"modified":"2025-01-29T09:22:27","modified_gmt":"2025-01-29T08:22:27","slug":"die-lander-der-grunen-provence","status":"publish","type":"tourisme","link":"https:\/\/acampa-vacances.com\/de\/tourismus\/die-lander-der-grunen-provence\/","title":{"rendered":"Die L\u00e4nder der Gr\u00fcnen Provence"},"content":{"rendered":"<nav class=\"fildariane\"><a class=\"fildariane__item\" href=\"https:\/\/acampa-vacances.com\/de\/\">Acampa<\/a><span class=\"fc-icon\"><svg xmlns=\"http:\/\/www.w3.org\/2000\/svg\"  viewBox=\"0 0 320 512\" width=\"16px\" height=\"16px\"><!--! Font Awesome Pro 6.4.2 by @fontawesome - https:\/\/fontawesome.com License - https:\/\/fontawesome.com\/license (Commercial License) Copyright 2023 Fonticons, Inc.--><path d=\"M267.3 244.7c6.2 6.2 6.2 16.4 0 22.6l-160 160c-6.2 6.2-16.4 6.2-22.6 0s-6.2-16.4 0-22.6L233.4 256 84.7 107.3c-6.2-6.2-6.2-16.4 0-22.6s16.4-6.2 22.6 0l160 160z\"\/><\/svg><\/span><span class=\"fildariane__item\">Die L\u00e4nder der Gr\u00fcnen Provence<\/span><\/nav><a class=\"fildariane__item retour\" href=\"https:\/\/acampa-vacances.com\/de\/\"\"><span class=\"fc-icon\"><svg xmlns=\"http:\/\/www.w3.org\/2000\/svg\"  viewBox=\"0 0 448 512\" width=\"16px\" height=\"16px\"><!--! Font Awesome Pro 6.4.2 by @fontawesome - https:\/\/fontawesome.com License - https:\/\/fontawesome.com\/license (Commercial License) Copyright 2023 Fonticons, Inc.--><path d=\"M7.4 273.4C2.7 268.8 0 262.6 0 256s2.7-12.8 7.4-17.4l176-168c9.6-9.2 24.8-8.8 33.9 .8s8.8 24.8-.8 33.9L83.9 232 424 232c13.3 0 24 10.7 24 24s-10.7 24-24 24L83.9 280 216.6 406.6c9.6 9.2 9.9 24.3 .8 33.9s-24.3 9.9-33.9 .8l-176-168z\"\/><\/svg><\/span>Zur\u00fcck zur Startseite<\/a>\n<h1>Die L\u00e4nder der Gr\u00fcnen Provence!<\/h1><p><strong>Die Pays de la Provence Verte<\/strong> ist ein interkommunaler Zusammenschluss von 39 Gemeinden des Departements Var. Diese wichtige Zusammenkunft der hohen D\u00f6rfer des Var ist das Ergebnis eines solidarischen Netzwerks, das den Gemeinden ein w\u00fcrdiges Leben erm\u00f6glicht, indem es ihre lokalen Traditionen, die Natur und die provenzalische Kultur ehrt. <\/p><p>Dank seiner starken Symbolik (Sonne, Urlaub, Geselligkeit, Natur des Hinterlandes)<strong> erhielt &#8222;Les Pays de la Provence Verte&#8220; die Bezeichnung &#8222;Unerwartete Provence <\/strong>&#8222;.  <\/p><p>Heute besteht sie aus vier Gemeindeverb\u00e4nden:<strong> Comt\u00e9 de Provence, Saint-Baume-Mont-Aur\u00e9lien, Val d&#8217;Issole und Provence Verdon<\/strong>.<\/p><h2>Die Grafschaft Provence  <\/h2><p><strong>Die Grafschaft Provence<\/strong>, die im Herzen der Region liegt, wurde 2002 gegr\u00fcndet und besteht heute aus einigen Gemeinden, von denen Sie sicher schon geh\u00f6rt haben.<\/p><p>Im Zentrum des authentischen Dorfes Brignoles befindet sich der Sitz dieses Gemeindeverbandes, der <a href=\"https:\/\/www.google.fr\/maps\/place\/Communaut%C3%A9+de+Communes+Comte+de+Provence\/@43.3203562,5.4721207,9z\/data=!4m5!3m4!1s0x12c96ddf4683ee3d:0x2516867f32f8c221!8m2!3d43.4068414!4d5.9244067\" target=\"_blank\" rel=\"noreferrer noopener\">etwa eine Stunde von der <\/a> Halbinsel Sardinien entfernt liegt. <a href=\"https:\/\/www.google.fr\/maps\/place\/Communaut%C3%A9+de+Communes+Comte+de+Provence\/@43.3203562,5.4721207,9z\/data=!4m5!3m4!1s0x12c96ddf4683ee3d:0x2516867f32f8c221!8m2!3d43.4068414!4d5.9244067\" target=\"_blank\" rel=\"noreferrer noopener\"><strong>Halbinsel von Gien<\/strong><\/a><a href=\"https:\/\/www.google.fr\/maps\/place\/Communaut%C3%A9+de+Communes+Comte+de+Provence\/@43.3203562,5.4721207,9z\/data=!4m5!3m4!1s0x12c96ddf4683ee3d:0x2516867f32f8c221!8m2!3d43.4068414!4d5.9244067\" target=\"_blank\" rel=\"noreferrer noopener\"><strong>s<\/strong><\/a>. Gleichzeitig haben Sie die M\u00f6glichkeit, viele kleine St\u00e4dte in der Umgebung zu entdecken, die alle sehr interessant sind.   <\/p><p>Historische Zentren, bezaubernde Landschaften und lokale Traditionen, die Sie in den wenigen abgelegenen Orten im Herzen der Provence besuchen k\u00f6nnen:<\/p><ul><li>Carc\u00e8s,\n<\/li><li>Camps-la-source,  \n<\/li><li>La Celle, in Ch\u00e2teauvert,  \n<\/li><li>Correns,  \n<\/li><li>Cotignac\n<\/li><li>D\u00e4mmerung.  \n<\/li><li>Montfort-sur-Argens\n<\/li><li>Tourves  \n<\/li><li>Das Tal\n<\/li><li>Vins-sur-Caramy\n<\/li><\/ul><p><strong>In den Gemeinden der Grafschaft Provence<\/strong> gibt es viele Aktivit\u00e4ten, die Gro\u00df und Klein begeistern werden.<\/p><div class=\"columns\"><div class=\"columns__item\"><figure><picture><source srcset=\"https:\/\/acampa-vacances.com\/wp-content\/uploads\/2024\/12\/sainte-baume-montaureelien-scaled-1-420x420.jpg.webp\" media=\"(max-width: 210px)\"><source srcset=\"https:\/\/acampa-vacances.com\/wp-content\/uploads\/2024\/12\/sainte-baume-montaureelien-scaled-1-567x850.jpg.webp\" media=\"(max-width: 420px)\"><source srcset=\"https:\/\/acampa-vacances.com\/wp-content\/uploads\/2024\/12\/sainte-baume-montaureelien-scaled-1-768x1152.jpg.webp\" media=\"(max-width: 850px)\"><source srcset=\"https:\/\/acampa-vacances.com\/wp-content\/uploads\/2024\/12\/sainte-baume-montaureelien-scaled-1-683x1024.jpg.webp\" media=\"(max-width: 1024px)\"><source srcset=\"https:\/\/acampa-vacances.com\/wp-content\/uploads\/2024\/12\/sainte-baume-montaureelien-scaled-1.jpg.webp\" media=\"(min-width: 1025px)\"><img decoding=\"async\" src=\"https:\/\/acampa-vacances.com\/wp-content\/uploads\/2024\/12\/sainte-baume-montaureelien-scaled-1-420x420.jpg.webp\" width=\"420\" height=\"210\" loading=\"lazy\" alt=\"\" title=\"\"><\/picture><\/figure><\/div><div class=\"columns__item\" style=\"align-self:center;\"><h2>Sainte-Baume -Mont-Aur\u00e9lien<\/h2><p><strong>Die Interkommunale Sainte-Baume-Mont-Aur\u00e9lien<\/strong> im Westen der Region kam 2017 zu den drei anderen Gemeindeverb\u00e4nden der Provence Verte hinzu.  <\/p><p>Der Hauptsitz liegt zwischen majest\u00e4tischen W\u00e4ldern in Saint-Maximim-La-Sainte-Baume, <a href=\"https:\/\/www.google.fr\/maps\/place\/Communaut%C3%A9+de+Communes+Sainte+Baume+Mont+Aur%C3%A9lien\/@43.454469,5.8602293,17z\/data=!3m1!4b1!4m5!3m4!1s0x12c97053e15858df:0x172ec81b3bffd9dd!8m2!3d43.454469!4d5.862418?shorturl=1\" target=\"_blank\" rel=\"noreferrer noopener\">ca. 1h15 und 70km von den Partnercampingpl\u00e4tzen<\/a> <strong>Camping International<\/strong>, <strong>Camping Clair de Lune<\/strong> und <strong>Camping \u00cele d&#8217;Or<\/strong> entfernt.<\/p><p>Wenn Sie auf der Suche nach etwas Neuem, Ruhe und vor allem Abwechslung sind, haben Sie die Gelegenheit, einige abgelegene Ecken der Provence zu entdecken, dank der nahe gelegenen Gemeinden wie :  <\/p><ul><li>Arm  \n<\/li><li>Nans-les-Pins\n<\/li><li>Olli\u00e8res\n<\/li><li>Plan-d&#8217;Aups-Sainte-Baume\n<\/li><li>Pourcieux\n<\/li><li>Pourri\u00e8res\n<\/li><li>Rougiers\n<\/li><\/ul><p><strong>Die Gemeinden von Sainte-Baume-Mont-Aur\u00e9lien <\/strong>sind reich an W\u00e4ldern, Weinbergen und Bergmassiven und bieten zahlreiche Wanderwege und Aktivit\u00e4ten rund um die vielen Weing\u00fcter. Zu bestimmten Zeiten des Jahres sollten Sie das Kastanienfest oder die Ernte bei lokalen Erzeugern nicht verpassen. <\/p><\/div><\/div><h2>Das Issole-Tal<\/h2><p><strong>Das Val d&#8217;Issole<\/strong>, das im S\u00fcden der Region Provence liegt, wurde 2017 gegr\u00fcndet. Es besteht aus <strong>authentischen D\u00f6rfern<\/strong>, die versuchen, ihre Tradition und lokale Kultur zu betonen.   <\/p><p>Der Hauptsitz, <a href=\"https:\/\/www.google.fr\/maps\/place\/Communaut%C3%A9+de+Communes+Val+Issole\/@43.3244657,5.997526,13z\/data=!4m5!3m4!1s0x12c96ca44ebdeafb:0xd85c987eb2cdce18!8m2!3d43.3396165!4d5.9765458?shorturl=1\" target=\"_blank\" rel=\"noreferrer noopener\">nur 52 Autominuten von der Halbinsel Giens<\/a> entfernt, befindet sich in der Gemeinde <strong>La Roquebrussanne<\/strong>. Der Ort und die umliegenden D\u00f6rfer sind wahre Sch\u00e4tze der Region, was Wanderungen, kulturelle Sehensw\u00fcrdigkeiten und provenzalische M\u00e4rkte betrifft.   <\/p><p>In den authentischen Gemeinden in der Umgebung von La Roquebrussanne k\u00f6nnen Sie zahlreiche Aktivit\u00e4ten unternehmen:  <\/p><ul><li>Forcalqueiret  \n<\/li><li>Gar\u00e9oult  \n<\/li><li>Mazaugues\n<\/li><li>M\u00e9ounes-l\u00e8s-Montrieux\n<\/li><li>N\u00e9oules\n<\/li><li>Rocbaron\n<\/li><li>Sainte-Anastasie-sur-Issole\n<\/li><\/ul><div class=\"columns\"><div class=\"columns__item\" style=\"align-self:center;\"><h2>La Provence Verdon<\/h2><p><strong>Die Provence Verdon<\/strong>, die 2014 gegr\u00fcndet wurde, ist ein Ort, der vielen Menschen bekannt ist. Es ist der unumg\u00e4ngliche<strong> See von Sainte-Croix <\/strong>und die au\u00dfergew\u00f6hnliche Kulisse, die jeden Sommer Besucher aus ganz Frankreich anzieht.   <\/p><p>Dieser Gemeindeverband liegt im Norden der <strong>Provence<\/strong> und hat seinen Sitz in Varages. Der Ort ist nicht sehr popul\u00e4r, aber dennoch einen Besuch wert.   <\/p><p>In der Umgebung dieses malerischen Dorfes finden Sie viele typische Ecken der Region:  <\/p><ul><li>Artigues\n<\/li><li>Barjols\n<\/li><li>Brue-Auriac\n<\/li><li>Esparron\n<\/li><li>Fox-Amphoux\n<\/li><li>Ginasservis\n<\/li><li>Montmeyan\n<\/li><li>Pontev\u00e8s\n<\/li><li>Rians\n<\/li><li>Saint-Julien\n<\/li><li>Saint-Martin\n<\/li><li>Seillons-Source-d&#8217;Argens\n<\/li><li>Tavernen\n<\/li><li>La Verdi\u00e8re\n<\/li><\/ul><p>Ein idealer Ort f\u00fcr alle, die auf der Suche <strong>nach Authentizit\u00e4t<\/strong>, <strong>Tradition<\/strong> und <strong>lokaler Kultur<\/strong> sind, <a href=\"https:\/\/www.google.fr\/maps\/place\/Communaut%C3%A9+de+communes+Provence+Verdon\/@43.3230923,5.4721266,9z\/data=!4m5!3m4!1s0x12c96134148dc84f:0x42c27501e6609551!8m2!3d43.59844!4d5.959381?shorturl=1\" target=\"_blank\" rel=\"noreferrer noopener\">nur 80 km von <\/a><a href=\"https:\/\/www.google.fr\/maps\/place\/Communaut%C3%A9+de+communes+Provence+Verdon\/@43.3230923,5.4721266,9z\/data=!4m5!3m4!1s0x12c96134148dc84f:0x42c27501e6609551!8m2!3d43.59844!4d5.959381?shorturl=1\" target=\"_blank\" rel=\"noreferrer noopener\"><strong>Giens<\/strong><\/a> <a href=\"https:\/\/www.google.fr\/maps\/place\/Communaut%C3%A9+de+communes+Provence+Verdon\/@43.3230923,5.4721266,9z\/data=!4m5!3m4!1s0x12c96134148dc84f:0x42c27501e6609551!8m2!3d43.59844!4d5.959381?shorturl=1\" target=\"_blank\" rel=\"noreferrer noopener\">entfernt <\/a>.<\/p><\/div><div class=\"columns__item\"><figure><picture><source srcset=\"https:\/\/acampa-vacances.com\/wp-content\/uploads\/2024\/12\/image-8-420x420.jpeg.webp\" media=\"(max-width: 210px)\"><source srcset=\"https:\/\/acampa-vacances.com\/wp-content\/uploads\/2024\/12\/image-8-566x850.jpeg.webp\" media=\"(max-width: 420px)\"><source srcset=\"https:\/\/acampa-vacances.com\/wp-content\/uploads\/2024\/12\/image-8.jpeg.webp\" media=\"(max-width: 850px)\"><source srcset=\"https:\/\/acampa-vacances.com\/wp-content\/uploads\/2024\/12\/image-8.jpeg.webp\" media=\"(max-width: 1024px)\"><source srcset=\"https:\/\/acampa-vacances.com\/wp-content\/uploads\/2024\/12\/image-8.jpeg.webp\" media=\"(min-width: 1025px)\"><img decoding=\"async\" src=\"https:\/\/acampa-vacances.com\/wp-content\/uploads\/2024\/12\/image-8-420x420.jpeg.webp\" width=\"420\" height=\"210\" loading=\"lazy\" alt=\"\" title=\"\"><\/picture><\/figure><\/div><\/div><p>Wie Sie sehen k\u00f6nnen, gibt es viele ungew\u00f6hnliche Orte, die nur wenige Kilometer von der Halbinsel Giens entfernt liegen.  <\/p><p>Dies ist die Gelegenheit f\u00fcr Sie, diese abgelegenen Orte f\u00fcr ein Wochenende oder einen l\u00e4ngeren Aufenthalt auf den <strong>Campingpl\u00e4tzen von Hy\u00e8res<\/strong> zu entdecken.  <\/p><h2>Genie\u00dfen Sie einen Aufenthalt auf den Campingpl\u00e4tzen von Hy\u00e8res!<\/h2><p id=\"73\">W\u00e4hrend <strong>Ihres Urlaubs in S\u00fcdfrankreich<\/strong> haben Sie die M\u00f6glichkeit, auf einem unserer drei Partner-Campingpl\u00e4tze <a href=\"https:\/\/acampa-vacances.com\/de\/\" data-type=\"page\" data-id=\"73\">in Hy\u00e8res<\/a> zu \u00fcbernachten: <a href=\"https:\/\/acampa-vacances.com\/de\/international\/willkommen\/\" data-type=\"international\" data-id=\"192\">Camping International<\/a>, <a href=\"https:\/\/acampa-vacances.com\/de\/clairdelune\/willkommen\/\" data-type=\"clairdelune\" data-id=\"1491\">Camping Clair de Lune<\/a> und <a href=\"https:\/\/acampa-vacances.com\/de\/iledor\/willkommen\/\" data-type=\"iledor\" data-id=\"1448\">Camping \u00cele d&#8217;Or<\/a>.  <\/p><p>Die drei Campingpl\u00e4tze haben v\u00f6llig unterschiedliche Eigenschaften und Stimmungen. Der Internationale Campingplatz beherbergt eher sportliche Menschen, die den Nervenkitzel suchen.   <\/p><p>Der Campingplatz Clair de Lune ist f\u00fcr Paare gedacht, die Entspannung und Ruhe in einer intimen Umgebung suchen.  <\/p><p>Der Campingplatz \u00cele d&#8217;Or beherbergt vor allem Familien, die die lokale Kultur und die verschiedenen Aktivit\u00e4ten in der N\u00e4he des Ortes, an dem sie sich aufhalten, bevorzugen.  <\/p><p>So k\u00f6nnen Sie <strong>die L\u00e4nder der Gr\u00fcnen Provence<\/strong> entdecken, die vier oben genannten <strong>Gemeindeverb\u00e4nde<\/strong> besuchen und sowohl die <strong>C\u00f4te d&#8217;Azur<\/strong> als auch das <strong>provenzalische Hinterland<\/strong> genie\u00dfen.<\/p>","protected":false},"excerpt":{"rendered":"<p>Die L\u00e4nder der Gr\u00fcnen Provence! Die Pays de la Provence Verte ist ein interkommunaler Zusammenschluss von 39 Gemeinden des Departements Var. Diese wichtige Zusammenkunft der hohen D\u00f6rfer des Var ist das Ergebnis eines solidarischen Netzwerks, das den Gemeinden ein w\u00fcrdiges Leben erm\u00f6glicht, indem es ihre lokalen Traditionen, die Natur und die provenzalische Kultur ehrt. Dank [&hellip;]<\/p>\n","protected":false},"author":1,"featured_media":10895,"parent":0,"menu_order":0,"template":"","format":"standard","meta":{"_acf_changed":false,"footnotes":""},"tourisme":[73],"acf":[],"_links":{"self":[{"href":"https:\/\/acampa-vacances.com\/de\/wp-json\/wp\/v2\/tourisme\/12646"}],"collection":[{"href":"https:\/\/acampa-vacances.com\/de\/wp-json\/wp\/v2\/tourisme"}],"about":[{"href":"https:\/\/acampa-vacances.com\/de\/wp-json\/wp\/v2\/types\/tourisme"}],"author":[{"embeddable":true,"href":"https:\/\/acampa-vacances.com\/de\/wp-json\/wp\/v2\/users\/1"}],"version-history":[{"count":1,"href":"https:\/\/acampa-vacances.com\/de\/wp-json\/wp\/v2\/tourisme\/12646\/revisions"}],"predecessor-version":[{"id":12647,"href":"https:\/\/acampa-vacances.com\/de\/wp-json\/wp\/v2\/tourisme\/12646\/revisions\/12647"}],"wp:featuredmedia":[{"embeddable":true,"href":"https:\/\/acampa-vacances.com\/de\/wp-json\/wp\/v2\/media\/10895"}],"wp:attachment":[{"href":"https:\/\/acampa-vacances.com\/de\/wp-json\/wp\/v2\/media?parent=12646"}],"wp:term":[{"taxonomy":"tourisme","embeddable":true,"href":"https:\/\/acampa-vacances.com\/de\/wp-json\/wp\/v2\/tourisme?post=12646"}],"curies":[{"name":"wp","href":"https:\/\/api.w.org\/{rel}","templated":true}]}}