{"id":12247,"date":"2024-11-27T09:36:51","date_gmt":"2024-11-27T08:36:51","guid":{"rendered":"https:\/\/acampa-vacances.com\/tourisme-a-hyeres\/villes\/"},"modified":"2025-01-28T09:52:53","modified_gmt":"2025-01-28T08:52:53","slug":"cities","status":"publish","type":"page","link":"https:\/\/acampa-vacances.com\/en\/tourism-in-hyeres\/cities\/","title":{"rendered":"Cities"},"content":{"rendered":"<nav class=\"fildariane\"><a class=\"fildariane__item\" href=\"https:\/\/acampa-vacances.com\/en\/\">Acampa<\/a><span class=\"fc-icon\"><svg xmlns=\"http:\/\/www.w3.org\/2000\/svg\"  viewBox=\"0 0 320 512\" width=\"16px\" height=\"16px\"><!--! Font Awesome Pro 6.4.2 by @fontawesome - https:\/\/fontawesome.com License - https:\/\/fontawesome.com\/license (Commercial License) Copyright 2023 Fonticons, Inc.--><path d=\"M267.3 244.7c6.2 6.2 6.2 16.4 0 22.6l-160 160c-6.2 6.2-16.4 6.2-22.6 0s-6.2-16.4 0-22.6L233.4 256 84.7 107.3c-6.2-6.2-6.2-16.4 0-22.6s16.4-6.2 22.6 0l160 160z\"\/><\/svg><\/span><a class=\"fildariane__item\" href=\"https:\/\/acampa-vacances.com\/en\/tourism-in-hyeres\/\">Tourism<\/a><span class=\"fc-icon\"><svg xmlns=\"http:\/\/www.w3.org\/2000\/svg\"  viewBox=\"0 0 320 512\" width=\"16px\" height=\"16px\"><!--! Font Awesome Pro 6.4.2 by @fontawesome - https:\/\/fontawesome.com License - https:\/\/fontawesome.com\/license (Commercial License) Copyright 2023 Fonticons, Inc.--><path d=\"M267.3 244.7c6.2 6.2 6.2 16.4 0 22.6l-160 160c-6.2 6.2-16.4 6.2-22.6 0s-6.2-16.4 0-22.6L233.4 256 84.7 107.3c-6.2-6.2-6.2-16.4 0-22.6s16.4-6.2 22.6 0l160 160z\"\/><\/svg><\/span><span class=\"fildariane__item\">Cities<\/span><\/nav><a class=\"fildariane__item retour\" href=\"https:\/\/acampa-vacances.com\/en\/\"\"><span class=\"fc-icon\"><svg xmlns=\"http:\/\/www.w3.org\/2000\/svg\"  viewBox=\"0 0 448 512\" width=\"16px\" height=\"16px\"><!--! Font Awesome Pro 6.4.2 by @fontawesome - https:\/\/fontawesome.com License - https:\/\/fontawesome.com\/license (Commercial License) Copyright 2023 Fonticons, Inc.--><path d=\"M7.4 273.4C2.7 268.8 0 262.6 0 256s2.7-12.8 7.4-17.4l176-168c9.6-9.2 24.8-8.8 33.9 .8s8.8 24.8-.8 33.9L83.9 232 424 232c13.3 0 24 10.7 24 24s-10.7 24-24 24L83.9 280 216.6 406.6c9.6 9.2 9.9 24.3 .8 33.9s-24.3 9.9-33.9 .8l-176-168z\"\/><\/svg><\/span>Back to home page<\/a>\n\n\n    <div class=\"columns nbr-col-3 listed__post\">\r\n\r\n        \r\n            <div class=\"columns__item post__item listed__post__item currentPage\" >\r\n                <div class=\"gallery\">\r\n                    <figure class=\"gallery__item\">\r\n                        <picture>\r\n                            <source srcset=\"https:\/\/acampa-vacances.com\/wp-content\/uploads\/2024\/11\/le-castellet-420x420.jpg.webp\" media=\"(max-width: 210px)\">\r\n                            <source srcset=\"https:\/\/acampa-vacances.com\/wp-content\/uploads\/2024\/11\/le-castellet.jpg.webp\" media=\"(max-width: 420px)\">\r\n                            <source srcset=\"https:\/\/acampa-vacances.com\/wp-content\/uploads\/2024\/11\/le-castellet.jpg.webp\" media=\"(max-width: 850px)\">\r\n                            <source srcset=\"https:\/\/acampa-vacances.com\/wp-content\/uploads\/2024\/11\/le-castellet.jpg.webp\" media=\"(max-width: 1024px)\">\r\n                            <source srcset=\"https:\/\/acampa-vacances.com\/wp-content\/uploads\/2024\/11\/le-castellet.jpg.webp\" media=\"(min-width: 1025px)\">\r\n\r\n                            <img loading=\"lazy\" decoding=\"async\" src=\"https:\/\/acampa-vacances.com\/wp-content\/uploads\/2024\/11\/le-castellet-420x420.jpg.webp\" width=\"420\" height=\"210\" alt=\"\" title=\"\">\r\n                        <\/picture>\r\n                    <\/figure>\r\n                <\/div>\r\n                <div class=\"group texte\">\r\n                    \r\n                    <p class=\"h3\">Castellet village<\/p>\r\n                    <p class=\"post__item__description\">\r\n                                                Castellet village 52 km from our Var campsite, come and discover the pretty hilltop village of Le Castellet, overlooking the Provencal countryside [&#8230;]                    <\/p>\r\n\r\n                    <div class=\"buttons\">\r\n                        <a href=\"https:\/\/acampa-vacances.com\/en\/tourism\/village-du-castellet\/\" class=\"buttons__btn\">Discover<\/a>\r\n                    <\/div>\r\n                <\/div>\r\n            <\/div>\r\n\r\n        \r\n            <div class=\"columns__item post__item listed__post__item currentPage\" >\r\n                <div class=\"gallery\">\r\n                    <figure class=\"gallery__item\">\r\n                        <picture>\r\n                            <source srcset=\"https:\/\/acampa-vacances.com\/wp-content\/uploads\/2024\/11\/aups-4-300x183-1-1.png.webp\" media=\"(max-width: 210px)\">\r\n                            <source srcset=\"https:\/\/acampa-vacances.com\/wp-content\/uploads\/2024\/11\/aups-4-300x183-1-1.png.webp\" media=\"(max-width: 420px)\">\r\n                            <source srcset=\"https:\/\/acampa-vacances.com\/wp-content\/uploads\/2024\/11\/aups-4-300x183-1-1.png.webp\" media=\"(max-width: 850px)\">\r\n                            <source srcset=\"https:\/\/acampa-vacances.com\/wp-content\/uploads\/2024\/11\/aups-4-300x183-1-1.png.webp\" media=\"(max-width: 1024px)\">\r\n                            <source srcset=\"https:\/\/acampa-vacances.com\/wp-content\/uploads\/2024\/11\/aups-4-300x183-1-1.png.webp\" media=\"(min-width: 1025px)\">\r\n\r\n                            <img loading=\"lazy\" decoding=\"async\" src=\"https:\/\/acampa-vacances.com\/wp-content\/uploads\/2024\/11\/aups-4-300x183-1-1.png.webp\" width=\"420\" height=\"210\" alt=\"\" title=\"\">\r\n                        <\/picture>\r\n                    <\/figure>\r\n                <\/div>\r\n                <div class=\"group texte\">\r\n                    \r\n                    <p class=\"h3\">Aups &amp; Barjols<\/p>\r\n                    <p class=\"post__item__description\">\r\n                                                A tour of the villages of the Haut Var: Aups &amp; Barjols Why not take a trip to the Haut Var for a change from the Hyeres coastline? In this [&#8230;]                    <\/p>\r\n\r\n                    <div class=\"buttons\">\r\n                        <a href=\"https:\/\/acampa-vacances.com\/en\/tourism\/a-tour-in-the-villages-of-haut-var-aups-barjols\/\" class=\"buttons__btn\">Discover<\/a>\r\n                    <\/div>\r\n                <\/div>\r\n            <\/div>\r\n\r\n        \r\n            <div class=\"columns__item post__item listed__post__item currentPage\" >\r\n                <div class=\"gallery\">\r\n                    <figure class=\"gallery__item\">\r\n                        <picture>\r\n                            <source srcset=\"https:\/\/acampa-vacances.com\/wp-content\/uploads\/2024\/12\/clairdelune-porc-cros-420x420.jpg.webp\" media=\"(max-width: 210px)\">\r\n                            <source srcset=\"https:\/\/acampa-vacances.com\/wp-content\/uploads\/2024\/12\/clairdelune-porc-cros-850x478.jpg.webp\" media=\"(max-width: 420px)\">\r\n                            <source srcset=\"https:\/\/acampa-vacances.com\/wp-content\/uploads\/2024\/12\/clairdelune-porc-cros-768x432.jpg.webp\" media=\"(max-width: 850px)\">\r\n                            <source srcset=\"https:\/\/acampa-vacances.com\/wp-content\/uploads\/2024\/12\/clairdelune-porc-cros-1024x576.jpg.webp\" media=\"(max-width: 1024px)\">\r\n                            <source srcset=\"https:\/\/acampa-vacances.com\/wp-content\/uploads\/2024\/12\/clairdelune-porc-cros.jpg.webp\" media=\"(min-width: 1025px)\">\r\n\r\n                            <img loading=\"lazy\" decoding=\"async\" src=\"https:\/\/acampa-vacances.com\/wp-content\/uploads\/2024\/12\/clairdelune-porc-cros-420x420.jpg.webp\" width=\"420\" height=\"210\" alt=\"\" title=\"\">\r\n                        <\/picture>\r\n                    <\/figure>\r\n                <\/div>\r\n                <div class=\"group texte\">\r\n                    \r\n                    <p class=\"h3\">Port Cros<\/p>\r\n                    <p class=\"post__item__description\">\r\n                                                Port-Cros Port-Cros is an island belonging to the Hy\u00e8res archipelago. Located in the vast Mediterranean, the island was donated to the French [&#8230;]                    <\/p>\r\n\r\n                    <div class=\"buttons\">\r\n                        <a href=\"https:\/\/acampa-vacances.com\/en\/tourism\/port-cros\/\" class=\"buttons__btn\">Discover<\/a>\r\n                    <\/div>\r\n                <\/div>\r\n            <\/div>\r\n\r\n        \r\n            <div class=\"columns__item post__item listed__post__item currentPage\" >\r\n                <div class=\"gallery\">\r\n                    <figure class=\"gallery__item\">\r\n                        <picture>\r\n                            <source srcset=\"https:\/\/acampa-vacances.com\/wp-content\/uploads\/2024\/11\/fontainedelafederation_s.jpg.webp\" media=\"(max-width: 210px)\">\r\n                            <source srcset=\"https:\/\/acampa-vacances.com\/wp-content\/uploads\/2024\/11\/fontainedelafederation_s.jpg.webp\" media=\"(max-width: 420px)\">\r\n                            <source srcset=\"https:\/\/acampa-vacances.com\/wp-content\/uploads\/2024\/11\/fontainedelafederation_s.jpg.webp\" media=\"(max-width: 850px)\">\r\n                            <source srcset=\"https:\/\/acampa-vacances.com\/wp-content\/uploads\/2024\/11\/fontainedelafederation_s.jpg.webp\" media=\"(max-width: 1024px)\">\r\n                            <source srcset=\"https:\/\/acampa-vacances.com\/wp-content\/uploads\/2024\/11\/fontainedelafederation_s.jpg.webp\" media=\"(min-width: 1025px)\">\r\n\r\n                            <img loading=\"lazy\" decoding=\"async\" src=\"https:\/\/acampa-vacances.com\/wp-content\/uploads\/2024\/11\/fontainedelafederation_s.jpg.webp\" width=\"420\" height=\"210\" alt=\"\" title=\"\">\r\n                        <\/picture>\r\n                    <\/figure>\r\n                <\/div>\r\n                <div class=\"group texte\">\r\n                    \r\n                    <p class=\"h3\">Toulon<\/p>\r\n                    <p class=\"post__item__description\">\r\n                                                Toulon A seaside campsite 30km from Toulon A dream setting awaits you at Clair de Lune campsite and promises you an authentic vacation just 30 km from [&#8230;]                    <\/p>\r\n\r\n                    <div class=\"buttons\">\r\n                        <a href=\"https:\/\/acampa-vacances.com\/en\/tourism\/toulon\/\" class=\"buttons__btn\">Discover<\/a>\r\n                    <\/div>\r\n                <\/div>\r\n            <\/div>\r\n\r\n        \r\n            <div class=\"columns__item post__item listed__post__item currentPage\" >\r\n                <div class=\"gallery\">\r\n                    <figure class=\"gallery__item\">\r\n                        <picture>\r\n                            <source srcset=\"https:\/\/acampa-vacances.com\/wp-content\/uploads\/2024\/12\/clairdelune-ile-2632654_1280-420x420.jpg\" media=\"(max-width: 210px)\">\r\n                            <source srcset=\"https:\/\/acampa-vacances.com\/wp-content\/uploads\/2024\/12\/clairdelune-ile-2632654_1280-850x445.jpg\" media=\"(max-width: 420px)\">\r\n                            <source srcset=\"https:\/\/acampa-vacances.com\/wp-content\/uploads\/2024\/12\/clairdelune-ile-2632654_1280-768x402.jpg\" media=\"(max-width: 850px)\">\r\n                            <source srcset=\"https:\/\/acampa-vacances.com\/wp-content\/uploads\/2024\/12\/clairdelune-ile-2632654_1280-1024x536.jpg\" media=\"(max-width: 1024px)\">\r\n                            <source srcset=\"https:\/\/acampa-vacances.com\/wp-content\/uploads\/2024\/12\/clairdelune-ile-2632654_1280.jpg\" media=\"(min-width: 1025px)\">\r\n\r\n                            <img loading=\"lazy\" decoding=\"async\" src=\"https:\/\/acampa-vacances.com\/wp-content\/uploads\/2024\/12\/clairdelune-ile-2632654_1280-420x420.jpg\" width=\"420\" height=\"210\" alt=\"\" title=\"\">\r\n                        <\/picture>\r\n                    <\/figure>\r\n                <\/div>\r\n                <div class=\"group texte\">\r\n                    \r\n                    <p class=\"h3\">Porquerolles<\/p>\r\n                    <p class=\"post__item__description\">\r\n                                                Porquerolles Hy\u00e8res Just twenty minutes from the Presqu&#8217;\u00eele de Giens in Hy\u00e8res or the port of Niel, the island of Porquerolles is one of the [&#8230;]                    <\/p>\r\n\r\n                    <div class=\"buttons\">\r\n                        <a href=\"https:\/\/acampa-vacances.com\/en\/tourism\/porquerolles\/\" class=\"buttons__btn\">Discover<\/a>\r\n                    <\/div>\r\n                <\/div>\r\n            <\/div>\r\n\r\n        \r\n            <div class=\"columns__item post__item listed__post__item currentPage\" >\r\n                <div class=\"gallery\">\r\n                    <figure class=\"gallery__item\">\r\n                        <picture>\r\n                            <source srcset=\"https:\/\/acampa-vacances.com\/wp-content\/uploads\/2024\/12\/hyeres-porte-st-paul_s.jpg.webp\" media=\"(max-width: 210px)\">\r\n                            <source srcset=\"https:\/\/acampa-vacances.com\/wp-content\/uploads\/2024\/12\/hyeres-porte-st-paul_s.jpg.webp\" media=\"(max-width: 420px)\">\r\n                            <source srcset=\"https:\/\/acampa-vacances.com\/wp-content\/uploads\/2024\/12\/hyeres-porte-st-paul_s.jpg.webp\" media=\"(max-width: 850px)\">\r\n                            <source srcset=\"https:\/\/acampa-vacances.com\/wp-content\/uploads\/2024\/12\/hyeres-porte-st-paul_s.jpg.webp\" media=\"(max-width: 1024px)\">\r\n                            <source srcset=\"https:\/\/acampa-vacances.com\/wp-content\/uploads\/2024\/12\/hyeres-porte-st-paul_s.jpg.webp\" media=\"(min-width: 1025px)\">\r\n\r\n                            <img loading=\"lazy\" decoding=\"async\" src=\"https:\/\/acampa-vacances.com\/wp-content\/uploads\/2024\/12\/hyeres-porte-st-paul_s.jpg.webp\" width=\"420\" height=\"210\" alt=\"\" title=\"\">\r\n                        <\/picture>\r\n                    <\/figure>\r\n                <\/div>\r\n                <div class=\"group texte\">\r\n                    \r\n                    <p class=\"h3\">Medieval town<\/p>\r\n                    <p class=\"post__item__description\">\r\n                                                The medieval town Just 10 km from the Clair de Lune campsite in Hy\u00e8res, the old town is the most medieval of the city. According to historians, [&#8230;]                    <\/p>\r\n\r\n                    <div class=\"buttons\">\r\n                        <a href=\"https:\/\/acampa-vacances.com\/en\/tourism\/the-medieval-city\/\" class=\"buttons__btn\">Discover<\/a>\r\n                    <\/div>\r\n                <\/div>\r\n            <\/div>\r\n\r\n        \r\n            <div class=\"columns__item post__item listed__post__item currentPage\" >\r\n                <div class=\"gallery\">\r\n                    <figure class=\"gallery__item\">\r\n                        <picture>\r\n                            <source srcset=\"https:\/\/acampa-vacances.com\/wp-content\/uploads\/2024\/11\/clairdelune-le-pradet-1-420x336.jpg.webp\" media=\"(max-width: 210px)\">\r\n                            <source srcset=\"https:\/\/acampa-vacances.com\/wp-content\/uploads\/2024\/11\/clairdelune-le-pradet-1.jpg.webp\" media=\"(max-width: 420px)\">\r\n                            <source srcset=\"https:\/\/acampa-vacances.com\/wp-content\/uploads\/2024\/11\/clairdelune-le-pradet-1.jpg.webp\" media=\"(max-width: 850px)\">\r\n                            <source srcset=\"https:\/\/acampa-vacances.com\/wp-content\/uploads\/2024\/11\/clairdelune-le-pradet-1.jpg.webp\" media=\"(max-width: 1024px)\">\r\n                            <source srcset=\"https:\/\/acampa-vacances.com\/wp-content\/uploads\/2024\/11\/clairdelune-le-pradet-1.jpg.webp\" media=\"(min-width: 1025px)\">\r\n\r\n                            <img loading=\"lazy\" decoding=\"async\" src=\"https:\/\/acampa-vacances.com\/wp-content\/uploads\/2024\/11\/clairdelune-le-pradet-1-420x336.jpg.webp\" width=\"420\" height=\"210\" alt=\"\" title=\"\">\r\n                        <\/picture>\r\n                    <\/figure>\r\n                <\/div>\r\n                <div class=\"group texte\">\r\n                    \r\n                    <p class=\"h3\">Le Pradet<\/p>\r\n                    <p class=\"post__item__description\">\r\n                                                Le Pradet Photo credit: Le Pradet tourisme Coastal resort Le Pradet is a charming resort on the Var coast, with 7km of coastline. Wild coves alternate [&#8230;]                    <\/p>\r\n\r\n                    <div class=\"buttons\">\r\n                        <a href=\"https:\/\/acampa-vacances.com\/en\/tourism\/le-pradet\/\" class=\"buttons__btn\">Discover<\/a>\r\n                    <\/div>\r\n                <\/div>\r\n            <\/div>\r\n\r\n        \r\n            <div class=\"columns__item post__item listed__post__item currentPage\" >\r\n                <div class=\"gallery\">\r\n                    <figure class=\"gallery__item\">\r\n                        <picture>\r\n                            <source srcset=\"https:\/\/acampa-vacances.com\/wp-content\/uploads\/2024\/11\/sans-titre-9-1-1-420x420.jpg.webp\" media=\"(max-width: 210px)\">\r\n                            <source srcset=\"https:\/\/acampa-vacances.com\/wp-content\/uploads\/2024\/11\/sans-titre-9-1-1-850x567.jpg.webp\" media=\"(max-width: 420px)\">\r\n                            <source srcset=\"https:\/\/acampa-vacances.com\/wp-content\/uploads\/2024\/11\/sans-titre-9-1-1-768x512.jpg.webp\" media=\"(max-width: 850px)\">\r\n                            <source srcset=\"https:\/\/acampa-vacances.com\/wp-content\/uploads\/2024\/11\/sans-titre-9-1-1.jpg.webp\" media=\"(max-width: 1024px)\">\r\n                            <source srcset=\"https:\/\/acampa-vacances.com\/wp-content\/uploads\/2024\/11\/sans-titre-9-1-1.jpg.webp\" media=\"(min-width: 1025px)\">\r\n\r\n                            <img loading=\"lazy\" decoding=\"async\" src=\"https:\/\/acampa-vacances.com\/wp-content\/uploads\/2024\/11\/sans-titre-9-1-1-420x420.jpg.webp\" width=\"420\" height=\"210\" alt=\"\" title=\"\">\r\n                        <\/picture>\r\n                    <\/figure>\r\n                <\/div>\r\n                <div class=\"group texte\">\r\n                    \r\n                    <p class=\"h3\">La Capte<\/p>\r\n                    <p class=\"post__item__description\">\r\n                                                La Capte La Capte is one of the 14 districts of Hy\u00e8res, in southeastern France, east of Toulon. Toulon is a city in southeastern France. The village [&#8230;]                    <\/p>\r\n\r\n                    <div class=\"buttons\">\r\n                        <a href=\"https:\/\/acampa-vacances.com\/en\/tourism\/la-capte\/\" class=\"buttons__btn\">Discover<\/a>\r\n                    <\/div>\r\n                <\/div>\r\n            <\/div>\r\n\r\n        \r\n            <div class=\"columns__item post__item listed__post__item currentPage\" >\r\n                <div class=\"gallery\">\r\n                    <figure class=\"gallery__item\">\r\n                        <picture>\r\n                            <source srcset=\"https:\/\/acampa-vacances.com\/wp-content\/uploads\/2024\/11\/carqueiranne-port-1.jpg.webp\" media=\"(max-width: 210px)\">\r\n                            <source srcset=\"https:\/\/acampa-vacances.com\/wp-content\/uploads\/2024\/11\/carqueiranne-port-1.jpg.webp\" media=\"(max-width: 420px)\">\r\n                            <source srcset=\"https:\/\/acampa-vacances.com\/wp-content\/uploads\/2024\/11\/carqueiranne-port-1.jpg.webp\" media=\"(max-width: 850px)\">\r\n                            <source srcset=\"https:\/\/acampa-vacances.com\/wp-content\/uploads\/2024\/11\/carqueiranne-port-1.jpg.webp\" media=\"(max-width: 1024px)\">\r\n                            <source srcset=\"https:\/\/acampa-vacances.com\/wp-content\/uploads\/2024\/11\/carqueiranne-port-1.jpg.webp\" media=\"(min-width: 1025px)\">\r\n\r\n                            <img loading=\"lazy\" decoding=\"async\" src=\"https:\/\/acampa-vacances.com\/wp-content\/uploads\/2024\/11\/carqueiranne-port-1.jpg.webp\" width=\"420\" height=\"210\" alt=\"\" title=\"\">\r\n                        <\/picture>\r\n                    <\/figure>\r\n                <\/div>\r\n                <div class=\"group texte\">\r\n                    \r\n                    <p class=\"h3\">Carqueiranne, seaside resort<\/p>\r\n                    <p class=\"post__item__description\">\r\n                                                Carqueiranne: a charming little seaside resort Carqueiranne is a small Provencal port on the Var coast, 15 km from Toulon, 10 km from Camping Clair de [&#8230;]                    <\/p>\r\n\r\n                    <div class=\"buttons\">\r\n                        <a href=\"https:\/\/acampa-vacances.com\/en\/tourism\/carqueiranne-a-charming-little-seaside-resort\/\" class=\"buttons__btn\">Discover<\/a>\r\n                    <\/div>\r\n                <\/div>\r\n            <\/div>\r\n\r\n        \r\n            <div class=\"columns__item post__item listed__post__item\" >\r\n                <div class=\"gallery\">\r\n                    <figure class=\"gallery__item\">\r\n                        <picture>\r\n                            <source srcset=\"https:\/\/acampa-vacances.com\/wp-content\/uploads\/2024\/12\/202102-PICH-ARTICLE1-420x420.jpg.webp\" media=\"(max-width: 210px)\">\r\n                            <source srcset=\"https:\/\/acampa-vacances.com\/wp-content\/uploads\/2024\/12\/202102-PICH-ARTICLE1.jpg.webp\" media=\"(max-width: 420px)\">\r\n                            <source srcset=\"https:\/\/acampa-vacances.com\/wp-content\/uploads\/2024\/12\/202102-PICH-ARTICLE1.jpg.webp\" media=\"(max-width: 850px)\">\r\n                            <source srcset=\"https:\/\/acampa-vacances.com\/wp-content\/uploads\/2024\/12\/202102-PICH-ARTICLE1.jpg.webp\" media=\"(max-width: 1024px)\">\r\n                            <source srcset=\"https:\/\/acampa-vacances.com\/wp-content\/uploads\/2024\/12\/202102-PICH-ARTICLE1.jpg.webp\" media=\"(min-width: 1025px)\">\r\n\r\n                            <img loading=\"lazy\" decoding=\"async\" src=\"https:\/\/acampa-vacances.com\/wp-content\/uploads\/2024\/12\/202102-PICH-ARTICLE1-420x420.jpg.webp\" width=\"420\" height=\"210\" alt=\"\" title=\"\">\r\n                        <\/picture>\r\n                    <\/figure>\r\n                <\/div>\r\n                <div class=\"group texte\">\r\n                    \r\n                    <p class=\"h3\">The forgotten village of Correns<\/p>\r\n                    <p class=\"post__item__description\">\r\n                                                The village of Correns, one of the Var&#8217;s forgotten villages. Have you heard of France&#8217;s first organic village? Correns is a village in the Var known [&#8230;]                    <\/p>\r\n\r\n                    <div class=\"buttons\">\r\n                        <a href=\"https:\/\/acampa-vacances.com\/en\/tourism\/the-village-of-correns-one-of-the-forgotten-villages-of-var\/\" class=\"buttons__btn\">Discover<\/a>\r\n                    <\/div>\r\n                <\/div>\r\n            <\/div>\r\n\r\n        \r\n    <\/div>\r\n\r\n    <div class=\"buttons display-flex \" style=\"justify-content:center;\"><span class=\"buttons__btn listed__post__plus\">See more articles<span class=\"fc-icon\"><svg xmlns=\"http:\/\/www.w3.org\/2000\/svg\"  viewBox=\"0 0 448 512\" width=\"16px\" height=\"16px\"><!--! Font Awesome Pro 6.4.2 by @fontawesome - https:\/\/fontawesome.com License - https:\/\/fontawesome.com\/license (Commercial License) Copyright 2023 Fonticons, Inc.--><path d=\"M256 80c0-17.7-14.3-32-32-32s-32 14.3-32 32V224H48c-17.7 0-32 14.3-32 32s14.3 32 32 32H192V432c0 17.7 14.3 32 32 32s32-14.3 32-32V288H400c17.7 0 32-14.3 32-32s-14.3-32-32-32H256V80z\"\/><\/svg><\/span><\/span><\/div>","protected":false},"excerpt":{"rendered":"","protected":false},"author":1,"featured_media":0,"parent":12201,"menu_order":0,"comment_status":"closed","ping_status":"closed","template":"","meta":{"_acf_changed":false,"footnotes":""},"acf":[],"_links":{"self":[{"href":"https:\/\/acampa-vacances.com\/en\/wp-json\/wp\/v2\/pages\/12247"}],"collection":[{"href":"https:\/\/acampa-vacances.com\/en\/wp-json\/wp\/v2\/pages"}],"about":[{"href":"https:\/\/acampa-vacances.com\/en\/wp-json\/wp\/v2\/types\/page"}],"author":[{"embeddable":true,"href":"https:\/\/acampa-vacances.com\/en\/wp-json\/wp\/v2\/users\/1"}],"replies":[{"embeddable":true,"href":"https:\/\/acampa-vacances.com\/en\/wp-json\/wp\/v2\/comments?post=12247"}],"version-history":[{"count":1,"href":"https:\/\/acampa-vacances.com\/en\/wp-json\/wp\/v2\/pages\/12247\/revisions"}],"predecessor-version":[{"id":12248,"href":"https:\/\/acampa-vacances.com\/en\/wp-json\/wp\/v2\/pages\/12247\/revisions\/12248"}],"up":[{"embeddable":true,"href":"https:\/\/acampa-vacances.com\/en\/wp-json\/wp\/v2\/pages\/12201"}],"wp:attachment":[{"href":"https:\/\/acampa-vacances.com\/en\/wp-json\/wp\/v2\/media?parent=12247"}],"curies":[{"name":"wp","href":"https:\/\/api.w.org\/{rel}","templated":true}]}}