{"id":13084,"date":"2024-11-25T15:36:22","date_gmt":"2024-11-25T14:36:22","guid":{"rendered":"https:\/\/acampa-vacances.com\/clairdelune\/accueil\/"},"modified":"2026-03-03T14:35:31","modified_gmt":"2026-03-03T13:35:31","slug":"benvenuto","status":"publish","type":"clairdelune","link":"https:\/\/acampa-vacances.com\/it\/clairdelune\/benvenuto\/","title":{"rendered":"Casa"},"content":{"rendered":"<div class=\"group diaporama-header sec-10 sec-resa align-full\">\n<figure class=\"wp-block-video\"><video autoplay loop muted src=\"https:\/\/acampa-vacances.com\/wp-content\/uploads\/video\/clairdelune.mp4\" playsinline><\/video><\/figure>\n<div class=\"group\"><p class=\"h4\" style=\"text-align: center;\">\u00c0 Hy\u00e8res, sur la Presqu&#8217;\u00eele de Giens<\/p>\n<ul class=\"pictos\"><li><span class=\"fc-icon\"><svg xmlns=\"http:\/\/www.w3.org\/2000\/svg\"  viewBox=\"0 0 576 512\" width=\"16px\" height=\"16px\"><!--! Font Awesome Pro 6.4.2 by @fontawesome - https:\/\/fontawesome.com License - https:\/\/fontawesome.com\/license (Commercial License) Copyright 2023 Fonticons, Inc.--><path d=\"M277.4 4c6-5.3 15.1-5.3 21.2 0L384 79.4V56c0-13.3 10.7-24 24-24h80c13.3 0 24 10.7 24 24V192.3L570.6 244c6.6 5.8 7.3 16 1.4 22.6s-16 7.3-22.6 1.4L512 235V432c0 44.2-35.8 80-80 80H144c-44.2 0-80-35.8-80-80V235L26.6 268C20 273.8 9.8 273.2 4 266.6S-1.2 249.8 5.4 244L277.4 4zM480 164.1V64H416v43.6l64 56.5zM96 206.7V432c0 26.5 21.5 48 48 48h64V320c0-17.7 14.3-32 32-32h96c17.7 0 32 14.3 32 32V480h64c26.5 0 48-21.5 48-48V206.7L288 37.3 96 206.7zM336 320H240V480h96V320z\"\/><\/svg><\/span><\/li><li><span class=\"fc-icon\"><svg xmlns=\"http:\/\/www.w3.org\/2000\/svg\" viewBox=\"0 0 576 512\"><!--!Font Awesome Pro 6.7.1 by @fontawesome - https:\/\/fontawesome.com License - https:\/\/fontawesome.com\/license (Commercial License) Copyright 2024 Fonticons, Inc.--><path d=\"M304 80c-88.4 0-160 71.6-160 160c0 61.9-50.1 112-112 112c-8.8 0-16-7.2-16-16s7.2-16 16-16c44.2 0 80-35.8 80-80c0-106 86-192 192-192c64.9 0 122.4 32.3 157.1 81.6c4.2 5.9 3.8 14-.8 19.5s-12.5 7.3-19.1 4.1c-12.4-5.9-26.4-9.2-41.1-9.2c-53 0-96 43-96 96c0 44.2 35.8 80 80 80c0 0 0 0 0 0c20.9 0 41.6-10 58.2-21.2c9.8-6.7 18-14 25.9-21.9c6.6-6.5 17.2-6.5 23.7 0c7.9 7.9 16.2 15.2 26 21.9c12.8 8.7 28.1 16.6 44.1 19.8c7.7 1.5 14.1 7.8 14.1 15.7c0 9.8-8 17.9-17.7 16.2c-23.1-4-43.6-15-58.5-25.2c-7.9-5.4-14.7-10.8-19.8-15.3c-5.1 4.5-11.8 9.9-19.8 15.3C441.5 337.9 414.3 352 384 352c0 0 0 0 0 0c-61.9 0-112-50.1-112-112c0-70.7 57.3-128 128-128c0 0 0 0 0 0c-26.8-20.1-60-32-96-32zM133.8 426.8C150.3 438 171.1 448 192 448s41.6-9.9 58.2-21.2c9.8-6.7 18-14 25.9-21.9c6.6-6.5 17.2-6.5 23.7 0c7.9 7.9 16.2 15.2 26 21.9C342.3 438 363.1 448 384 448s41.6-9.9 58.2-21.2c9.8-6.7 18-14 25.9-21.9c6.6-6.5 17.2-6.6 23.7 0c7.9 7.9 16.2 15.2 26 21.9c12.8 8.7 28.1 16.6 44.1 19.8c7.7 1.5 14.1 7.8 14.1 15.7c0 9.8-8 17.9-17.7 16.2c-23.1-4-43.6-15-58.5-25.2c-7.9-5.4-14.7-10.8-19.8-15.3c-5.1 4.5-11.8 9.9-19.8 15.3C441.5 465.9 414.3 480 384 480s-57.6-14.1-76.2-26.8c-7.9-5.4-14.7-10.8-19.8-15.3c-5.1 4.5-11.8 9.9-19.8 15.3C249.5 465.9 222.3 480 192 480s-57.6-14.1-76.2-26.8c-7.9-5.4-14.6-10.8-19.8-15.3c-5.1 4.5-11.8 9.9-19.8 15.3c-14.9 10.2-35.4 21.2-58.5 25.2C8 480.1 0 472 0 462.2c0-7.9 6.4-14.1 14.1-15.7c15.9-3.1 31.3-11.1 44-19.8c9.8-6.7 18-14 25.9-21.9c6.6-6.5 17.2-6.6 23.8 0c7.9 7.9 16.2 15.2 25.9 21.9z\"\/><\/svg><\/span><\/li><li><span class=\"fc-icon\"><svg xmlns=\"http:\/\/www.w3.org\/2000\/svg\"  viewBox=\"0 0 512 512\" width=\"16px\" height=\"16px\"><!--! Font Awesome Pro 6.4.2 by @fontawesome - https:\/\/fontawesome.com License - https:\/\/fontawesome.com\/license (Commercial License) Copyright 2023 Fonticons, Inc.--><path d=\"M240 0c-8.8 0-16 7.2-16 16c0 35.3 17.7 68.3 47.1 87.9l16.1 10.7C307.7 128.4 320 151.4 320 176c0 8.8 7.2 16 16 16s16-7.2 16-16c0-35.3-17.7-68.3-47.1-87.9L288.8 77.3C268.3 63.6 256 40.6 256 16c0-8.8-7.2-16-16-16zM32 336V320 288H272c.5 0 1 0 1.6-.1c1.3 0 2.5 .1 3.8 .1H448c17.7 0 32 14.3 32 32V448c0 17.7-14.3 32-32 32H64c-17.7 0-32-14.3-32-32V336zm170.7-80H32c0-35.3 28.7-64 64-64c13.8 0 27.3 4.5 38.4 12.8L202.7 256zM0 272v48 16V448c0 35.3 28.7 64 64 64H448c35.3 0 64-28.7 64-64V320c0-35.3-28.7-64-64-64H277.3c-13.8 0-27.3-4.5-38.4-12.8l-85.3-64C137 166.7 116.8 160 96 160c-53 0-96 43-96 96v16zM384 16c0-8.8-7.2-16-16-16s-16 7.2-16 16c0 35.3 17.7 68.3 47.1 87.9l16.1 10.7C435.7 128.4 448 151.4 448 176c0 8.8 7.2 16 16 16s16-7.2 16-16c0-35.3-17.7-68.3-47.1-87.9L416.8 77.3C396.3 63.6 384 40.6 384 16zM112 336c-8.8 0-16 7.2-16 16v80c0 8.8 7.2 16 16 16s16-7.2 16-16V352c0-8.8-7.2-16-16-16zm96 0c-8.8 0-16 7.2-16 16v80c0 8.8 7.2 16 16 16s16-7.2 16-16V352c0-8.8-7.2-16-16-16zm96 0c-8.8 0-16 7.2-16 16v80c0 8.8 7.2 16 16 16s16-7.2 16-16V352c0-8.8-7.2-16-16-16zm96 0c-8.8 0-16 7.2-16 16v80c0 8.8 7.2 16 16 16s16-7.2 16-16V352c0-8.8-7.2-16-16-16zM32 64a32 32 0 1 1 64 0A32 32 0 1 1 32 64zm96 0A64 64 0 1 0 0 64a64 64 0 1 0 128 0z\"\/><\/svg><\/span><\/li><li><span class=\"fc-icon\"><svg xmlns=\"http:\/\/www.w3.org\/2000\/svg\"  viewBox=\"0 0 576 512\" width=\"16px\" height=\"16px\"><!--! Font Awesome Pro 6.4.2 by @fontawesome - https:\/\/fontawesome.com License - https:\/\/fontawesome.com\/license (Commercial License) Copyright 2023 Fonticons, Inc.--><path d=\"M64 9.7L273.7 234.4 251.1 257 42.9 34C38.4 49 32 77.1 32 112c0 41 12.6 72.2 36.6 104.6c21 28.3 50.1 56.9 87.3 93.2l0 0 0 0c6.6 6.4 13.4 13.1 20.5 20.1l0 0 .1 .1 .8 .8-22.6 22.6-.8-.8c-6.8-6.7-13.5-13.3-20-19.6l0 0 0 0c-37-36.2-68.3-66.8-91-97.4C15.6 198.8 0 161.1 0 112C0 69.6 8.6 36.2 13.6 20.4C17.6 7.6 29.4 0 41.7 0C50.2 0 58.2 3.5 64 9.7zM484.3 506.9L316.6 327.3l22.6-22.6L507.7 485.1c6 6.5 5.7 16.6-.8 22.6s-16.6 5.7-22.6-.8zM468.9 6.5c5.2 7.1 3.7 17.1-3.4 22.4L351.1 112.7c-3.1 2.3-6.1 4.8-8.8 7.6l-1.6 1.6C327.5 135.2 320 153.2 320 172s7.5 36.8 20.8 50.1l13.1 13.1C367.2 248.5 385.2 256 404 256s36.8-7.5 50.1-20.8l1.6-1.6c2.7-2.7 5.3-5.7 7.6-8.8l83.8-114.3c5.2-7.1 15.2-8.7 22.4-3.4s8.7 15.2 3.4 22.4L489.1 243.8c-3.3 4.4-6.9 8.6-10.7 12.5l-1.6 1.6C457.5 277.2 431.3 288 404 288c-25 0-49.1-9.1-67.8-25.5L91.3 507.3c-6.2 6.2-16.4 6.2-22.6 0s-6.2-16.4 0-22.6L313.5 239.8C297.1 221.1 288 197 288 172c0-27.3 10.8-53.5 30.1-72.8l1.6-1.6c3.9-3.9 8.1-7.5 12.5-10.7L446.5 3.1c7.1-5.2 17.1-3.7 22.4 3.4zM508 37.5c5.8 6.7 5.1 16.8-1.5 22.6l-128 112c-6.6 5.8-16.8 5.1-22.6-1.5s-5.1-16.8 1.5-22.6l128-112c6.7-5.8 16.8-5.1 22.6 1.5zM538.5 68c6.7 5.8 7.3 15.9 1.5 22.6l-112 128c-5.8 6.7-15.9 7.3-22.6 1.5s-7.3-15.9-1.5-22.6l112-128c5.8-6.7 15.9-7.3 22.6-1.5z\"\/><\/svg><\/span><\/li><li><span class=\"fc-icon\"><svg xmlns=\"http:\/\/www.w3.org\/2000\/svg\" viewBox=\"0 0 646 516\" width=\"16px\" height=\"16px\">\n<g clip-path=\"url(#clip0_183_41)\">\n<path d=\"M31.9008 3.42548C25.0008 -1.97452 14.9008 -0.774542 9.40081 6.12546C3.90081 13.0255 5.20081 23.1254 12.1008 28.6254L620.101 508.626C627.001 514.126 637.101 512.926 642.601 506.026C648.101 499.126 646.901 489.026 640.001 483.526L31.9008 3.42548Z\"\/>\n<path d=\"M403.75 459.562C403.75 472.966 414.55 483.75 427.975 483.75H444.125C457.549 483.75 468.35 472.966 468.35 459.562V449.881L498.8 473.921C492.43 498.121 470.346 516 444.125 516H427.975C396.785 516 371.45 490.704 371.45 459.562V378.333C361.053 381.659 350.253 384.077 339.15 385.488C331.176 386.496 323.101 387.101 314.925 387.101C306.749 387.101 298.674 386.597 290.7 385.488C279.597 384.077 268.796 381.659 258.4 378.333V459.562C258.4 490.704 233.064 516 201.875 516H185.725C154.535 516 129.2 490.704 129.2 459.562V209.625C129.2 208.92 129.2 208.214 129.301 207.609C128.594 207.408 127.888 207.307 127.181 207.105C99.0194 199.849 76.4094 177.778 69.041 148.552L65.1044 132.93C64.9698 132.38 64.8649 131.829 64.7887 131.28L164.026 209.625H161.5V459.562C161.5 472.966 172.3 483.75 185.725 483.75H201.875C215.299 483.75 226.1 472.966 226.1 459.562V378.232C226.1 367.952 231.046 358.277 239.323 352.23C247.599 346.184 258.4 344.37 268.191 347.595C282.827 352.23 298.573 354.851 314.925 354.851C325.038 354.851 334.881 353.887 344.407 352.031L403.75 398.881V459.562Z\"\/>\n<path fill-rule=\"evenodd\" clip-rule=\"evenodd\" d=\"M468.35 263.946H468.249L375.083 209.625H374.074H370.77L329.922 177.375H374.175L399.611 24.9937C401.933 10.582 414.449 0 429.186 0C438.573 0 447.456 4.43438 453.209 11.993L468.35 32.25H512.863C525.682 32.25 537.997 37.3898 547.081 46.4602L565.25 64.5H597.55C624.298 64.5 646 86.168 646 112.875V129C646 182.414 602.597 225.75 549.1 225.75H505.999L500.65 258V312.166L468.35 286.665V263.946ZM506.1 193.601C490.253 193.601 476.828 204.989 474.204 220.509H474.103L472.69 229.177L404.154 189.267C404.961 187.151 405.567 185.034 405.97 182.716L430.498 35.6766L442.51 51.6C448.566 59.7633 458.155 64.5 468.35 64.5H512.863C517.103 64.5 521.241 66.2133 524.269 69.2367L542.539 87.3773C548.595 93.4242 556.771 96.8508 565.351 96.8508H597.651C606.533 96.8508 613.801 104.107 613.801 112.976V129.101C613.801 164.677 584.832 193.601 549.201 193.601H506.1Z\"\/>\n<path d=\"M500.65 96.75C504.933 96.75 509.041 98.4489 512.07 101.473C515.098 104.497 516.8 108.598 516.8 112.875C516.8 117.152 515.098 121.253 512.07 124.277C509.041 127.301 504.933 129 500.65 129C496.367 129 492.259 127.301 489.23 124.277C486.201 121.253 484.5 117.152 484.5 112.875C484.5 108.598 486.201 104.497 489.23 101.473C492.259 98.4489 496.367 96.75 500.65 96.75Z\"\/>\n<\/g>\n<defs>\n<clipPath id=\"clip0_183_41\">\n<rect width=\"646\" height=\"516\" fill=\"white\"\/>\n<\/clipPath>\n<\/defs>\n<\/svg>\n<\/span><\/li><\/ul>\n<\/div>\n<ctv-searchbar><\/ctv-searchbar>\n\n<ctv-reviews data-modal-position=\"bottom\" data-small=\"true\"><\/ctv-reviews>\n<\/div>\n\n<div class=\"group show-mob sec-resa-mob\">\n<ctv-searchbar><\/ctv-searchbar>\n<\/div>\n\n<div class=\"columns sec-50 align-full\"><div class=\"columns__item\"><div class=\"columns\"><div class=\"columns__item\"><ul class=\"pictos big\"><li><span class=\"fc-icon\"><svg xmlns=\"http:\/\/www.w3.org\/2000\/svg\"  viewBox=\"0 0 576 512\" width=\"16px\" height=\"16px\"><!--! Font Awesome Pro 6.4.2 by @fontawesome - https:\/\/fontawesome.com License - https:\/\/fontawesome.com\/license (Commercial License) Copyright 2023 Fonticons, Inc.--><path d=\"M133.8 106.8C150.3 118 171.1 128 192 128s41.6-9.9 58.2-21.2c9.8-6.7 18-14 25.9-21.9c6.6-6.5 17.2-6.5 23.7 0c7.9 7.9 16.2 15.2 26 21.9C342.3 118 363.1 128 384 128s41.6-9.9 58.2-21.2c9.8-6.7 18-14 25.9-21.9c6.6-6.5 17.2-6.5 23.7 0c7.9 7.9 16.2 15.2 26 21.9c12.8 8.7 28.1 16.6 44.1 19.8c7.7 1.5 14.1 7.8 14.1 15.7c0 9.8-8 17.9-17.7 16.2c-23.1-4-43.6-15-58.5-25.2c-7.9-5.4-14.7-10.8-19.8-15.3c-5.1 4.5-11.8 9.9-19.8 15.3C441.5 145.9 414.3 160 384 160s-57.6-14.1-76.2-26.8c-7.9-5.4-14.7-10.8-19.8-15.3c-5.1 4.5-11.8 9.9-19.8 15.3C249.5 145.9 222.3 160 192 160s-57.6-14.1-76.2-26.8c-7.9-5.4-14.6-10.8-19.8-15.3c-5.1 4.5-11.8 9.9-19.8 15.3c-14.9 10.2-35.4 21.2-58.5 25.2C8 160.1 0 152 0 142.2c0-7.9 6.4-14.1 14.1-15.7c15.9-3.1 31.3-11.1 44-19.8c9.8-6.7 18-14 25.9-21.9c6.6-6.5 17.2-6.6 23.8 0c7.9 7.9 16.2 15.2 25.9 21.9zm0 288C150.3 406 171.1 416 192 416s41.6-9.9 58.2-21.2c9.8-6.7 18-14 25.9-21.9c6.6-6.5 17.2-6.5 23.7 0c7.9 7.9 16.2 15.2 26 21.9C342.3 406 363.1 416 384 416s41.6-9.9 58.2-21.2c9.8-6.7 18-14 25.9-21.9c6.6-6.5 17.2-6.6 23.7 0c7.9 7.9 16.2 15.2 26 21.9c12.8 8.7 28.1 16.6 44.1 19.8c7.7 1.5 14.1 7.8 14.1 15.7c0 9.8-8 17.9-17.7 16.2c-23.1-4-43.6-15-58.5-25.2c-7.9-5.4-14.7-10.8-19.8-15.3c-5.1 4.5-11.8 9.9-19.8 15.3C441.5 433.9 414.3 448 384 448s-57.6-14.1-76.2-26.8c-7.9-5.4-14.7-10.8-19.8-15.3c-5.1 4.5-11.8 9.9-19.8 15.3C249.5 433.9 222.3 448 192 448s-57.6-14.1-76.2-26.8c-7.9-5.4-14.6-10.8-19.8-15.3c-5.1 4.5-11.8 9.9-19.8 15.3c-14.9 10.2-35.4 21.2-58.5 25.2C8 448.1 0 440 0 430.2c0-7.9 6.4-14.1 14.1-15.7c15.9-3.1 31.3-11.1 44-19.8c9.8-6.7 18-14 25.9-21.9c6.6-6.5 17.2-6.6 23.8 0c7.9 7.9 16.2 15.2 25.9 21.9zM192 272c20.9 0 41.6-9.9 58.2-21.2c9.8-6.7 18-14 25.9-21.9c6.6-6.5 17.2-6.5 23.7 0c7.9 7.9 16.2 15.2 26 21.9C342.3 262 363.1 272 384 272s41.6-9.9 58.2-21.2c9.8-6.7 18-14 25.9-21.9c6.6-6.5 17.2-6.5 23.7 0c7.9 7.9 16.2 15.2 26 21.9c12.8 8.7 28.1 16.6 44.1 19.8c7.7 1.5 14.1 7.8 14.1 15.7c0 9.8-8 17.9-17.7 16.2c-23.1-4-43.6-15-58.5-25.2c-7.9-5.4-14.7-10.8-19.8-15.3c-5.1 4.5-11.8 9.9-19.8 15.3C441.5 289.9 414.3 304 384 304s-57.6-14.1-76.2-26.8c-7.9-5.4-14.7-10.8-19.8-15.3c-5.1 4.5-11.8 9.9-19.8 15.3C249.5 289.9 222.3 304 192 304s-57.6-14.1-76.2-26.8c-7.9-5.4-14.6-10.8-19.8-15.3c-5.1 4.5-11.8 9.9-19.8 15.3c-14.9 10.2-35.4 21.2-58.5 25.2C8 304.1 0 296 0 286.2c0-7.9 6.4-14.1 14.1-15.7c15.9-3.1 31.3-11.1 44-19.8c9.8-6.7 18-14 25.9-21.9c6.6-6.5 17.2-6.6 23.8 0c7.9 7.9 16.2 15.2 25.9 21.9C150.3 262 171.1 272 192 272z\"\/><\/svg><\/span> 400m<span class=\"fc-span\">dal mare<\/span>\n<\/li><li><span class=\"fc-icon\"><svg xmlns=\"http:\/\/www.w3.org\/2000\/svg\"  viewBox=\"0 0 640 512\" width=\"16px\" height=\"16px\"><!--! Font Awesome Pro 6.4.2 by @fontawesome - https:\/\/fontawesome.com License - https:\/\/fontawesome.com\/license (Commercial License) Copyright 2023 Fonticons, Inc.--><path d=\"M435.1 13.1c-1-5.3-4.6-9.8-9.6-11.9s-10.7-1.5-15.2 1.6L320 65.1 229.7 2.8c-4.5-3.1-10.2-3.7-15.2-1.6s-8.6 6.6-9.6 11.9L185 121 77.1 140.8c-5.3 1-9.8 4.6-11.9 9.6s-1.5 10.7 1.6 15.2L129.1 256l0 0h35.4c0-3.2-.9-6.4-2.8-9.1l-54.5-79.1 94.5-17.4c6.5-1.2 11.6-6.3 12.8-12.8l17.4-94.5 79.1 54.5c5.5 3.8 12.7 3.8 18.2 0l79.1-54.5 17.4 94.5c1.2 6.5 6.3 11.6 12.8 12.8l94.5 17.4-54.5 79.1c-1.9 2.7-2.8 5.9-2.8 9.1h35.4l0 0 62.3-90.3c3.1-4.5 3.7-10.2 1.6-15.2s-6.6-8.6-11.9-9.6L455 121 435.1 13.1zM448 256c0-70.7-57.3-128-128-128s-128 57.3-128 128v0h32v0c0-53 43-96 96-96s96 43 96 96v0h32v0zM80 288c-8.8 0-16 7.2-16 16s7.2 16 16 16H400c8.8 0 16-7.2 16-16s-7.2-16-16-16H80zm416 0c-8.8 0-16 7.2-16 16s7.2 16 16 16H624c8.8 0 16-7.2 16-16s-7.2-16-16-16H496zM16 384c-8.8 0-16 7.2-16 16s7.2 16 16 16H560c8.8 0 16-7.2 16-16s-7.2-16-16-16H16zm64 96c-8.8 0-16 7.2-16 16s7.2 16 16 16H208c8.8 0 16-7.2 16-16s-7.2-16-16-16H80zm224 0c-8.8 0-16 7.2-16 16s7.2 16 16 16H624c8.8 0 16-7.2 16-16s-7.2-16-16-16H304z\"\/><\/svg><\/span> Campeggio <span class=\"fc-span\">ombreggiato<\/span>\n<\/li><\/ul><\/div><div class=\"columns__item\"><p class=\"h2\">Le tue vacanze all&#8217;insegna della <span class=\"fc-span\">calma e della serenit\u00e0<\/span><\/p><p>Ideale per una vacanza rilassante. Il campeggio \u00e8 alberato. C&#8217;\u00e8 pace e tranquillit\u00e0 in ogni vicolo! <\/p><\/div><\/div><p class=\"h3\">Contattaci<\/p><ul class=\"pictos fc-liens\"><li class=\"fc-tel\"><a itemprop=\"telephone\" href=\"tel:+33494582019\">04 94 58 20 19<span class=\"fc-icon\"><svg xmlns=\"http:\/\/www.w3.org\/2000\/svg\"  viewBox=\"0 0 512 512\" width=\"16px\" height=\"16px\"><!--! Font Awesome Pro 6.4.2 by @fontawesome - https:\/\/fontawesome.com License - https:\/\/fontawesome.com\/license (Commercial License) Copyright 2023 Fonticons, Inc.--><path d=\"M164.9 24.6c-7.7-18.6-28-28.5-47.4-23.2l-88 24C12.1 30.2 0 46 0 64C0 311.4 200.6 512 448 512c18 0 33.8-12.1 38.6-29.5l24-88c5.3-19.4-4.6-39.7-23.2-47.4l-96-40c-16.3-6.8-35.2-2.1-46.3 11.6L304.7 368C234.3 334.7 177.3 277.7 144 207.3L193.3 167c13.7-11.2 18.4-30 11.6-46.3l-40-96z\"\/><\/svg><\/span><\/a>\n<\/li><li class=\"fc-copy\"><span class=\"fc-span\" itemprop=\"email\">camping@clairdelune-giens.com<\/span><strong>Copia<\/strong><span class=\"fc-icon\"><svg xmlns=\"http:\/\/www.w3.org\/2000\/svg\"  viewBox=\"0 0 448 512\" width=\"16px\" height=\"16px\"><!--!Font Awesome Free 6.5.1 by @fontawesome - https:\/\/fontawesome.com License - https:\/\/fontawesome.com\/license\/free Copyright 2023 Fonticons, Inc.--><path d=\"M208 0H332.1c12.7 0 24.9 5.1 33.9 14.1l67.9 67.9c9 9 14.1 21.2 14.1 33.9V336c0 26.5-21.5 48-48 48H208c-26.5 0-48-21.5-48-48V48c0-26.5 21.5-48 48-48zM48 128h80v64H64V448H256V416h64v48c0 26.5-21.5 48-48 48H48c-26.5 0-48-21.5-48-48V176c0-26.5 21.5-48 48-48z\"\/><\/svg><\/span>\n<\/li><li><a href=\"https:\/\/maps.app.goo.gl\/bpbX6ViPER9zYSWo7\" target=\"_blank\" data-type=\"link\" data-id=\"https:\/\/maps.app.goo.gl\/bpbX6ViPER9zYSWo7\" rel=\"noreferrer noopener\"><span itemprop=\"adresse\"><span>27 Avenue du Clair de Lune, 83400 Giens<\/span><span class=\"fc-icon\"><svg xmlns=\"http:\/\/www.w3.org\/2000\/svg\"  viewBox=\"0 0 512 512\" width=\"16px\" height=\"16px\"><!--! Font Awesome Pro 6.4.2 by @fontawesome - https:\/\/fontawesome.com License - https:\/\/fontawesome.com\/license (Commercial License) Copyright 2023 Fonticons, Inc.--><path d=\"M320 0c-17.7 0-32 14.3-32 32s14.3 32 32 32h82.7L201.4 265.4c-12.5 12.5-12.5 32.8 0 45.3s32.8 12.5 45.3 0L448 109.3V192c0 17.7 14.3 32 32 32s32-14.3 32-32V32c0-17.7-14.3-32-32-32H320zM80 32C35.8 32 0 67.8 0 112V432c0 44.2 35.8 80 80 80H400c44.2 0 80-35.8 80-80V320c0-17.7-14.3-32-32-32s-32 14.3-32 32V432c0 8.8-7.2 16-16 16H80c-8.8 0-16-7.2-16-16V112c0-8.8 7.2-16 16-16H192c17.7 0 32-14.3 32-32s-14.3-32-32-32H80z\"\/><\/svg><\/span><\/span><\/a>\n<\/li><\/ul><\/div><div class=\"columns__item\"><figure><a href=\"https:\/\/maps.app.goo.gl\/bpbX6ViPER9zYSWo7\" target=\"_blank\" rel=\"noopener\"><picture><source srcset=\"https:\/\/acampa-vacances.com\/wp-content\/uploads\/2024\/11\/carte-camping-cdl-420x420.webp\" media=\"(max-width: 210px)\"><source srcset=\"https:\/\/acampa-vacances.com\/wp-content\/uploads\/2024\/11\/carte-camping-cdl-850x825.webp\" media=\"(max-width: 420px)\"><source srcset=\"https:\/\/acampa-vacances.com\/wp-content\/uploads\/2024\/11\/carte-camping-cdl-768x745.webp\" media=\"(max-width: 850px)\"><source srcset=\"https:\/\/acampa-vacances.com\/wp-content\/uploads\/2024\/11\/carte-camping-cdl-1024x994.webp\" media=\"(max-width: 1024px)\"><source srcset=\"https:\/\/acampa-vacances.com\/wp-content\/uploads\/2024\/11\/carte-camping-cdl.webp\" media=\"(min-width: 1025px)\"><img decoding=\"async\" src=\"https:\/\/acampa-vacances.com\/wp-content\/uploads\/2024\/11\/carte-camping-cdl-420x420.webp\" width=\"420\" height=\"210\" loading=\"lazy\" alt=\"\" title=\"\"><\/picture><\/a><\/figure><\/div><\/div>\n\n<div class=\"columns sec-15 reverse-mob\"><div class=\"columns__item fade-left\"><div class=\"gallery\"><figure class=\"gallery__item fond\"><picture><source srcset=\"https:\/\/acampa-vacances.com\/wp-content\/uploads\/2024\/11\/AdobeStock_280910815-420x420.webp\" media=\"(max-width: 210px)\"><source srcset=\"https:\/\/acampa-vacances.com\/wp-content\/uploads\/2024\/11\/AdobeStock_280910815-850x567.webp\" media=\"(max-width: 420px)\"><source srcset=\"https:\/\/acampa-vacances.com\/wp-content\/uploads\/2024\/11\/AdobeStock_280910815-768x512.webp\" media=\"(max-width: 850px)\"><source srcset=\"https:\/\/acampa-vacances.com\/wp-content\/uploads\/2024\/11\/AdobeStock_280910815-1024x683.webp\" media=\"(max-width: 1024px)\"><source srcset=\"https:\/\/acampa-vacances.com\/wp-content\/uploads\/2024\/11\/AdobeStock_280910815.webp\" media=\"(min-width: 1025px)\"><img decoding=\"async\" src=\"https:\/\/acampa-vacances.com\/wp-content\/uploads\/2024\/11\/AdobeStock_280910815-420x420.webp\" width=\"420\" height=\"210\" loading=\"lazy\" alt=\"\" title=\"\"><\/picture><\/figure><figure class=\"gallery__item\"><picture><source srcset=\"https:\/\/acampa-vacances.com\/wp-content\/uploads\/2024\/11\/DSC05934-420x420.jpg.webp\" media=\"(max-width: 210px)\"><source srcset=\"https:\/\/acampa-vacances.com\/wp-content\/uploads\/2024\/11\/DSC05934-850x566.jpg.webp\" media=\"(max-width: 420px)\"><source srcset=\"https:\/\/acampa-vacances.com\/wp-content\/uploads\/2024\/11\/DSC05934-768x512.jpg.webp\" media=\"(max-width: 850px)\"><source srcset=\"https:\/\/acampa-vacances.com\/wp-content\/uploads\/2024\/11\/DSC05934-1024x682.jpg.webp\" media=\"(max-width: 1024px)\"><source srcset=\"https:\/\/acampa-vacances.com\/wp-content\/uploads\/2024\/11\/DSC05934.jpg.webp\" media=\"(min-width: 1025px)\"><img decoding=\"async\" src=\"https:\/\/acampa-vacances.com\/wp-content\/uploads\/2024\/11\/DSC05934-420x420.jpg.webp\" width=\"420\" height=\"210\" loading=\"lazy\" alt=\"\" title=\"\"><\/picture><\/figure><\/div><\/div><div class=\"columns__item fade-right\"><h1>Benvenuti nel campeggio <span class=\"fc-span\">4 stelle di Hy\u00e8res<\/span><\/h1><p>Nel cuore della <strong>Presqu&#8217;\u00eele de Giens<\/strong> e vicino alle <strong>spiagge<\/strong>, Clair de Lune \u00e8 un <strong>campeggio 4 stelle a Hy\u00e8res<\/strong> a misura d&#8217;uomo, tranquillo e per piccole <strong>famiglie<\/strong>. Lo staff di questo campeggio sar\u00e0 lieto di accoglierti da marzo a ottobre.<\/p><p>Casa mobile e servizi igienici adattati alle persone con mobilit\u00e0 ridotta.<\/p><div class=\"lireplus fc-desk\"><p>Leggi tutto<\/p><div class=\"group\"><p>Goditi una vacanza tranquilla <span class=\"fc-span\">sulla Costa Azzurra<\/span><\/p><p>Hai scelto il nostro campeggio 4 stelle di Hy\u00e8res per la sua tranquillit\u00e0. Gli utenti del campeggio sono tenuti a evitare qualsiasi rumore o discussione che possa disturbare i vicini. Gli impianti audio devono essere regolati di conseguenza. Il silenzio \u00e8 richiesto dalle 23:00 alle 7:00 del mattino.   <\/p><p>Per una vacanza rilassante, questo <strong>campeggio a Giens<\/strong> si trova in una posizione ideale, con vasche idromassaggio private in alcuni alloggi. Parti alla scoperta della Presqu&#8217;\u00eele de Giens, di <strong>Porquerolles<\/strong> e delle meraviglie circostanti del <strong>Var<\/strong>, un vero e proprio tesoro della regione <strong>Provence Alpes C\u00f4te d&#8217;Azur<\/strong>. <\/p><p id=\"https:\/\/acampa-vacances.com\/clairdelune\/hebergements\/\">Il nostro <strong>campeggio a Hy\u00e8res<\/strong> \u00e8 un parco alberato di 8.000 m\u00b2, situato sulle pendici di una piccola collina, con alcuni alloggi che si affacciano sul blu <strong>del Mar Mediterraneo<\/strong>. Per una vacanza davvero rilassante, hai un&#8217;<a href=\"https:\/\/acampa-vacances.com\/it\/clairdelune\/alloggio\/\" data-type=\"link\" data-id=\"https:\/\/acampa-vacances.com\/clairdelune\/hebergements\/\">ampia scelta di alloggi<\/a>: <strong>affitto di case mobili<\/strong> con <strong>spa privata<\/strong> o <strong>appartamento<\/strong>, oppure <strong>alloggi insoliti<\/strong> vicino alle spiagge. <\/p><p>La nostra struttura dispone di un blocco di servizi igienici PRM con lavandino, doccia e toilette.<\/p><\/div><\/div><div class=\"buttons\"><span class=\"buttons__btn btn-resa\">Trova una vacanza<\/span><\/div><\/div><\/div>\n\n<div class=\"group sec-20 fade-up align-full\"><figure class=\"palmiers\"><picture><source srcset=\"https:\/\/acampa-vacances.com\/wp-content\/uploads\/2024\/11\/fond-palmiers-420x420.webp\" media=\"(max-width: 210px)\"><source srcset=\"https:\/\/acampa-vacances.com\/wp-content\/uploads\/2024\/11\/fond-palmiers-850x567.webp\" media=\"(max-width: 420px)\"><source srcset=\"https:\/\/acampa-vacances.com\/wp-content\/uploads\/2024\/11\/fond-palmiers-768x512.webp\" media=\"(max-width: 850px)\"><source srcset=\"https:\/\/acampa-vacances.com\/wp-content\/uploads\/2024\/11\/fond-palmiers-1024x683.webp\" media=\"(max-width: 1024px)\"><source srcset=\"https:\/\/acampa-vacances.com\/wp-content\/uploads\/2024\/11\/fond-palmiers.webp\" media=\"(min-width: 1025px)\"><img decoding=\"async\" src=\"https:\/\/acampa-vacances.com\/wp-content\/uploads\/2024\/11\/fond-palmiers-420x420.webp\" width=\"420\" height=\"210\" loading=\"lazy\" alt=\"\" title=\"\"><\/picture><\/figure><h2>Il campeggio ideale <span class=\"fc-span\">nel cuore della penisola di Giens<\/span><\/h2><p>Il Camping <strong>Clair de Lune<\/strong>, situato sulla magnifica <strong>penisola di Giens<\/strong> a Hy\u00e8res, offre un ambiente tranquillo e accogliente per una vacanza nel cuore della natura.<\/p><div class=\"lireplus fc-desk\"><p>Leggi tutto<\/p><div class=\"group\"><p>Ideale per ricaricare le batterie, offre alloggi confortevoli, un facile accesso alle spiagge e una serie di attivit\u00e0 tra cui escursioni, sport acquatici e l&#8217;esplorazione dell&#8217;area circostante. Grazie ai suoi servizi di qualit\u00e0, tra cui due ristoranti vicini al campeggio e l&#8217;intrattenimento per tutta la famiglia, Clair de Lune \u00e8 la destinazione perfetta per combinare relax, attivit\u00e0 ricreative e scoperta della Costa Azzurra. <\/p><\/div><\/div><div class=\"gallery col-4 fc-diapo-mob\" data-fancybox=\"gallery-mob\"><figure class=\"gallery__item ombre\"><picture><source srcset=\"https:\/\/acampa-vacances.com\/wp-content\/uploads\/2024\/11\/cdl-restau-768x1024-2-420x420.jpg.webp\" media=\"(max-width: 210px)\"><source srcset=\"https:\/\/acampa-vacances.com\/wp-content\/uploads\/2024\/11\/cdl-restau-768x1024-2.jpg.webp\" media=\"(max-width: 420px)\"><source srcset=\"https:\/\/acampa-vacances.com\/wp-content\/uploads\/2024\/11\/cdl-restau-768x1024-2.jpg.webp\" media=\"(max-width: 850px)\"><source srcset=\"https:\/\/acampa-vacances.com\/wp-content\/uploads\/2024\/11\/cdl-restau-768x1024-2.jpg.webp\" media=\"(max-width: 1024px)\"><source srcset=\"https:\/\/acampa-vacances.com\/wp-content\/uploads\/2024\/11\/cdl-restau-768x1024-2.jpg.webp\" media=\"(min-width: 1025px)\"><img decoding=\"async\" src=\"https:\/\/acampa-vacances.com\/wp-content\/uploads\/2024\/11\/cdl-restau-768x1024-2-420x420.jpg.webp\" width=\"420\" height=\"210\" loading=\"lazy\" alt=\"\" title=\"\"><\/picture><figcaption>RISTORANTE<\/figcaption><\/figure><figure class=\"gallery__item ombre\"><picture><source srcset=\"https:\/\/acampa-vacances.com\/wp-content\/uploads\/2024\/12\/photo-3-420x420.jpg.webp\" media=\"(max-width: 210px)\"><source srcset=\"https:\/\/acampa-vacances.com\/wp-content\/uploads\/2024\/12\/photo-3-850x565.jpg.webp\" media=\"(max-width: 420px)\"><source srcset=\"https:\/\/acampa-vacances.com\/wp-content\/uploads\/2024\/12\/photo-3-768x511.jpg.webp\" media=\"(max-width: 850px)\"><source srcset=\"https:\/\/acampa-vacances.com\/wp-content\/uploads\/2024\/12\/photo-3-1024x681.jpg.webp\" media=\"(max-width: 1024px)\"><source srcset=\"https:\/\/acampa-vacances.com\/wp-content\/uploads\/2024\/12\/photo-3.jpg.webp\" media=\"(min-width: 1025px)\"><img decoding=\"async\" src=\"https:\/\/acampa-vacances.com\/wp-content\/uploads\/2024\/12\/photo-3-420x420.jpg.webp\" width=\"420\" height=\"210\" loading=\"lazy\" alt=\"\" title=\"\"><\/picture><figcaption>SPIAGGIA A 400 METRI<\/figcaption><\/figure><figure class=\"gallery__item ombre\"><picture><source srcset=\"https:\/\/acampa-vacances.com\/wp-content\/uploads\/2024\/11\/Camping-International-Giens_YvesColasphotographe-25-1280-420x420.jpg.webp\" media=\"(max-width: 210px)\"><source srcset=\"https:\/\/acampa-vacances.com\/wp-content\/uploads\/2024\/11\/Camping-International-Giens_YvesColasphotographe-25-1280.jpg.webp\" media=\"(max-width: 420px)\"><source srcset=\"https:\/\/acampa-vacances.com\/wp-content\/uploads\/2024\/11\/Camping-International-Giens_YvesColasphotographe-25-1280-768x760.jpg.webp\" media=\"(max-width: 850px)\"><source srcset=\"https:\/\/acampa-vacances.com\/wp-content\/uploads\/2024\/11\/Camping-International-Giens_YvesColasphotographe-25-1280.jpg.webp\" media=\"(max-width: 1024px)\"><source srcset=\"https:\/\/acampa-vacances.com\/wp-content\/uploads\/2024\/11\/Camping-International-Giens_YvesColasphotographe-25-1280.jpg.webp\" media=\"(min-width: 1025px)\"><img decoding=\"async\" src=\"https:\/\/acampa-vacances.com\/wp-content\/uploads\/2024\/11\/Camping-International-Giens_YvesColasphotographe-25-1280-420x420.jpg.webp\" width=\"420\" height=\"210\" loading=\"lazy\" alt=\"\" title=\"\"><\/picture><figcaption>CALME E DELLA SERENITA<\/figcaption><\/figure><figure class=\"gallery__item ombre\"><picture><source srcset=\"https:\/\/acampa-vacances.com\/wp-content\/uploads\/2024\/11\/Pour-salle-sport-CDL-420x420.jpg.webp\" media=\"(max-width: 210px)\"><source srcset=\"https:\/\/acampa-vacances.com\/wp-content\/uploads\/2024\/11\/Pour-salle-sport-CDL-850x567.jpg.webp\" media=\"(max-width: 420px)\"><source srcset=\"https:\/\/acampa-vacances.com\/wp-content\/uploads\/2024\/11\/Pour-salle-sport-CDL-768x512.jpg.webp\" media=\"(max-width: 850px)\"><source srcset=\"https:\/\/acampa-vacances.com\/wp-content\/uploads\/2024\/11\/Pour-salle-sport-CDL-1024x683.jpg.webp\" media=\"(max-width: 1024px)\"><source srcset=\"https:\/\/acampa-vacances.com\/wp-content\/uploads\/2024\/11\/Pour-salle-sport-CDL.jpg.webp\" media=\"(min-width: 1025px)\"><img decoding=\"async\" src=\"https:\/\/acampa-vacances.com\/wp-content\/uploads\/2024\/11\/Pour-salle-sport-CDL-420x420.jpg.webp\" width=\"420\" height=\"210\" loading=\"lazy\" alt=\"\" title=\"\"><\/picture><figcaption>MUSCU<\/figcaption><\/figure><\/div><div class=\"buttons display-flex \" style=\"justify-content:center;\"><a href=\"https:\/\/acampa-vacances.com\/it\/clairdelune\/attivita\/\" rel=\"noreferrer noopener\" class=\"buttons__btn\">Le nostre attivit\u00e0<\/a><a href=\"https:\/\/acampa-vacances.com\/it\/clairdelune\/servizi\/\" rel=\"noreferrer noopener\" class=\"buttons__btn\">I nostri servizi<\/a><\/div><\/div>\n\n<div class=\"cover sec-35 fade-up align-full\"><picture class=\"cover__img\"><source srcset=\"https:\/\/acampa-vacances.com\/wp-content\/uploads\/2024\/11\/AdobeStock_137959206-1-420x420.webp\" media=\"(max-width: 210px)\"><source srcset=\"https:\/\/acampa-vacances.com\/wp-content\/uploads\/2024\/11\/AdobeStock_137959206-1-850x567.webp\" media=\"(max-width: 420px)\"><source srcset=\"https:\/\/acampa-vacances.com\/wp-content\/uploads\/2024\/11\/AdobeStock_137959206-1-768x512.webp\" media=\"(max-width: 850px)\"><source srcset=\"https:\/\/acampa-vacances.com\/wp-content\/uploads\/2024\/11\/AdobeStock_137959206-1-1024x683.webp\" media=\"(max-width: 1024px)\"><source srcset=\"https:\/\/acampa-vacances.com\/wp-content\/uploads\/2024\/11\/AdobeStock_137959206-1.webp\" media=\"(min-width: 1025px)\"><img decoding=\"async\" src=\"https:\/\/acampa-vacances.com\/wp-content\/uploads\/2024\/11\/AdobeStock_137959206-1-420x420.webp\" width=\"420\" height=\"210\" loading=\"lazy\" alt=\"\" title=\"\"><\/picture><div class=\"cover__inner\"><div class=\"columns\"><div class=\"columns__item parallax-up\"><div class=\"gallery height-adapt\"><figure class=\"gallery__item height-adapt\"><picture><source srcset=\"https:\/\/acampa-vacances.com\/wp-content\/uploads\/2024\/11\/batch_1DSC00079-1-e1734083317919-420x420.jpg\" media=\"(max-width: 210px)\"><source srcset=\"https:\/\/acampa-vacances.com\/wp-content\/uploads\/2024\/11\/batch_1DSC00079-1-e1734083317919-850x656.jpg\" media=\"(max-width: 420px)\"><source srcset=\"https:\/\/acampa-vacances.com\/wp-content\/uploads\/2024\/11\/batch_1DSC00079-1-e1734083317919-768x593.jpg\" media=\"(max-width: 850px)\"><source srcset=\"https:\/\/acampa-vacances.com\/wp-content\/uploads\/2024\/11\/batch_1DSC00079-1-e1734083317919-1024x790.jpg\" media=\"(max-width: 1024px)\"><source srcset=\"https:\/\/acampa-vacances.com\/wp-content\/uploads\/2024\/11\/batch_1DSC00079-1-e1734083317919.jpg\" media=\"(min-width: 1025px)\"><img decoding=\"async\" src=\"https:\/\/acampa-vacances.com\/wp-content\/uploads\/2024\/11\/batch_1DSC00079-1-e1734083317919-420x420.jpg\" width=\"420\" height=\"210\" loading=\"lazy\" alt=\"\" title=\"\"><\/picture><\/figure><\/div><\/div><div class=\"columns__item texte\"><div class=\"group\" style=\"background-color:var(--blanc);\"><h2 class=\"inline\">La piscina <span class=\"fc-span\">a 400 metri<\/span><\/h2><p>Per chi desidera fare il bagno, il Camping Clair de Lune offre un accesso privilegiato alla piscina del nostro partner, il Camping International, situato a soli 400 metri. Questo servizio \u00e8 offerto gratuitamente ai nostri clienti per tutta la stagione, ad eccezione delle vacanze scolastiche, dei ponti e dei giorni festivi, previa presentazione del braccialetto.<\/p><\/div><div class=\"gallery\"><figure class=\"gallery__item\"><picture><source srcset=\"https:\/\/acampa-vacances.com\/wp-content\/uploads\/2024\/11\/batch_DJI_0814-420x420.jpg.webp\" media=\"(max-width: 210px)\"><source srcset=\"https:\/\/acampa-vacances.com\/wp-content\/uploads\/2024\/11\/batch_DJI_0814-850x566.jpg.webp\" media=\"(max-width: 420px)\"><source srcset=\"https:\/\/acampa-vacances.com\/wp-content\/uploads\/2024\/11\/batch_DJI_0814-768x512.jpg.webp\" media=\"(max-width: 850px)\"><source srcset=\"https:\/\/acampa-vacances.com\/wp-content\/uploads\/2024\/11\/batch_DJI_0814-1024x682.jpg.webp\" media=\"(max-width: 1024px)\"><source srcset=\"https:\/\/acampa-vacances.com\/wp-content\/uploads\/2024\/11\/batch_DJI_0814.jpg.webp\" media=\"(min-width: 1025px)\"><img decoding=\"async\" src=\"https:\/\/acampa-vacances.com\/wp-content\/uploads\/2024\/11\/batch_DJI_0814-420x420.jpg.webp\" width=\"420\" height=\"210\" loading=\"lazy\" alt=\"\" title=\"\"><\/picture><\/figure><\/div><\/div><\/div><\/div><\/div>\n\n<div class=\"cover sec-25 flou fade-bottom align-full\"><span style=\"filter: opacity(50%); background-color:var(--gris);\"><\/span><picture class=\"cover__img\"><source srcset=\"https:\/\/acampa-vacances.com\/wp-content\/uploads\/2024\/11\/AdobeStock_185484024-1-420x420.webp\" media=\"(max-width: 210px)\"><source srcset=\"https:\/\/acampa-vacances.com\/wp-content\/uploads\/2024\/11\/AdobeStock_185484024-1-850x478.webp\" media=\"(max-width: 420px)\"><source srcset=\"https:\/\/acampa-vacances.com\/wp-content\/uploads\/2024\/11\/AdobeStock_185484024-1-768x432.webp\" media=\"(max-width: 850px)\"><source srcset=\"https:\/\/acampa-vacances.com\/wp-content\/uploads\/2024\/11\/AdobeStock_185484024-1-1024x576.webp\" media=\"(max-width: 1024px)\"><source srcset=\"https:\/\/acampa-vacances.com\/wp-content\/uploads\/2024\/11\/AdobeStock_185484024-1.webp\" media=\"(min-width: 1025px)\"><img decoding=\"async\" src=\"https:\/\/acampa-vacances.com\/wp-content\/uploads\/2024\/11\/AdobeStock_185484024-1-420x420.webp\" width=\"420\" height=\"210\" loading=\"lazy\" alt=\"\" title=\"\"><\/picture><div class=\"cover__inner\"><h2 style=\"text-align: center;\">Prenota un alloggio a Giens, con la migliore vista sul <span class=\"fc-span\">Mar Mediterraneo in Provenza Alpi Costa Azzurra<\/span><\/h2><p style=\"text-align: center;\">Grazie al suo ambiente idilliaco, il <strong>campeggio 4 stelle di Hy\u00e8res<\/strong> d\u00e0 alle tue <strong>vacanze<\/strong> un aspetto del tutto nuovo. I nostri alloggi sono dotati di aria condizionata e riscaldamento, terrazza privata coperta, forno a microonde, frigorifero, ecc. <\/p><div class=\"columns cards-heb nbr-col-1 align-full fc-diapo-mob\"><div class=\"columns__item card-heb\"><div class=\"gallery\"><figure class=\"gallery__item\"><picture><source srcset=\"https:\/\/acampa-vacances.com\/wp-content\/uploads\/2024\/11\/clair_de_lune_3W5A1906-420x420.webp\" media=\"(max-width: 210px)\"><source srcset=\"https:\/\/acampa-vacances.com\/wp-content\/uploads\/2024\/11\/clair_de_lune_3W5A1906-850x477.webp\" media=\"(max-width: 420px)\"><source srcset=\"https:\/\/acampa-vacances.com\/wp-content\/uploads\/2024\/11\/clair_de_lune_3W5A1906-768x431.webp\" media=\"(max-width: 850px)\"><source srcset=\"https:\/\/acampa-vacances.com\/wp-content\/uploads\/2024\/11\/clair_de_lune_3W5A1906-1024x575.webp\" media=\"(max-width: 1024px)\"><source srcset=\"https:\/\/acampa-vacances.com\/wp-content\/uploads\/2024\/11\/clair_de_lune_3W5A1906.webp\" media=\"(min-width: 1025px)\"><img decoding=\"async\" src=\"https:\/\/acampa-vacances.com\/wp-content\/uploads\/2024\/11\/clair_de_lune_3W5A1906-420x420.webp\" width=\"420\" height=\"210\" loading=\"lazy\" alt=\"\" title=\"\"><\/picture><\/figure><\/div><div class=\"group texte\"><p class=\"h3\">Case mobili <span class=\"fc-span\">con o senza vasca idromassaggio<\/span><\/p><p>La tua <strong>casa mobile<\/strong> rivestita di pini, con il suo bouquet di eucalipto, gelsomino e mirto e il delicato esotismo del pittosporo, si trova a 600 m dalla spiaggia di Almanarre.<\/p><div class=\"buttons\"><a href=\"https:\/\/acampa-vacances.com\/it\/clairdelune\/alloggio\/#mobilhome\" rel=\"noreferrer noopener\" class=\"buttons__btn\">Scoprire<\/a><\/div><\/div><\/div><div class=\"columns__item card-heb\"><div class=\"gallery\"><figure class=\"gallery__item\"><picture><source srcset=\"https:\/\/acampa-vacances.com\/wp-content\/uploads\/2025\/02\/3W5A1950bis-420x420.jpg.webp\" media=\"(max-width: 210px)\"><source srcset=\"https:\/\/acampa-vacances.com\/wp-content\/uploads\/2025\/02\/3W5A1950bis-850x583.jpg.webp\" media=\"(max-width: 420px)\"><source srcset=\"https:\/\/acampa-vacances.com\/wp-content\/uploads\/2025\/02\/3W5A1950bis-768x527.jpg.webp\" media=\"(max-width: 850px)\"><source srcset=\"https:\/\/acampa-vacances.com\/wp-content\/uploads\/2025\/02\/3W5A1950bis-1024x702.jpg.webp\" media=\"(max-width: 1024px)\"><source srcset=\"https:\/\/acampa-vacances.com\/wp-content\/uploads\/2025\/02\/3W5A1950bis.jpg.webp\" media=\"(min-width: 1025px)\"><img decoding=\"async\" src=\"https:\/\/acampa-vacances.com\/wp-content\/uploads\/2025\/02\/3W5A1950bis-420x420.jpg.webp\" width=\"420\" height=\"210\" alt=\"Holiday rental\" loading=\"lazy\" title=\"\"><\/picture><\/figure><\/div><div class=\"group texte\"><p class=\"h3\">Appartamenti<\/p><p>Gli <strong>appartamenti<\/strong> offerti possono ospitare da 2 a 5 persone e dispongono di 1 o 2 camere da letto. La maggior parte degli appartamenti offre una serie di strutture e servizi per il tuo lusso e il tuo comfort. <\/p><div class=\"buttons\"><a href=\"https:\/\/acampa-vacances.com\/it\/clairdelune\/alloggio\/#appartement\" rel=\"noreferrer noopener\" class=\"buttons__btn\">Scoprire<\/a><\/div><\/div><\/div><div class=\"columns__item card-heb\"><div class=\"gallery\"><figure class=\"gallery__item\"><picture><source srcset=\"https:\/\/acampa-vacances.com\/wp-content\/uploads\/2025\/02\/3W5A2081bis-420x420.jpg.webp\" media=\"(max-width: 210px)\"><source srcset=\"https:\/\/acampa-vacances.com\/wp-content\/uploads\/2025\/02\/3W5A2081bis.jpg.webp\" media=\"(max-width: 420px)\"><source srcset=\"https:\/\/acampa-vacances.com\/wp-content\/uploads\/2025\/02\/3W5A2081bis-768x431.jpg.webp\" media=\"(max-width: 850px)\"><source srcset=\"https:\/\/acampa-vacances.com\/wp-content\/uploads\/2025\/02\/3W5A2081bis.jpg.webp\" media=\"(max-width: 1024px)\"><source srcset=\"https:\/\/acampa-vacances.com\/wp-content\/uploads\/2025\/02\/3W5A2081bis.jpg.webp\" media=\"(min-width: 1025px)\"><img decoding=\"async\" src=\"https:\/\/acampa-vacances.com\/wp-content\/uploads\/2025\/02\/3W5A2081bis-420x420.jpg.webp\" width=\"420\" height=\"210\" loading=\"lazy\" alt=\"\" title=\"\"><\/picture><\/figure><\/div><div class=\"group texte\"><p class=\"h3\">Insolito<\/p><p>Tra parco e spiaggia, prenota la tua vacanza in campeggio in un alloggio insolito nel cuore della <strong>Provenza<\/strong>, dove la pineta e gli eucalipti ti aspettano!<\/p><div class=\"buttons\"><a href=\"https:\/\/acampa-vacances.com\/it\/clairdelune\/alloggio\/#insolites\" rel=\"noreferrer noopener\" class=\"buttons__btn\">Scoprire<\/a><\/div><\/div><\/div><\/div><\/div><\/div>\n\n<div class=\"group sec-20 fade-up align-full\"><figure class=\"pinceaux\"><picture><source srcset=\"https:\/\/acampa-vacances.com\/wp-content\/uploads\/2024\/11\/pinceaux-clair-de-lune-420x420.webp\" media=\"(max-width: 210px)\"><source srcset=\"https:\/\/acampa-vacances.com\/wp-content\/uploads\/2024\/11\/pinceaux-clair-de-lune-567x850.webp\" media=\"(max-width: 420px)\"><source srcset=\"https:\/\/acampa-vacances.com\/wp-content\/uploads\/2024\/11\/pinceaux-clair-de-lune-768x1152.webp\" media=\"(max-width: 850px)\"><source srcset=\"https:\/\/acampa-vacances.com\/wp-content\/uploads\/2024\/11\/pinceaux-clair-de-lune-683x1024.webp\" media=\"(max-width: 1024px)\"><source srcset=\"https:\/\/acampa-vacances.com\/wp-content\/uploads\/2024\/11\/pinceaux-clair-de-lune.webp\" media=\"(min-width: 1025px)\"><img decoding=\"async\" src=\"https:\/\/acampa-vacances.com\/wp-content\/uploads\/2024\/11\/pinceaux-clair-de-lune-420x420.webp\" width=\"420\" height=\"210\" loading=\"lazy\" alt=\"\" title=\"\"><\/picture><\/figure><h2>Una settimana di benessere <span class=\"fc-span\">e scoperta al Camping Clair de Lune a Hy\u00e8res<\/span><\/h2><p>Che tu sia in coppia, con un bambino o con <strong>bambini<\/strong> piccoli, il nostro campeggio a Giens e dintorni soddisfer\u00e0 le tue esigenze di riposo e benessere sotto il sole del Var e del Mediterraneo. Tutte le nostre attivit\u00e0 sono a soli 300 metri dal nostro campeggio. <\/p><div class=\"gallery col-4 fc-diapo-mob\" data-fancybox=\"gallery-mob\"><figure class=\"gallery__item ombre gauche\"><a href=\"https:\/\/spinout.fr\/reservation\" target=\"_blank\" rel=\"noopener\"><picture><source srcset=\"https:\/\/acampa-vacances.com\/wp-content\/uploads\/2024\/12\/telechargement-e1734002300641-420x420.jpg\" media=\"(max-width: 210px)\"><source srcset=\"https:\/\/acampa-vacances.com\/wp-content\/uploads\/2024\/12\/telechargement-e1734002300641-850x673.jpg\" media=\"(max-width: 420px)\"><source srcset=\"https:\/\/acampa-vacances.com\/wp-content\/uploads\/2024\/12\/telechargement-e1734002300641-768x608.jpg\" media=\"(max-width: 850px)\"><source srcset=\"https:\/\/acampa-vacances.com\/wp-content\/uploads\/2024\/12\/telechargement-1024x683.jpg\" media=\"(max-width: 1024px)\"><source srcset=\"https:\/\/acampa-vacances.com\/wp-content\/uploads\/2024\/12\/telechargement-e1734002300641.jpg\" media=\"(min-width: 1025px)\"><img decoding=\"async\" src=\"https:\/\/acampa-vacances.com\/wp-content\/uploads\/2024\/12\/telechargement-e1734002300641-420x420.jpg\" width=\"420\" height=\"210\" loading=\"lazy\" alt=\"\" title=\"\"><\/picture><figcaption>SPORT ACQUATICI\/ CICLISMO<\/figcaption><\/a><\/figure><figure class=\"gallery__item ombre gauche\"><a href=\"https:\/\/www.ideosens.fr\/aphroditespa\/\" target=\"_blank\" rel=\"noopener\"><picture><source srcset=\"https:\/\/acampa-vacances.com\/wp-content\/uploads\/2024\/11\/spa_jaccuzi-3-420x420.webp\" media=\"(max-width: 210px)\"><source srcset=\"https:\/\/acampa-vacances.com\/wp-content\/uploads\/2024\/11\/spa_jaccuzi-3-850x567.webp\" media=\"(max-width: 420px)\"><source srcset=\"https:\/\/acampa-vacances.com\/wp-content\/uploads\/2024\/11\/spa_jaccuzi-3-768x512.webp\" media=\"(max-width: 850px)\"><source srcset=\"https:\/\/acampa-vacances.com\/wp-content\/uploads\/2024\/11\/spa_jaccuzi-3-1024x683.webp\" media=\"(max-width: 1024px)\"><source srcset=\"https:\/\/acampa-vacances.com\/wp-content\/uploads\/2024\/11\/spa_jaccuzi-3.webp\" media=\"(min-width: 1025px)\"><img decoding=\"async\" src=\"https:\/\/acampa-vacances.com\/wp-content\/uploads\/2024\/11\/spa_jaccuzi-3-420x420.webp\" width=\"420\" height=\"210\" loading=\"lazy\" alt=\"\" title=\"\"><\/picture><figcaption>APHRODITE SPA<\/figcaption><\/a><\/figure><figure class=\"gallery__item ombre\"><a href=\"https:\/\/divingiens.fr\/\" target=\"_blank\" rel=\"noopener\"><picture><source srcset=\"https:\/\/acampa-vacances.com\/wp-content\/uploads\/2024\/12\/image-3-420x420.jpeg.webp\" media=\"(max-width: 210px)\"><source srcset=\"https:\/\/acampa-vacances.com\/wp-content\/uploads\/2024\/12\/image-3-850x850.jpeg.webp\" media=\"(max-width: 420px)\"><source srcset=\"https:\/\/acampa-vacances.com\/wp-content\/uploads\/2024\/12\/image-3-768x768.jpeg.webp\" media=\"(max-width: 850px)\"><source srcset=\"https:\/\/acampa-vacances.com\/wp-content\/uploads\/2024\/12\/image-3-1024x1024.jpeg.webp\" media=\"(max-width: 1024px)\"><source srcset=\"https:\/\/acampa-vacances.com\/wp-content\/uploads\/2024\/12\/image-3.jpeg.webp\" media=\"(min-width: 1025px)\"><img decoding=\"async\" src=\"https:\/\/acampa-vacances.com\/wp-content\/uploads\/2024\/12\/image-3-420x420.jpeg.webp\" width=\"420\" height=\"210\" loading=\"lazy\" alt=\"\" title=\"\"><\/picture><figcaption>SCUOLA DI IMMERSIONE<\/figcaption><\/a><\/figure><figure class=\"gallery__item ombre\"><picture><source srcset=\"https:\/\/acampa-vacances.com\/wp-content\/uploads\/2024\/12\/act-kitesurf-kgg-camping-international-620x500-1-420x420.jpg.webp\" media=\"(max-width: 210px)\"><source srcset=\"https:\/\/acampa-vacances.com\/wp-content\/uploads\/2024\/12\/act-kitesurf-kgg-camping-international-620x500-1.jpg.webp\" media=\"(max-width: 420px)\"><source srcset=\"https:\/\/acampa-vacances.com\/wp-content\/uploads\/2024\/12\/act-kitesurf-kgg-camping-international-620x500-1.jpg.webp\" media=\"(max-width: 850px)\"><source srcset=\"https:\/\/acampa-vacances.com\/wp-content\/uploads\/2024\/12\/act-kitesurf-kgg-camping-international-620x500-1.jpg.webp\" media=\"(max-width: 1024px)\"><source srcset=\"https:\/\/acampa-vacances.com\/wp-content\/uploads\/2024\/12\/act-kitesurf-kgg-camping-international-620x500-1.jpg.webp\" media=\"(min-width: 1025px)\"><img decoding=\"async\" src=\"https:\/\/acampa-vacances.com\/wp-content\/uploads\/2024\/12\/act-kitesurf-kgg-camping-international-620x500-1-420x420.jpg.webp\" width=\"420\" height=\"210\" loading=\"lazy\" alt=\"\" title=\"\"><\/picture><figcaption>PARTNERS<\/figcaption><\/figure><\/div><div class=\"buttons display-flex \" style=\"justify-content:center;\"><a href=\"https:\/\/acampa-vacances.com\/it\/attivita-da-fare-in-giens\/\" rel=\"noreferrer noopener\" class=\"buttons__btn\">Attivit\u00e0<\/a><\/div><\/div>","protected":false},"author":1,"parent":0,"menu_order":0,"template":"","meta":{"_acf_changed":false,"footnotes":""},"acf":[],"_links":{"self":[{"href":"https:\/\/acampa-vacances.com\/it\/wp-json\/wp\/v2\/clairdelune\/13084"}],"collection":[{"href":"https:\/\/acampa-vacances.com\/it\/wp-json\/wp\/v2\/clairdelune"}],"about":[{"href":"https:\/\/acampa-vacances.com\/it\/wp-json\/wp\/v2\/types\/clairdelune"}],"author":[{"embeddable":true,"href":"https:\/\/acampa-vacances.com\/it\/wp-json\/wp\/v2\/users\/1"}],"version-history":[{"count":20,"href":"https:\/\/acampa-vacances.com\/it\/wp-json\/wp\/v2\/clairdelune\/13084\/revisions"}],"predecessor-version":[{"id":16909,"href":"https:\/\/acampa-vacances.com\/it\/wp-json\/wp\/v2\/clairdelune\/13084\/revisions\/16909"}],"wp:attachment":[{"href":"https:\/\/acampa-vacances.com\/it\/wp-json\/wp\/v2\/media?parent=13084"}],"curies":[{"name":"wp","href":"https:\/\/api.w.org\/{rel}","templated":true}]}}