{"id":12946,"date":"2024-11-25T15:27:59","date_gmt":"2024-11-25T14:27:59","guid":{"rendered":"https:\/\/acampa-vacances.com\/iledor\/accueil\/"},"modified":"2026-01-30T13:57:44","modified_gmt":"2026-01-30T12:57:44","slug":"benvenuto","status":"publish","type":"iledor","link":"https:\/\/acampa-vacances.com\/it\/iledor\/benvenuto\/","title":{"rendered":"Casa"},"content":{"rendered":"<div class=\"group diaporama-header sec-10 sec-resa align-full\">\n<figure class=\"wp-block-video\"><video autoplay loop muted src=\"https:\/\/acampa-vacances.com\/wp-content\/uploads\/video\/iledor.mp4\" playsinline><\/video><\/figure>\n<div class=\"group\"><p class=\"h4\" style=\"text-align: center;\">A Hy\u00e8res, nella penisola di Giens<\/p>\n<ul class=\"pictos\"><li><span class=\"fc-icon\"><svg xmlns=\"http:\/\/www.w3.org\/2000\/svg\"  viewBox=\"0 0 576 512\" width=\"16px\" height=\"16px\"><!--! Font Awesome Pro 6.4.2 by @fontawesome - https:\/\/fontawesome.com License - https:\/\/fontawesome.com\/license (Commercial License) Copyright 2023 Fonticons, Inc.--><path d=\"M277.4 4c6-5.3 15.1-5.3 21.2 0L384 79.4V56c0-13.3 10.7-24 24-24h80c13.3 0 24 10.7 24 24V192.3L570.6 244c6.6 5.8 7.3 16 1.4 22.6s-16 7.3-22.6 1.4L512 235V432c0 44.2-35.8 80-80 80H144c-44.2 0-80-35.8-80-80V235L26.6 268C20 273.8 9.8 273.2 4 266.6S-1.2 249.8 5.4 244L277.4 4zM480 164.1V64H416v43.6l64 56.5zM96 206.7V432c0 26.5 21.5 48 48 48h64V320c0-17.7 14.3-32 32-32h96c17.7 0 32 14.3 32 32V480h64c26.5 0 48-21.5 48-48V206.7L288 37.3 96 206.7zM336 320H240V480h96V320z\"\/><\/svg><\/span><\/li><li><span class=\"fc-icon\"><svg xmlns=\"http:\/\/www.w3.org\/2000\/svg\"  viewBox=\"0 0 640 512\" width=\"16px\" height=\"16px\"><!--! Font Awesome Pro 6.4.2 by @fontawesome - https:\/\/fontawesome.com License - https:\/\/fontawesome.com\/license (Commercial License) Copyright 2023 Fonticons, Inc.--><path d=\"M224 24c0-13.3 10.7-24 24-24H360c13.3 0 24 10.7 24 24v8H496c61.9 0 112 50.1 112 112v8c0 22.1-17.9 40-40 40H549.6L628 254.7c7.6 6.1 12 15.3 12 25V384c0 17.7-14.3 32-32 32H574.4c1 5.2 1.6 10.5 1.6 16c0 44.2-35.8 80-80 80s-80-35.8-80-80c0-5.5 .6-10.8 1.6-16H400 254.4c1 5.2 1.6 10.5 1.6 16c0 44.2-35.8 80-80 80s-80-35.8-80-80c0-7.7 1.1-15.2 3.1-22.2L18.7 329.4C6.7 317.4 0 301.1 0 284.1V96C0 60.7 28.7 32 64 32H224V24zM64 64C46.3 64 32 78.3 32 96V284.1c0 8.5 3.4 16.6 9.4 22.6l73.6 73.6C129.6 363 151.5 352 176 352c26.2 0 49.4 12.6 64 32H384V176c0-8.8 7.2-16 16-16H568c4.4 0 8-3.6 8-8v-8c0-44.2-35.8-80-80-80H384 352V32H256V64H224 64zM176 384a48 48 0 1 0 0 96 48 48 0 1 0 0-96zm320 0a48 48 0 1 0 0 96 48 48 0 1 0 0-96zm-64 0c14.6-19.4 37.8-32 64-32s49.4 12.6 64 32h48V288H416v96h16zM416 192v64H578.4l-80-64H416zM128 224H288V160H128v64zM96 152c0-13.3 10.7-24 24-24H296c13.3 0 24 10.7 24 24v80c0 13.3-10.7 24-24 24H120c-13.3 0-24-10.7-24-24V152z\"\/><\/svg><\/span><\/li><li><span class=\"fc-icon\"><svg xmlns=\"http:\/\/www.w3.org\/2000\/svg\"  viewBox=\"0 0 576 512\" width=\"16px\" height=\"16px\"><!--! Font Awesome Pro 6.4.2 by @fontawesome - https:\/\/fontawesome.com License - https:\/\/fontawesome.com\/license (Commercial License) Copyright 2023 Fonticons, Inc.--><path d=\"M394.3 3.7c6.8 5.7 7.7 15.8 2 22.5L308.9 130.4 532.8 397.2C540 405.8 544 416.7 544 428v36c0 26.5-21.5 48-48 48H288 80c-26.5 0-48-21.5-48-48V428c0-11.3 4-22.2 11.2-30.9L267.1 130.4 179.7 26.3c-5.7-6.8-4.8-16.9 2-22.5s16.9-4.8 22.5 2L288 105.5 371.7 5.7c5.7-6.8 15.8-7.7 22.5-2zM67.7 417.7c-2.4 2.9-3.7 6.5-3.7 10.3v36c0 8.8 7.2 16 16 16h49.9l1.5-1.9 144-184c3-3.9 7.7-6.1 12.6-6.1s9.6 2.3 12.6 6.1l144 184 1.5 1.9H496c8.8 0 16-7.2 16-16V428c0-3.8-1.3-7.4-3.7-10.3L288 155.3 67.7 417.7zM170.6 480H288 405.4L288 330 170.6 480z\"\/><\/svg><\/span><\/li><li><span class=\"fc-icon\"><svg xmlns=\"http:\/\/www.w3.org\/2000\/svg\"  viewBox=\"0 0 512 512\" width=\"16px\" height=\"16px\"><!--! Font Awesome Pro 6.4.2 by @fontawesome - https:\/\/fontawesome.com License - https:\/\/fontawesome.com\/license (Commercial License) Copyright 2023 Fonticons, Inc.--><path d=\"M423.8 88.2c56.7 56.7 70.5 139.9 41.5 209.6c10 4.2 19.4 9.6 27.9 16.1c35.9-82 20.3-181.2-46.8-248.3c-87.5-87.5-229.3-87.5-316.8 0L69.5 125.7c-24 24-37.5 56.6-37.5 90.5V219c0 33.9 13.5 66.5 37.5 90.5l9.8 9.8c13.1 13.1 12.4 34.6-1.7 46.8L11 423.8C4.3 429.6 .3 438 0 446.9s3.1 17.5 9.4 23.8l32 32c6.3 6.3 14.9 9.7 23.8 9.4s17.2-4.3 23-11l57.7-66.6c12.2-14 33.7-14.8 46.8-1.7l9.8 9.8c24 24 56.6 37.5 90.5 37.5h2.7c3.1 0 6.1-.1 9.2-.3c-5.6-9.8-10-20.4-12.9-31.7c-25.1-.3-49.1-10.3-66.9-28.1l-9.8-9.8c-26.3-26.3-69.3-24.7-93.6 3.3L64 480 32 448l66.6-57.7c28.1-24.3 29.6-67.4 3.3-93.6l-9.8-9.8C74.1 268.9 64 244.4 64 219v-2.7c0-18.2 5.2-35.8 14.6-51L293.2 379.8c3.3-11.1 8-21.6 14-31.3L99.5 140.9l52.7-52.7c75-75 196.5-75 271.5 0zM352 416a64 64 0 1 1 128 0 64 64 0 1 1 -128 0zm160 0a96 96 0 1 0 -192 0 96 96 0 1 0 192 0z\"\/><\/svg><\/span><\/li><li><span class=\"fc-icon\"><svg xmlns=\"http:\/\/www.w3.org\/2000\/svg\"  viewBox=\"0 0 512 512\" width=\"16px\" height=\"16px\"><!--! Font Awesome Pro 6.4.2 by @fontawesome - https:\/\/fontawesome.com License - https:\/\/fontawesome.com\/license (Commercial License) Copyright 2023 Fonticons, Inc.--><path d=\"M415.1 413.7c-85.3 20-177.8 6.8-256.2-42.8c-13.5 21.4-24.2 44.4-31.9 68.2c36.5 25.8 81 40.9 129.1 40.9c62.2 0 118.5-25.4 159.1-66.3zm34-44c10.9-18.4 19.2-38.5 24.4-59.8c-72 12.5-148.4 1.8-217.2-35.5c-31 19.1-57.5 43.1-78.9 70.2c83.6 52.2 184.6 59.1 271.7 25zm30.1-93.4c.6-6.7 .9-13.4 .9-20.3c0-99.3-64.6-183.5-154.1-212.9c52.5 65.3 80.6 150 72.9 239.3c27.1 1.5 54.1-.6 80.3-6.2zM272.8 32.6c-5.5-.4-11.1-.6-16.8-.6c-21.5 0-42.3 3-62 8.7c46.8 56.1 75.7 127.6 77.9 205.8C302.4 263 334.5 273.7 367 279c8-95.3-29.1-184.8-94.2-246.4zM162 52.6C85.2 88.2 32 165.9 32 256c0 7.5 .4 14.9 1.1 22.1c34.4-69.3 92.8-127.1 169.6-159.7l3.7-1.6c-12-23.3-27-44.9-44.4-64.2zM45.3 332.3c11.8 32.5 30.9 61.5 55.3 85C125.7 348.8 173.2 288 239.9 247c-1-35.5-8.2-69.5-20.4-100.9l-4.4 1.9C131.4 183.5 71.8 252.2 45.3 332.3zM0 256a256 256 0 1 1 512 0A256 256 0 1 1 0 256z\"\/><\/svg><\/span><\/li><li><span class=\"fc-icon\"><svg xmlns=\"http:\/\/www.w3.org\/2000\/svg\" viewBox=\"0 0 640 512\" width=\"16px\" height=\"16px\">\n<g clip-path=\"url(#clip0_183_47)\">\n<path fill-rule=\"evenodd\" clip-rule=\"evenodd\" d=\"M111 0C103.361 0 96.7877 5.39999 95.3046 12.8936L0.304589 492.894C-0.624979 497.59 0.597663 502.457 3.63683 506.156C6.676 509.856 11.2123 512 16.0001 512H624C628.788 512 633.324 509.856 636.363 506.156C639.403 502.457 640.625 497.59 639.696 492.894L544.696 12.8936C543.213 5.39999 536.639 0 529 0H111ZM186.523 480L111 98.4102L35.4772 480H186.523ZM453.477 480L529 98.4103L604.523 480H453.477ZM217 260C217 242.3 231.3 228 249 228L249 32H130.477L219.144 480H420.856L509.523 32H393L393 228C410.7 228 425 242.3 425 260V324C425 341.7 410.7 356 393 356L249 356C231.3 356 217 341.7 217 324L217 260ZM249 324L249 260L393 260V324L249 324ZM361 228L281 228L281 32H361L361 228Z\"\/>\n<\/g>\n<defs>\n<clipPath id=\"clip0_183_47\">\n<rect width=\"640\" height=\"512\" fill=\"white\"\/>\n<\/clipPath>\n<\/defs>\n<\/svg>\n<\/span><\/li><li><span class=\"fc-icon\"><svg xmlns=\"http:\/\/www.w3.org\/2000\/svg\"  viewBox=\"0 0 576 512\" width=\"16px\" height=\"16px\"><!--! Font Awesome Pro 6.4.2 by @fontawesome - https:\/\/fontawesome.com License - https:\/\/fontawesome.com\/license (Commercial License) Copyright 2023 Fonticons, Inc.--><path d=\"M471.6 99.4c46.8 45.1 72.2 109 68.3 174.7l-86.3-31.4c15.2-43.2 21.6-89 18.9-134.8c-.2-2.9-.5-5.7-.9-8.5zM402.8 54.3c21.7 10.1 36.3 31.4 37.7 55.6c2.5 41.4-3.3 82.8-17 121.9l-167.6-61c14.6-38.8 36.9-74.2 65.3-104.3c17.5-18.5 44.1-25.2 68.2-17.3c1.1 .4 2.2 .8 3.3 1.2c3.4 1.2 6.7 2.5 10 3.9zm-3.1-35.4c-109.8-38-228.4 3.2-292.6 94c-11.1 15.7-2.8 36.8 15.3 43.4l92.4 33.6 0 0L245 200.9l167.6 61 30.1 10.9 0 0 89.1 32.4c18.1 6.6 38-4.2 39.6-23.4c9-108.1-52-213.2-155.6-256.9c-2.4-1.1-4.9-2.1-7.4-3l-5.9-2.1c-.9-.3-1.8-.6-2.7-.9zM305.9 37c-2.7 2.3-5.4 4.8-7.9 7.5c-31.5 33.3-56 72.5-72.2 115.4l-89.6-32.6C176.5 73 239.2 40.1 305.9 37zM16 480c-8.8 0-16 7.2-16 16s7.2 16 16 16H560c8.8 0 16-7.2 16-16s-7.2-16-16-16H253.4l77.8-213.7-30.1-10.9L219.4 480H16z\"\/><\/svg><\/span><\/li><li><span class=\"fc-icon\"><svg xmlns=\"http:\/\/www.w3.org\/2000\/svg\"  viewBox=\"0 0 576 512\" width=\"16px\" height=\"16px\"><!--! Font Awesome Pro 6.4.2 by @fontawesome - https:\/\/fontawesome.com License - https:\/\/fontawesome.com\/license (Commercial License) Copyright 2023 Fonticons, Inc.--><path d=\"M64 9.7L273.7 234.4 251.1 257 42.9 34C38.4 49 32 77.1 32 112c0 41 12.6 72.2 36.6 104.6c21 28.3 50.1 56.9 87.3 93.2l0 0 0 0c6.6 6.4 13.4 13.1 20.5 20.1l0 0 .1 .1 .8 .8-22.6 22.6-.8-.8c-6.8-6.7-13.5-13.3-20-19.6l0 0 0 0c-37-36.2-68.3-66.8-91-97.4C15.6 198.8 0 161.1 0 112C0 69.6 8.6 36.2 13.6 20.4C17.6 7.6 29.4 0 41.7 0C50.2 0 58.2 3.5 64 9.7zM484.3 506.9L316.6 327.3l22.6-22.6L507.7 485.1c6 6.5 5.7 16.6-.8 22.6s-16.6 5.7-22.6-.8zM468.9 6.5c5.2 7.1 3.7 17.1-3.4 22.4L351.1 112.7c-3.1 2.3-6.1 4.8-8.8 7.6l-1.6 1.6C327.5 135.2 320 153.2 320 172s7.5 36.8 20.8 50.1l13.1 13.1C367.2 248.5 385.2 256 404 256s36.8-7.5 50.1-20.8l1.6-1.6c2.7-2.7 5.3-5.7 7.6-8.8l83.8-114.3c5.2-7.1 15.2-8.7 22.4-3.4s8.7 15.2 3.4 22.4L489.1 243.8c-3.3 4.4-6.9 8.6-10.7 12.5l-1.6 1.6C457.5 277.2 431.3 288 404 288c-25 0-49.1-9.1-67.8-25.5L91.3 507.3c-6.2 6.2-16.4 6.2-22.6 0s-6.2-16.4 0-22.6L313.5 239.8C297.1 221.1 288 197 288 172c0-27.3 10.8-53.5 30.1-72.8l1.6-1.6c3.9-3.9 8.1-7.5 12.5-10.7L446.5 3.1c7.1-5.2 17.1-3.7 22.4 3.4zM508 37.5c5.8 6.7 5.1 16.8-1.5 22.6l-128 112c-6.6 5.8-16.8 5.1-22.6-1.5s-5.1-16.8 1.5-22.6l128-112c6.7-5.8 16.8-5.1 22.6 1.5zM538.5 68c6.7 5.8 7.3 15.9 1.5 22.6l-112 128c-5.8 6.7-15.9 7.3-22.6 1.5s-7.3-15.9-1.5-22.6l112-128c5.8-6.7 15.9-7.3 22.6-1.5z\"\/><\/svg><\/span><\/li><li><span class=\"fc-icon\"><svg xmlns=\"http:\/\/www.w3.org\/2000\/svg\" viewBox=\"0 0 646 516\" width=\"16px\" height=\"16px\">\n<g clip-path=\"url(#clip0_183_41)\">\n<path d=\"M31.9008 3.42548C25.0008 -1.97452 14.9008 -0.774542 9.40081 6.12546C3.90081 13.0255 5.20081 23.1254 12.1008 28.6254L620.101 508.626C627.001 514.126 637.101 512.926 642.601 506.026C648.101 499.126 646.901 489.026 640.001 483.526L31.9008 3.42548Z\"\/>\n<path d=\"M403.75 459.562C403.75 472.966 414.55 483.75 427.975 483.75H444.125C457.549 483.75 468.35 472.966 468.35 459.562V449.881L498.8 473.921C492.43 498.121 470.346 516 444.125 516H427.975C396.785 516 371.45 490.704 371.45 459.562V378.333C361.053 381.659 350.253 384.077 339.15 385.488C331.176 386.496 323.101 387.101 314.925 387.101C306.749 387.101 298.674 386.597 290.7 385.488C279.597 384.077 268.796 381.659 258.4 378.333V459.562C258.4 490.704 233.064 516 201.875 516H185.725C154.535 516 129.2 490.704 129.2 459.562V209.625C129.2 208.92 129.2 208.214 129.301 207.609C128.594 207.408 127.888 207.307 127.181 207.105C99.0194 199.849 76.4094 177.778 69.041 148.552L65.1044 132.93C64.9698 132.38 64.8649 131.829 64.7887 131.28L164.026 209.625H161.5V459.562C161.5 472.966 172.3 483.75 185.725 483.75H201.875C215.299 483.75 226.1 472.966 226.1 459.562V378.232C226.1 367.952 231.046 358.277 239.323 352.23C247.599 346.184 258.4 344.37 268.191 347.595C282.827 352.23 298.573 354.851 314.925 354.851C325.038 354.851 334.881 353.887 344.407 352.031L403.75 398.881V459.562Z\"\/>\n<path fill-rule=\"evenodd\" clip-rule=\"evenodd\" d=\"M468.35 263.946H468.249L375.083 209.625H374.074H370.77L329.922 177.375H374.175L399.611 24.9937C401.933 10.582 414.449 0 429.186 0C438.573 0 447.456 4.43438 453.209 11.993L468.35 32.25H512.863C525.682 32.25 537.997 37.3898 547.081 46.4602L565.25 64.5H597.55C624.298 64.5 646 86.168 646 112.875V129C646 182.414 602.597 225.75 549.1 225.75H505.999L500.65 258V312.166L468.35 286.665V263.946ZM506.1 193.601C490.253 193.601 476.828 204.989 474.204 220.509H474.103L472.69 229.177L404.154 189.267C404.961 187.151 405.567 185.034 405.97 182.716L430.498 35.6766L442.51 51.6C448.566 59.7633 458.155 64.5 468.35 64.5H512.863C517.103 64.5 521.241 66.2133 524.269 69.2367L542.539 87.3773C548.595 93.4242 556.771 96.8508 565.351 96.8508H597.651C606.533 96.8508 613.801 104.107 613.801 112.976V129.101C613.801 164.677 584.832 193.601 549.201 193.601H506.1Z\"\/>\n<path d=\"M500.65 96.75C504.933 96.75 509.041 98.4489 512.07 101.473C515.098 104.497 516.8 108.598 516.8 112.875C516.8 117.152 515.098 121.253 512.07 124.277C509.041 127.301 504.933 129 500.65 129C496.367 129 492.259 127.301 489.23 124.277C486.201 121.253 484.5 117.152 484.5 112.875C484.5 108.598 486.201 104.497 489.23 101.473C492.259 98.4489 496.367 96.75 500.65 96.75Z\"\/>\n<\/g>\n<defs>\n<clipPath id=\"clip0_183_41\">\n<rect width=\"646\" height=\"516\" fill=\"white\"\/>\n<\/clipPath>\n<\/defs>\n<\/svg>\n<\/span><\/li><\/ul>\n<\/div>\n<ctv-searchbar><\/ctv-searchbar>\n\n<ctv-reviews data-modal-position=\"bottom\" data-small=\"true\"><\/ctv-reviews>\n<\/div>\n\n<div class=\"group show-mob sec-resa-mob\">\n<ctv-searchbar><\/ctv-searchbar>\n<\/div>\n\n<div class=\"columns sec-50 align-full\"><div class=\"columns__item\"><div class=\"columns\"><div class=\"columns__item\"><ul class=\"pictos big\"><li><span class=\"fc-icon\"><svg xmlns=\"http:\/\/www.w3.org\/2000\/svg\"  viewBox=\"0 0 448 512\" width=\"16px\" height=\"16px\"><!--! Font Awesome Pro 6.4.2 by @fontawesome - https:\/\/fontawesome.com License - https:\/\/fontawesome.com\/license (Commercial License) Copyright 2023 Fonticons, Inc.--><path d=\"M128 16c0-8.8-7.2-16-16-16s-16 7.2-16 16V64H64C28.7 64 0 92.7 0 128v32 32V448c0 35.3 28.7 64 64 64H384c35.3 0 64-28.7 64-64V192 160 128c0-35.3-28.7-64-64-64H352V16c0-8.8-7.2-16-16-16s-16 7.2-16 16V64H128V16zM32 192H416V448c0 17.7-14.3 32-32 32H64c-17.7 0-32-14.3-32-32V192zM64 96H384c17.7 0 32 14.3 32 32v32H32V128c0-17.7 14.3-32 32-32zM331.3 283.3c6.2-6.2 6.2-16.4 0-22.6s-16.4-6.2-22.6 0L208 361.4l-52.7-52.7c-6.2-6.2-16.4-6.2-22.6 0s-6.2 16.4 0 22.6l64 64c6.2 6.2 16.4 6.2 22.6 0l112-112z\"\/><\/svg><\/span> Aperto da <span class=\"fc-span\">maggio a settembre<\/span>\n<\/li><li><span class=\"fc-icon\"><svg xmlns=\"http:\/\/www.w3.org\/2000\/svg\"  viewBox=\"0 0 576 512\" width=\"16px\" height=\"16px\"><!--! Font Awesome Pro 6.4.2 by @fontawesome - https:\/\/fontawesome.com License - https:\/\/fontawesome.com\/license (Commercial License) Copyright 2023 Fonticons, Inc.--><path d=\"M133.8 106.8C150.3 118 171.1 128 192 128s41.6-9.9 58.2-21.2c9.8-6.7 18-14 25.9-21.9c6.6-6.5 17.2-6.5 23.7 0c7.9 7.9 16.2 15.2 26 21.9C342.3 118 363.1 128 384 128s41.6-9.9 58.2-21.2c9.8-6.7 18-14 25.9-21.9c6.6-6.5 17.2-6.5 23.7 0c7.9 7.9 16.2 15.2 26 21.9c12.8 8.7 28.1 16.6 44.1 19.8c7.7 1.5 14.1 7.8 14.1 15.7c0 9.8-8 17.9-17.7 16.2c-23.1-4-43.6-15-58.5-25.2c-7.9-5.4-14.7-10.8-19.8-15.3c-5.1 4.5-11.8 9.9-19.8 15.3C441.5 145.9 414.3 160 384 160s-57.6-14.1-76.2-26.8c-7.9-5.4-14.7-10.8-19.8-15.3c-5.1 4.5-11.8 9.9-19.8 15.3C249.5 145.9 222.3 160 192 160s-57.6-14.1-76.2-26.8c-7.9-5.4-14.6-10.8-19.8-15.3c-5.1 4.5-11.8 9.9-19.8 15.3c-14.9 10.2-35.4 21.2-58.5 25.2C8 160.1 0 152 0 142.2c0-7.9 6.4-14.1 14.1-15.7c15.9-3.1 31.3-11.1 44-19.8c9.8-6.7 18-14 25.9-21.9c6.6-6.5 17.2-6.6 23.8 0c7.9 7.9 16.2 15.2 25.9 21.9zm0 288C150.3 406 171.1 416 192 416s41.6-9.9 58.2-21.2c9.8-6.7 18-14 25.9-21.9c6.6-6.5 17.2-6.5 23.7 0c7.9 7.9 16.2 15.2 26 21.9C342.3 406 363.1 416 384 416s41.6-9.9 58.2-21.2c9.8-6.7 18-14 25.9-21.9c6.6-6.5 17.2-6.6 23.7 0c7.9 7.9 16.2 15.2 26 21.9c12.8 8.7 28.1 16.6 44.1 19.8c7.7 1.5 14.1 7.8 14.1 15.7c0 9.8-8 17.9-17.7 16.2c-23.1-4-43.6-15-58.5-25.2c-7.9-5.4-14.7-10.8-19.8-15.3c-5.1 4.5-11.8 9.9-19.8 15.3C441.5 433.9 414.3 448 384 448s-57.6-14.1-76.2-26.8c-7.9-5.4-14.7-10.8-19.8-15.3c-5.1 4.5-11.8 9.9-19.8 15.3C249.5 433.9 222.3 448 192 448s-57.6-14.1-76.2-26.8c-7.9-5.4-14.6-10.8-19.8-15.3c-5.1 4.5-11.8 9.9-19.8 15.3c-14.9 10.2-35.4 21.2-58.5 25.2C8 448.1 0 440 0 430.2c0-7.9 6.4-14.1 14.1-15.7c15.9-3.1 31.3-11.1 44-19.8c9.8-6.7 18-14 25.9-21.9c6.6-6.5 17.2-6.6 23.8 0c7.9 7.9 16.2 15.2 25.9 21.9zM192 272c20.9 0 41.6-9.9 58.2-21.2c9.8-6.7 18-14 25.9-21.9c6.6-6.5 17.2-6.5 23.7 0c7.9 7.9 16.2 15.2 26 21.9C342.3 262 363.1 272 384 272s41.6-9.9 58.2-21.2c9.8-6.7 18-14 25.9-21.9c6.6-6.5 17.2-6.5 23.7 0c7.9 7.9 16.2 15.2 26 21.9c12.8 8.7 28.1 16.6 44.1 19.8c7.7 1.5 14.1 7.8 14.1 15.7c0 9.8-8 17.9-17.7 16.2c-23.1-4-43.6-15-58.5-25.2c-7.9-5.4-14.7-10.8-19.8-15.3c-5.1 4.5-11.8 9.9-19.8 15.3C441.5 289.9 414.3 304 384 304s-57.6-14.1-76.2-26.8c-7.9-5.4-14.7-10.8-19.8-15.3c-5.1 4.5-11.8 9.9-19.8 15.3C249.5 289.9 222.3 304 192 304s-57.6-14.1-76.2-26.8c-7.9-5.4-14.6-10.8-19.8-15.3c-5.1 4.5-11.8 9.9-19.8 15.3c-14.9 10.2-35.4 21.2-58.5 25.2C8 304.1 0 296 0 286.2c0-7.9 6.4-14.1 14.1-15.7c15.9-3.1 31.3-11.1 44-19.8c9.8-6.7 18-14 25.9-21.9c6.6-6.5 17.2-6.6 23.8 0c7.9 7.9 16.2 15.2 25.9 21.9C150.3 262 171.1 272 192 272z\"\/><\/svg><\/span> A 400 metri<span class=\"fc-span\">dalla spiaggia<\/span>\n<\/li><li><span class=\"fc-icon\"><svg xmlns=\"http:\/\/www.w3.org\/2000\/svg\"  viewBox=\"0 0 640 512\" width=\"16px\" height=\"16px\"><!--! Font Awesome Pro 6.4.2 by @fontawesome - https:\/\/fontawesome.com License - https:\/\/fontawesome.com\/license (Commercial License) Copyright 2023 Fonticons, Inc.--><path d=\"M167.6 11.9c12.8-15 35.9-15 48.7 0L318.5 131.8c4.1 4.8 6.4 11 6.4 17.4c0 14.8-12 26.8-26.8 26.8H286.1l61.4 67.4c4.5 4.9 7 11.3 7 17.9c0 14.7-11.9 26.6-26.6 26.6H312.7l65.6 84.4C382 377.2 384 383 384 389c0 14.9-12.1 27-27 27H235.1 208v80c0 8.8-7.2 16-16 16s-16-7.2-16-16V416H148.9 27c-14.9 0-27-12.1-27-27c0-6 2-11.8 5.7-16.6L71.3 288H56.2c-14.7 0-26.6-11.9-26.6-26.6c0-6.6 2.5-13 7-17.9L97.9 176H85.9c-14.8 0-26.8-12-26.8-26.8c0-6.4 2.3-12.5 6.4-17.4L167.6 11.9zM235.1 384H346.8L267.4 281.8c-3.7-4.8-4.4-11.4-1.7-16.9s8.3-9 14.4-9h35.7L238 170.8c-4.3-4.7-5.4-11.4-2.8-17.2s8.3-9.5 14.6-9.5h37L192 32.7 97.1 144h37c6.3 0 12.1 3.7 14.6 9.5s1.5 12.6-2.8 17.2L68.3 256H104c6.1 0 11.7 3.5 14.4 9s2 12-1.7 16.9L37.2 384H148.9 176V208c0-8.8 7.2-16 16-16s16 7.2 16 16V384h27.1zM423.5 12.6c12.7-15.4 36.2-15.6 49.1-.4l102 119.7c4.1 4.8 6.4 11 6.4 17.4c0 14.8-12 26.8-26.8 26.8H542.1l61.4 67.4c4.5 4.9 7 11.3 7 17.9c0 14.7-11.9 26.6-26.6 26.6H568.7l65.6 84.4C638 377.2 640 383 640 389c0 14.9-12.1 27-27 27H464v80c0 8.8-7.2 16-16 16s-16-7.2-16-16V400 208c0-8.8 7.2-16 16-16s16 7.2 16 16V384H602.8L523.4 281.8c-3.8-4.8-4.4-11.4-1.7-16.9s8.3-9 14.4-9h35.7L494 170.8c-4.3-4.7-5.4-11.4-2.8-17.2s8.3-9.5 14.6-9.5h37L448.2 32.9 388 106.2c-5.6 6.8-15.7 7.8-22.5 2.2s-7.8-15.7-2.2-22.5l60.2-73.2z\"\/><\/svg><\/span> Campeggio <span class=\"fc-span\">naturale<\/span>\n<\/li><\/ul><\/div><div class=\"columns__item\"><p class=\"h2\">Le tue vacanze all&#8217;insegna dell&#8217;<span class=\"fc-span\">autenticit\u00e0 e della natura<\/span><\/p><p>Ideale per una vacanza tranquilla e naturale. Il campeggio si trova a 400 metri dalla spiaggia di Badine. <\/p><\/div><\/div><p class=\"h3\">Contattaci<\/p><ul class=\"pictos fc-liens\"><li class=\"fc-tel\"><a itemprop=\"telephone\" href=\"tel:+33494582055\">04 94 58 20 55<span class=\"fc-icon\"><svg xmlns=\"http:\/\/www.w3.org\/2000\/svg\"  viewBox=\"0 0 512 512\" width=\"16px\" height=\"16px\"><!--! Font Awesome Pro 6.4.2 by @fontawesome - https:\/\/fontawesome.com License - https:\/\/fontawesome.com\/license (Commercial License) Copyright 2023 Fonticons, Inc.--><path d=\"M164.9 24.6c-7.7-18.6-28-28.5-47.4-23.2l-88 24C12.1 30.2 0 46 0 64C0 311.4 200.6 512 448 512c18 0 33.8-12.1 38.6-29.5l24-88c5.3-19.4-4.6-39.7-23.2-47.4l-96-40c-16.3-6.8-35.2-2.1-46.3 11.6L304.7 368C234.3 334.7 177.3 277.7 144 207.3L193.3 167c13.7-11.2 18.4-30 11.6-46.3l-40-96z\"\/><\/svg><\/span><\/a>\n<\/li><li class=\"fc-copy\"><span class=\"fc-span\" itemprop=\"email\">camping@iledor-giens.com<\/span><strong>Copia<\/strong><span class=\"fc-icon\"><svg xmlns=\"http:\/\/www.w3.org\/2000\/svg\"  viewBox=\"0 0 448 512\" width=\"16px\" height=\"16px\"><!--!Font Awesome Free 6.5.1 by @fontawesome - https:\/\/fontawesome.com License - https:\/\/fontawesome.com\/license\/free Copyright 2023 Fonticons, Inc.--><path d=\"M208 0H332.1c12.7 0 24.9 5.1 33.9 14.1l67.9 67.9c9 9 14.1 21.2 14.1 33.9V336c0 26.5-21.5 48-48 48H208c-26.5 0-48-21.5-48-48V48c0-26.5 21.5-48 48-48zM48 128h80v64H64V448H256V416h64v48c0 26.5-21.5 48-48 48H48c-26.5 0-48-21.5-48-48V176c0-26.5 21.5-48 48-48z\"\/><\/svg><\/span>\n<\/li><li><a href=\"https:\/\/maps.app.goo.gl\/tppJvcvyuRkxKmj56\" target=\"_blank\" data-type=\"link\" data-id=\"https:\/\/maps.app.goo.gl\/tppJvcvyuRkxKmj56\" rel=\"noreferrer noopener\"><span itemprop=\"adresse\"><span>194 Boulevard Alsace-Lorraine, 83400 Giens<\/span><span class=\"fc-icon\"><svg xmlns=\"http:\/\/www.w3.org\/2000\/svg\"  viewBox=\"0 0 512 512\" width=\"16px\" height=\"16px\"><!--! Font Awesome Pro 6.4.2 by @fontawesome - https:\/\/fontawesome.com License - https:\/\/fontawesome.com\/license (Commercial License) Copyright 2023 Fonticons, Inc.--><path d=\"M320 0c-17.7 0-32 14.3-32 32s14.3 32 32 32h82.7L201.4 265.4c-12.5 12.5-12.5 32.8 0 45.3s32.8 12.5 45.3 0L448 109.3V192c0 17.7 14.3 32 32 32s32-14.3 32-32V32c0-17.7-14.3-32-32-32H320zM80 32C35.8 32 0 67.8 0 112V432c0 44.2 35.8 80 80 80H400c44.2 0 80-35.8 80-80V320c0-17.7-14.3-32-32-32s-32 14.3-32 32V432c0 8.8-7.2 16-16 16H80c-8.8 0-16-7.2-16-16V112c0-8.8 7.2-16 16-16H192c17.7 0 32-14.3 32-32s-14.3-32-32-32H80z\"\/><\/svg><\/span><\/span><\/a>\n<\/li><\/ul><\/div><div class=\"columns__item\"><figure><a href=\"https:\/\/maps.app.goo.gl\/tppJvcvyuRkxKmj56\" target=\"_blank\" rel=\"noopener\"><picture><source srcset=\"https:\/\/acampa-vacances.com\/wp-content\/uploads\/2024\/11\/carte-camping-io-420x420.webp\" media=\"(max-width: 210px)\"><source srcset=\"https:\/\/acampa-vacances.com\/wp-content\/uploads\/2024\/11\/carte-camping-io-850x825.webp\" media=\"(max-width: 420px)\"><source srcset=\"https:\/\/acampa-vacances.com\/wp-content\/uploads\/2024\/11\/carte-camping-io-768x745.webp\" media=\"(max-width: 850px)\"><source srcset=\"https:\/\/acampa-vacances.com\/wp-content\/uploads\/2024\/11\/carte-camping-io-1024x994.webp\" media=\"(max-width: 1024px)\"><source srcset=\"https:\/\/acampa-vacances.com\/wp-content\/uploads\/2024\/11\/carte-camping-io.webp\" media=\"(min-width: 1025px)\"><img decoding=\"async\" src=\"https:\/\/acampa-vacances.com\/wp-content\/uploads\/2024\/11\/carte-camping-io-420x420.webp\" width=\"420\" height=\"210\" loading=\"lazy\" alt=\"\" title=\"\"><\/picture><\/a><\/figure><\/div><\/div>\n\n<div class=\"columns sec-15 reverse-mob\"><div class=\"columns__item fade-left\"><div class=\"gallery\"><figure class=\"gallery__item fond\"><picture><source srcset=\"https:\/\/acampa-vacances.com\/wp-content\/uploads\/2024\/11\/AdobeStock_280910815-420x420.webp\" media=\"(max-width: 210px)\"><source srcset=\"https:\/\/acampa-vacances.com\/wp-content\/uploads\/2024\/11\/AdobeStock_280910815-850x567.webp\" media=\"(max-width: 420px)\"><source srcset=\"https:\/\/acampa-vacances.com\/wp-content\/uploads\/2024\/11\/AdobeStock_280910815-768x512.webp\" media=\"(max-width: 850px)\"><source srcset=\"https:\/\/acampa-vacances.com\/wp-content\/uploads\/2024\/11\/AdobeStock_280910815-1024x683.webp\" media=\"(max-width: 1024px)\"><source srcset=\"https:\/\/acampa-vacances.com\/wp-content\/uploads\/2024\/11\/AdobeStock_280910815.webp\" media=\"(min-width: 1025px)\"><img decoding=\"async\" src=\"https:\/\/acampa-vacances.com\/wp-content\/uploads\/2024\/11\/AdobeStock_280910815-420x420.webp\" width=\"420\" height=\"210\" loading=\"lazy\" alt=\"\" title=\"\"><\/picture><\/figure><figure class=\"gallery__item\"><picture><source srcset=\"https:\/\/acampa-vacances.com\/wp-content\/uploads\/2024\/11\/DSC05467-420x420.jpg.webp\" media=\"(max-width: 210px)\"><source srcset=\"https:\/\/acampa-vacances.com\/wp-content\/uploads\/2024\/11\/DSC05467-850x567.jpg.webp\" media=\"(max-width: 420px)\"><source srcset=\"https:\/\/acampa-vacances.com\/wp-content\/uploads\/2024\/11\/DSC05467-768x512.jpg.webp\" media=\"(max-width: 850px)\"><source srcset=\"https:\/\/acampa-vacances.com\/wp-content\/uploads\/2024\/11\/DSC05467-1024x683.jpg.webp\" media=\"(max-width: 1024px)\"><source srcset=\"https:\/\/acampa-vacances.com\/wp-content\/uploads\/2024\/11\/DSC05467.jpg.webp\" media=\"(min-width: 1025px)\"><img decoding=\"async\" src=\"https:\/\/acampa-vacances.com\/wp-content\/uploads\/2024\/11\/DSC05467-420x420.jpg.webp\" width=\"420\" height=\"210\" loading=\"lazy\" alt=\"\" title=\"\"><\/picture><\/figure><\/div><\/div><div class=\"columns__item fade-right\"><h1>Camping l&#8217;\u00eele d&#8217;or a Hy\u00e8res <span class=\"fc-span\">soggiorno in questo campeggio a 3 stelle<\/span><\/h1><h2 class=\"p\">Sfrutta al meglio la posizione ideale del campeggio nel Var<\/h2><p>Vuoi <strong>trascorrere le<\/strong> tue prossime vacanze <strong>in Provenza<\/strong>? Benvenuto al campeggio 3 stelle L&#8217;Ile d&#8217;Or <strong>di Hy\u00e8res<\/strong>.<\/p><p>Un\u2019accoglienza personalizzata per tutti: scoprite la nostra casa mobile e i nostri servizi igienici appositamente attrezzati per le persone con mobilit\u00e0 ridotta.<\/p><div class=\"lireplus fc-desk\"><p>Leggi tutto<\/p><div class=\"group\"><p>Situato a Hy\u00e8res, nel dipartimento del Var, o pi\u00f9 precisamente sulla costa orientale della<strong> Presqu&#8217;\u00eele de Giens<\/strong>, il nostro campeggio ti garantisce una<strong> vacanza da sogno in Costa Azzurra<\/strong> sotto le palme.<\/p><p>Sarai accolto in un magnifico ambiente verde di un ettaro e mezzo, immerso nel sole e nel <strong>clima piacevole del Mediterraneo<\/strong>.<\/p><p>Durante la tua vacanza sarai immerso in un&#8217;atmosfera calda e amichevole. Il Camping l&#8217;Ile d&#8217;Or \u00e8 ideale per famiglie, amici e coppie in cerca di un ambiente naturale per un&#8217;<strong>autentica vacanza al mare<\/strong>. \u00c8 uno dei migliori campeggi del Var. Da maggio a settembre, vieni a <strong>scoprire il fascino della Provenza Alpi Costa Azzurra<\/strong> per un weekend, una settimana di vacanza o anche di pi\u00f9.   <\/p><\/div><\/div><div class=\"buttons\"><span class=\"buttons__btn btn-resa\">Trova una vacanza<\/span><\/div><\/div><\/div>\n\n<div class=\"group sec-20 fade-up align-full\"><figure class=\"palmiers\"><picture><source srcset=\"https:\/\/acampa-vacances.com\/wp-content\/uploads\/2024\/11\/fond-palmiers-420x420.webp\" media=\"(max-width: 210px)\"><source srcset=\"https:\/\/acampa-vacances.com\/wp-content\/uploads\/2024\/11\/fond-palmiers-850x567.webp\" media=\"(max-width: 420px)\"><source srcset=\"https:\/\/acampa-vacances.com\/wp-content\/uploads\/2024\/11\/fond-palmiers-768x512.webp\" media=\"(max-width: 850px)\"><source srcset=\"https:\/\/acampa-vacances.com\/wp-content\/uploads\/2024\/11\/fond-palmiers-1024x683.webp\" media=\"(max-width: 1024px)\"><source srcset=\"https:\/\/acampa-vacances.com\/wp-content\/uploads\/2024\/11\/fond-palmiers.webp\" media=\"(min-width: 1025px)\"><img decoding=\"async\" src=\"https:\/\/acampa-vacances.com\/wp-content\/uploads\/2024\/11\/fond-palmiers-420x420.webp\" width=\"420\" height=\"210\" loading=\"lazy\" alt=\"\" title=\"\"><\/picture><\/figure><h2>Immergiti in un angolo di paradiso <span class=\"fc-span\">in Costa Azzurra<\/span><\/h2><p>Soggiorna in un vero gioiello scegliendo un campeggio a Hy\u00e8res, nella splendida Presqu&#8217;\u00eele de Giens. Questa incantevole tenuta promette un&#8217;esperienza unica in una delle regioni pi\u00f9 belle della Francia. <\/p><div class=\"lireplus fc-desk\"><p>Leggi tutto<\/p><div class=\"group\"><p>Lasciati sedurre da questo ambiente idilliaco, dove il fascino mediterraneo si fonde con servizi di qualit\u00e0. Regalati una vacanza indimenticabile sulla Presqu&#8217;\u00eele de Giens e crea ricordi preziosi con la famiglia e gli amici. <\/p><\/div><\/div><div class=\"gallery col-4 fc-diapo-mob\" data-fancybox=\"gallery-mob\"><figure class=\"gallery__item ombre gauche\"><picture><source srcset=\"https:\/\/acampa-vacances.com\/wp-content\/uploads\/2024\/11\/DSC05389-420x420.jpg.webp\" media=\"(max-width: 210px)\"><source srcset=\"https:\/\/acampa-vacances.com\/wp-content\/uploads\/2024\/11\/DSC05389-850x567.jpg.webp\" media=\"(max-width: 420px)\"><source srcset=\"https:\/\/acampa-vacances.com\/wp-content\/uploads\/2024\/11\/DSC05389-768x512.jpg.webp\" media=\"(max-width: 850px)\"><source srcset=\"https:\/\/acampa-vacances.com\/wp-content\/uploads\/2024\/11\/DSC05389-1024x683.jpg.webp\" media=\"(max-width: 1024px)\"><source srcset=\"https:\/\/acampa-vacances.com\/wp-content\/uploads\/2024\/11\/DSC05389.jpg.webp\" media=\"(min-width: 1025px)\"><img decoding=\"async\" src=\"https:\/\/acampa-vacances.com\/wp-content\/uploads\/2024\/11\/DSC05389-420x420.jpg.webp\" width=\"420\" height=\"210\" loading=\"lazy\" alt=\"\" title=\"\"><\/picture><figcaption>RISTORANTE<\/figcaption><\/figure><figure class=\"gallery__item ombre gauche\"><picture><source srcset=\"https:\/\/acampa-vacances.com\/wp-content\/uploads\/2024\/11\/DSC05278-420x420.jpg.webp\" media=\"(max-width: 210px)\"><source srcset=\"https:\/\/acampa-vacances.com\/wp-content\/uploads\/2024\/11\/DSC05278-850x567.jpg.webp\" media=\"(max-width: 420px)\"><source srcset=\"https:\/\/acampa-vacances.com\/wp-content\/uploads\/2024\/11\/DSC05278-768x512.jpg.webp\" media=\"(max-width: 850px)\"><source srcset=\"https:\/\/acampa-vacances.com\/wp-content\/uploads\/2024\/11\/DSC05278-1024x683.jpg.webp\" media=\"(max-width: 1024px)\"><source srcset=\"https:\/\/acampa-vacances.com\/wp-content\/uploads\/2024\/11\/DSC05278.jpg.webp\" media=\"(min-width: 1025px)\"><img decoding=\"async\" src=\"https:\/\/acampa-vacances.com\/wp-content\/uploads\/2024\/11\/DSC05278-420x420.jpg.webp\" width=\"420\" height=\"210\" loading=\"lazy\" alt=\"\" title=\"\"><\/picture><figcaption>SPIAGGIOA A 400 METRI<\/figcaption><\/figure><figure class=\"gallery__item ombre\"><picture><source srcset=\"https:\/\/acampa-vacances.com\/wp-content\/uploads\/2024\/11\/DSC05888-420x420.jpg.webp\" media=\"(max-width: 210px)\"><source srcset=\"https:\/\/acampa-vacances.com\/wp-content\/uploads\/2024\/11\/DSC05888-850x567.jpg.webp\" media=\"(max-width: 420px)\"><source srcset=\"https:\/\/acampa-vacances.com\/wp-content\/uploads\/2024\/11\/DSC05888-768x512.jpg.webp\" media=\"(max-width: 850px)\"><source srcset=\"https:\/\/acampa-vacances.com\/wp-content\/uploads\/2024\/11\/DSC05888-1024x683.jpg.webp\" media=\"(max-width: 1024px)\"><source srcset=\"https:\/\/acampa-vacances.com\/wp-content\/uploads\/2024\/11\/DSC05888.jpg.webp\" media=\"(min-width: 1025px)\"><img decoding=\"async\" src=\"https:\/\/acampa-vacances.com\/wp-content\/uploads\/2024\/11\/DSC05888-420x420.jpg.webp\" width=\"420\" height=\"210\" loading=\"lazy\" alt=\"\" title=\"\"><\/picture><figcaption>BEACH VOLLEY<\/figcaption><\/figure><figure class=\"gallery__item ombre\"><picture><source srcset=\"https:\/\/acampa-vacances.com\/wp-content\/uploads\/2025\/06\/DSC05913-420x420.jpg.webp\" media=\"(max-width: 210px)\"><source srcset=\"https:\/\/acampa-vacances.com\/wp-content\/uploads\/2025\/06\/DSC05913-850x567.jpg.webp\" media=\"(max-width: 420px)\"><source srcset=\"https:\/\/acampa-vacances.com\/wp-content\/uploads\/2025\/06\/DSC05913-768x512.jpg.webp\" media=\"(max-width: 850px)\"><source srcset=\"https:\/\/acampa-vacances.com\/wp-content\/uploads\/2025\/06\/DSC05913-1024x683.jpg.webp\" media=\"(max-width: 1024px)\"><source srcset=\"https:\/\/acampa-vacances.com\/wp-content\/uploads\/2025\/06\/DSC05913.jpg.webp\" media=\"(min-width: 1025px)\"><img decoding=\"async\" src=\"https:\/\/acampa-vacances.com\/wp-content\/uploads\/2025\/06\/DSC05913-420x420.jpg.webp\" width=\"420\" height=\"210\" loading=\"lazy\" alt=\"\" title=\"\"><\/picture><figcaption>L&#8217;AREA GIOCHI <\/figcaption><\/figure><\/div><div class=\"buttons display-flex \" style=\"justify-content:center;\"><a href=\"https:\/\/acampa-vacances.com\/it\/iledor\/attivita\/\" rel=\"noreferrer noopener\" class=\"buttons__btn\">Le nostre attivit\u00e0<\/a><a href=\"https:\/\/acampa-vacances.com\/it\/iledor\/servizi\/\" rel=\"noreferrer noopener\" class=\"buttons__btn\">I nostri servizi<\/a><\/div><\/div>\n\n<div class=\"cover sec-25 flou fade-bottom align-full\"><span style=\"filter: opacity(50%); background-color:var(--gris);\"><\/span><picture class=\"cover__img\"><source srcset=\"https:\/\/acampa-vacances.com\/wp-content\/uploads\/2024\/11\/ile_or_479A1460-420x420.webp\" media=\"(max-width: 210px)\"><source srcset=\"https:\/\/acampa-vacances.com\/wp-content\/uploads\/2024\/11\/ile_or_479A1460-850x567.webp\" media=\"(max-width: 420px)\"><source srcset=\"https:\/\/acampa-vacances.com\/wp-content\/uploads\/2024\/11\/ile_or_479A1460-768x512.webp\" media=\"(max-width: 850px)\"><source srcset=\"https:\/\/acampa-vacances.com\/wp-content\/uploads\/2024\/11\/ile_or_479A1460-1024x683.webp\" media=\"(max-width: 1024px)\"><source srcset=\"https:\/\/acampa-vacances.com\/wp-content\/uploads\/2024\/11\/ile_or_479A1460.webp\" media=\"(min-width: 1025px)\"><img decoding=\"async\" src=\"https:\/\/acampa-vacances.com\/wp-content\/uploads\/2024\/11\/ile_or_479A1460-420x420.webp\" width=\"420\" height=\"210\" loading=\"lazy\" alt=\"\" title=\"\"><\/picture><div class=\"cover__inner\"><h2 style=\"text-align: center;\">Scopri i nostri alloggi e le piazzole <span class=\"fc-span\">vicino alle spiagge di Hy\u00e8res<\/span><\/h2><p style=\"text-align: center;\">Sei un fan del <strong>campeggio tradizionale<\/strong>? Scopri le gioie di una <strong>vacanza autentica in riva al mare<\/strong>, a <strong>400 metri dalla spiaggia di La Badine<\/strong>, e vivi al ritmo della natura <strong>affittando una casa mobile di 32 m2<\/strong> o una roulotte <strong>nel<\/strong> <strong>campeggio 3 stelle<\/strong> Ile d&#8217;Or <strong>a Hy\u00e8res<\/strong>, sulla penisola di Giens e vicino alle magnifiche isole di <strong>Porquerolles<\/strong>, <strong>Port-Cros<\/strong> e <strong>Le Levant<\/strong>. <\/p><div class=\"lireplus fc-desk\"><p style=\"text-align: center;\">Leggi tutto<\/p><div class=\"group\"><p style=\"text-align: center;\">Il campeggio Ile d&#8217;Or offre <strong>case mobili<\/strong> <strong>di 32 m2<\/strong> <strong>in affitto<\/strong>. Per le tue vacanze, puoi <strong>affittare una delle nostre case mobili a Hy\u00e8res, ai piedi del doppio tombolo della Presqu&#8217;ile de Giens<\/strong>. Le attivit\u00e0 comprendono windsurf, kitesurf, scuola di immersione, spa&#8230; Per una <strong>vacanza in casa mobile di successo a soli 400 metri dalla spiaggia sabbiosa di La Badine e dal Mar Mediterraneo<\/strong>, e vicino al molo di Tour Fondue per l&#8217;<strong>isola di Porquerolles<\/strong>, scegli il campeggio l&#8217;Ile d&#8217;Or, questo campeggio sul mare del Var!  <\/p><\/div><\/div><div class=\"columns cards-heb nbr-col-1 align-full fc-diapo-mob\"><div class=\"columns__item card-heb\"><div class=\"gallery\"><figure class=\"gallery__item\"><picture><source srcset=\"https:\/\/acampa-vacances.com\/wp-content\/uploads\/2025\/06\/DSC05576-420x420.jpg.webp\" media=\"(max-width: 210px)\"><source srcset=\"https:\/\/acampa-vacances.com\/wp-content\/uploads\/2025\/06\/DSC05576-850x567.jpg.webp\" media=\"(max-width: 420px)\"><source srcset=\"https:\/\/acampa-vacances.com\/wp-content\/uploads\/2025\/06\/DSC05576-768x512.jpg.webp\" media=\"(max-width: 850px)\"><source srcset=\"https:\/\/acampa-vacances.com\/wp-content\/uploads\/2025\/06\/DSC05576-1024x683.jpg.webp\" media=\"(max-width: 1024px)\"><source srcset=\"https:\/\/acampa-vacances.com\/wp-content\/uploads\/2025\/06\/DSC05576.jpg.webp\" media=\"(min-width: 1025px)\"><img decoding=\"async\" src=\"https:\/\/acampa-vacances.com\/wp-content\/uploads\/2025\/06\/DSC05576-420x420.jpg.webp\" width=\"420\" height=\"210\" loading=\"lazy\" alt=\"\" title=\"\"><\/picture><\/figure><\/div><div class=\"group texte\"><p class=\"h3\">Case mobili<\/p><p>Approfitta delle nostre case mobili completamente attrezzate e dotate di un comfort eccezionale per una vacanza tranquilla e naturale.<\/p><div class=\"lireplus fc-desk\"><p>Leggi tutto<\/p><div class=\"group\"><p>Tutte le case mobili hanno una terrazza coperta, un soggiorno-cucina, 2 camere da letto separate: una con letto matrimoniale e l&#8217;altra con due letti singoli, un bagno e un WC separato.<\/p><\/div><\/div><div class=\"buttons\"><a href=\"https:\/\/acampa-vacances.com\/it\/iledor\/alloggio\/\" rel=\"noreferrer noopener\" class=\"buttons__btn\">Scoprire<\/a><\/div><\/div><\/div><div class=\"columns__item card-heb\"><div class=\"gallery\"><figure class=\"gallery__item\"><picture><source srcset=\"https:\/\/acampa-vacances.com\/wp-content\/uploads\/2025\/06\/DSC05746-420x420.jpg.webp\" media=\"(max-width: 210px)\"><source srcset=\"https:\/\/acampa-vacances.com\/wp-content\/uploads\/2025\/06\/DSC05746-850x567.jpg.webp\" media=\"(max-width: 420px)\"><source srcset=\"https:\/\/acampa-vacances.com\/wp-content\/uploads\/2025\/06\/DSC05746-768x512.jpg.webp\" media=\"(max-width: 850px)\"><source srcset=\"https:\/\/acampa-vacances.com\/wp-content\/uploads\/2025\/06\/DSC05746-1024x683.jpg.webp\" media=\"(max-width: 1024px)\"><source srcset=\"https:\/\/acampa-vacances.com\/wp-content\/uploads\/2025\/06\/DSC05746.jpg.webp\" media=\"(min-width: 1025px)\"><img decoding=\"async\" src=\"https:\/\/acampa-vacances.com\/wp-content\/uploads\/2025\/06\/DSC05746-420x420.jpg.webp\" width=\"420\" height=\"210\" loading=\"lazy\" alt=\"\" title=\"\"><\/picture><\/figure><\/div><div class=\"group texte\"><p class=\"h3\">Luoghi<\/p><p>Scegli una delle nostre piazzole ombreggiate per la tua tenda, roulotte o camper<\/p><div class=\"lireplus fc-desk\"><p>Leggi tutto<\/p><div class=\"group\"><p>L&#8217;accesso all&#8217;acqua potabile e all&#8217;elettricit\u00e0 \u00e8 disponibile nel campeggio. Approfitta delle piazzole vicino alla Baia di Giens, sulla costa mediterranea. <\/p><\/div><\/div><div class=\"buttons\"><a href=\"https:\/\/acampa-vacances.com\/it\/iledor\/alloggio\/#emplacement\" rel=\"noreferrer noopener\" class=\"buttons__btn\">Scoprire<\/a><\/div><\/div><\/div><\/div><\/div><\/div>\n\n<div class=\"group sec-30 align-full\"><figure class=\"pinceaux\"><picture><source srcset=\"https:\/\/acampa-vacances.com\/wp-content\/uploads\/2024\/11\/pinceaux-ile-d-or-420x420.webp\" media=\"(max-width: 210px)\"><source srcset=\"https:\/\/acampa-vacances.com\/wp-content\/uploads\/2024\/11\/pinceaux-ile-d-or-567x850.webp\" media=\"(max-width: 420px)\"><source srcset=\"https:\/\/acampa-vacances.com\/wp-content\/uploads\/2024\/11\/pinceaux-ile-d-or-768x1152.webp\" media=\"(max-width: 850px)\"><source srcset=\"https:\/\/acampa-vacances.com\/wp-content\/uploads\/2024\/11\/pinceaux-ile-d-or-683x1024.webp\" media=\"(max-width: 1024px)\"><source srcset=\"https:\/\/acampa-vacances.com\/wp-content\/uploads\/2024\/11\/pinceaux-ile-d-or.webp\" media=\"(min-width: 1025px)\"><img decoding=\"async\" src=\"https:\/\/acampa-vacances.com\/wp-content\/uploads\/2024\/11\/pinceaux-ile-d-or-420x420.webp\" width=\"420\" height=\"210\" loading=\"lazy\" alt=\"\" title=\"\"><\/picture><\/figure><h2>Servizi e strutture <span class=\"fc-span\">per le tue vacanze nel Var<\/span><\/h2><p>Per semplificarti la vita nel nostro<strong> campeggio nel Var<\/strong>, in Provenza Alpi Costa Azzurra, ti offriamo un&#8217;ampia gamma di servizi e intrattenimenti. Il nostro obiettivo \u00e8 quello di offrirti un soggiorno piacevole e indimenticabile con la tua famiglia o i tuoi amici in Costa Azzurra, nel sud della Francia.<\/p><div class=\"columns\" style=\"align-items:center;\"><div class=\"columns__item media fade-left\" style=\"align-self:center;\"><div class=\"gallery\"><figure class=\"gallery__item ombre gauche\"><picture><source srcset=\"https:\/\/acampa-vacances.com\/wp-content\/uploads\/2024\/11\/DSC05421-420x420.jpg.webp\" media=\"(max-width: 210px)\"><source srcset=\"https:\/\/acampa-vacances.com\/wp-content\/uploads\/2024\/11\/DSC05421.jpg.webp\" media=\"(max-width: 420px)\"><source srcset=\"https:\/\/acampa-vacances.com\/wp-content\/uploads\/2024\/11\/DSC05421-768x512.jpg.webp\" media=\"(max-width: 850px)\"><source srcset=\"https:\/\/acampa-vacances.com\/wp-content\/uploads\/2024\/11\/DSC05421.jpg.webp\" media=\"(max-width: 1024px)\"><source srcset=\"https:\/\/acampa-vacances.com\/wp-content\/uploads\/2024\/11\/DSC05421.jpg.webp\" media=\"(min-width: 1025px)\"><img decoding=\"async\" src=\"https:\/\/acampa-vacances.com\/wp-content\/uploads\/2024\/11\/DSC05421-420x420.jpg.webp\" width=\"420\" height=\"210\" loading=\"lazy\" alt=\"\" title=\"\"><\/picture><\/figure><\/div><\/div><div class=\"columns__item texte fade-right\" style=\"align-self:center;\"><p class=\"h2 inline\">Tutto per rendere il tuo <span class=\"fc-span\">soggiorno ancora migliore<\/span><\/p><p>Ad esempio, il campeggio di Hyeres offre:<\/p><ul><li>Negozio di alimentari aperto tutti i giorni\n<\/li><li>Bar in campeggio\n<\/li><li>Ristorante &#8211; pizzeria\n<\/li><li>Area giochi per bambini\n<\/li><li>WIFI (a pagamento)\n<\/li><\/ul><\/div><\/div><\/div>\n\n<div class=\"cover sec-35 fade-up align-full\"><picture class=\"cover__img\"><source srcset=\"https:\/\/acampa-vacances.com\/wp-content\/uploads\/2024\/11\/AdobeStock_137959206-1-420x420.webp\" media=\"(max-width: 210px)\"><source srcset=\"https:\/\/acampa-vacances.com\/wp-content\/uploads\/2024\/11\/AdobeStock_137959206-1-850x567.webp\" media=\"(max-width: 420px)\"><source srcset=\"https:\/\/acampa-vacances.com\/wp-content\/uploads\/2024\/11\/AdobeStock_137959206-1-768x512.webp\" media=\"(max-width: 850px)\"><source srcset=\"https:\/\/acampa-vacances.com\/wp-content\/uploads\/2024\/11\/AdobeStock_137959206-1-1024x683.webp\" media=\"(max-width: 1024px)\"><source srcset=\"https:\/\/acampa-vacances.com\/wp-content\/uploads\/2024\/11\/AdobeStock_137959206-1.webp\" media=\"(min-width: 1025px)\"><img decoding=\"async\" src=\"https:\/\/acampa-vacances.com\/wp-content\/uploads\/2024\/11\/AdobeStock_137959206-1-420x420.webp\" width=\"420\" height=\"210\" loading=\"lazy\" alt=\"\" title=\"\"><\/picture><div class=\"cover__inner\"><div class=\"columns\"><div class=\"columns__item parallax-up\"><div class=\"gallery height-adapt\"><figure class=\"gallery__item height-adapt\"><picture><source srcset=\"https:\/\/acampa-vacances.com\/wp-content\/uploads\/2025\/06\/DSC05293-420x420.jpg.webp\" media=\"(max-width: 210px)\"><source srcset=\"https:\/\/acampa-vacances.com\/wp-content\/uploads\/2025\/06\/DSC05293-567x850.jpg.webp\" media=\"(max-width: 420px)\"><source srcset=\"https:\/\/acampa-vacances.com\/wp-content\/uploads\/2025\/06\/DSC05293-768x1152.jpg.webp\" media=\"(max-width: 850px)\"><source srcset=\"https:\/\/acampa-vacances.com\/wp-content\/uploads\/2025\/06\/DSC05293-683x1024.jpg.webp\" media=\"(max-width: 1024px)\"><source srcset=\"https:\/\/acampa-vacances.com\/wp-content\/uploads\/2025\/06\/DSC05293-scaled.jpg.webp\" media=\"(min-width: 1025px)\"><img decoding=\"async\" src=\"https:\/\/acampa-vacances.com\/wp-content\/uploads\/2025\/06\/DSC05293-420x420.jpg.webp\" width=\"420\" height=\"210\" loading=\"lazy\" alt=\"\" title=\"\"><\/picture><\/figure><\/div><\/div><div class=\"columns__item texte\"><div class=\"group\" style=\"background-color:var(--blanc);\"><h2>Scopri le ricchezze di <span class=\"fc-span\">Hy\u00e8res e del Var<\/span><\/h2><p>Il campeggio Ile d&#8217;Or a 3 stelle sulla <strong>Presqu&#8217;ile de Giens<\/strong> \u00e8 situato in una posizione ideale per esplorare i luoghi pi\u00f9 belli.<\/p><div class=\"lireplus fc-desk\"><p>Leggi tutto<\/p><div class=\"group\"><p>In <strong>Costa Azzurra<\/strong>, nel Var e in tutta la regione <strong>provenzale-mediterranea<\/strong>.<\/p><p>Scopri il sentiero costiero della Presqu&#8217;\u00eele de Giens!<\/p><p>Le<strong>isole di Porquerolles<\/strong>,<strong>Ile du Levant<\/strong> e<strong>Port-Cros<\/strong>, ad esempio, sono luoghi ideali da scoprire con la famiglia o con gli amici.<\/p><p>In alternativa, puoi avventurarti nelle superbe localit\u00e0 balneari di <strong>Carqueiranne<\/strong>, <strong>Le Pradet<\/strong>, <strong>Le Lavandou<\/strong>, <strong>Saint Tropez<\/strong>, Fr\u00e9jus, Puget-sur-Agens&#8230; o nella citt\u00e0 di Tolone.<\/p><\/div><\/div><\/div><div class=\"gallery\"><figure class=\"gallery__item\"><picture><source srcset=\"https:\/\/acampa-vacances.com\/wp-content\/uploads\/2025\/06\/DSC05111-420x420.jpg.webp\" media=\"(max-width: 210px)\"><source srcset=\"https:\/\/acampa-vacances.com\/wp-content\/uploads\/2025\/06\/DSC05111-850x567.jpg.webp\" media=\"(max-width: 420px)\"><source srcset=\"https:\/\/acampa-vacances.com\/wp-content\/uploads\/2025\/06\/DSC05111-768x512.jpg.webp\" media=\"(max-width: 850px)\"><source srcset=\"https:\/\/acampa-vacances.com\/wp-content\/uploads\/2025\/06\/DSC05111-1024x683.jpg.webp\" media=\"(max-width: 1024px)\"><source srcset=\"https:\/\/acampa-vacances.com\/wp-content\/uploads\/2025\/06\/DSC05111.jpg.webp\" media=\"(min-width: 1025px)\"><img decoding=\"async\" src=\"https:\/\/acampa-vacances.com\/wp-content\/uploads\/2025\/06\/DSC05111-420x420.jpg.webp\" width=\"420\" height=\"210\" loading=\"lazy\" alt=\"\" title=\"\"><\/picture><\/figure><\/div><\/div><\/div><\/div><\/div>\n\n<div class=\"group sec-20 fade-up\"><figure class=\"pinceaux\"><picture><source srcset=\"https:\/\/acampa-vacances.com\/wp-content\/uploads\/2024\/11\/pinceaux-ile-d-or-420x420.webp\" media=\"(max-width: 210px)\"><source srcset=\"https:\/\/acampa-vacances.com\/wp-content\/uploads\/2024\/11\/pinceaux-ile-d-or-567x850.webp\" media=\"(max-width: 420px)\"><source srcset=\"https:\/\/acampa-vacances.com\/wp-content\/uploads\/2024\/11\/pinceaux-ile-d-or-768x1152.webp\" media=\"(max-width: 850px)\"><source srcset=\"https:\/\/acampa-vacances.com\/wp-content\/uploads\/2024\/11\/pinceaux-ile-d-or-683x1024.webp\" media=\"(max-width: 1024px)\"><source srcset=\"https:\/\/acampa-vacances.com\/wp-content\/uploads\/2024\/11\/pinceaux-ile-d-or.webp\" media=\"(min-width: 1025px)\"><img decoding=\"async\" src=\"https:\/\/acampa-vacances.com\/wp-content\/uploads\/2024\/11\/pinceaux-ile-d-or-420x420.webp\" width=\"420\" height=\"210\" loading=\"lazy\" alt=\"\" title=\"\"><\/picture><\/figure><h2 class=\"inline\">Attivit\u00e0 per tutti <span class=\"fc-span\">sulla Presqu&#8217;\u00eele de Giens<\/span><\/h2><p>Non dimenticare che il campeggio si trova sulla Presqu&#8217;\u00eele de Giens! \u00c8 un paradiso per gli amanti della natura e dello sport, con divertimento assicurato!   <\/p><p>\u00c8 addirittura considerata la capitale degli sport acquatici del Var. I tuoi bambini avranno molto da scoprire. <\/p><div class=\"gallery col-4 fc-diapo-mob\" data-fancybox=\"gallery-mob\"><figure class=\"gallery__item ombre gauche\"><a href=\"https:\/\/spinout.fr\/reservation\" target=\"_blank\" rel=\"noopener\"><picture><source srcset=\"https:\/\/acampa-vacances.com\/wp-content\/uploads\/2024\/12\/telechargement-e1734002300641-420x420.jpg\" media=\"(max-width: 210px)\"><source srcset=\"https:\/\/acampa-vacances.com\/wp-content\/uploads\/2024\/12\/telechargement-e1734002300641-850x673.jpg\" media=\"(max-width: 420px)\"><source srcset=\"https:\/\/acampa-vacances.com\/wp-content\/uploads\/2024\/12\/telechargement-e1734002300641-768x608.jpg\" media=\"(max-width: 850px)\"><source srcset=\"https:\/\/acampa-vacances.com\/wp-content\/uploads\/2024\/12\/telechargement-1024x683.jpg\" media=\"(max-width: 1024px)\"><source srcset=\"https:\/\/acampa-vacances.com\/wp-content\/uploads\/2024\/12\/telechargement-e1734002300641.jpg\" media=\"(min-width: 1025px)\"><img decoding=\"async\" src=\"https:\/\/acampa-vacances.com\/wp-content\/uploads\/2024\/12\/telechargement-e1734002300641-420x420.jpg\" width=\"420\" height=\"210\" loading=\"lazy\" alt=\"\" title=\"\"><\/picture><figcaption>SPORT ACQUATICI\/ CICLISMO<\/figcaption><\/a><\/figure><figure class=\"gallery__item ombre gauche\"><a href=\"https:\/\/www.ideosens.fr\/aphroditespa\/\" target=\"_blank\" rel=\"noopener\"><picture><source srcset=\"https:\/\/acampa-vacances.com\/wp-content\/uploads\/2024\/11\/spa_jaccuzi-3-420x420.webp\" media=\"(max-width: 210px)\"><source srcset=\"https:\/\/acampa-vacances.com\/wp-content\/uploads\/2024\/11\/spa_jaccuzi-3-850x567.webp\" media=\"(max-width: 420px)\"><source srcset=\"https:\/\/acampa-vacances.com\/wp-content\/uploads\/2024\/11\/spa_jaccuzi-3-768x512.webp\" media=\"(max-width: 850px)\"><source srcset=\"https:\/\/acampa-vacances.com\/wp-content\/uploads\/2024\/11\/spa_jaccuzi-3-1024x683.webp\" media=\"(max-width: 1024px)\"><source srcset=\"https:\/\/acampa-vacances.com\/wp-content\/uploads\/2024\/11\/spa_jaccuzi-3.webp\" media=\"(min-width: 1025px)\"><img decoding=\"async\" src=\"https:\/\/acampa-vacances.com\/wp-content\/uploads\/2024\/11\/spa_jaccuzi-3-420x420.webp\" width=\"420\" height=\"210\" loading=\"lazy\" alt=\"\" title=\"\"><\/picture><figcaption>APHRODITE SPA<\/figcaption><\/a><\/figure><figure class=\"gallery__item ombre\"><a href=\"https:\/\/divingiens.fr\/\" target=\"_blank\" rel=\"noopener\"><picture><source srcset=\"https:\/\/acampa-vacances.com\/wp-content\/uploads\/2024\/12\/image-3-420x420.jpeg.webp\" media=\"(max-width: 210px)\"><source srcset=\"https:\/\/acampa-vacances.com\/wp-content\/uploads\/2024\/12\/image-3-850x850.jpeg.webp\" media=\"(max-width: 420px)\"><source srcset=\"https:\/\/acampa-vacances.com\/wp-content\/uploads\/2024\/12\/image-3-768x768.jpeg.webp\" media=\"(max-width: 850px)\"><source srcset=\"https:\/\/acampa-vacances.com\/wp-content\/uploads\/2024\/12\/image-3-1024x1024.jpeg.webp\" media=\"(max-width: 1024px)\"><source srcset=\"https:\/\/acampa-vacances.com\/wp-content\/uploads\/2024\/12\/image-3.jpeg.webp\" media=\"(min-width: 1025px)\"><img decoding=\"async\" src=\"https:\/\/acampa-vacances.com\/wp-content\/uploads\/2024\/12\/image-3-420x420.jpeg.webp\" width=\"420\" height=\"210\" loading=\"lazy\" alt=\"\" title=\"\"><\/picture><figcaption>SCUOLA DI IMMERSIONE<\/figcaption><\/a><\/figure><figure class=\"gallery__item ombre\"><picture><source srcset=\"https:\/\/acampa-vacances.com\/wp-content\/uploads\/2024\/12\/act-kitesurf-kgg-camping-international-620x500-1-420x420.jpg.webp\" media=\"(max-width: 210px)\"><source srcset=\"https:\/\/acampa-vacances.com\/wp-content\/uploads\/2024\/12\/act-kitesurf-kgg-camping-international-620x500-1.jpg.webp\" media=\"(max-width: 420px)\"><source srcset=\"https:\/\/acampa-vacances.com\/wp-content\/uploads\/2024\/12\/act-kitesurf-kgg-camping-international-620x500-1.jpg.webp\" media=\"(max-width: 850px)\"><source srcset=\"https:\/\/acampa-vacances.com\/wp-content\/uploads\/2024\/12\/act-kitesurf-kgg-camping-international-620x500-1.jpg.webp\" media=\"(max-width: 1024px)\"><source srcset=\"https:\/\/acampa-vacances.com\/wp-content\/uploads\/2024\/12\/act-kitesurf-kgg-camping-international-620x500-1.jpg.webp\" media=\"(min-width: 1025px)\"><img decoding=\"async\" src=\"https:\/\/acampa-vacances.com\/wp-content\/uploads\/2024\/12\/act-kitesurf-kgg-camping-international-620x500-1-420x420.jpg.webp\" width=\"420\" height=\"210\" loading=\"lazy\" alt=\"\" title=\"\"><\/picture><figcaption>PARTNERS<\/figcaption><\/figure><\/div><div class=\"buttons display-flex \" style=\"justify-content:center;\"><a href=\"https:\/\/acampa-vacances.com\/it\/attivita-da-fare-in-giens\/\" rel=\"noreferrer noopener\" class=\"buttons__btn\">Attivit\u00e0<\/a><\/div><\/div>","protected":false},"author":1,"parent":0,"menu_order":0,"template":"","meta":{"_acf_changed":false,"footnotes":""},"acf":[],"_links":{"self":[{"href":"https:\/\/acampa-vacances.com\/it\/wp-json\/wp\/v2\/iledor\/12946"}],"collection":[{"href":"https:\/\/acampa-vacances.com\/it\/wp-json\/wp\/v2\/iledor"}],"about":[{"href":"https:\/\/acampa-vacances.com\/it\/wp-json\/wp\/v2\/types\/iledor"}],"author":[{"embeddable":true,"href":"https:\/\/acampa-vacances.com\/it\/wp-json\/wp\/v2\/users\/1"}],"version-history":[{"count":17,"href":"https:\/\/acampa-vacances.com\/it\/wp-json\/wp\/v2\/iledor\/12946\/revisions"}],"predecessor-version":[{"id":16816,"href":"https:\/\/acampa-vacances.com\/it\/wp-json\/wp\/v2\/iledor\/12946\/revisions\/16816"}],"wp:attachment":[{"href":"https:\/\/acampa-vacances.com\/it\/wp-json\/wp\/v2\/media?parent=12946"}],"curies":[{"name":"wp","href":"https:\/\/api.w.org\/{rel}","templated":true}]}}