{"id":12242,"date":"2024-11-27T09:36:51","date_gmt":"2024-11-27T08:36:51","guid":{"rendered":"https:\/\/acampa-vacances.com\/tourisme-a-hyeres\/villes\/"},"modified":"2025-01-28T09:52:57","modified_gmt":"2025-01-28T08:52:57","slug":"citta","status":"publish","type":"page","link":"https:\/\/acampa-vacances.com\/it\/turismo-a-hyeres\/citta\/","title":{"rendered":"Citt\u00e0"},"content":{"rendered":"<nav class=\"fildariane\"><a class=\"fildariane__item\" href=\"https:\/\/acampa-vacances.com\/it\/\">Acampa<\/a><span class=\"fc-icon\"><svg xmlns=\"http:\/\/www.w3.org\/2000\/svg\"  viewBox=\"0 0 320 512\" width=\"16px\" height=\"16px\"><!--! Font Awesome Pro 6.4.2 by @fontawesome - https:\/\/fontawesome.com License - https:\/\/fontawesome.com\/license (Commercial License) Copyright 2023 Fonticons, Inc.--><path d=\"M267.3 244.7c6.2 6.2 6.2 16.4 0 22.6l-160 160c-6.2 6.2-16.4 6.2-22.6 0s-6.2-16.4 0-22.6L233.4 256 84.7 107.3c-6.2-6.2-6.2-16.4 0-22.6s16.4-6.2 22.6 0l160 160z\"\/><\/svg><\/span><a class=\"fildariane__item\" href=\"https:\/\/acampa-vacances.com\/it\/turismo-a-hyeres\/\">Turismo<\/a><span class=\"fc-icon\"><svg xmlns=\"http:\/\/www.w3.org\/2000\/svg\"  viewBox=\"0 0 320 512\" width=\"16px\" height=\"16px\"><!--! Font Awesome Pro 6.4.2 by @fontawesome - https:\/\/fontawesome.com License - https:\/\/fontawesome.com\/license (Commercial License) Copyright 2023 Fonticons, Inc.--><path d=\"M267.3 244.7c6.2 6.2 6.2 16.4 0 22.6l-160 160c-6.2 6.2-16.4 6.2-22.6 0s-6.2-16.4 0-22.6L233.4 256 84.7 107.3c-6.2-6.2-6.2-16.4 0-22.6s16.4-6.2 22.6 0l160 160z\"\/><\/svg><\/span><span class=\"fildariane__item\">Citt\u00e0<\/span><\/nav><a class=\"fildariane__item retour\" href=\"https:\/\/acampa-vacances.com\/it\/\"\"><span class=\"fc-icon\"><svg xmlns=\"http:\/\/www.w3.org\/2000\/svg\"  viewBox=\"0 0 448 512\" width=\"16px\" height=\"16px\"><!--! Font Awesome Pro 6.4.2 by @fontawesome - https:\/\/fontawesome.com License - https:\/\/fontawesome.com\/license (Commercial License) Copyright 2023 Fonticons, Inc.--><path d=\"M7.4 273.4C2.7 268.8 0 262.6 0 256s2.7-12.8 7.4-17.4l176-168c9.6-9.2 24.8-8.8 33.9 .8s8.8 24.8-.8 33.9L83.9 232 424 232c13.3 0 24 10.7 24 24s-10.7 24-24 24L83.9 280 216.6 406.6c9.6 9.2 9.9 24.3 .8 33.9s-24.3 9.9-33.9 .8l-176-168z\"\/><\/svg><\/span>Torna alla pagina iniziale<\/a>\n\n\n    <div class=\"columns nbr-col-3 listed__post\">\r\n\r\n        \r\n            <div class=\"columns__item post__item listed__post__item currentPage\" >\r\n                <div class=\"gallery\">\r\n                    <figure class=\"gallery__item\">\r\n                        <picture>\r\n                            <source srcset=\"https:\/\/acampa-vacances.com\/wp-content\/uploads\/2024\/12\/clairdelune-porc-cros-420x420.jpg.webp\" media=\"(max-width: 210px)\">\r\n                            <source srcset=\"https:\/\/acampa-vacances.com\/wp-content\/uploads\/2024\/12\/clairdelune-porc-cros-850x478.jpg.webp\" media=\"(max-width: 420px)\">\r\n                            <source srcset=\"https:\/\/acampa-vacances.com\/wp-content\/uploads\/2024\/12\/clairdelune-porc-cros-768x432.jpg.webp\" media=\"(max-width: 850px)\">\r\n                            <source srcset=\"https:\/\/acampa-vacances.com\/wp-content\/uploads\/2024\/12\/clairdelune-porc-cros-1024x576.jpg.webp\" media=\"(max-width: 1024px)\">\r\n                            <source srcset=\"https:\/\/acampa-vacances.com\/wp-content\/uploads\/2024\/12\/clairdelune-porc-cros.jpg.webp\" media=\"(min-width: 1025px)\">\r\n\r\n                            <img loading=\"lazy\" decoding=\"async\" src=\"https:\/\/acampa-vacances.com\/wp-content\/uploads\/2024\/12\/clairdelune-porc-cros-420x420.jpg.webp\" width=\"420\" height=\"210\" alt=\"\" title=\"\">\r\n                        <\/picture>\r\n                    <\/figure>\r\n                <\/div>\r\n                <div class=\"group texte\">\r\n                    \r\n                    <p class=\"h3\">Porto Cros<\/p>\r\n                    <p class=\"post__item__description\">\r\n                                                Port-Cros Port-Cros \u00e8 un&#8217;isola dell&#8217;arcipelago di Hy\u00e8res. Situata nel vasto Mediterraneo, l&#8217;isola \u00e8 stata donata al governo francese con la [&#8230;]                    <\/p>\r\n\r\n                    <div class=\"buttons\">\r\n                        <a href=\"https:\/\/acampa-vacances.com\/it\/turismo\/porto-cros\/\" class=\"buttons__btn\">Scoprire<\/a>\r\n                    <\/div>\r\n                <\/div>\r\n            <\/div>\r\n\r\n        \r\n            <div class=\"columns__item post__item listed__post__item currentPage\" >\r\n                <div class=\"gallery\">\r\n                    <figure class=\"gallery__item\">\r\n                        <picture>\r\n                            <source srcset=\"https:\/\/acampa-vacances.com\/wp-content\/uploads\/2024\/11\/fontainedelafederation_s.jpg.webp\" media=\"(max-width: 210px)\">\r\n                            <source srcset=\"https:\/\/acampa-vacances.com\/wp-content\/uploads\/2024\/11\/fontainedelafederation_s.jpg.webp\" media=\"(max-width: 420px)\">\r\n                            <source srcset=\"https:\/\/acampa-vacances.com\/wp-content\/uploads\/2024\/11\/fontainedelafederation_s.jpg.webp\" media=\"(max-width: 850px)\">\r\n                            <source srcset=\"https:\/\/acampa-vacances.com\/wp-content\/uploads\/2024\/11\/fontainedelafederation_s.jpg.webp\" media=\"(max-width: 1024px)\">\r\n                            <source srcset=\"https:\/\/acampa-vacances.com\/wp-content\/uploads\/2024\/11\/fontainedelafederation_s.jpg.webp\" media=\"(min-width: 1025px)\">\r\n\r\n                            <img loading=\"lazy\" decoding=\"async\" src=\"https:\/\/acampa-vacances.com\/wp-content\/uploads\/2024\/11\/fontainedelafederation_s.jpg.webp\" width=\"420\" height=\"210\" alt=\"\" title=\"\">\r\n                        <\/picture>\r\n                    <\/figure>\r\n                <\/div>\r\n                <div class=\"group texte\">\r\n                    \r\n                    <p class=\"h3\">Tolone<\/p>\r\n                    <p class=\"post__item__description\">\r\n                                                Tolone Un campeggio sul mare a 30 km da Tolone Un ambiente da sogno ti aspetta al Campeggio Clair de Lune e ti promette una vacanza autentica a soli [&#8230;]                    <\/p>\r\n\r\n                    <div class=\"buttons\">\r\n                        <a href=\"https:\/\/acampa-vacances.com\/it\/turismo\/tolone\/\" class=\"buttons__btn\">Scoprire<\/a>\r\n                    <\/div>\r\n                <\/div>\r\n            <\/div>\r\n\r\n        \r\n            <div class=\"columns__item post__item listed__post__item currentPage\" >\r\n                <div class=\"gallery\">\r\n                    <figure class=\"gallery__item\">\r\n                        <picture>\r\n                            <source srcset=\"https:\/\/acampa-vacances.com\/wp-content\/uploads\/2024\/12\/hyeres-porte-st-paul_s.jpg.webp\" media=\"(max-width: 210px)\">\r\n                            <source srcset=\"https:\/\/acampa-vacances.com\/wp-content\/uploads\/2024\/12\/hyeres-porte-st-paul_s.jpg.webp\" media=\"(max-width: 420px)\">\r\n                            <source srcset=\"https:\/\/acampa-vacances.com\/wp-content\/uploads\/2024\/12\/hyeres-porte-st-paul_s.jpg.webp\" media=\"(max-width: 850px)\">\r\n                            <source srcset=\"https:\/\/acampa-vacances.com\/wp-content\/uploads\/2024\/12\/hyeres-porte-st-paul_s.jpg.webp\" media=\"(max-width: 1024px)\">\r\n                            <source srcset=\"https:\/\/acampa-vacances.com\/wp-content\/uploads\/2024\/12\/hyeres-porte-st-paul_s.jpg.webp\" media=\"(min-width: 1025px)\">\r\n\r\n                            <img loading=\"lazy\" decoding=\"async\" src=\"https:\/\/acampa-vacances.com\/wp-content\/uploads\/2024\/12\/hyeres-porte-st-paul_s.jpg.webp\" width=\"420\" height=\"210\" alt=\"\" title=\"\">\r\n                        <\/picture>\r\n                    <\/figure>\r\n                <\/div>\r\n                <div class=\"group texte\">\r\n                    \r\n                    <p class=\"h3\">Citt\u00e0 medievale<\/p>\r\n                    <p class=\"post__item__description\">\r\n                                                La citt\u00e0 medievale A soli 10 km dal campeggio Clair de Lune di Hy\u00e8res, il centro storico \u00e8 il pi\u00f9 medievale della citt\u00e0. Secondo gli storici, un [&#8230;]                    <\/p>\r\n\r\n                    <div class=\"buttons\">\r\n                        <a href=\"https:\/\/acampa-vacances.com\/it\/turismo\/la-citta-medievale\/\" class=\"buttons__btn\">Scoprire<\/a>\r\n                    <\/div>\r\n                <\/div>\r\n            <\/div>\r\n\r\n        \r\n            <div class=\"columns__item post__item listed__post__item currentPage\" >\r\n                <div class=\"gallery\">\r\n                    <figure class=\"gallery__item\">\r\n                        <picture>\r\n                            <source srcset=\"https:\/\/acampa-vacances.com\/wp-content\/uploads\/2024\/11\/clairdelune-le-pradet-1-420x336.jpg.webp\" media=\"(max-width: 210px)\">\r\n                            <source srcset=\"https:\/\/acampa-vacances.com\/wp-content\/uploads\/2024\/11\/clairdelune-le-pradet-1.jpg.webp\" media=\"(max-width: 420px)\">\r\n                            <source srcset=\"https:\/\/acampa-vacances.com\/wp-content\/uploads\/2024\/11\/clairdelune-le-pradet-1.jpg.webp\" media=\"(max-width: 850px)\">\r\n                            <source srcset=\"https:\/\/acampa-vacances.com\/wp-content\/uploads\/2024\/11\/clairdelune-le-pradet-1.jpg.webp\" media=\"(max-width: 1024px)\">\r\n                            <source srcset=\"https:\/\/acampa-vacances.com\/wp-content\/uploads\/2024\/11\/clairdelune-le-pradet-1.jpg.webp\" media=\"(min-width: 1025px)\">\r\n\r\n                            <img loading=\"lazy\" decoding=\"async\" src=\"https:\/\/acampa-vacances.com\/wp-content\/uploads\/2024\/11\/clairdelune-le-pradet-1-420x336.jpg.webp\" width=\"420\" height=\"210\" alt=\"\" title=\"\">\r\n                        <\/picture>\r\n                    <\/figure>\r\n                <\/div>\r\n                <div class=\"group texte\">\r\n                    \r\n                    <p class=\"h3\">Le Pradet<\/p>\r\n                    <p class=\"post__item__description\">\r\n                                                Le Pradet Crediti fotografici: Le Pradet tourisme Localit\u00e0 costiera Le Pradet \u00e8 un&#8217;incantevole localit\u00e0 sulla costa del Var, con 7 km di litorale. [&#8230;]                    <\/p>\r\n\r\n                    <div class=\"buttons\">\r\n                        <a href=\"https:\/\/acampa-vacances.com\/it\/turismo\/le-pradet\/\" class=\"buttons__btn\">Scoprire<\/a>\r\n                    <\/div>\r\n                <\/div>\r\n            <\/div>\r\n\r\n        \r\n            <div class=\"columns__item post__item listed__post__item currentPage\" >\r\n                <div class=\"gallery\">\r\n                    <figure class=\"gallery__item\">\r\n                        <picture>\r\n                            <source srcset=\"https:\/\/acampa-vacances.com\/wp-content\/uploads\/2024\/11\/sans-titre-9-1-1-420x420.jpg.webp\" media=\"(max-width: 210px)\">\r\n                            <source srcset=\"https:\/\/acampa-vacances.com\/wp-content\/uploads\/2024\/11\/sans-titre-9-1-1-850x567.jpg.webp\" media=\"(max-width: 420px)\">\r\n                            <source srcset=\"https:\/\/acampa-vacances.com\/wp-content\/uploads\/2024\/11\/sans-titre-9-1-1-768x512.jpg.webp\" media=\"(max-width: 850px)\">\r\n                            <source srcset=\"https:\/\/acampa-vacances.com\/wp-content\/uploads\/2024\/11\/sans-titre-9-1-1.jpg.webp\" media=\"(max-width: 1024px)\">\r\n                            <source srcset=\"https:\/\/acampa-vacances.com\/wp-content\/uploads\/2024\/11\/sans-titre-9-1-1.jpg.webp\" media=\"(min-width: 1025px)\">\r\n\r\n                            <img loading=\"lazy\" decoding=\"async\" src=\"https:\/\/acampa-vacances.com\/wp-content\/uploads\/2024\/11\/sans-titre-9-1-1-420x420.jpg.webp\" width=\"420\" height=\"210\" alt=\"\" title=\"\">\r\n                        <\/picture>\r\n                    <\/figure>\r\n                <\/div>\r\n                <div class=\"group texte\">\r\n                    \r\n                    <p class=\"h3\">La Capte<\/p>\r\n                    <p class=\"post__item__description\">\r\n                                                La Capte La Capte \u00e8 uno dei 14 quartieri di Hy\u00e8res, nel sud-est della Francia, a est di Tolone. Tolone \u00e8 una citt\u00e0 del sud-est della Francia. Il [&#8230;]                    <\/p>\r\n\r\n                    <div class=\"buttons\">\r\n                        <a href=\"https:\/\/acampa-vacances.com\/it\/turismo\/la-capte\/\" class=\"buttons__btn\">Scoprire<\/a>\r\n                    <\/div>\r\n                <\/div>\r\n            <\/div>\r\n\r\n        \r\n            <div class=\"columns__item post__item listed__post__item currentPage\" >\r\n                <div class=\"gallery\">\r\n                    <figure class=\"gallery__item\">\r\n                        <picture>\r\n                            <source srcset=\"https:\/\/acampa-vacances.com\/wp-content\/uploads\/2024\/12\/clairdelune-ile-2632654_1280-420x420.jpg\" media=\"(max-width: 210px)\">\r\n                            <source srcset=\"https:\/\/acampa-vacances.com\/wp-content\/uploads\/2024\/12\/clairdelune-ile-2632654_1280-850x445.jpg\" media=\"(max-width: 420px)\">\r\n                            <source srcset=\"https:\/\/acampa-vacances.com\/wp-content\/uploads\/2024\/12\/clairdelune-ile-2632654_1280-768x402.jpg\" media=\"(max-width: 850px)\">\r\n                            <source srcset=\"https:\/\/acampa-vacances.com\/wp-content\/uploads\/2024\/12\/clairdelune-ile-2632654_1280-1024x536.jpg\" media=\"(max-width: 1024px)\">\r\n                            <source srcset=\"https:\/\/acampa-vacances.com\/wp-content\/uploads\/2024\/12\/clairdelune-ile-2632654_1280.jpg\" media=\"(min-width: 1025px)\">\r\n\r\n                            <img loading=\"lazy\" decoding=\"async\" src=\"https:\/\/acampa-vacances.com\/wp-content\/uploads\/2024\/12\/clairdelune-ile-2632654_1280-420x420.jpg\" width=\"420\" height=\"210\" alt=\"\" title=\"\">\r\n                        <\/picture>\r\n                    <\/figure>\r\n                <\/div>\r\n                <div class=\"group texte\">\r\n                    \r\n                    <p class=\"h3\">Porquerolles<\/p>\r\n                    <p class=\"post__item__description\">\r\n                                                Porquerolles Hy\u00e8res A soli venti minuti dalla Presqu&#8217;\u00eele de Giens di Hy\u00e8res o dal porto di Niel, l&#8217;isola di Porquerolles \u00e8 uno dei porti naturali [&#8230;]                    <\/p>\r\n\r\n                    <div class=\"buttons\">\r\n                        <a href=\"https:\/\/acampa-vacances.com\/it\/turismo\/porquerolles\/\" class=\"buttons__btn\">Scoprire<\/a>\r\n                    <\/div>\r\n                <\/div>\r\n            <\/div>\r\n\r\n        \r\n            <div class=\"columns__item post__item listed__post__item currentPage\" >\r\n                <div class=\"gallery\">\r\n                    <figure class=\"gallery__item\">\r\n                        <picture>\r\n                            <source srcset=\"https:\/\/acampa-vacances.com\/wp-content\/uploads\/2024\/11\/le-castellet-420x420.jpg.webp\" media=\"(max-width: 210px)\">\r\n                            <source srcset=\"https:\/\/acampa-vacances.com\/wp-content\/uploads\/2024\/11\/le-castellet.jpg.webp\" media=\"(max-width: 420px)\">\r\n                            <source srcset=\"https:\/\/acampa-vacances.com\/wp-content\/uploads\/2024\/11\/le-castellet.jpg.webp\" media=\"(max-width: 850px)\">\r\n                            <source srcset=\"https:\/\/acampa-vacances.com\/wp-content\/uploads\/2024\/11\/le-castellet.jpg.webp\" media=\"(max-width: 1024px)\">\r\n                            <source srcset=\"https:\/\/acampa-vacances.com\/wp-content\/uploads\/2024\/11\/le-castellet.jpg.webp\" media=\"(min-width: 1025px)\">\r\n\r\n                            <img loading=\"lazy\" decoding=\"async\" src=\"https:\/\/acampa-vacances.com\/wp-content\/uploads\/2024\/11\/le-castellet-420x420.jpg.webp\" width=\"420\" height=\"210\" alt=\"\" title=\"\">\r\n                        <\/picture>\r\n                    <\/figure>\r\n                <\/div>\r\n                <div class=\"group texte\">\r\n                    \r\n                    <p class=\"h3\">Villaggio Le Castellet<\/p>\r\n                    <p class=\"post__item__description\">\r\n                                                Villaggio Le Castellet A 52 km dal nostro campeggio nel Var, vieni a scoprire il grazioso villaggio collinare di Le Castellet che si affaccia sulla [&#8230;]                    <\/p>\r\n\r\n                    <div class=\"buttons\">\r\n                        <a href=\"https:\/\/acampa-vacances.com\/it\/turismo\/villaggio-du-castellet\/\" class=\"buttons__btn\">Scoprire<\/a>\r\n                    <\/div>\r\n                <\/div>\r\n            <\/div>\r\n\r\n        \r\n            <div class=\"columns__item post__item listed__post__item currentPage\" >\r\n                <div class=\"gallery\">\r\n                    <figure class=\"gallery__item\">\r\n                        <picture>\r\n                            <source srcset=\"https:\/\/acampa-vacances.com\/wp-content\/uploads\/2024\/11\/carqueiranne-port-1.jpg.webp\" media=\"(max-width: 210px)\">\r\n                            <source srcset=\"https:\/\/acampa-vacances.com\/wp-content\/uploads\/2024\/11\/carqueiranne-port-1.jpg.webp\" media=\"(max-width: 420px)\">\r\n                            <source srcset=\"https:\/\/acampa-vacances.com\/wp-content\/uploads\/2024\/11\/carqueiranne-port-1.jpg.webp\" media=\"(max-width: 850px)\">\r\n                            <source srcset=\"https:\/\/acampa-vacances.com\/wp-content\/uploads\/2024\/11\/carqueiranne-port-1.jpg.webp\" media=\"(max-width: 1024px)\">\r\n                            <source srcset=\"https:\/\/acampa-vacances.com\/wp-content\/uploads\/2024\/11\/carqueiranne-port-1.jpg.webp\" media=\"(min-width: 1025px)\">\r\n\r\n                            <img loading=\"lazy\" decoding=\"async\" src=\"https:\/\/acampa-vacances.com\/wp-content\/uploads\/2024\/11\/carqueiranne-port-1.jpg.webp\" width=\"420\" height=\"210\" alt=\"\" title=\"\">\r\n                        <\/picture>\r\n                    <\/figure>\r\n                <\/div>\r\n                <div class=\"group texte\">\r\n                    \r\n                    <p class=\"h3\">Carqueiranne, localit\u00e0 balneare<\/p>\r\n                    <p class=\"post__item__description\">\r\n                                                Carqueiranne: una piccola e affascinante localit\u00e0 balneare Carqueiranne \u00e8 un piccolo porto provenzale sulla costa del Var, a 15 km da Tolone, a 10 [&#8230;]                    <\/p>\r\n\r\n                    <div class=\"buttons\">\r\n                        <a href=\"https:\/\/acampa-vacances.com\/it\/turismo\/carqueiranne-una-piccola-localita-balneare-incantevole\/\" class=\"buttons__btn\">Scoprire<\/a>\r\n                    <\/div>\r\n                <\/div>\r\n            <\/div>\r\n\r\n        \r\n            <div class=\"columns__item post__item listed__post__item currentPage\" >\r\n                <div class=\"gallery\">\r\n                    <figure class=\"gallery__item\">\r\n                        <picture>\r\n                            <source srcset=\"https:\/\/acampa-vacances.com\/wp-content\/uploads\/2024\/11\/aups-4-300x183-1-1.png.webp\" media=\"(max-width: 210px)\">\r\n                            <source srcset=\"https:\/\/acampa-vacances.com\/wp-content\/uploads\/2024\/11\/aups-4-300x183-1-1.png.webp\" media=\"(max-width: 420px)\">\r\n                            <source srcset=\"https:\/\/acampa-vacances.com\/wp-content\/uploads\/2024\/11\/aups-4-300x183-1-1.png.webp\" media=\"(max-width: 850px)\">\r\n                            <source srcset=\"https:\/\/acampa-vacances.com\/wp-content\/uploads\/2024\/11\/aups-4-300x183-1-1.png.webp\" media=\"(max-width: 1024px)\">\r\n                            <source srcset=\"https:\/\/acampa-vacances.com\/wp-content\/uploads\/2024\/11\/aups-4-300x183-1-1.png.webp\" media=\"(min-width: 1025px)\">\r\n\r\n                            <img loading=\"lazy\" decoding=\"async\" src=\"https:\/\/acampa-vacances.com\/wp-content\/uploads\/2024\/11\/aups-4-300x183-1-1.png.webp\" width=\"420\" height=\"210\" alt=\"\" title=\"\">\r\n                        <\/picture>\r\n                    <\/figure>\r\n                <\/div>\r\n                <div class=\"group texte\">\r\n                    \r\n                    <p class=\"h3\">Aups e Barjols<\/p>\r\n                    <p class=\"post__item__description\">\r\n                                                Un tour dei villaggi dell&#8217;Haut Var: Aups e Barjols Che ne dici di esplorare l&#8217;Haut Var? \u00c8 un bel cambiamento rispetto alla costa di Hyeres. In questo [&#8230;]                    <\/p>\r\n\r\n                    <div class=\"buttons\">\r\n                        <a href=\"https:\/\/acampa-vacances.com\/it\/turismo\/un-giro-nei-villaggi-dell-haut-var-aups-barjols\/\" class=\"buttons__btn\">Scoprire<\/a>\r\n                    <\/div>\r\n                <\/div>\r\n            <\/div>\r\n\r\n        \r\n            <div class=\"columns__item post__item listed__post__item\" >\r\n                <div class=\"gallery\">\r\n                    <figure class=\"gallery__item\">\r\n                        <picture>\r\n                            <source srcset=\"https:\/\/acampa-vacances.com\/wp-content\/uploads\/2024\/12\/202102-PICH-ARTICLE1-420x420.jpg.webp\" media=\"(max-width: 210px)\">\r\n                            <source srcset=\"https:\/\/acampa-vacances.com\/wp-content\/uploads\/2024\/12\/202102-PICH-ARTICLE1.jpg.webp\" media=\"(max-width: 420px)\">\r\n                            <source srcset=\"https:\/\/acampa-vacances.com\/wp-content\/uploads\/2024\/12\/202102-PICH-ARTICLE1.jpg.webp\" media=\"(max-width: 850px)\">\r\n                            <source srcset=\"https:\/\/acampa-vacances.com\/wp-content\/uploads\/2024\/12\/202102-PICH-ARTICLE1.jpg.webp\" media=\"(max-width: 1024px)\">\r\n                            <source srcset=\"https:\/\/acampa-vacances.com\/wp-content\/uploads\/2024\/12\/202102-PICH-ARTICLE1.jpg.webp\" media=\"(min-width: 1025px)\">\r\n\r\n                            <img loading=\"lazy\" decoding=\"async\" src=\"https:\/\/acampa-vacances.com\/wp-content\/uploads\/2024\/12\/202102-PICH-ARTICLE1-420x420.jpg.webp\" width=\"420\" height=\"210\" alt=\"\" title=\"\">\r\n                        <\/picture>\r\n                    <\/figure>\r\n                <\/div>\r\n                <div class=\"group texte\">\r\n                    \r\n                    <p class=\"h3\">Il villaggio dimenticato di Correns<\/p>\r\n                    <p class=\"post__item__description\">\r\n                                                Il villaggio di Correns, uno dei villaggi dimenticati del Var. Hai mai sentito parlare del primo villaggio biologico della Francia? Correns \u00e8 un [&#8230;]                    <\/p>\r\n\r\n                    <div class=\"buttons\">\r\n                        <a href=\"https:\/\/acampa-vacances.com\/it\/turismo\/il-villaggio-di-correns-uno-dei-villaggi-dimenticati-di-var\/\" class=\"buttons__btn\">Scoprire<\/a>\r\n                    <\/div>\r\n                <\/div>\r\n            <\/div>\r\n\r\n        \r\n    <\/div>\r\n\r\n    <div class=\"buttons display-flex \" style=\"justify-content:center;\"><span class=\"buttons__btn listed__post__plus\">Vedi altri articoli<span class=\"fc-icon\"><svg xmlns=\"http:\/\/www.w3.org\/2000\/svg\"  viewBox=\"0 0 448 512\" width=\"16px\" height=\"16px\"><!--! Font Awesome Pro 6.4.2 by @fontawesome - https:\/\/fontawesome.com License - https:\/\/fontawesome.com\/license (Commercial License) Copyright 2023 Fonticons, Inc.--><path d=\"M256 80c0-17.7-14.3-32-32-32s-32 14.3-32 32V224H48c-17.7 0-32 14.3-32 32s14.3 32 32 32H192V432c0 17.7 14.3 32 32 32s32-14.3 32-32V288H400c17.7 0 32-14.3 32-32s-14.3-32-32-32H256V80z\"\/><\/svg><\/span><\/span><\/div>","protected":false},"excerpt":{"rendered":"","protected":false},"author":1,"featured_media":0,"parent":12195,"menu_order":0,"comment_status":"closed","ping_status":"closed","template":"","meta":{"_acf_changed":false,"footnotes":""},"acf":[],"_links":{"self":[{"href":"https:\/\/acampa-vacances.com\/it\/wp-json\/wp\/v2\/pages\/12242"}],"collection":[{"href":"https:\/\/acampa-vacances.com\/it\/wp-json\/wp\/v2\/pages"}],"about":[{"href":"https:\/\/acampa-vacances.com\/it\/wp-json\/wp\/v2\/types\/page"}],"author":[{"embeddable":true,"href":"https:\/\/acampa-vacances.com\/it\/wp-json\/wp\/v2\/users\/1"}],"replies":[{"embeddable":true,"href":"https:\/\/acampa-vacances.com\/it\/wp-json\/wp\/v2\/comments?post=12242"}],"version-history":[{"count":1,"href":"https:\/\/acampa-vacances.com\/it\/wp-json\/wp\/v2\/pages\/12242\/revisions"}],"predecessor-version":[{"id":12243,"href":"https:\/\/acampa-vacances.com\/it\/wp-json\/wp\/v2\/pages\/12242\/revisions\/12243"}],"up":[{"embeddable":true,"href":"https:\/\/acampa-vacances.com\/it\/wp-json\/wp\/v2\/pages\/12195"}],"wp:attachment":[{"href":"https:\/\/acampa-vacances.com\/it\/wp-json\/wp\/v2\/media?parent=12242"}],"curies":[{"name":"wp","href":"https:\/\/api.w.org\/{rel}","templated":true}]}}