{"id":12240,"date":"2024-11-27T09:36:15","date_gmt":"2024-11-27T08:36:15","guid":{"rendered":"https:\/\/acampa-vacances.com\/tourisme-a-hyeres\/alentours\/"},"modified":"2025-01-28T09:53:00","modified_gmt":"2025-01-28T08:53:00","slug":"omgeving","status":"publish","type":"page","link":"https:\/\/acampa-vacances.com\/nl\/toerisme-in-hyeres\/omgeving\/","title":{"rendered":"Omgeving"},"content":{"rendered":"<nav class=\"fildariane\"><a class=\"fildariane__item\" href=\"https:\/\/acampa-vacances.com\/nl\/\">Acampa<\/a><span class=\"fc-icon\"><svg xmlns=\"http:\/\/www.w3.org\/2000\/svg\"  viewBox=\"0 0 320 512\" width=\"16px\" height=\"16px\"><!--! Font Awesome Pro 6.4.2 by @fontawesome - https:\/\/fontawesome.com License - https:\/\/fontawesome.com\/license (Commercial License) Copyright 2023 Fonticons, Inc.--><path d=\"M267.3 244.7c6.2 6.2 6.2 16.4 0 22.6l-160 160c-6.2 6.2-16.4 6.2-22.6 0s-6.2-16.4 0-22.6L233.4 256 84.7 107.3c-6.2-6.2-6.2-16.4 0-22.6s16.4-6.2 22.6 0l160 160z\"\/><\/svg><\/span><a class=\"fildariane__item\" href=\"https:\/\/acampa-vacances.com\/nl\/toerisme-in-hyeres\/\">Toerisme<\/a><span class=\"fc-icon\"><svg xmlns=\"http:\/\/www.w3.org\/2000\/svg\"  viewBox=\"0 0 320 512\" width=\"16px\" height=\"16px\"><!--! Font Awesome Pro 6.4.2 by @fontawesome - https:\/\/fontawesome.com License - https:\/\/fontawesome.com\/license (Commercial License) Copyright 2023 Fonticons, Inc.--><path d=\"M267.3 244.7c6.2 6.2 6.2 16.4 0 22.6l-160 160c-6.2 6.2-16.4 6.2-22.6 0s-6.2-16.4 0-22.6L233.4 256 84.7 107.3c-6.2-6.2-6.2-16.4 0-22.6s16.4-6.2 22.6 0l160 160z\"\/><\/svg><\/span><span class=\"fildariane__item\">Omgeving<\/span><\/nav><a class=\"fildariane__item retour\" href=\"https:\/\/acampa-vacances.com\/nl\/\"\"><span class=\"fc-icon\"><svg xmlns=\"http:\/\/www.w3.org\/2000\/svg\"  viewBox=\"0 0 448 512\" width=\"16px\" height=\"16px\"><!--! Font Awesome Pro 6.4.2 by @fontawesome - https:\/\/fontawesome.com License - https:\/\/fontawesome.com\/license (Commercial License) Copyright 2023 Fonticons, Inc.--><path d=\"M7.4 273.4C2.7 268.8 0 262.6 0 256s2.7-12.8 7.4-17.4l176-168c9.6-9.2 24.8-8.8 33.9 .8s8.8 24.8-.8 33.9L83.9 232 424 232c13.3 0 24 10.7 24 24s-10.7 24-24 24L83.9 280 216.6 406.6c9.6 9.2 9.9 24.3 .8 33.9s-24.3 9.9-33.9 .8l-176-168z\"\/><\/svg><\/span>Terug naar de startpagina<\/a>\n\n\n    <div class=\"columns nbr-col-3 listed__post\">\r\n\r\n        \r\n            <div class=\"columns__item post__item listed__post__item currentPage\" >\r\n                <div class=\"gallery\">\r\n                    <figure class=\"gallery__item\">\r\n                        <picture>\r\n                            <source srcset=\"https:\/\/acampa-vacances.com\/wp-content\/uploads\/2024\/11\/sans-titre-3-1.jpg.webp\" media=\"(max-width: 210px)\">\r\n                            <source srcset=\"https:\/\/acampa-vacances.com\/wp-content\/uploads\/2024\/11\/sans-titre-3-1.jpg.webp\" media=\"(max-width: 420px)\">\r\n                            <source srcset=\"https:\/\/acampa-vacances.com\/wp-content\/uploads\/2024\/11\/sans-titre-3-1.jpg.webp\" media=\"(max-width: 850px)\">\r\n                            <source srcset=\"https:\/\/acampa-vacances.com\/wp-content\/uploads\/2024\/11\/sans-titre-3-1.jpg.webp\" media=\"(max-width: 1024px)\">\r\n                            <source srcset=\"https:\/\/acampa-vacances.com\/wp-content\/uploads\/2024\/11\/sans-titre-3-1.jpg.webp\" media=\"(min-width: 1025px)\">\r\n\r\n                            <img loading=\"lazy\" decoding=\"async\" src=\"https:\/\/acampa-vacances.com\/wp-content\/uploads\/2024\/11\/sans-titre-3-1.jpg.webp\" width=\"420\" height=\"210\" alt=\"\" title=\"\">\r\n                        <\/picture>\r\n                    <\/figure>\r\n                <\/div>\r\n                <div class=\"group texte\">\r\n                    \r\n                    <p class=\"h3\">Calanques van Cassis en Marseille<\/p>\r\n                    <p class=\"post__item__description\">\r\n                                                De Calanques van Cassis naar Marseille Het uitzonderlijke gebied van de Calanques wacht op je in de gemeenten La Ciotat, Cassis en Marseille, op [&#8230;]                    <\/p>\r\n\r\n                    <div class=\"buttons\">\r\n                        <a href=\"https:\/\/acampa-vacances.com\/nl\/toerisme\/de-calanques-van-cassis-in-marseille\/\" class=\"buttons__btn\">Ontdek<\/a>\r\n                    <\/div>\r\n                <\/div>\r\n            <\/div>\r\n\r\n        \r\n            <div class=\"columns__item post__item listed__post__item currentPage\" >\r\n                <div class=\"gallery\">\r\n                    <figure class=\"gallery__item\">\r\n                        <picture>\r\n                            <source srcset=\"https:\/\/acampa-vacances.com\/wp-content\/uploads\/2024\/11\/clairdelune-gorge-du-verdon-1-420x405.jpg.webp\" media=\"(max-width: 210px)\">\r\n                            <source srcset=\"https:\/\/acampa-vacances.com\/wp-content\/uploads\/2024\/11\/clairdelune-gorge-du-verdon-1.jpg.webp\" media=\"(max-width: 420px)\">\r\n                            <source srcset=\"https:\/\/acampa-vacances.com\/wp-content\/uploads\/2024\/11\/clairdelune-gorge-du-verdon-1.jpg.webp\" media=\"(max-width: 850px)\">\r\n                            <source srcset=\"https:\/\/acampa-vacances.com\/wp-content\/uploads\/2024\/11\/clairdelune-gorge-du-verdon-1.jpg.webp\" media=\"(max-width: 1024px)\">\r\n                            <source srcset=\"https:\/\/acampa-vacances.com\/wp-content\/uploads\/2024\/11\/clairdelune-gorge-du-verdon-1.jpg.webp\" media=\"(min-width: 1025px)\">\r\n\r\n                            <img loading=\"lazy\" decoding=\"async\" src=\"https:\/\/acampa-vacances.com\/wp-content\/uploads\/2024\/11\/clairdelune-gorge-du-verdon-1-420x405.jpg.webp\" width=\"420\" height=\"210\" alt=\"\" title=\"\">\r\n                        <\/picture>\r\n                    <\/figure>\r\n                <\/div>\r\n                <div class=\"group texte\">\r\n                    \r\n                    <p class=\"h3\">De Gorges du Verdon<\/p>\r\n                    <p class=\"post__item__description\">\r\n                                                De Gorges du Verdon Gelegen in het zuidoosten van Frankrijk, in het hart van de Provence, zullen de prachtige Gorges du Verdon je versteld doen staan. [&#8230;]                    <\/p>\r\n\r\n                    <div class=\"buttons\">\r\n                        <a href=\"https:\/\/acampa-vacances.com\/nl\/toerisme\/de-gorges-du-verdon\/\" class=\"buttons__btn\">Ontdek<\/a>\r\n                    <\/div>\r\n                <\/div>\r\n            <\/div>\r\n\r\n        \r\n            <div class=\"columns__item post__item listed__post__item currentPage\" >\r\n                <div class=\"gallery\">\r\n                    <figure class=\"gallery__item\">\r\n                        <picture>\r\n                            <source srcset=\"https:\/\/acampa-vacances.com\/wp-content\/uploads\/2024\/12\/international-le-mont-faron-une-sortie-nature-exceptionnelle-2-420x301.jpg.webp\" media=\"(max-width: 210px)\">\r\n                            <source srcset=\"https:\/\/acampa-vacances.com\/wp-content\/uploads\/2024\/12\/international-le-mont-faron-une-sortie-nature-exceptionnelle-2.jpg.webp\" media=\"(max-width: 420px)\">\r\n                            <source srcset=\"https:\/\/acampa-vacances.com\/wp-content\/uploads\/2024\/12\/international-le-mont-faron-une-sortie-nature-exceptionnelle-2.jpg.webp\" media=\"(max-width: 850px)\">\r\n                            <source srcset=\"https:\/\/acampa-vacances.com\/wp-content\/uploads\/2024\/12\/international-le-mont-faron-une-sortie-nature-exceptionnelle-2.jpg.webp\" media=\"(max-width: 1024px)\">\r\n                            <source srcset=\"https:\/\/acampa-vacances.com\/wp-content\/uploads\/2024\/12\/international-le-mont-faron-une-sortie-nature-exceptionnelle-2.jpg.webp\" media=\"(min-width: 1025px)\">\r\n\r\n                            <img loading=\"lazy\" decoding=\"async\" src=\"https:\/\/acampa-vacances.com\/wp-content\/uploads\/2024\/12\/international-le-mont-faron-une-sortie-nature-exceptionnelle-2-420x301.jpg.webp\" width=\"420\" height=\"210\" alt=\"\" title=\"\">\r\n                        <\/picture>\r\n                    <\/figure>\r\n                <\/div>\r\n                <div class=\"group texte\">\r\n                    \r\n                    <p class=\"h3\">Mont-Faron<\/p>\r\n                    <p class=\"post__item__description\">\r\n                                                Mont Faron, een uitzonderlijk uitstapje in de natuur Ben je op zoek naar idee\u00ebn voor gezinsuitstapjes in de buurt van het schiereiland Giens? Dan [&#8230;]                    <\/p>\r\n\r\n                    <div class=\"buttons\">\r\n                        <a href=\"https:\/\/acampa-vacances.com\/nl\/toerisme\/le-mont-faron-een-uitzonderlijk-natuuruitje\/\" class=\"buttons__btn\">Ontdek<\/a>\r\n                    <\/div>\r\n                <\/div>\r\n            <\/div>\r\n\r\n        \r\n            <div class=\"columns__item post__item listed__post__item currentPage\" >\r\n                <div class=\"gallery\">\r\n                    <figure class=\"gallery__item\">\r\n                        <picture>\r\n                            <source srcset=\"https:\/\/acampa-vacances.com\/wp-content\/uploads\/2024\/12\/clairdelune-lacsaintecroix-1-420x298.jpg.webp\" media=\"(max-width: 210px)\">\r\n                            <source srcset=\"https:\/\/acampa-vacances.com\/wp-content\/uploads\/2024\/12\/clairdelune-lacsaintecroix-1.jpg.webp\" media=\"(max-width: 420px)\">\r\n                            <source srcset=\"https:\/\/acampa-vacances.com\/wp-content\/uploads\/2024\/12\/clairdelune-lacsaintecroix-1.jpg.webp\" media=\"(max-width: 850px)\">\r\n                            <source srcset=\"https:\/\/acampa-vacances.com\/wp-content\/uploads\/2024\/12\/clairdelune-lacsaintecroix-1.jpg.webp\" media=\"(max-width: 1024px)\">\r\n                            <source srcset=\"https:\/\/acampa-vacances.com\/wp-content\/uploads\/2024\/12\/clairdelune-lacsaintecroix-1.jpg.webp\" media=\"(min-width: 1025px)\">\r\n\r\n                            <img loading=\"lazy\" decoding=\"async\" src=\"https:\/\/acampa-vacances.com\/wp-content\/uploads\/2024\/12\/clairdelune-lacsaintecroix-1-420x298.jpg.webp\" width=\"420\" height=\"210\" alt=\"\" title=\"\">\r\n                        <\/picture>\r\n                    <\/figure>\r\n                <\/div>\r\n                <div class=\"group texte\">\r\n                    \r\n                    <p class=\"h3\">Meer van Sainte Croix<\/p>\r\n                    <p class=\"post__item__description\">\r\n                                                Meer van Sainte-Croix aan de voet van de Gorges du Verdon Vanaf onze 4-sterrencamping in Hy\u00e8res is het meer van Sainte-Croix een van de meest [&#8230;]                    <\/p>\r\n\r\n                    <div class=\"buttons\">\r\n                        <a href=\"https:\/\/acampa-vacances.com\/nl\/toerisme\/het-lac-de-sainte-croix-aan-de-voet-van-de-gorges-du-verdon\/\" class=\"buttons__btn\">Ontdek<\/a>\r\n                    <\/div>\r\n                <\/div>\r\n            <\/div>\r\n\r\n        \r\n            <div class=\"columns__item post__item listed__post__item currentPage\" >\r\n                <div class=\"gallery\">\r\n                    <figure class=\"gallery__item\">\r\n                        <picture>\r\n                            <source srcset=\"https:\/\/acampa-vacances.com\/wp-content\/uploads\/2024\/11\/ile_dor-1-420x354.jpg\" media=\"(max-width: 210px)\">\r\n                            <source srcset=\"https:\/\/acampa-vacances.com\/wp-content\/uploads\/2024\/11\/ile_dor-1.jpg\" media=\"(max-width: 420px)\">\r\n                            <source srcset=\"https:\/\/acampa-vacances.com\/wp-content\/uploads\/2024\/11\/ile_dor-1.jpg\" media=\"(max-width: 850px)\">\r\n                            <source srcset=\"https:\/\/acampa-vacances.com\/wp-content\/uploads\/2024\/11\/ile_dor-1.jpg\" media=\"(max-width: 1024px)\">\r\n                            <source srcset=\"https:\/\/acampa-vacances.com\/wp-content\/uploads\/2024\/11\/ile_dor-1.jpg\" media=\"(min-width: 1025px)\">\r\n\r\n                            <img loading=\"lazy\" decoding=\"async\" src=\"https:\/\/acampa-vacances.com\/wp-content\/uploads\/2024\/11\/ile_dor-1-420x354.jpg\" width=\"420\" height=\"210\" alt=\"\" title=\"\">\r\n                        <\/picture>\r\n                    <\/figure>\r\n                <\/div>\r\n                <div class=\"group texte\">\r\n                    \r\n                    <p class=\"h3\">Gouden Eilanden<\/p>\r\n                    <p class=\"post__item__description\">\r\n                                                De Gouden Eilanden Dacht je dat je naar het einde van de wereld moest reizen om een paradijselijk eiland te ontdekken? Helemaal niet! Op een steenworp [&#8230;]                    <\/p>\r\n\r\n                    <div class=\"buttons\">\r\n                        <a href=\"https:\/\/acampa-vacances.com\/nl\/toerisme\/gouden-eilanden\/\" class=\"buttons__btn\">Ontdek<\/a>\r\n                    <\/div>\r\n                <\/div>\r\n            <\/div>\r\n\r\n        \r\n            <div class=\"columns__item post__item listed__post__item currentPage\" >\r\n                <div class=\"gallery\">\r\n                    <figure class=\"gallery__item\">\r\n                        <picture>\r\n                            <source srcset=\"https:\/\/acampa-vacances.com\/wp-content\/uploads\/2024\/11\/hyeres_tourisme-420x335.jpg\" media=\"(max-width: 210px)\">\r\n                            <source srcset=\"https:\/\/acampa-vacances.com\/wp-content\/uploads\/2024\/11\/hyeres_tourisme.jpg\" media=\"(max-width: 420px)\">\r\n                            <source srcset=\"https:\/\/acampa-vacances.com\/wp-content\/uploads\/2024\/11\/hyeres_tourisme.jpg\" media=\"(max-width: 850px)\">\r\n                            <source srcset=\"https:\/\/acampa-vacances.com\/wp-content\/uploads\/2024\/11\/hyeres_tourisme.jpg\" media=\"(max-width: 1024px)\">\r\n                            <source srcset=\"https:\/\/acampa-vacances.com\/wp-content\/uploads\/2024\/11\/hyeres_tourisme.jpg\" media=\"(min-width: 1025px)\">\r\n\r\n                            <img loading=\"lazy\" decoding=\"async\" src=\"https:\/\/acampa-vacances.com\/wp-content\/uploads\/2024\/11\/hyeres_tourisme-420x335.jpg\" width=\"420\" height=\"210\" alt=\"\" title=\"\">\r\n                        <\/picture>\r\n                    <\/figure>\r\n                <\/div>\r\n                <div class=\"group texte\">\r\n                    \r\n                    <p class=\"h3\">Toerisme Hy\u00e8res<\/p>\r\n                    <p class=\"post__item__description\">\r\n                                                Toerisme in Hy\u00e8res Tijdens je vakantie op de 4-sterrencamping Presqu&#8217;\u00eele de Giens verken je de streek en vooral het mooie stadje Hy\u00e8res. Terwijl je [&#8230;]                    <\/p>\r\n\r\n                    <div class=\"buttons\">\r\n                        <a href=\"https:\/\/acampa-vacances.com\/nl\/toerisme\/omgeving-toerisme-hyeres\/\" class=\"buttons__btn\">Ontdek<\/a>\r\n                    <\/div>\r\n                <\/div>\r\n            <\/div>\r\n\r\n        \r\n            <div class=\"columns__item post__item listed__post__item currentPage\" >\r\n                <div class=\"gallery\">\r\n                    <figure class=\"gallery__item\">\r\n                        <picture>\r\n                            <source srcset=\"https:\/\/acampa-vacances.com\/wp-content\/uploads\/2024\/12\/campingshyeres-merou-420x420.jpg.webp\" media=\"(max-width: 210px)\">\r\n                            <source srcset=\"https:\/\/acampa-vacances.com\/wp-content\/uploads\/2024\/12\/campingshyeres-merou.jpg.webp\" media=\"(max-width: 420px)\">\r\n                            <source srcset=\"https:\/\/acampa-vacances.com\/wp-content\/uploads\/2024\/12\/campingshyeres-merou-768x509.jpg.webp\" media=\"(max-width: 850px)\">\r\n                            <source srcset=\"https:\/\/acampa-vacances.com\/wp-content\/uploads\/2024\/12\/campingshyeres-merou.jpg.webp\" media=\"(max-width: 1024px)\">\r\n                            <source srcset=\"https:\/\/acampa-vacances.com\/wp-content\/uploads\/2024\/12\/campingshyeres-merou.jpg.webp\" media=\"(min-width: 1025px)\">\r\n\r\n                            <img loading=\"lazy\" decoding=\"async\" src=\"https:\/\/acampa-vacances.com\/wp-content\/uploads\/2024\/12\/campingshyeres-merou-420x420.jpg.webp\" width=\"420\" height=\"210\" alt=\"\" title=\"\">\r\n                        <\/picture>\r\n                    <\/figure>\r\n                <\/div>\r\n                <div class=\"group texte\">\r\n                    \r\n                    <p class=\"h3\">Biodiversiteit onder water ontdekken<\/p>\r\n                    <p class=\"post__item__description\">\r\n                                                Ontdek de uitzonderlijke biodiversiteit van het Port-Cros National Park! Het Port-Cros National Park barst van de uitzonderlijke biodiversiteit! Het [&#8230;]                    <\/p>\r\n\r\n                    <div class=\"buttons\">\r\n                        <a href=\"https:\/\/acampa-vacances.com\/nl\/toerisme\/ga-op-pad-om-de-uitzonderlijke-onderwaterbiodiversiteit-van-het-port-cros-national-park-te-ontdekken\/\" class=\"buttons__btn\">Ontdek<\/a>\r\n                    <\/div>\r\n                <\/div>\r\n            <\/div>\r\n\r\n        \r\n            <div class=\"columns__item post__item listed__post__item currentPage\" >\r\n                <div class=\"gallery\">\r\n                    <figure class=\"gallery__item\">\r\n                        <picture>\r\n                            <source srcset=\"https:\/\/acampa-vacances.com\/wp-content\/uploads\/2024\/11\/campingshyeres-Image6.jpg.webp\" media=\"(max-width: 210px)\">\r\n                            <source srcset=\"https:\/\/acampa-vacances.com\/wp-content\/uploads\/2024\/11\/campingshyeres-Image6.jpg.webp\" media=\"(max-width: 420px)\">\r\n                            <source srcset=\"https:\/\/acampa-vacances.com\/wp-content\/uploads\/2024\/11\/campingshyeres-Image6.jpg.webp\" media=\"(max-width: 850px)\">\r\n                            <source srcset=\"https:\/\/acampa-vacances.com\/wp-content\/uploads\/2024\/11\/campingshyeres-Image6.jpg.webp\" media=\"(max-width: 1024px)\">\r\n                            <source srcset=\"https:\/\/acampa-vacances.com\/wp-content\/uploads\/2024\/11\/campingshyeres-Image6.jpg.webp\" media=\"(min-width: 1025px)\">\r\n\r\n                            <img loading=\"lazy\" decoding=\"async\" src=\"https:\/\/acampa-vacances.com\/wp-content\/uploads\/2024\/11\/campingshyeres-Image6.jpg.webp\" width=\"420\" height=\"210\" alt=\"\" title=\"\">\r\n                        <\/picture>\r\n                    <\/figure>\r\n                <\/div>\r\n                <div class=\"group texte\">\r\n                    \r\n                    <p class=\"h3\">Monumenten en culturele bezienswaardigheden in de Var<\/p>\r\n                    <p class=\"post__item__description\">\r\n                                                Monumenten en culturele bezienswaardigheden om te ontdekken in de Var! (aflevering 1) De Var staat niet alleen bekend om zijn activiteiten en ongewone [&#8230;]                    <\/p>\r\n\r\n                    <div class=\"buttons\">\r\n                        <a href=\"https:\/\/acampa-vacances.com\/nl\/toerisme\/monumenten-en-culturele-locaties-om-te-ontdekken-in-de-var-aflevering-1\/\" class=\"buttons__btn\">Ontdek<\/a>\r\n                    <\/div>\r\n                <\/div>\r\n            <\/div>\r\n\r\n        \r\n            <div class=\"columns__item post__item listed__post__item currentPage\" >\r\n                <div class=\"gallery\">\r\n                    <figure class=\"gallery__item\">\r\n                        <picture>\r\n                            <source srcset=\"https:\/\/acampa-vacances.com\/wp-content\/uploads\/2024\/11\/port-stpierre-hyeres-campinggiens-1024x768-1-420x420.jpg.webp\" media=\"(max-width: 210px)\">\r\n                            <source srcset=\"https:\/\/acampa-vacances.com\/wp-content\/uploads\/2024\/11\/port-stpierre-hyeres-campinggiens-1024x768-1-850x638.jpg.webp\" media=\"(max-width: 420px)\">\r\n                            <source srcset=\"https:\/\/acampa-vacances.com\/wp-content\/uploads\/2024\/11\/port-stpierre-hyeres-campinggiens-1024x768-1-768x576.jpg.webp\" media=\"(max-width: 850px)\">\r\n                            <source srcset=\"https:\/\/acampa-vacances.com\/wp-content\/uploads\/2024\/11\/port-stpierre-hyeres-campinggiens-1024x768-1.jpg.webp\" media=\"(max-width: 1024px)\">\r\n                            <source srcset=\"https:\/\/acampa-vacances.com\/wp-content\/uploads\/2024\/11\/port-stpierre-hyeres-campinggiens-1024x768-1.jpg.webp\" media=\"(min-width: 1025px)\">\r\n\r\n                            <img loading=\"lazy\" decoding=\"async\" src=\"https:\/\/acampa-vacances.com\/wp-content\/uploads\/2024\/11\/port-stpierre-hyeres-campinggiens-1024x768-1-420x420.jpg.webp\" width=\"420\" height=\"210\" alt=\"\" title=\"\">\r\n                        <\/picture>\r\n                    <\/figure>\r\n                <\/div>\r\n                <div class=\"group texte\">\r\n                    \r\n                    <p class=\"h3\">Havens van Hy\u00e8res<\/p>\r\n                    <p class=\"post__item__description\">\r\n                                                De havens van Hy\u00e8res Havens van het schiereiland Giens Naar de andere steden aan de C\u00f4te d&#8217;Azur met zijn stranden, wandelpaden, markten, kastelen en [&#8230;]                    <\/p>\r\n\r\n                    <div class=\"buttons\">\r\n                        <a href=\"https:\/\/acampa-vacances.com\/nl\/toerisme\/de-havens-van-hyeres\/\" class=\"buttons__btn\">Ontdek<\/a>\r\n                    <\/div>\r\n                <\/div>\r\n            <\/div>\r\n\r\n        \r\n            <div class=\"columns__item post__item listed__post__item\" >\r\n                <div class=\"gallery\">\r\n                    <figure class=\"gallery__item\">\r\n                        <picture>\r\n                            <source srcset=\"https:\/\/acampa-vacances.com\/wp-content\/uploads\/2024\/11\/batch_ile-levant-hyeres002-300x200-1.jpg.webp\" media=\"(max-width: 210px)\">\r\n                            <source srcset=\"https:\/\/acampa-vacances.com\/wp-content\/uploads\/2024\/11\/batch_ile-levant-hyeres002-300x200-1.jpg.webp\" media=\"(max-width: 420px)\">\r\n                            <source srcset=\"https:\/\/acampa-vacances.com\/wp-content\/uploads\/2024\/11\/batch_ile-levant-hyeres002-300x200-1.jpg.webp\" media=\"(max-width: 850px)\">\r\n                            <source srcset=\"https:\/\/acampa-vacances.com\/wp-content\/uploads\/2024\/11\/batch_ile-levant-hyeres002-300x200-1.jpg.webp\" media=\"(max-width: 1024px)\">\r\n                            <source srcset=\"https:\/\/acampa-vacances.com\/wp-content\/uploads\/2024\/11\/batch_ile-levant-hyeres002-300x200-1.jpg.webp\" media=\"(min-width: 1025px)\">\r\n\r\n                            <img loading=\"lazy\" decoding=\"async\" src=\"https:\/\/acampa-vacances.com\/wp-content\/uploads\/2024\/11\/batch_ile-levant-hyeres002-300x200-1.jpg.webp\" width=\"420\" height=\"210\" alt=\"\" title=\"\">\r\n                        <\/picture>\r\n                    <\/figure>\r\n                <\/div>\r\n                <div class=\"group texte\">\r\n                    \r\n                    <p class=\"h3\">\u00cele du Levant in Hy\u00e8res<\/p>\r\n                    <p class=\"post__item__description\">\r\n                                                Ile du Levant in Hy\u00e8res (Var 83), een stukje paradijs Vlakbij de camping ligt het betoverendeIle du Levant, dat samen met Port-Cros en Porquerolles [&#8230;]                    <\/p>\r\n\r\n                    <div class=\"buttons\">\r\n                        <a href=\"https:\/\/acampa-vacances.com\/nl\/toerisme\/ile-du-levant-in-hyeres-var-83-een-hoek-van-paradijs\/\" class=\"buttons__btn\">Ontdek<\/a>\r\n                    <\/div>\r\n                <\/div>\r\n            <\/div>\r\n\r\n        \r\n            <div class=\"columns__item post__item listed__post__item\" >\r\n                <div class=\"gallery\">\r\n                    <figure class=\"gallery__item\">\r\n                        <picture>\r\n                            <source srcset=\"https:\/\/acampa-vacances.com\/wp-content\/uploads\/2024\/11\/PORT-CROS-1024x682-1-420x420.jpeg.webp\" media=\"(max-width: 210px)\">\r\n                            <source srcset=\"https:\/\/acampa-vacances.com\/wp-content\/uploads\/2024\/11\/PORT-CROS-1024x682-1-850x566.jpeg.webp\" media=\"(max-width: 420px)\">\r\n                            <source srcset=\"https:\/\/acampa-vacances.com\/wp-content\/uploads\/2024\/11\/PORT-CROS-1024x682-1-768x512.jpeg.webp\" media=\"(max-width: 850px)\">\r\n                            <source srcset=\"https:\/\/acampa-vacances.com\/wp-content\/uploads\/2024\/11\/PORT-CROS-1024x682-1.jpeg.webp\" media=\"(max-width: 1024px)\">\r\n                            <source srcset=\"https:\/\/acampa-vacances.com\/wp-content\/uploads\/2024\/11\/PORT-CROS-1024x682-1.jpeg.webp\" media=\"(min-width: 1025px)\">\r\n\r\n                            <img loading=\"lazy\" decoding=\"async\" src=\"https:\/\/acampa-vacances.com\/wp-content\/uploads\/2024\/11\/PORT-CROS-1024x682-1-420x420.jpeg.webp\" width=\"420\" height=\"210\" alt=\"\" title=\"\">\r\n                        <\/picture>\r\n                    <\/figure>\r\n                <\/div>\r\n                <div class=\"group texte\">\r\n                    \r\n                    <p class=\"h3\">Haven Cros Eiland<\/p>\r\n                    <p class=\"post__item__description\">\r\n                                                Ontdek Port-Cros (Hyeres, Var) Ontdek het eiland Port-Cros&#8230; Port-Cros maakt deel uit van de \u00eeles d&#8217;Or archipel in Hy\u00e8res, bestaande uit [&#8230;]                    <\/p>\r\n\r\n                    <div class=\"buttons\">\r\n                        <a href=\"https:\/\/acampa-vacances.com\/nl\/toerisme\/ga-op-pad-om-de-haven-cros-hyeresvar-te-ontdekken\/\" class=\"buttons__btn\">Ontdek<\/a>\r\n                    <\/div>\r\n                <\/div>\r\n            <\/div>\r\n\r\n        \r\n            <div class=\"columns__item post__item listed__post__item\" >\r\n                <div class=\"gallery\">\r\n                    <figure class=\"gallery__item\">\r\n                        <picture>\r\n                            <source srcset=\"https:\/\/acampa-vacances.com\/wp-content\/uploads\/2024\/11\/capbenat-bormes-les-mimosas-spots-de-peche-campings-de-giens-420x420.jpg.webp\" media=\"(max-width: 210px)\">\r\n                            <source srcset=\"https:\/\/acampa-vacances.com\/wp-content\/uploads\/2024\/11\/capbenat-bormes-les-mimosas-spots-de-peche-campings-de-giens.jpg.webp\" media=\"(max-width: 420px)\">\r\n                            <source srcset=\"https:\/\/acampa-vacances.com\/wp-content\/uploads\/2024\/11\/capbenat-bormes-les-mimosas-spots-de-peche-campings-de-giens-768x578.jpg.webp\" media=\"(max-width: 850px)\">\r\n                            <source srcset=\"https:\/\/acampa-vacances.com\/wp-content\/uploads\/2024\/11\/capbenat-bormes-les-mimosas-spots-de-peche-campings-de-giens.jpg.webp\" media=\"(max-width: 1024px)\">\r\n                            <source srcset=\"https:\/\/acampa-vacances.com\/wp-content\/uploads\/2024\/11\/capbenat-bormes-les-mimosas-spots-de-peche-campings-de-giens.jpg.webp\" media=\"(min-width: 1025px)\">\r\n\r\n                            <img loading=\"lazy\" decoding=\"async\" src=\"https:\/\/acampa-vacances.com\/wp-content\/uploads\/2024\/11\/capbenat-bormes-les-mimosas-spots-de-peche-campings-de-giens-420x420.jpg.webp\" width=\"420\" height=\"210\" alt=\"\" title=\"\">\r\n                        <\/picture>\r\n                    <\/figure>\r\n                <\/div>\r\n                <div class=\"group texte\">\r\n                    \r\n                    <p class=\"h3\">Toerisme op het schiereiland Giens<\/p>\r\n                    <p class=\"post__item__description\">\r\n                                                Toerisme op het schiereiland Giens Ontdek Hy\u00e8res en het schiereiland Giens Welkom op het Presqu&#8217;\u00eele de Giens, de thuisbasis van de camping Iles d&#8217;Or [&#8230;]                    <\/p>\r\n\r\n                    <div class=\"buttons\">\r\n                        <a href=\"https:\/\/acampa-vacances.com\/nl\/toerisme\/toerisme-op-de-presquile-de-giens\/\" class=\"buttons__btn\">Ontdek<\/a>\r\n                    <\/div>\r\n                <\/div>\r\n            <\/div>\r\n\r\n        \r\n            <div class=\"columns__item post__item listed__post__item\" >\r\n                <div class=\"gallery\">\r\n                    <figure class=\"gallery__item\">\r\n                        <picture>\r\n                            <source srcset=\"https:\/\/acampa-vacances.com\/wp-content\/uploads\/2024\/11\/OTPM_006089_BD-420x420.jpeg.webp\" media=\"(max-width: 210px)\">\r\n                            <source srcset=\"https:\/\/acampa-vacances.com\/wp-content\/uploads\/2024\/11\/OTPM_006089_BD-850x567.jpeg.webp\" media=\"(max-width: 420px)\">\r\n                            <source srcset=\"https:\/\/acampa-vacances.com\/wp-content\/uploads\/2024\/11\/OTPM_006089_BD-768x512.jpeg.webp\" media=\"(max-width: 850px)\">\r\n                            <source srcset=\"https:\/\/acampa-vacances.com\/wp-content\/uploads\/2024\/11\/OTPM_006089_BD.jpeg.webp\" media=\"(max-width: 1024px)\">\r\n                            <source srcset=\"https:\/\/acampa-vacances.com\/wp-content\/uploads\/2024\/11\/OTPM_006089_BD.jpeg.webp\" media=\"(min-width: 1025px)\">\r\n\r\n                            <img loading=\"lazy\" decoding=\"async\" src=\"https:\/\/acampa-vacances.com\/wp-content\/uploads\/2024\/11\/OTPM_006089_BD-420x420.jpeg.webp\" width=\"420\" height=\"210\" alt=\"\" title=\"\">\r\n                        <\/picture>\r\n                    <\/figure>\r\n                <\/div>\r\n                <div class=\"group texte\">\r\n                    \r\n                    <p class=\"h3\">Port Cros ontdekken in Hy\u00e8res<\/p>\r\n                    <p class=\"post__item__description\">\r\n                                                Ontdek het eiland Port-Cros&#8230; Port-Cros maakt deel uit van de \u00eeles d&#8217;Or archipel in Hy\u00e8res, bestaande uit Porquerolles, Port-Cros en Ile du Levant. [&#8230;]                    <\/p>\r\n\r\n                    <div class=\"buttons\">\r\n                        <a href=\"https:\/\/acampa-vacances.com\/nl\/toerisme\/ga-op-pad-om-port-cros-hyeres-te-ontdekken\/\" class=\"buttons__btn\">Ontdek<\/a>\r\n                    <\/div>\r\n                <\/div>\r\n            <\/div>\r\n\r\n        \r\n            <div class=\"columns__item post__item listed__post__item\" >\r\n                <div class=\"gallery\">\r\n                    <figure class=\"gallery__item\">\r\n                        <picture>\r\n                            <source srcset=\"https:\/\/acampa-vacances.com\/wp-content\/uploads\/2024\/12\/campingshyeres-interieur-pich-420x320.jpg.webp\" media=\"(max-width: 210px)\">\r\n                            <source srcset=\"https:\/\/acampa-vacances.com\/wp-content\/uploads\/2024\/12\/campingshyeres-interieur-pich.jpg.webp\" media=\"(max-width: 420px)\">\r\n                            <source srcset=\"https:\/\/acampa-vacances.com\/wp-content\/uploads\/2024\/12\/campingshyeres-interieur-pich.jpg.webp\" media=\"(max-width: 850px)\">\r\n                            <source srcset=\"https:\/\/acampa-vacances.com\/wp-content\/uploads\/2024\/12\/campingshyeres-interieur-pich.jpg.webp\" media=\"(max-width: 1024px)\">\r\n                            <source srcset=\"https:\/\/acampa-vacances.com\/wp-content\/uploads\/2024\/12\/campingshyeres-interieur-pich.jpg.webp\" media=\"(min-width: 1025px)\">\r\n\r\n                            <img loading=\"lazy\" decoding=\"async\" src=\"https:\/\/acampa-vacances.com\/wp-content\/uploads\/2024\/12\/campingshyeres-interieur-pich-420x320.jpg.webp\" width=\"420\" height=\"210\" alt=\"\" title=\"\">\r\n                        <\/picture>\r\n                    <\/figure>\r\n                <\/div>\r\n                <div class=\"group texte\">\r\n                    \r\n                    <p class=\"h3\">Naar het schiereiland Giens<\/p>\r\n                    <p class=\"post__item__description\">\r\n                                                Reizen naar Giens Het Presqu&#8217;\u00eele de Giens kan op verschillende manieren worden bereikt, afhankelijk van waar je vandaan komt. Zo kunnen zoveel [&#8230;]                    <\/p>\r\n\r\n                    <div class=\"buttons\">\r\n                        <a href=\"https:\/\/acampa-vacances.com\/nl\/toerisme\/naar-de-presquile-de-giens-gaan\/\" class=\"buttons__btn\">Ontdek<\/a>\r\n                    <\/div>\r\n                <\/div>\r\n            <\/div>\r\n\r\n        \r\n    <\/div>\r\n\r\n    <div class=\"buttons display-flex \" style=\"justify-content:center;\"><span class=\"buttons__btn listed__post__plus\">Meer artikelen bekijken<span class=\"fc-icon\"><svg xmlns=\"http:\/\/www.w3.org\/2000\/svg\"  viewBox=\"0 0 448 512\" width=\"16px\" height=\"16px\"><!--! Font Awesome Pro 6.4.2 by @fontawesome - https:\/\/fontawesome.com License - https:\/\/fontawesome.com\/license (Commercial License) Copyright 2023 Fonticons, Inc.--><path d=\"M256 80c0-17.7-14.3-32-32-32s-32 14.3-32 32V224H48c-17.7 0-32 14.3-32 32s14.3 32 32 32H192V432c0 17.7 14.3 32 32 32s32-14.3 32-32V288H400c17.7 0 32-14.3 32-32s-14.3-32-32-32H256V80z\"\/><\/svg><\/span><\/span><\/div>","protected":false},"excerpt":{"rendered":"","protected":false},"author":1,"featured_media":0,"parent":12204,"menu_order":0,"comment_status":"closed","ping_status":"closed","template":"","meta":{"_acf_changed":false,"footnotes":""},"acf":[],"_links":{"self":[{"href":"https:\/\/acampa-vacances.com\/nl\/wp-json\/wp\/v2\/pages\/12240"}],"collection":[{"href":"https:\/\/acampa-vacances.com\/nl\/wp-json\/wp\/v2\/pages"}],"about":[{"href":"https:\/\/acampa-vacances.com\/nl\/wp-json\/wp\/v2\/types\/page"}],"author":[{"embeddable":true,"href":"https:\/\/acampa-vacances.com\/nl\/wp-json\/wp\/v2\/users\/1"}],"replies":[{"embeddable":true,"href":"https:\/\/acampa-vacances.com\/nl\/wp-json\/wp\/v2\/comments?post=12240"}],"version-history":[{"count":1,"href":"https:\/\/acampa-vacances.com\/nl\/wp-json\/wp\/v2\/pages\/12240\/revisions"}],"predecessor-version":[{"id":12241,"href":"https:\/\/acampa-vacances.com\/nl\/wp-json\/wp\/v2\/pages\/12240\/revisions\/12241"}],"up":[{"embeddable":true,"href":"https:\/\/acampa-vacances.com\/nl\/wp-json\/wp\/v2\/pages\/12204"}],"wp:attachment":[{"href":"https:\/\/acampa-vacances.com\/nl\/wp-json\/wp\/v2\/media?parent=12240"}],"curies":[{"name":"wp","href":"https:\/\/api.w.org\/{rel}","templated":true}]}}